{"id":122,"date":"2018-10-17T09:31:24","date_gmt":"2018-10-17T09:31:24","guid":{"rendered":"https:\/\/fg.ull.es\/transparencia\/?page_id=49"},"modified":"2026-04-27T11:17:34","modified_gmt":"2026-04-27T11:17:34","slug":"organizativa","status":"publish","type":"page","link":"https:\/\/fg.ull.es\/transparencia\/organizativa\/","title":{"rendered":"2. Organizativa"},"content":{"rendered":"<section class=\"wpb-content-wrapper\"><p>[vc_row full_width=&#8221;stretch_row&#8221; css=&#8221;.vc_custom_1539767596472{margin-top: -20px !important;background-color: #cccccc !important;}&#8221;][vc_column][vc_empty_space height=&#8221;100px&#8221;][vc_row_inner][vc_column_inner width=&#8221;1\/2&#8243;][vc_custom_heading text=&#8221;2. Organizativa&#8221; font_container=&#8221;tag:h1|text_align:left|color:%23000000&#8243; use_theme_fonts=&#8221;yes&#8221;][\/vc_column_inner][vc_column_inner width=&#8221;1\/2&#8243;][vc_custom_heading text=&#8221;Mapa del portal de transparencia&#8221; font_container=&#8221;tag:h4|text_align:right|color:%23777777&#8243; use_theme_fonts=&#8221;yes&#8221;][\/vc_column_inner][\/vc_row_inner][vc_row_inner][vc_column_inner width=&#8221;1\/3&#8243;][vc_wp_custommenu nav_menu=&#8221;3&#8243; el_class=&#8221;menusuperior&#8221;][\/vc_column_inner][vc_column_inner width=&#8221;1\/3&#8243;][vc_wp_custommenu nav_menu=&#8221;4&#8243; el_class=&#8221;menusuperior&#8221;][\/vc_column_inner][vc_column_inner width=&#8221;1\/3&#8243;][vc_wp_custommenu nav_menu=&#8221;6&#8243; el_class=&#8221;menusuperior&#8221;][\/vc_column_inner][\/vc_row_inner][vc_empty_space height=&#8221;60px&#8221;][\/vc_column][\/vc_row][vc_row][vc_column][vc_empty_space height=&#8221;40px&#8221;][vc_custom_heading text=&#8221;Normativa aplicable al sujeto obligado (1002)&#8221; font_container=&#8221;tag:h2|text_align:left|color:%23000000&#8243; use_theme_fonts=&#8221;yes&#8221;][vc_empty_space height=&#8221;40px&#8221;][\/vc_column][\/vc_row][vc_row][vc_column][vc_column_text]<\/p>\n<ul>\n<li><a href=\"https:\/\/www.boe.es\/buscar\/act.php?id=BOE-A-2002-25180\">Ley 50\/2002, de 26 de diciembre, de Fundaciones<\/a><\/li>\n<li><a href=\"https:\/\/www.boe.es\/buscar\/doc.php?id=BOE-A-1998-10523\">Ley 2\/1998, de 6 de abril, de Fundaciones Canarias<\/a><\/li>\n<li><a href=\"https:\/\/www.boe.es\/buscar\/act.php?id=BOE-A-2013-12887\">Ley 19\/2013, de 9 de diciembre, de transparencia, acceso a la informaci\u00f3n p\u00fablica y buen gobierno<\/a><\/li>\n<li><a href=\"https:\/\/www.boe.es\/buscar\/doc.php?id=BOE-A-2015-1114\">Ley 12\/2014, de 26 de diciembre, de transparencia y de acceso a la informaci\u00f3n p\u00fablica<\/a> (Comunidad Aut\u00f3noma de Canarias)<\/li>\n<li><a href=\"https:\/\/www.boe.es\/buscar\/act.php?id=BOE-A-2017-12902\">Ley 9\/2017, de 8 de noviembre, de Contratos del Sector P\u00fablico, por la que se transponen al ordenamiento jur\u00eddico espa\u00f1ol las Directivas del Parlamento Europeo y del Consejo 2014\/23\/UE y 2014\/24\/UE, de 26 de febrero de 2014<\/a><\/li>\n<li><a href=\"https:\/\/www.boe.es\/buscar\/act.php?id=BOE-A-2006-13371&amp;p=20190330&amp;tn=2\">Real Decreto 887\/2006, de 21 de julio, por el que se aprueba el Reglamento de la Ley 38\/2003, de 17 de noviembre, General de Subvenciones<\/a><\/li>\n<li><a href=\"https:\/\/www.boe.es\/buscar\/act.php?id=BOE-A-2015-10565\">Ley 39\/2015, de 1 de octubre, del Procedimiento Administrativo Com\u00fan de las Administraciones P\u00fablicas<\/a><\/li>\n<li><a href=\"https:\/\/www.boe.es\/buscar\/doc.php?id=BOE-A-1998-13084\">Ley 4\/1998, 15 de mayo, de voluntariado de canarias (BOC 63, de 25 mayo de 1998)<\/a><\/li>\n<li><a href=\"https:\/\/www.boe.es\/buscar\/act.php?id=BOE-A-2002-25039\">Ley 49\/2002, de 23 de diciembre, de r\u00e9gimen fiscal de las entidades sin fines lucrativos y de los incentivos fiscales al mecenazgo<\/a><\/li>\n<li><a href=\"https:\/\/www.boe.es\/eli\/es\/lo\/2001\/12\/21\/6\">Ley Org\u00e1nica 6\/2001, de 21 de diciembre, de Universidades<\/a><\/li>\n<li><a href=\"https:\/\/www.boe.es\/buscar\/act.php?id=BOE-A-2011-9617\">Ley 14\/2011, de 1 de junio, de la Ciencia, la Tecnolog\u00eda y la Innovaci\u00f3n<\/a><\/li>\n<li><a href=\"https:\/\/www.boe.es\/eli\/es\/rdl\/2023\/12\/19\/6\/con\">Real Decreto-ley 6\/2023, de 19 de diciembre, por el que se aprueban medidas urgentes para la ejecuci\u00f3n del Plan de Recuperaci\u00f3n, Transformaci\u00f3n y Resiliencia en materia de servicio p\u00fablico de justicia, funci\u00f3n p\u00fablica, r\u00e9gimen local y mecenazgo.<\/a><\/li>\n<\/ul>\n<p>[\/vc_column_text][vc_column_text]<\/p>\n<p style=\"text-align: right;\"><strong>\u00daltima fecha de revisi\u00f3n<\/strong>: 18\/03\/2026 12:05<\/p>\n<p>[\/vc_column_text][vc_btn title=&#8221;Datos en abierto&#8221; style=&#8221;outline-custom&#8221; outline_custom_color=&#8221;#000000&#8243; outline_custom_hover_background=&#8221;#5c068c&#8221; outline_custom_hover_text=&#8221;#ffffff&#8221; shape=&#8221;square&#8221; align=&#8221;left&#8221; i_icon_fontawesome=&#8221;fa fa-file-o&#8221; add_icon=&#8221;true&#8221; link=&#8221;url:https%3A%2F%2Fdrive.google.com%2Ffile%2Fd%2F1EoY-MzLfrUDNq3ktyWBmvUXWOz1bj3f1%2Fview%3Fusp%3Dsharing|||&#8221; css=&#8221;.vc_custom_1594704483475{margin-top: 20px !important;margin-bottom: 20px !important;}&#8221;][\/vc_column][\/vc_row][vc_row][vc_column][vc_column_text][\/vc_column_text][\/vc_column][\/vc_row][vc_row][vc_column][vc_empty_space height=&#8221;40px&#8221;][vc_custom_heading text=&#8221;Informaci\u00f3n relativa a las funciones que desarrolla la entidad (1004)&#8221; font_container=&#8221;tag:h2|text_align:left|color:%23000000&#8243; use_theme_fonts=&#8221;yes&#8221;][vc_empty_space height=&#8221;40px&#8221;][\/vc_column][\/vc_row][vc_row][vc_column][vc_column_text]<\/p>\n<ul>\n<li>Fomentar y desarrollar cauces de conocimiento, di\u00e1logo y cooperaci\u00f3n entre la Universidad de La Laguna, la empresa, las administraciones p\u00fablicas y la sociedad en general.<\/li>\n<li>Promover foros de encuentro entre la Universidad de La Laguna, la empresa, las administraciones p\u00fablicas y la sociedad para que su conocimiento mutuo les permita resolver los problemas que tiene planteados la empresa de cara a la adecuada formaci\u00f3n de sus recursos humanos.<\/li>\n<li>Promover, proteger y fomentar el desarrollo de estudios e investigaciones sobre la universidad y la empresa, as\u00ed como su difusi\u00f3n para dar a conocer la realidad de sus relaciones y plantear actuaciones eficaces, mediante el establecimiento de objetivos comunes.<\/li>\n<li>Realizar un inventario de necesidades mutuas que deber\u00e1n satisfacerse mediante medidas de comunicaci\u00f3n y di\u00e1logo, examinando correctamente problemas comunes o que afecten a la sociedad en general, respecto a los cuales se considere interesante elaborar un pensamiento com\u00fan.<\/li>\n<li>Actuar como centro de informaci\u00f3n y coordinaci\u00f3n para las empresas y entidades p\u00fablicas que deseen establecer relaciones especiales con la Universidad de La Laguna, sobre asuntos como la promoci\u00f3n de estudios, el desarrollo de iniciativas de investigaci\u00f3n, desarrollo e innovaci\u00f3n, los contratos de investigaci\u00f3n aplicada y desarrollo tecnol\u00f3gico, la cooperaci\u00f3n educativa en formaci\u00f3n profesional no laboral a trav\u00e9s de pr\u00e1cticas de estudiantes y becas formativas para titulados, la selecci\u00f3n y perfeccionamiento de egresados para su inserci\u00f3n en el mercado laboral, la formaci\u00f3n continua especializada, el reciclaje profesional y cualquier otra modalidad que facilite colaboraci\u00f3n.<\/li>\n<li>Promover, favorecer e instrumentar la transferencia de conocimiento, tecnolog\u00eda y de resultados de la investigaci\u00f3n de la Universidad de La Laguna hacia las empresas, las administraciones p\u00fablicas y la sociedad en general.<\/li>\n<li>Canalizar iniciativas de investigaci\u00f3n, transferencia de resultados, servicios y asistencia al profesorado, grupos de investigaci\u00f3n, departamentos, institutos y otros centros universitarios, hacia las empresas y entidades p\u00fablicas; asumir las tareas de promocionar, gestionar, negociar y participar en concursos p\u00fablicos y licitaciones y, finalmente, suscribir convenios, contratos y acuerdos de colaboraci\u00f3n, asesoramiento, prestaci\u00f3n de servicios o apoyo tecnol\u00f3gico.<\/li>\n<li>Desarrollar acciones que favorezcan la especializaci\u00f3n, las posibilidades de inserci\u00f3n laboral, la mejora de empleo, el autoempleo y el emprendimiento del alumnado universitario.<\/li>\n<li>Fomentar y apoyar las acciones formativas que capaciten para el desempe\u00f1o cualificado de las profesiones, faciliten el acceso al empleo, y la reinserci\u00f3n laboral y promuevan la formaci\u00f3n continua que asegure la actualizaci\u00f3n permanente de las competencias profesionales y, cuando sea necesario, facilitar la readaptaci\u00f3n laboral.<\/li>\n<li>Participar en concursos p\u00fablicos convocados por las administraciones o por empresas p\u00fablicas o privadas, y suscribir los contratos que les sean adjudicados, actuando para s\u00ed misma, o en nombre del profesorado, grupos de investigaci\u00f3n, departamentos, institutos y otros centros de la Universidad de La Laguna.<\/li>\n<li>Recibir encargos como medio propio personificado en los t\u00e9rminos establecidos por la legislaci\u00f3n vigente.<\/li>\n<li>Financiar c\u00e1tedras, seminarios, laboratorios o ense\u00f1anzas especiales en la Universidad de La Laguna.<\/li>\n<li>Procurar ayudas a la investigaci\u00f3n dentro o fuera de la Universidad de La Laguna y dotar bolsas de viaje a este mismo fin.<\/li>\n<li>Financiar programas concretos de becas de estudio e investigaci\u00f3n.<\/li>\n<li>Convocar premios para trabajos determinados.<\/li>\n<li>Financiar la publicaci\u00f3n de tesis doctorales y trabajos de investigaci\u00f3n.<\/li>\n<li>Facilitar la presencia del alumnado de los \u00faltimos cursos de la carrera en actividades profesionales con el objetivo de mejorar\u00a0 su formaci\u00f3n y para la adquisici\u00f3n de experiencia profesional.<\/li>\n<li>Realizar, editar y publicar libros o publicaciones de todo tipo, con car\u00e1cter peri\u00f3dico o circunstancial, acerca de temas y cuestiones relacionadas con los fines de la Fundaci\u00f3n, as\u00ed como colaborar en publicaciones peri\u00f3dicas y otros medios de difusi\u00f3n que puedan contribuir al mayor conocimiento mutuo de la empresa y la universidad.<\/li>\n<li>Organizar conferencias, reuniones, visitas e intercambios que contribuyan al mejor conocimiento rec\u00edproco de la universidad, la empresa y la sociedad.<\/li>\n<li>Promover el estudio conjunto de nuevas profesiones y especialidades \u00fatiles y necesarias para la innovaci\u00f3n en la empresa acordes con su avance y desarrollo tecnol\u00f3gico.<\/li>\n<li>Promover, coordinar y organizar pr\u00e1cticas de los estudiantes y en su caso el profesorado, en las empresas y administraciones. En materia de promoci\u00f3n laboral y formaci\u00f3n profesional, las acciones formativas contemplar\u00e1n las necesidades espec\u00edficas de los grupos desfavorecidos, como j\u00f3venes, discapacitados, mayores, mujeres, trabajadores necesitados con adaptaci\u00f3n profesional, parados de larga duraci\u00f3n, minor\u00edas \u00e9tnicas, y, en general, colectivos con riesgos de exclusi\u00f3n social.<\/li>\n<li>Promover y desarrollar el voluntariado y llevar a cabo actuaciones espec\u00edficas dentro de sus \u00e1mbitos de actuaci\u00f3n propios, como son las actividades de formaci\u00f3n, orientaci\u00f3n, inserci\u00f3n laboral, innovaci\u00f3n, transferencia de conocimiento y resultados de la investigaci\u00f3n.<\/li>\n<li>Promover, fomentar, coordinar, participar y desarrollar tareas, trabajos, asesoramientos, investigaciones y otras actividades de cualquier naturaleza de cooperaci\u00f3n internacional para el desarrollo de las naciones, estados y terceros pa\u00edses.<\/li>\n<li>Cualesquiera otros fines, servicios comunes y actividades que la Fundaci\u00f3n acuerde o decida y no se indique anteriormente, que mejoren o perfeccionen su acci\u00f3n b\u00e1sica y fundamental de acercamiento, conocimiento y colaboraci\u00f3n entre la Universidad y la sociedad\u00a0 y resulten coherentes con los antes descritos.<\/li>\n<\/ul>\n<p>[\/vc_column_text][vc_column_text]<\/p>\n<p style=\"text-align: right;\"><strong>\u00daltima fecha de revisi\u00f3n<\/strong>: 18\/03\/2026 12:05<\/p>\n<p>[\/vc_column_text][vc_btn title=&#8221;Datos en abierto&#8221; style=&#8221;outline-custom&#8221; outline_custom_color=&#8221;#000000&#8243; outline_custom_hover_background=&#8221;#5c068c&#8221; outline_custom_hover_text=&#8221;#ffffff&#8221; shape=&#8221;square&#8221; align=&#8221;left&#8221; i_icon_fontawesome=&#8221;fa fa-file-o&#8221; add_icon=&#8221;true&#8221; link=&#8221;url:https%3A%2F%2Fdrive.google.com%2Ffile%2Fd%2F1FCizpphLSRZCXXKjRfqkH7AiHeT0lS7O%2Fview%3Fusp%3Dsharing|||&#8221; css=&#8221;.vc_custom_1594704506909{margin-top: 20px !important;margin-bottom: 20px !important;}&#8221;][\/vc_column][\/vc_row][vc_row][vc_column][vc_empty_space height=&#8221;20px&#8221;][\/vc_column][\/vc_row][vc_row][vc_column][vc_empty_space height=&#8221;40px&#8221;][vc_row_inner][vc_column_inner width=&#8221;1\/2&#8243;][vc_custom_heading text=&#8221;Organigrama de la entidad (1018)&#8221; font_container=&#8221;tag:h2|text_align:left|color:%23000000&#8243; use_theme_fonts=&#8221;yes&#8221;][\/vc_column_inner][vc_column_inner width=&#8221;1\/2&#8243;][\/vc_column_inner][\/vc_row_inner][vc_empty_space height=&#8221;63px&#8221;][\/vc_column][\/vc_row][vc_row][vc_column][vc_tta_accordion style=&#8221;flat&#8221; shape=&#8221;square&#8221; color=&#8221;white&#8221; c_icon=&#8221;triangle&#8221; active_section=&#8221;0&#8243; css_animation=&#8221;fadeIn&#8221; no_fill=&#8221;true&#8221; collapsible_all=&#8221;true&#8221; css=&#8221;.vc_custom_1752129946672{border-top-width: 1px !important;border-right-width: 1px !important;border-bottom-width: 1px !important;border-left-width: 1px !important;padding-bottom: 1px !important;border-left-style: solid !important;border-right-style: solid !important;border-top-style: solid !important;border-bottom-style: solid !important;}&#8221;][vc_tta_section title=&#8221;Organigrama&#8221; tab_id=&#8221;organigrama&#8221;][vc_column_text]<\/p>\n<ul>\n<li>Patronato<\/li>\n<li>Direcci\u00f3n &#8211; Gerencia\n<ul>\n<li>Comunicaci\u00f3n y marketing<\/li>\n<li>Cultura cient\u00edfica y de la innovaci\u00f3n<\/li>\n<li>Secretar\u00eda de direcci\u00f3n<\/li>\n<\/ul>\n<\/li>\n<\/ul>\n<ul>\n<li>Agencia Universitaria de Empleo\n<ul>\n<li>Direcci\u00f3n y promoci\u00f3n de proyectos<\/li>\n<li>Gesti\u00f3n para la mejora de la empleabilidad<\/li>\n<li>Orientaci\u00f3n laboral y movilidad<\/li>\n<li>Emprendimiento<\/li>\n<\/ul>\n<\/li>\n<li>Agencia Universitaria de Innovaci\u00f3n\n<ul>\n<li>Direcci\u00f3n y promoci\u00f3n de proyectos<\/li>\n<li>Innovaci\u00f3n empresarial<\/li>\n<li>Innovaci\u00f3n social<\/li>\n<li>Promoci\u00f3n y gesti\u00f3n de la transferencia<\/li>\n<li>Gesti\u00f3n de proyectos internacionales<\/li>\n<\/ul>\n<\/li>\n<li>\u00c1rea de Formaci\u00f3n\n<ul>\n<li>Direcci\u00f3n y promoci\u00f3n de proyectos<\/li>\n<li>Formaci\u00f3n continua y t\u00edtulos propios<\/li>\n<li>Servicio de idiomas<\/li>\n<\/ul>\n<\/li>\n<li>Servicios Generales\n<ul>\n<li>Direcci\u00f3n y promoci\u00f3n de proyectos<\/li>\n<li>Administraci\u00f3n y contabilidad<\/li>\n<li>Inform\u00e1tica y comunicaciones<\/li>\n<li>Atenci\u00f3n al p\u00fablico y servicios auxiliares<\/li>\n<li>Calidad docente y de servicios<\/li>\n<li>Campus virtual<\/li>\n<li>Servicios audiovisuales<\/li>\n<\/ul>\n<\/li>\n<\/ul>\n<p>[\/vc_column_text][\/vc_tta_section][vc_tta_section title=&#8221;Organigrama imagen&#8221; tab_id=&#8221;imagen&#8221;][vc_single_image image=&#8221;258&#8243; img_size=&#8221;full&#8221; css_animation=&#8221;bounceIn&#8221;][\/vc_tta_section][\/vc_tta_accordion][vc_empty_space][vc_btn title=&#8221;Organigrama &#8211; Datos en abierto&#8221; style=&#8221;outline-custom&#8221; outline_custom_color=&#8221;#000000&#8243; outline_custom_hover_background=&#8221;#5c068c&#8221; outline_custom_hover_text=&#8221;#ffffff&#8221; shape=&#8221;square&#8221; align=&#8221;left&#8221; i_icon_fontawesome=&#8221;&#8221; add_icon=&#8221;true&#8221; link=&#8221;url:https%3A%2F%2Fdrive.google.com%2Ffile%2Fd%2F1FCjh0PgQy_nzgnkIFE7no-QLEjkodFqj%2Fview%3Fusp%3Dsharing|||&#8221; css=&#8221;.vc_custom_1752129961411{margin-top: 20px !important;margin-bottom: 20px !important;}&#8221;][vc_column_text]<\/p>\n<p style=\"text-align: right;\"><strong>\u00daltima fecha de revisi\u00f3n<\/strong>: 18\/03\/2026 12:05<\/p>\n<p>[\/vc_column_text][\/vc_column][\/vc_row][vc_row][vc_column][vc_empty_space height=&#8221;40px&#8221;][vc_custom_heading text=&#8221;\u00d3rganos de gobierno, de direcci\u00f3n o de administraci\u00f3n de la entidad, indicando sus competencias y funciones (1021)&#8221; font_container=&#8221;tag:h2|text_align:left|color:%23000000&#8243; use_theme_fonts=&#8221;yes&#8221;][vc_empty_space height=&#8221;40px&#8221;][\/vc_column][\/vc_row][vc_row][vc_column][vc_column_text]<b>Gobierno de la Fundaci\u00f3n<\/b><b><br \/>\n<\/b><b><br \/>\n<\/b>El t\u00edtulo segundo de los estatutos de la Fundaci\u00f3n Canaria General de la Universidad de La Laguna, <i>Gobierno de la Fundaci\u00f3n<\/i>, en su art\u00edculo 4, <b><i>El Patronato<\/i><\/b>, punto 1, <b>establece:<\/b><\/p>\n<blockquote><p>\u2018<i>El Patronato tendr\u00e1 a su cargo el gobierno, la representaci\u00f3n y la administraci\u00f3n de la Fundaci\u00f3n con plenas facultades de gesti\u00f3n, disposici\u00f3n de sus bienes, incluso inmuebles, tanto a t\u00edtulo oneroso como lucrativo, fijaci\u00f3n de inversiones y, en definitiva, la m\u00e1s amplia facultad de disposici\u00f3n sobre el patrimonio sin limitaci\u00f3n alguna, si bien se podr\u00e1n establecer las formas y requisitos para el ejercicio de tales facultades, todo lo cual se entiende sin menoscabo de las limitaciones que la Ley 2\/1998, de 6 de abril, de Fundaciones Canarias, y disposiciones concordantes, impone respecto a la disposici\u00f3n de los bienes dotacionales.<\/i>\u2019<\/p><\/blockquote>\n<p><b>Composici\u00f3n del Patronato<\/b><br \/>\n<b>En su art\u00edculo 5, Composici\u00f3n del Patronato, punto 1, detalla: Son patronos de la Fundaci\u00f3n los siguientes:<\/b><\/p>\n<p>&#8211; El\/La rector\/a de la Universidad de La Laguna.<\/p>\n<p>&#8211; La Presidencia del Consejo Social de la Universidad de La Laguna.<\/p>\n<p>&#8211; Tres vicerrectores\/as con competencias en el \u00e1mbito de los fines fundacionales de la entidad nombrados por el Rector de la Universidad de La Laguna.<\/p>\n<p>&#8211; Cuatro administraciones, sociedades o fundaciones p\u00fablicas escogidas entre aquellas que mayor interrelaci\u00f3n de sus fines tengan con los de la Fundaci\u00f3n y que intervendr\u00e1n a trav\u00e9s de sus correspondientes representantes. Ser\u00e1n propuestas por la Presidencia y admitidos por acuerdo del Patronato.<\/p>\n<p>&#8211; Tambi\u00e9n, formar\u00e1n parte del Patronato, con derecho a voz, pero sin voto, las personas responsables de Direcci\u00f3n \u2013 Gerencia e Intervenci\u00f3n.<\/p>\n<ol start=\"1\">\n<li>En los t\u00e9rminos de la legislaci\u00f3n vigente, quienes asuman la condici\u00f3n de Patronos por raz\u00f3n de cargo p\u00fablico del que son titulares, podr\u00e1n designar los representantes que reglamentariamente les sustituyan. Las personas f\u00edsicas que acepten la condici\u00f3n de Patronos deber\u00e1n ejercerlo personalmente sin que puedan delegarlo.<\/li>\n<li>La Presidencia del Patronato la ocupar\u00e1 el\/la rector\/a de la Universidad de La Laguna y la Vicepresidencia, la Presidencia del Consejo Social de la Universidad de La Laguna. La secretar\u00eda recaer\u00e1 en quien designe el Patronato, pudiendo serlo una persona que no sea miembro del Patronato, en cuyo caso tendr\u00e1 voz, pero no voto. En tanto no se produzca designaci\u00f3n, actuar\u00e1 en la Secretar\u00eda la persona m\u00e1s joven presente del Patronato, que no ocupe la Presidencia ni la Vicepresidencia.<\/li>\n<\/ol>\n<p><strong>Titular:\u00a0<\/strong><\/p>\n<p style=\"padding-left: 40px;\">El presidente del patronato: Francisco Javier Garc\u00eda Rodr\u00edguez, Rector (desde 27\/04\/2023)<\/p>\n<p><strong>Sede:<\/strong><\/p>\n<p style=\"padding-left: 40px;\">Avenida de la Trinidad, 61 , 38200, San Crist\u00f3bal de La Laguna &#8211; Santa Cruz de Tenerife &#8211; Espa\u00f1a &#8211; \u00a0(+34) 922 31 92 00 &#8211; <a href=\"mailto:gerencia@fg.ull.es\">info@fg.ull.es<\/a><\/p>\n<p>[\/vc_column_text][vc_column_text]<\/p>\n<p style=\"text-align: right;\"><strong>\u00daltima fecha de revisi\u00f3n<\/strong>: 18\/03\/2026 12:05<\/p>\n<p>[\/vc_column_text][vc_btn title=&#8221;Datos en abierto&#8221; style=&#8221;outline-custom&#8221; outline_custom_color=&#8221;#000000&#8243; outline_custom_hover_background=&#8221;#5c068c&#8221; outline_custom_hover_text=&#8221;#ffffff&#8221; shape=&#8221;square&#8221; align=&#8221;left&#8221; i_icon_fontawesome=&#8221;fa fa-file-o&#8221; add_icon=&#8221;true&#8221; link=&#8221;url:https%3A%2F%2Fdrive.google.com%2Ffile%2Fd%2F1FHNwwhh4YpQJN8NPimrK5HjvRplTrhv0%2Fview%3Fusp%3Dsharing|||&#8221; css=&#8221;.vc_custom_1594704706217{margin-top: 20px !important;margin-bottom: 20px !important;}&#8221;][\/vc_column][\/vc_row][vc_row][vc_column][vc_empty_space height=&#8221;40px&#8221;][vc_custom_heading text=&#8221;Composici\u00f3n y personas titulares de los \u00f3rganos de gobierno, de direcci\u00f3n o de administraci\u00f3n de la entidad, y n\u00famero de personas adscritas a cada \u00f3rgano, organismo o entidad (1023) e identificaci\u00f3n de los\/las responsables de los \u00f3rganos (1024)&#8221; font_container=&#8221;tag:h2|text_align:left|color:%23000000&#8243; use_theme_fonts=&#8221;yes&#8221;][vc_empty_space height=&#8221;40px&#8221;][\/vc_column][\/vc_row][vc_row][vc_column][vc_column_text]<\/p>\n<h3><span style=\"color: #57068c;\"><b>Patronato<\/b><\/span><\/h3>\n<h4><b>Presidencia<\/b><\/h4>\n<ul>\n<li style=\"font-weight: 400;\"><span style=\"font-weight: 400;\">Francisco Javier Garc\u00eda Rodr\u00edguez, Rector (desde 27\/04\/2023)<\/span><\/li>\n<\/ul>\n<h4><b>Vicepresidencia<\/b><\/h4>\n<ul>\n<li style=\"font-weight: 400;\">Francisco Almeida Ossa, Presidente del Consejo Social de La Universidad de La Laguna (desde 26\/01\/2024)<\/li>\n<\/ul>\n<h4><b>Vocales Universidad de La Laguna<\/b><\/h4>\n<ul>\n<li>Jos\u00e9 Manuel Garc\u00eda Fraga, Vicerrector de docencia (desde 26\/05\/2023)<\/li>\n<li>Mar\u00eda Rosario Hern\u00e1ndez Borges, Vicerrectora de Estudiantes (desde 26\/05\/2023)<\/li>\n<li>Antonio Aparicio Juan, Vicerrector de Investigaci\u00f3n, Transferencia (desde 26\/05\/2023)<\/li>\n<\/ul>\n<h4><b>Vocales Instituciones P\u00fablicas Colaboradoras<\/b><\/h4>\n<ul>\n<li>Ayuntamiento de La Laguna, Luis Yeray Guti\u00e9rrez P\u00e9rez, Alcalde (desde 4\/7\/2019)<\/li>\n<li>Parque Cient\u00edfico y Tecnol\u00f3gico de Tenerife, S. A., Juan Jos\u00e9 Mart\u00ednez D\u00edaz, Consejero (desde el 19\/12\/2023)<\/li>\n<li>Cabildo de La Palma,\u00a0 (desde el -\/-\/2025)<\/li>\n<li>Ayuntamiento de Adeje, Jos\u00e9 Miguel Rodr\u00edguez Fraga, Alcalde (desde 19\/12\/2014)<\/li>\n<\/ul>\n<h4><b>Miembros del Patronato con voz pero sin voto<\/b><\/h4>\n<ul>\n<li style=\"font-weight: 400;\">Julio Antonio Brito Santana, Secretario (desde 27\/05\/2023)<\/li>\n<li style=\"font-weight: 400;\"><span style=\"font-weight: 400;\">Mar\u00eda Montserrat Mestres Jim\u00e9nez, Interventora\u00a0<\/span><span style=\"font-weight: 400;\">(desde 7\/7\/2015)<\/span><\/li>\n<\/ul>\n<h3 id=\"direccion-gerencia\"><span style=\"color: #57068c;\"><b>Direcci\u00f3n Gerencia<\/b><\/span><\/h3>\n<h4><b>Director Gerente<\/b><\/h4>\n<ul>\n<li style=\"font-weight: 400;\">Julio Antonio Brito Santana (desde 27\/05\/2023)<\/li>\n<\/ul>\n<ul>\n<li><i class=\"fa fa-phone\" aria-hidden=\"true\"><\/i>\u00a0922 319 929 &#8211; <i class=\"far fa-envelope\"><\/i> <a href=\"mailto:gerencia@fg.ull.es\">gerencia@fg.ull.es<\/a> &#8211; <i class=\"fas fa-blender-phone\"><\/i> <a href=\"https:\/\/fg.ull.es\/transparencia\/servicios-y-procedimientos\/\">Medios de contacto de otros servicios de la Fundaci\u00f3n<\/a>.<\/li>\n<\/ul>\n<h3><span style=\"color: #57068c;\"><b>Personal adscrito<\/b><\/span><\/h3>\n<p><span style=\"font-weight: 400;\">Los \u00f3rganos de gobierno no cuentan con personal adscrito.<\/span>[\/vc_column_text][vc_column_text]<\/p>\n<p style=\"text-align: right;\"><strong>\u00daltima fecha de revisi\u00f3n<\/strong>: 18\/03\/2026 08:05<\/p>\n<p>[\/vc_column_text][vc_btn title=&#8221;Datos en abierto&#8221; style=&#8221;outline-custom&#8221; outline_custom_color=&#8221;#000000&#8243; outline_custom_hover_background=&#8221;#5c068c&#8221; outline_custom_hover_text=&#8221;#ffffff&#8221; shape=&#8221;square&#8221; align=&#8221;left&#8221; i_icon_fontawesome=&#8221;&#8221; add_icon=&#8221;true&#8221; link=&#8221;url:https%3A%2F%2Fdrive.google.com%2Ffile%2Fd%2F16rllcTZumzQlWaCWOAWAoe6cnysFUbLi%2Fview%3Fusp%3Dsharing|target:_blank&#8221; css=&#8221;.vc_custom_1745304460984{margin-top: 20px !important;margin-bottom: 20px !important;}&#8221;][vc_empty_space height=&#8221;40px&#8221;][vc_tta_accordion active_section=&#8221;0&#8243; collapsible_all=&#8221;true&#8221; title=&#8221;A\u00f1os anteriores&#8221;][vc_tta_section title=&#8221;2025&#8243; tab_id=&#8221;1024-2024&#8243;][vc_column_text]<\/p>\n<h3><span style=\"color: #57068c;\"><b>Patronato<\/b><\/span><\/h3>\n<h4><b>Presidencia<\/b><\/h4>\n<ul>\n<li style=\"font-weight: 400;\"><span style=\"font-weight: 400;\">Francisco Javier Garc\u00eda Rodr\u00edguez, Rector (desde 27\/04\/2023)<\/span><\/li>\n<\/ul>\n<h4><b>Vicepresidencia<\/b><\/h4>\n<ul>\n<li>Francisco Almeida Ossa, Presidente del Consejo Social de La Universidad de La Laguna (desde 26\/01\/2024)<\/li>\n<\/ul>\n<h4><b>Vocales Universidad de La Laguna<\/b><\/h4>\n<ul>\n<li>Jos\u00e9 Manuel Garc\u00eda Fraga, Vicerrector de docencia (desde 26\/05\/2023)<\/li>\n<li>Mar\u00eda Rosario Hern\u00e1ndez Borges, Vicerrectora de Estudiantes (desde 26\/05\/2023)<\/li>\n<li>Antonio Aparicio Juan, Vicerrector de Investigaci\u00f3n, Transferencia (desde 26\/05\/2023)<\/li>\n<\/ul>\n<h4><b>Vocales Instituciones P\u00fablicas Colaboradoras<\/b><\/h4>\n<ul>\n<li>Ayuntamiento de La Laguna, Luis Yeray Guti\u00e9rrez P\u00e9rez, Alcalde (desde 4\/7\/2019)<\/li>\n<li>Parque Cient\u00edfico y Tecnol\u00f3gico de Tenerife, S. A., Juan Jos\u00e9 Mart\u00ednez D\u00edaz, Consejero (desde el 19\/12\/2023)<\/li>\n<li>Cabildo de La Palma, Pablo D\u00edaz Cobiella, Consejero (desde el 19\/12\/2023 hasta el -\/-\/2025)<\/li>\n<li>Cabildo de La Palma, Pablo D\u00edaz Cobiella, (desde el 19\/12\/2023 hasta el -\/-\/2025)<\/li>\n<li>Ayuntamiento de Adeje, Jos\u00e9 Miguel Rodr\u00edguez Fraga, Alcalde (desde 19\/12\/2014)<\/li>\n<\/ul>\n<h4><b>Miembros del Patronato con voz pero sin voto<\/b><\/h4>\n<ul>\n<li style=\"font-weight: 400;\">Julio Antonio Brito Santana, Secretario (desde 27\/05\/2023)<\/li>\n<li style=\"font-weight: 400;\"><span style=\"font-weight: 400;\">Mar\u00eda Montserrat Mestres Jim\u00e9nez, Interventora\u00a0<\/span><span style=\"font-weight: 400;\">(desde 7\/7\/2015)<\/span><\/li>\n<\/ul>\n<h3 id=\"direccion-gerencia\"><span style=\"color: #57068c;\"><b>Direcci\u00f3n Gerencia<\/b><\/span><\/h3>\n<h4><b>Director Gerente<\/b><\/h4>\n<ul>\n<li style=\"font-weight: 400;\">Julio Antonio Brito Santana (desde 27\/05\/2023)<\/li>\n<\/ul>\n<ul>\n<li><i class=\"fa fa-phone\" aria-hidden=\"true\"><\/i>\u00a0922 319 929 &#8211; <i class=\"far fa-envelope\"><\/i> <a href=\"mailto:gerencia@fg.ull.es\">gerencia@fg.ull.es<\/a> &#8211; <i class=\"fas fa-blender-phone\"><\/i> <a href=\"https:\/\/fg.ull.es\/transparencia\/servicios-y-procedimientos\/\">Medios de contacto de otros servicios de la Fundaci\u00f3n<\/a>.<\/li>\n<\/ul>\n<h3><span style=\"color: #57068c;\"><b>Personal adscrito<\/b><\/span><\/h3>\n<p><span style=\"font-weight: 400;\">Los \u00f3rganos de gobierno no cuentan con personal adscrito.<\/span>[\/vc_column_text][vc_btn title=&#8221;Datos en abierto&#8221; style=&#8221;outline-custom&#8221; outline_custom_color=&#8221;#000000&#8243; outline_custom_hover_background=&#8221;#5c068c&#8221; outline_custom_hover_text=&#8221;#ffffff&#8221; shape=&#8221;square&#8221; align=&#8221;left&#8221; i_icon_fontawesome=&#8221;&#8221; add_icon=&#8221;true&#8221; link=&#8221;url:https%3A%2F%2Fdrive.google.com%2Ffile%2Fd%2F16rllcTZumzQlWaCWOAWAoe6cnysFUbLi%2Fview%3Fusp%3Dsharing|target:_blank&#8221; css=&#8221;.vc_custom_1745304460984{margin-top: 20px !important;margin-bottom: 20px !important;}&#8221;][\/vc_tta_section][vc_tta_section title=&#8221;2024&#8243; tab_id=&#8221;1024-2023&#8243;][vc_column_text]<\/p>\n<h3><span style=\"color: #57068c;\"><b>Patronato<\/b><\/span><\/h3>\n<h4><b>Presidencia<\/b><\/h4>\n<ul>\n<li style=\"font-weight: 400;\"><span style=\"font-weight: 400;\">Francisco Javier Garc\u00eda Rodr\u00edguez, Rector (desde 27\/04\/2023)<\/span><\/li>\n<\/ul>\n<h4><b>Vicepresidencia<\/b><\/h4>\n<ul>\n<li>Francisco Almeida Ossa, Presidente del Consejo Social de La Universidad de La Laguna (desde 26\/01\/2024)<\/li>\n<\/ul>\n<h4><b>Vocales Universidad de La Laguna<\/b><\/h4>\n<ul>\n<li>Jos\u00e9 Manuel Garc\u00eda Fraga, Vicerrector de docencia (desde 26\/05\/2023)<\/li>\n<li>Mar\u00eda Rosario Hern\u00e1ndez Borges, Vicerrectora de Estudiantes (desde 26\/05\/2023)<\/li>\n<li>Antonio Aparicio Juan, Vicerrector de Investigaci\u00f3n, Transferencia (desde 26\/05\/2023)<\/li>\n<\/ul>\n<h4><b>Vocales Instituciones P\u00fablicas Colaboradoras<\/b><\/h4>\n<ul>\n<li>Ayuntamiento de La Laguna, Luis Yeray Guti\u00e9rrez P\u00e9rez, Alcalde (desde 4\/7\/2019)<\/li>\n<li>Parque Cient\u00edfico y Tecnol\u00f3gico de Tenerife, S. A., Juan Jos\u00e9 Mart\u00ednez D\u00edaz, Consejero (desde el 19\/12\/2023)<\/li>\n<li>Cabildo de La Palma, Pablo D\u00edaz Cobiella, Consejero (desde el 19\/12\/2023)<\/li>\n<li>Ayuntamiento de Adeje, Jos\u00e9 Miguel Rodr\u00edguez Fraga, Alcalde (desde 19\/12\/2014)<\/li>\n<\/ul>\n<h4><b>Miembros del Patronato con voz pero sin voto<\/b><\/h4>\n<ul>\n<li style=\"font-weight: 400;\">Julio Antonio Brito Santana, Secretario (desde 27\/05\/2023)<\/li>\n<li style=\"font-weight: 400;\"><span style=\"font-weight: 400;\">Mar\u00eda Montserrat Mestres Jim\u00e9nez, Interventora\u00a0<\/span><span style=\"font-weight: 400;\">(desde 7\/7\/2015)<\/span><\/li>\n<\/ul>\n<h3 id=\"direccion-gerencia\"><span style=\"color: #57068c;\"><b>Direcci\u00f3n Gerencia<\/b><\/span><\/h3>\n<h4><b>Director Gerente<\/b><\/h4>\n<ul>\n<li style=\"font-weight: 400;\">Julio Antonio Brito Santana (desde 27\/05\/2023)<\/li>\n<\/ul>\n<ul>\n<li><i class=\"fa fa-phone\" aria-hidden=\"true\"><\/i>\u00a0922 319 929 &#8211; <i class=\"far fa-envelope\"><\/i> <a href=\"mailto:gerencia@fg.ull.es\">gerencia@fg.ull.es<\/a> &#8211; <i class=\"fas fa-blender-phone\"><\/i> <a href=\"https:\/\/fg.ull.es\/transparencia\/servicios-y-procedimientos\/\">Medios de contacto de otros servicios de la Fundaci\u00f3n<\/a>.<\/li>\n<\/ul>\n<h3><span style=\"color: #57068c;\"><b>Personal adscrito<\/b><\/span><\/h3>\n<p><span style=\"font-weight: 400;\">Los \u00f3rganos de gobierno no cuentan con personal adscrito.<\/span>[\/vc_column_text][vc_btn title=&#8221;Datos en abierto&#8221; style=&#8221;outline-custom&#8221; outline_custom_color=&#8221;#000000&#8243; outline_custom_hover_background=&#8221;#5c068c&#8221; outline_custom_hover_text=&#8221;#ffffff&#8221; shape=&#8221;square&#8221; align=&#8221;left&#8221; i_icon_fontawesome=&#8221;&#8221; add_icon=&#8221;true&#8221; link=&#8221;url:https%3A%2F%2Fdrive.google.com%2Ffile%2Fd%2F16rllcTZumzQlWaCWOAWAoe6cnysFUbLi%2Fview%3Fusp%3Dsharing|target:_blank&#8221; css=&#8221;.vc_custom_1745304460984{margin-top: 20px !important;margin-bottom: 20px !important;}&#8221;][\/vc_tta_section][vc_tta_section title=&#8221;2023&#8243; tab_id=&#8221;1024-2023&#8243;][vc_column_text]<\/p>\n<h3><span style=\"color: #57068c;\"><b>Patronato<\/b><\/span><\/h3>\n<h4><b>Presidencia<\/b><\/h4>\n<ul>\n<li style=\"font-weight: 400;\"><span style=\"font-weight: 400;\">Francisco Javier Garc\u00eda Rodr\u00edguez, Rector (desde 27\/04\/2023)<\/span><\/li>\n<\/ul>\n<h4><b>Vicepresidencia<\/b><\/h4>\n<ul>\n<li style=\"font-weight: 400;\"><span style=\"font-weight: 400;\">Mar\u00eda Dolores Pelayo Duque, Presidenta del Consejo Social\u00a0<\/span><span style=\"font-weight: 400;\">(desde 4\/06\/2020)<\/span><\/li>\n<\/ul>\n<h4><b>Vocales Universidad de La Laguna<\/b><\/h4>\n<ul>\n<li>Jos\u00e9 Manuel Garc\u00eda Fraga, Vicerrector de docencia (desde 26\/05\/2023)<\/li>\n<li>Mar\u00eda Rosario Hern\u00e1ndez Borges, Vicerrectora de Estudiantes (desde 26\/05\/2023)<\/li>\n<li>Antonio Aparicio Juan, Vicerrector de Investigaci\u00f3n, Transferencia (desde 26\/05\/2023)<\/li>\n<\/ul>\n<h4><b>Vocales Instituciones P\u00fablicas Colaboradoras<\/b><\/h4>\n<ul>\n<li>Ayuntamiento de La Laguna, Luis Yeray Guti\u00e9rrez P\u00e9rez, Alcalde (desde 4\/7\/2019)<\/li>\n<li>Parque Cient\u00edfico y Tecnol\u00f3gico de Tenerife, S. A., Juan Jos\u00e9 Mart\u00ednez D\u00edaz, Consejero (desde el 19\/12\/2023)<\/li>\n<li>Cabildo de La Palma, Pablo D\u00edaz Cobiella, Consejero (desde el 19\/12\/2023)<\/li>\n<li>Ayuntamiento de Adeje, Jos\u00e9 Miguel Rodr\u00edguez Fraga, Alcalde (desde 19\/12\/2014)<\/li>\n<\/ul>\n<h4><b>Miembros del Patronato con voz pero sin voto<\/b><\/h4>\n<ul>\n<li style=\"font-weight: 400;\">Julio Antonio Brito Santana, Secretario (desde 27\/05\/2023)<\/li>\n<li style=\"font-weight: 400;\"><span style=\"font-weight: 400;\">Mar\u00eda Montserrat Mestres Jim\u00e9nez, Interventora\u00a0<\/span><span style=\"font-weight: 400;\">(desde 7\/7\/2015)<\/span><\/li>\n<\/ul>\n<h3 id=\"direccion-gerencia\"><span style=\"color: #57068c;\"><b>Direcci\u00f3n Gerencia<\/b><\/span><\/h3>\n<h4><b>Director Gerente<\/b><\/h4>\n<ul>\n<li style=\"font-weight: 400;\">Julio Antonio Brito Santana (desde 27\/05\/2023)<\/li>\n<\/ul>\n<ul>\n<li><i class=\"fa fa-phone\" aria-hidden=\"true\"><\/i>\u00a0922 319 929 &#8211; <i class=\"far fa-envelope\"><\/i> <a href=\"mailto:gerencia@fg.ull.es\">gerencia@fg.ull.es<\/a> &#8211; <i class=\"fas fa-blender-phone\"><\/i> <a href=\"https:\/\/fg.ull.es\/transparencia\/servicios-y-procedimientos\/\">Medios de contacto de otros servicios de la Fundaci\u00f3n<\/a>.<\/li>\n<\/ul>\n<h3><span style=\"color: #57068c;\"><b>Personal adscrito<\/b><\/span><\/h3>\n<p><span style=\"font-weight: 400;\">Los \u00f3rganos de gobierno no cuentan con personal adscrito.<\/span>[\/vc_column_text][vc_btn title=&#8221;Datos en abierto&#8221; style=&#8221;outline-custom&#8221; outline_custom_color=&#8221;#000000&#8243; outline_custom_hover_background=&#8221;#5c068c&#8221; outline_custom_hover_text=&#8221;#ffffff&#8221; shape=&#8221;square&#8221; align=&#8221;left&#8221; i_icon_fontawesome=&#8221;&#8221; add_icon=&#8221;true&#8221; link=&#8221;url:https%3A%2F%2Fdrive.google.com%2Ffile%2Fd%2F1XC6qXPysx2x7JMbsYiNG5wkDYC6ExrFN%2Fview%3Fusp%3Ddrive_link|target:_blank&#8221; css=&#8221;.vc_custom_1746013189451{margin-top: 20px !important;margin-bottom: 20px !important;}&#8221;][\/vc_tta_section][vc_tta_section title=&#8221;2022&#8243; tab_id=&#8221;1024-2022&#8243;][vc_column_text]<\/p>\n<h3><span style=\"color: #57068c;\"><b>Patronato<\/b><\/span><\/h3>\n<h4><b>Presidencia<\/b><\/h4>\n<ul>\n<li>Rosa M\u00aa Aguilar Chinea, Rectora\u00a0(desde 17\/6\/2019)<\/li>\n<\/ul>\n<h4><b>Vicepresidencia<\/b><\/h4>\n<ul>\n<li>Mar\u00eda Dolores Pelayo Duque, Presidenta del Consejo Social\u00a0(desde 4\/06\/2020)<\/li>\n<\/ul>\n<h4><b>Vocales Universidad de La Laguna<\/b><\/h4>\n<ul>\n<li>Ernesto Pereda de Pablo, Vicerrector de Investigaci\u00f3n, Transferencia y Campus Santa Cruz y Sur\u00a0(desde 4\/7\/2019)<\/li>\n<li>Lastenia Hern\u00e1ndez Zamora, Vicerrectora de Estudiantes, Empleabilidad y Campus Guajara\u00a0(desde 4\/7\/2019)<\/li>\n<li>Lidia Dolores Cabrera P\u00e9rez, Vicerrectora de Proyecci\u00f3n, Internacionalizaci\u00f3n y Cooperaci\u00f3n\u00a0(desde 4\/7\/2019)<\/li>\n<\/ul>\n<h4><b>Vocales Instituciones P\u00fablicas Colaboradoras<\/b><\/h4>\n<ul>\n<li>Ayuntamiento de La Laguna, Luis Yeray Guti\u00e9rrez P\u00e9rez, Alcalde (desde 4\/7\/2019)<\/li>\n<li>Parque Cient\u00edfico y Tecnol\u00f3gico de Tenerife, S. A., Enrique Arriaga \u00c1lvarez, Vicepresidente del Cabildo Insular de Tenerife (desde 5\/6\/2020)<\/li>\n<li>Cabildo de La Palma, Susana Mach\u00edn Rodr\u00edguez, Consejera Insular (desde 21\/11\/2016)<\/li>\n<li>Ayuntamiento de Adeje, Jos\u00e9 Miguel Rodr\u00edguez Fraga, Alcalde (desde 19\/12\/2014)<\/li>\n<\/ul>\n<h4><b>Miembros del Patronato con voz pero sin voto<\/b><\/h4>\n<ul>\n<li>Juan Diego Betancor Ortiz, Secretario\u00a0(desde 4\/7\/2019)<\/li>\n<li>Mar\u00eda Montserrat Mestres Jim\u00e9nez, Interventora\u00a0(desde 7\/7\/2015)<\/li>\n<\/ul>\n<h3 id=\"direccion-gerencia\"><span style=\"color: #57068c;\"><b>Direcci\u00f3n Gerencia<\/b><\/span><\/h3>\n<h4><b>Director Gerente<\/b><\/h4>\n<ul>\n<li style=\"font-weight: 400;\">Juan Diego Betancor Ortiz (desde 4\/7\/2019)<\/li>\n<\/ul>\n<ul>\n<li><i class=\"fa fa-phone\" aria-hidden=\"true\"><\/i>\u00a0922 319 929 &#8211; <i class=\"far fa-envelope\"><\/i> <a href=\"mailto:gerencia@fg.ull.es\">gerencia@fg.ull.es<\/a> &#8211; <i class=\"fas fa-blender-phone\"><\/i> <a href=\"https:\/\/fg.ull.es\/transparencia\/servicios-y-procedimientos\/\">Medios de contacto de otros servicios de la Fundaci\u00f3n<\/a>.<\/li>\n<\/ul>\n<h3><span style=\"color: #57068c;\"><b>Personal adscrito<\/b><\/span><\/h3>\n<p><span style=\"font-weight: 400;\">Los \u00f3rganos de gobierno no cuentan con personal adscrito.<\/span>[\/vc_column_text][vc_btn title=&#8221;Datos en abierto&#8221; style=&#8221;outline-custom&#8221; outline_custom_color=&#8221;#000000&#8243; outline_custom_hover_background=&#8221;#5c068c&#8221; outline_custom_hover_text=&#8221;#ffffff&#8221; shape=&#8221;square&#8221; align=&#8221;left&#8221; i_icon_fontawesome=&#8221;&#8221; add_icon=&#8221;true&#8221; link=&#8221;url:https%3A%2F%2Fdrive.google.com%2Ffile%2Fd%2F19FL2YspKImX28j6egPy_DBaJ-5M3Qt98%2Fview%3Fusp%3Ddrive_link|target:_blank&#8221; css=&#8221;.vc_custom_1746013651361{margin-top: 20px !important;margin-bottom: 20px !important;}&#8221;][\/vc_tta_section][\/vc_tta_accordion][\/vc_column][\/vc_row][vc_row][vc_column][vc_empty_space height=&#8221;40px&#8221;][vc_custom_heading text=&#8221;Perfil y trayectoria profesional de los\/las responsables de los \u00f3rganos (1025)&#8221; font_container=&#8221;tag:h2|text_align:left|color:%23000000&#8243; use_theme_fonts=&#8221;yes&#8221;][vc_empty_space height=&#8221;40px&#8221;][\/vc_column][\/vc_row][vc_row][vc_column][vc_column_text]<\/p>\n<h3><span style=\"color: #57068c;\"><b>Patronato<\/b><\/span><\/h3>\n<h4><b>Presidencia<\/b><\/h4>\n<ul>\n<li style=\"font-weight: 400;\"><span style=\"font-weight: 400;\">Francisco Javier Garc\u00eda Rodr\u00edguez, Rector<\/span><span style=\"font-weight: 400;\"><br \/>\n<\/span><\/li>\n<\/ul>\n<p>Francisco J. Garc\u00eda Rodr\u00edguez (Tijarafe, La Palma, 1971) es licenciado en Ciencias Econ\u00f3micas y Empresariales (1994) y doctor en Econom\u00eda por la Universidad de La Laguna (2002). Es catedr\u00e1tico de Organizaci\u00f3n de empresas en el Departamento de Direcci\u00f3n de Empresa e Historia Econ\u00f3mica.<\/p>\n<p>Tiene una experiencia ininterrumpida y continuada de 23 cursos acad\u00e9micos de docencia universitaria de car\u00e1cter oficial, 22 de ellos a tiempo completo en materias del \u00e1rea de conocimiento de Organizaci\u00f3n de Empresas. Se ha especializado en dos l\u00edneas de investigaci\u00f3n principales, emprendimiento y responsabilidad social de la empresa. Tambi\u00e9n ha participado en catorce proyectos de investigaci\u00f3n com-petitivos, siendo el investigador principal en nueve de ellos.<\/p>\n<p>Ha ocupado diversos cargos de gesti\u00f3n acad\u00e9mica universitaria, entre ellos el de vicerrector de Relaciones con la Sociedad, asumiendo las competencias en em-prendimiento y empleabilidad (2015-2019), as\u00ed como tambi\u00e9n los de director y secre-tario de departamento y vicedecano. Ha sido director del m\u00e1ster oficial en direcci\u00f3n de comercio exterior y vicecoordinador del programa interuniversitario de doctorado en turismo en el que participan once universidades espa\u00f1olas. En el \u00e1mbito de la transferencia, puso en marcha y dirigi\u00f3 durante tres a\u00f1os (2008-2011) el programa de fomento al emprendimiento de la Universidad de La Laguna (Emprende.ull), y el t\u00edtulo propio de Grado en Desarrollo Emprendedor (2014-2016). En la actualidad, preside la secci\u00f3n de emprendimiento de la Asociaci\u00f3n Cient\u00edfica de Econom\u00eda y Direcci\u00f3n de la Empresa de Espa\u00f1a (ACEDE). Desde mayo de 2023 ostenta el car-go de rector de la ULL.<\/p>\n<h4><b>Vicepresidencia<\/b><\/h4>\n<ul>\n<li><span style=\"font-weight: 400;\">Francisco Almeida Ossa, Presidente del Consejo Social de La Universidad de La Laguna<\/span><\/li>\n<\/ul>\n<p>Titulado en Filosof\u00eda y Ciencias Econ\u00f3micas y Empresariales por la Universidad de La Laguna, con premio extraordinario fin de carrera, tambi\u00e9n posee formaci\u00f3n en Alta Direcci\u00f3n de Empresa y Direcci\u00f3n de Cocina. Ha sido docente en secundaria y en la Universidad de La Laguna, y participa activamente en investigaci\u00f3n, especialmente sobre la Dieta Atl\u00e1ntica y los Platos del Olvido relacionados con la pesca en la costa africana. Con m\u00e1s de 30 a\u00f1os de experiencia en consultor\u00eda estrat\u00e9gica, ha impulsado m\u00faltiples iniciativas empresariales en innovaci\u00f3n, tecnolog\u00eda y agroalimentaci\u00f3n. Ha ocupado cargos p\u00fablicos relevantes en el Gobierno de Canarias y organismos vinculados a formaci\u00f3n, empleo e I+D, y ha sido miembro de consejos de empresas y asociaciones que promueven el emprendimiento y la cooperaci\u00f3n con pa\u00edses del \u00c1frica occidental, como Mauritania, Senegal y Cabo Verde.<\/p>\n<h4><b>Vocales Universidad de La Laguna<\/b><\/h4>\n<ul>\n<li style=\"font-weight: 400;\">Jos\u00e9 Manuel Garc\u00eda Fraga, Vicerrector de docencia<\/li>\n<\/ul>\n<p>Jos\u00e9 Manuel Garc\u00eda Fraga (Santa Cruz de Tenerife, 1964) es licenciado en Ciencias Qu\u00edmicas y doctor en Ciencias Qu\u00edmicas (1995) por la Universidad de La Laguna. Es profesor titular de Qu\u00edmica Anal\u00edtica del Departamento de Qu\u00edmica desde 1998, inici\u00f3 su carrera docente en la ULL en 1991 como Ayudante de Facultad. Actualmente imparte docencia en el Grado en Qu\u00edmica y Grado en F\u00edsica as\u00ed como en el M\u00e1ster en Qu\u00edmica. Dentro de la gesti\u00f3n universitaria ha sido Director de Departamento de Qu\u00edmica Anal\u00edtica (2003-2007), Coordinador de Calidad e Innovaci\u00f3n Docente de la Facultad de Qu\u00edmica (2008-2012), Decano de la Facultad de Qu\u00edmica (2012-2014), Vicedecano de Secci\u00f3n de Qu\u00edmica de la Facultad de Ciencias (2014-2015) y Vicerrector de Estudiantes (2017-2019).<\/p>\n<ul>\n<li style=\"font-weight: 400;\">Mar\u00eda Rosario Hern\u00e1ndez Borges, Vicerrectora de Estudiantes<\/li>\n<\/ul>\n<p>Mar\u00eda Rosario Hern\u00e1ndez Borges (Santa Cruz de Tenerife, 1967) es Licenciada en Filosof\u00eda y Ciencias de la Educaci\u00f3n y doctora por la Universidad de La Laguna.<\/p>\n<ul>\n<li style=\"font-weight: 400;\"><span style=\"font-weight: 400;\">Antonio Aparicio Juan, Vicerrector de Investigaci\u00f3n y Transferencia<\/span><\/li>\n<\/ul>\n<p>Antonio Aparicio Juan naci\u00f3 en Granada en 1960. Licenciado en F\u00edsica por la Universidad de Granada en 1982, se doctor\u00f3 en la misma universidad en 1988 con una tesis sobre la formaci\u00f3n estelar en galaxias enanas pr\u00f3ximas. En la actualidad es Catedr\u00e1tico de Astrof\u00edsica de la Universidad de La Laguna e investigador del Instituto de Astrof\u00edsica de Canarias.<\/p>\n<h4><b>Vocales Instituciones P\u00fablicas Colaboradoras<\/b><\/h4>\n<ul>\n<li style=\"font-weight: 400;\">Ayuntamiento de La Laguna<strong><br \/>\n<\/strong><span style=\"font-weight: 400;\">Luis Yeray Guti\u00e9rrez P\u00e9rez, Alcalde<\/span><\/li>\n<\/ul>\n<p><span style=\"font-weight: 400;\">Luis Yeray Guti\u00e9rrez P\u00e9rez naci\u00f3 en el Barrio de La Candelaria en Santa Cruz de Tenerife en 1987. Fue elegido Secretario General de la Agrupaci\u00f3n de Socialistas laguneros en 2018. En junio de 2019 fue elegido Alcalde del Ayuntamiento de La Laguna, cargo que ostenta en la actualidad.<\/span><\/p>\n<ul>\n<li style=\"font-weight: 400;\"><span style=\"font-weight: 400;\">Parque Cient\u00edfico y Tecnol\u00f3gico de Tenerife, S.A.<\/span><span style=\"font-weight: 400;\"><br \/>\n<\/span> Juan Jos\u00e9 Mart\u00ednez D\u00edaz, Presidente<\/li>\n<\/ul>\n<p>Juan Jos\u00e9 Mart\u00ednez D\u00edaz naci\u00f3 en Santa Cruz de Tenerife, Juan Jos\u00e9 Mart\u00ednez D\u00edaz es licenciado en Econ\u00f3micas, M\u00e1ster en Planificaci\u00f3n estrat\u00e9gica y Gesti\u00f3n de proyectos por la ULL, PADE por el IESE-Instituto Bravo Murillo. Experiencia laboral tanto en el sector privado como p\u00fablico asumiendo en \u00e9ste responsabilidades como la gerencia del IASS o la direcci\u00f3n general de Universidades y Puertos Canarios.<\/p>\n<ul>\n<li style=\"font-weight: 400;\"><span style=\"font-weight: 400;\">Cabildo Insular de La Palma<\/span><span style=\"font-weight: 400;\"><br \/>\n<\/span>Pablo D\u00edaz Cobiella, Consejero Insular en Educaci\u00f3n, Cultura, Patrimonio y Artesan\u00eda<\/li>\n<\/ul>\n<p>Pablo D\u00edaz Cobiella Pablo D\u00edaz Cobiella es Graduado en Informaci\u00f3n y Documentaci\u00f3n por la Universidad de Salamanca y especialista en literatura infantil y juvenil y gesti\u00f3n y producci\u00f3n cultural. Ha estado estrechamente vinculado a la cultura de La Palma a trav\u00e9s de diversos proyectos y eventos que ha desarrollado desde 2018, a trav\u00e9s de la empresa Seroja Cultura. Ha dirigido proyectos destacados en la Isla, como \u2018La historia se hace historia\u2019, de La Palma Film Commission; \u2018Escritura Creativa y Gesti\u00f3n Emocional\u2019, del Cabildo de La Palma y \u2018La Movida\u2019, tambi\u00e9n impulsado por la Corporaci\u00f3n insular, entre otros eventos.<\/p>\n<ul>\n<li style=\"font-weight: 400;\"><span style=\"font-weight: 400;\">Ayuntamiento de Adeje<\/span><span style=\"font-weight: 400;\"><br \/>\n<\/span><span style=\"font-weight: 400;\">Jos\u00e9 Miguel Rodr\u00edguez Fraga, Alcalde<\/span><\/li>\n<\/ul>\n<p><span style=\"font-weight: 400;\">Jos\u00e9 Miguel Rodr\u00edguez Fraga naci\u00f3 en Vilaflor el\u00a0 29 de abril de 1947.\u00a0 Es Alcalde del municipio de Adeje desde 1987, por el PSOE, hasta la actualidad. Se licenci\u00f3 en Filosof\u00eda por la Universidad de La Laguna en 1975. Obtiene plaza de profesor de Filosof\u00eda y Letras del Instituto de bachillerato de Gu\u00eda de Isora (Tenerife) en 1978, donde adem\u00e1s ocupa la direcci\u00f3n hasta 1982. En 1983 es elegido por la asamblea de la Agrupaci\u00f3n Socialista de Adeje (PSC-PSOE) para encabezar la lista a las elecciones municipales. Aquel a\u00f1o no alcanza la victoria, por lo que ser\u00e1 el portavoz del grupo socialista en la oposici\u00f3n en el Ayuntamiento de Adeje. En 1987 vuelve a presentarse a las elecciones municipales con el PSOE y consigue ser elegido como alcalde tras pactar con CDS.<\/span><\/p>\n<h4><b>Secretario<\/b><\/h4>\n<ul>\n<li style=\"font-weight: 400;\"><span style=\"font-weight: 400;\">Julio Antonio Brito Santana, Director Gerente<\/span><\/li>\n<\/ul>\n<p><span style=\"font-weight: 400;\">Julio Antonio Brito Santana es Licenciado en Matem\u00e1ticas por la Universidad de La Laguna (ULL), especialidad de Estad\u00edstica e Investigaci\u00f3n Operativa. Estudios de postgrado en Sistemas de Informaci\u00f3n y Gesti\u00f3n del Conocimiento UOC. Doctor en Inform\u00e1tica por la ULL. Profesor Titular de Universidad de La Laguna en el \u00e1rea de conocimiento de Ciencias de la Computaci\u00f3n e Inteligencia Artificial adscrita al Departamento de Ingenier\u00eda Inform\u00e1tica y de Sistemas. Pertenece<\/span><span style=\"font-weight: 400;\">\u00a0al Instituto Universitario de Desarrollo Regional y al Grupo de investigaci\u00f3n en Computaci\u00f3n Inteligente de la Universidad de La Laguna. Emprendedor tecnol\u00f3gico, participando como socio de empresas de base tecnol\u00f3gica (Tecnoempleo s.l, Iniciativas Tecnol\u00f3gicas Canarias s.l., Stardevs s.l.,..). Ha ocupado cargos de responsabilidad en el Gobierno de Canarias y en la Universidad, entre otras ha sido Director de la Oficina de Ciencia, Tecnolog\u00eda e Innovaci\u00f3n del Gobierno de Canarias 2004-2007 y Director Gerente de la Fundaci\u00f3n General de la Universidad de La Laguna 2015-2019. Actualmente Director de la C\u00e1tedra CEOE-Tenerife, miembro del consejo de direcci\u00f3n de la C\u00e1tedra Cajasite Big Data, Open Data y blockchain y secretario de la Junta Directiva del Cl\u00faster Canario de Transporte y Log\u00edstica. Fue Gerente de la FGULL en el mandato del 2015 al 2019 y repite como Gerente desde 2023.<\/span><\/p>\n<h4><b>Intervenci\u00f3n<\/b><\/h4>\n<ul>\n<li style=\"font-weight: 400;\"><span style=\"font-weight: 400;\">Mar\u00eda Montserrat Mestres Jim\u00e9nez, Interventora<\/span><span style=\"font-weight: 400;\"><br \/>\n<\/span><\/li>\n<\/ul>\n<p><span style=\"font-weight: 400;\">Mar\u00eda Montserrat Mestres Jim\u00e9nez es licenciada en Econom\u00eda y en Administraci\u00f3n y Direcci\u00f3n de Empresas por la Universidad de La Laguna. M\u00e1ster en Direcci\u00f3n Financiera (EFEM-Madrid). Trabaj\u00f3 como funcionaria en varias administraciones p\u00fablicas de t\u00e9cnico de administraci\u00f3n general e Interventora interina.<\/span><\/p>\n<h3><span style=\"color: #57068c;\"><b>Direcci\u00f3n Gerencia<\/b><\/span><\/h3>\n<h4><b>Director Gerente<\/b><\/h4>\n<ul>\n<li style=\"font-weight: 400;\">Julio Antonio Brito Santana<\/li>\n<\/ul>\n<p>[\/vc_column_text][vc_btn title=&#8221;Datos en abierto&#8221; style=&#8221;outline-custom&#8221; outline_custom_color=&#8221;#000000&#8243; outline_custom_hover_background=&#8221;#5c068c&#8221; outline_custom_hover_text=&#8221;#ffffff&#8221; shape=&#8221;square&#8221; align=&#8221;left&#8221; i_icon_fontawesome=&#8221;&#8221; add_icon=&#8221;true&#8221; link=&#8221;url:https%3A%2F%2Fdrive.google.com%2Ffile%2Fd%2F1DWL-mTtmN1BaCOFRfzUbhCCoz0faT0a6%2Fview%3Fusp%3Ddrive_link|target:_blank&#8221; css=&#8221;.vc_custom_1746429878622{margin-top: 20px !important;margin-bottom: 20px !important;}&#8221;][vc_empty_space height=&#8221;40px&#8221;][vc_tta_accordion active_section=&#8221;0&#8243; collapsible_all=&#8221;true&#8221; title=&#8221;A\u00f1os anteriores&#8221;][vc_tta_section title=&#8221;2025&#8243; tab_id=&#8221;1025-2025&#8243;][vc_column_text]<\/p>\n<h3><span style=\"color: #57068c;\"><b>Patronato<\/b><\/span><\/h3>\n<h4><b>Presidencia<\/b><\/h4>\n<ul>\n<li style=\"font-weight: 400;\"><span style=\"font-weight: 400;\">Francisco Javier Garc\u00eda Rodr\u00edguez, Rector<\/span><span style=\"font-weight: 400;\"><br \/>\n<\/span><\/li>\n<\/ul>\n<p>Francisco J. Garc\u00eda Rodr\u00edguez (Tijarafe, La Palma, 1971) es licenciado en Ciencias Econ\u00f3micas y Empresariales (1994) y doctor en Econom\u00eda por la Universidad de La Laguna (2002). Es catedr\u00e1tico de Organizaci\u00f3n de empresas en el Departamento de Direcci\u00f3n de Empresa e Historia Econ\u00f3mica.<\/p>\n<p>Tiene una experiencia ininterrumpida y continuada de 23 cursos acad\u00e9micos de docencia universitaria de car\u00e1cter oficial, 22 de ellos a tiempo completo en materias del \u00e1rea de conocimiento de Organizaci\u00f3n de Empresas. Se ha especializado en dos l\u00edneas de investigaci\u00f3n principales, emprendimiento y responsabilidad social de la empresa. Tambi\u00e9n ha participado en catorce proyectos de investigaci\u00f3n com-petitivos, siendo el investigador principal en nueve de ellos.<\/p>\n<p>Ha ocupado diversos cargos de gesti\u00f3n acad\u00e9mica universitaria, entre ellos el de vicerrector de Relaciones con la Sociedad, asumiendo las competencias en em-prendimiento y empleabilidad (2015-2019), as\u00ed como tambi\u00e9n los de director y secre-tario de departamento y vicedecano. Ha sido director del m\u00e1ster oficial en direcci\u00f3n de comercio exterior y vicecoordinador del programa interuniversitario de doctorado en turismo en el que participan once universidades espa\u00f1olas. En el \u00e1mbito de la transferencia, puso en marcha y dirigi\u00f3 durante tres a\u00f1os (2008-2011) el programa de fomento al emprendimiento de la Universidad de La Laguna (Emprende.ull), y el t\u00edtulo propio de Grado en Desarrollo Emprendedor (2014-2016). En la actualidad, preside la secci\u00f3n de emprendimiento de la Asociaci\u00f3n Cient\u00edfica de Econom\u00eda y Direcci\u00f3n de la Empresa de Espa\u00f1a (ACEDE). Desde mayo de 2023 ostenta el car-go de rector de la ULL.<\/p>\n<h4><b>Vicepresidencia<\/b><\/h4>\n<ul>\n<li><span style=\"font-weight: 400;\">Francisco Almeida Ossa, Presidente del Consejo Social de La Universidad de La Laguna<\/span><\/li>\n<\/ul>\n<p>Titulado en Filosof\u00eda y Ciencias Econ\u00f3micas y Empresariales por la Universidad de La Laguna, con premio extraordinario fin de carrera, tambi\u00e9n posee formaci\u00f3n en Alta Direcci\u00f3n de Empresa y Direcci\u00f3n de Cocina. Ha sido docente en secundaria y en la Universidad de La Laguna, y participa activamente en investigaci\u00f3n, especialmente sobre la Dieta Atl\u00e1ntica y los Platos del Olvido relacionados con la pesca en la costa africana. Con m\u00e1s de 30 a\u00f1os de experiencia en consultor\u00eda estrat\u00e9gica, ha impulsado m\u00faltiples iniciativas empresariales en innovaci\u00f3n, tecnolog\u00eda y agroalimentaci\u00f3n. Ha ocupado cargos p\u00fablicos relevantes en el Gobierno de Canarias y organismos vinculados a formaci\u00f3n, empleo e I+D, y ha sido miembro de consejos de empresas y asociaciones que promueven el emprendimiento y la cooperaci\u00f3n con pa\u00edses del \u00c1frica occidental, como Mauritania, Senegal y Cabo Verde.<\/p>\n<h4><b>Vocales Universidad de La Laguna<\/b><\/h4>\n<ul>\n<li style=\"font-weight: 400;\">Jos\u00e9 Manuel Garc\u00eda Fraga, Vicerrector de docencia<\/li>\n<\/ul>\n<p>Jos\u00e9 Manuel Garc\u00eda Fraga (Santa Cruz de Tenerife, 1964) es licenciado en Ciencias Qu\u00edmicas y doctor en Ciencias Qu\u00edmicas (1995) por la Universidad de La Laguna. Es profesor titular de Qu\u00edmica Anal\u00edtica del Departamento de Qu\u00edmica desde 1998, inici\u00f3 su carrera docente en la ULL en 1991 como Ayudante de Facultad. Actualmente imparte docencia en el Grado en Qu\u00edmica y Grado en F\u00edsica as\u00ed como en el M\u00e1ster en Qu\u00edmica. Dentro de la gesti\u00f3n universitaria ha sido Director de Departamento de Qu\u00edmica Anal\u00edtica (2003-2007), Coordinador de Calidad e Innovaci\u00f3n Docente de la Facultad de Qu\u00edmica (2008-2012), Decano de la Facultad de Qu\u00edmica (2012-2014), Vicedecano de Secci\u00f3n de Qu\u00edmica de la Facultad de Ciencias (2014-2015) y Vicerrector de Estudiantes (2017-2019).<\/p>\n<ul>\n<li style=\"font-weight: 400;\">Mar\u00eda Rosario Hern\u00e1ndez Borges, Vicerrectora de Estudiantes<\/li>\n<\/ul>\n<p>Mar\u00eda Rosario Hern\u00e1ndez Borges (Santa Cruz de Tenerife, 1967) es Licenciada en Filosof\u00eda y Ciencias de la Educaci\u00f3n y doctora por la Universidad de La Laguna.<\/p>\n<ul>\n<li style=\"font-weight: 400;\"><span style=\"font-weight: 400;\">Antonio Aparicio Juan, Vicerrector de Investigaci\u00f3n y Transferencia<\/span><\/li>\n<\/ul>\n<p>Antonio Aparicio Juan naci\u00f3 en Granada en 1960. Licenciado en F\u00edsica por la Universidad de Granada en 1982, se doctor\u00f3 en la misma universidad en 1988 con una tesis sobre la formaci\u00f3n estelar en galaxias enanas pr\u00f3ximas. En la actualidad es Catedr\u00e1tico de Astrof\u00edsica de la Universidad de La Laguna e investigador del Instituto de Astrof\u00edsica de Canarias.<\/p>\n<h4><b>Vocales Instituciones P\u00fablicas Colaboradoras<\/b><\/h4>\n<ul>\n<li style=\"font-weight: 400;\">Ayuntamiento de La Laguna<strong><br \/>\n<\/strong><span style=\"font-weight: 400;\">Luis Yeray Guti\u00e9rrez P\u00e9rez, Alcalde<\/span><\/li>\n<\/ul>\n<p><span style=\"font-weight: 400;\">Luis Yeray Guti\u00e9rrez P\u00e9rez naci\u00f3 en el Barrio de La Candelaria en Santa Cruz de Tenerife en 1987. Fue elegido Secretario General de la Agrupaci\u00f3n de Socialistas laguneros en 2018. En junio de 2019 fue elegido Alcalde del Ayuntamiento de La Laguna, cargo que ostenta en la actualidad.<\/span><\/p>\n<ul>\n<li style=\"font-weight: 400;\"><span style=\"font-weight: 400;\">Parque Cient\u00edfico y Tecnol\u00f3gico de Tenerife, S.A.<\/span><span style=\"font-weight: 400;\"><br \/>\n<\/span> Juan Jos\u00e9 Mart\u00ednez D\u00edaz, Presidente<\/li>\n<\/ul>\n<p>Juan Jos\u00e9 Mart\u00ednez D\u00edaz naci\u00f3 en Santa Cruz de Tenerife, Juan Jos\u00e9 Mart\u00ednez D\u00edaz es licenciado en Econ\u00f3micas, M\u00e1ster en Planificaci\u00f3n estrat\u00e9gica y Gesti\u00f3n de proyectos por la ULL, PADE por el IESE-Instituto Bravo Murillo. Experiencia laboral tanto en el sector privado como p\u00fablico asumiendo en \u00e9ste responsabilidades como la gerencia del IASS o la direcci\u00f3n general de Universidades y Puertos Canarios.<\/p>\n<ul>\n<li style=\"font-weight: 400;\"><span style=\"font-weight: 400;\">Cabildo Insular de La Palma<\/span><span style=\"font-weight: 400;\"><br \/>\n<\/span>Pablo D\u00edaz Cobiella, Consejero Insular en Educaci\u00f3n, Cultura, Patrimonio y Artesan\u00eda<\/li>\n<\/ul>\n<p>Pablo D\u00edaz Cobiella Pablo D\u00edaz Cobiella es Graduado en Informaci\u00f3n y Documentaci\u00f3n por la Universidad de Salamanca y especialista en literatura infantil y juvenil y gesti\u00f3n y producci\u00f3n cultural. Ha estado estrechamente vinculado a la cultura de La Palma a trav\u00e9s de diversos proyectos y eventos que ha desarrollado desde 2018, a trav\u00e9s de la empresa Seroja Cultura. Ha dirigido proyectos destacados en la Isla, como \u2018La historia se hace historia\u2019, de La Palma Film Commission; \u2018Escritura Creativa y Gesti\u00f3n Emocional\u2019, del Cabildo de La Palma y \u2018La Movida\u2019, tambi\u00e9n impulsado por la Corporaci\u00f3n insular, entre otros eventos.<\/p>\n<ul>\n<li style=\"font-weight: 400;\"><span style=\"font-weight: 400;\">Ayuntamiento de Adeje<\/span><span style=\"font-weight: 400;\"><br \/>\n<\/span><span style=\"font-weight: 400;\">Jos\u00e9 Miguel Rodr\u00edguez Fraga, Alcalde<\/span><\/li>\n<\/ul>\n<p><span style=\"font-weight: 400;\">Jos\u00e9 Miguel Rodr\u00edguez Fraga naci\u00f3 en Vilaflor el\u00a0 29 de abril de 1947.\u00a0 Es Alcalde del municipio de Adeje desde 1987, por el PSOE, hasta la actualidad. Se licenci\u00f3 en Filosof\u00eda por la Universidad de La Laguna en 1975. Obtiene plaza de profesor de Filosof\u00eda y Letras del Instituto de bachillerato de Gu\u00eda de Isora (Tenerife) en 1978, donde adem\u00e1s ocupa la direcci\u00f3n hasta 1982. En 1983 es elegido por la asamblea de la Agrupaci\u00f3n Socialista de Adeje (PSC-PSOE) para encabezar la lista a las elecciones municipales. Aquel a\u00f1o no alcanza la victoria, por lo que ser\u00e1 el portavoz del grupo socialista en la oposici\u00f3n en el Ayuntamiento de Adeje. En 1987 vuelve a presentarse a las elecciones municipales con el PSOE y consigue ser elegido como alcalde tras pactar con CDS.<\/span><\/p>\n<h4><b>Secretario<\/b><\/h4>\n<ul>\n<li style=\"font-weight: 400;\"><span style=\"font-weight: 400;\">Julio Antonio Brito Santana, Director Gerente<\/span><\/li>\n<\/ul>\n<p><span style=\"font-weight: 400;\">Julio Antonio Brito Santana es Licenciado en Matem\u00e1ticas por la Universidad de La Laguna (ULL), especialidad de Estad\u00edstica e Investigaci\u00f3n Operativa. Estudios de postgrado en Sistemas de Informaci\u00f3n y Gesti\u00f3n del Conocimiento UOC. Doctor en Inform\u00e1tica por la ULL. Profesor Titular de Universidad de La Laguna en el \u00e1rea de conocimiento de Ciencias de la Computaci\u00f3n e Inteligencia Artificial adscrita al Departamento de Ingenier\u00eda Inform\u00e1tica y de Sistemas. Pertenece al Instituto Universitario de Desarrollo Regional y al Grupo de investigaci\u00f3n en Computaci\u00f3n Inteligente de la Universidad de La Laguna. Emprendedor tecnol\u00f3gico, participando como socio de empresas de base tecnol\u00f3gica (Tecnoempleo s.l, Iniciativas Tecnol\u00f3gicas Canarias s.l., Stardevs s.l.,..). Ha ocupado cargos de responsabilidad en el Gobierno de Canarias y en la Universidad, entre otras ha sido Director de la Oficina de Ciencia, Tecnolog\u00eda e Innovaci\u00f3n del Gobierno de Canarias 2004-2007 y Director Gerente de la Fundaci\u00f3n General de la Universidad de La Laguna 2015-2019. Actualmente Director de la C\u00e1tedra CEOE-Tenerife, miembro del consejo de direcci\u00f3n de la C\u00e1tedra Cajasite Big Data, Open Data y blockchain y secretario de la Junta Directiva del Cl\u00faster Canario de Transporte y Log\u00edstica. Fue Gerente de la FGULL en el mandato del 2015 al 2019 y repite como Gerente desde 2023.<\/span><\/p>\n<h4><b>Intervenci\u00f3n<\/b><\/h4>\n<ul>\n<li style=\"font-weight: 400;\"><span style=\"font-weight: 400;\">Mar\u00eda Montserrat Mestres Jim\u00e9nez, Interventora<\/span><span style=\"font-weight: 400;\"><br \/>\n<\/span><\/li>\n<\/ul>\n<p><span style=\"font-weight: 400;\">Mar\u00eda Montserrat Mestres Jim\u00e9nez es licenciada en Econom\u00eda y en Administraci\u00f3n y Direcci\u00f3n de Empresas por la Universidad de La Laguna. M\u00e1ster en Direcci\u00f3n Financiera (EFEM-Madrid). Trabaj\u00f3 como funcionaria en varias administraciones p\u00fablicas de t\u00e9cnico de administraci\u00f3n general e Interventora interina.<\/span><\/p>\n<h3><span style=\"color: #57068c;\"><b>Direcci\u00f3n Gerencia<\/b><\/span><\/h3>\n<h4><b>Director Gerente<\/b><\/h4>\n<ul>\n<li style=\"font-weight: 400;\">Julio Antonio Brito Santana<\/li>\n<\/ul>\n<p>[\/vc_column_text][vc_btn title=&#8221;Datos en abierto&#8221; style=&#8221;outline-custom&#8221; outline_custom_color=&#8221;#000000&#8243; outline_custom_hover_background=&#8221;#5c068c&#8221; outline_custom_hover_text=&#8221;#ffffff&#8221; shape=&#8221;square&#8221; align=&#8221;left&#8221; i_icon_fontawesome=&#8221;&#8221; add_icon=&#8221;true&#8221; link=&#8221;url:https%3A%2F%2Fdrive.google.com%2Ffile%2Fd%2F1DWL-mTtmN1BaCOFRfzUbhCCoz0faT0a6%2Fview%3Fusp%3Ddrive_link|target:_blank&#8221; css=&#8221;.vc_custom_1746429870623{margin-top: 20px !important;margin-bottom: 20px !important;}&#8221;][\/vc_tta_section][vc_tta_section title=&#8221;2024&#8243; tab_id=&#8221;1773833067905-66060187-28d3&#8243;][vc_column_text]<\/p>\n<h3><span style=\"color: #57068c;\"><b>Patronato<\/b><\/span><\/h3>\n<h4><b>Presidencia<\/b><\/h4>\n<ul>\n<li style=\"font-weight: 400;\"><span style=\"font-weight: 400;\">Francisco Javier Garc\u00eda Rodr\u00edguez, Rector<\/span><span style=\"font-weight: 400;\"><br \/>\n<\/span><\/li>\n<\/ul>\n<p>Francisco J. Garc\u00eda Rodr\u00edguez (Tijarafe, La Palma, 1971) es licenciado en Ciencias Econ\u00f3micas y Empresariales (1994) y doctor en Econom\u00eda por la Universidad de La Laguna (2002). Es catedr\u00e1tico de Organizaci\u00f3n de empresas en el Departamento de Direcci\u00f3n de Empresa e Historia Econ\u00f3mica.<\/p>\n<p>Tiene una experiencia ininterrumpida y continuada de 23 cursos acad\u00e9micos de docencia universitaria de car\u00e1cter oficial, 22 de ellos a tiempo completo en materias del \u00e1rea de conocimiento de Organizaci\u00f3n de Empresas. Se ha especializado en dos l\u00edneas de investigaci\u00f3n principales, emprendimiento y responsabilidad social de la empresa. Tambi\u00e9n ha participado en catorce proyectos de investigaci\u00f3n com-petitivos, siendo el investigador principal en nueve de ellos.<\/p>\n<p>Ha ocupado diversos cargos de gesti\u00f3n acad\u00e9mica universitaria, entre ellos el de vicerrector de Relaciones con la Sociedad, asumiendo las competencias en em-prendimiento y empleabilidad (2015-2019), as\u00ed como tambi\u00e9n los de director y secre-tario de departamento y vicedecano. Ha sido director del m\u00e1ster oficial en direcci\u00f3n de comercio exterior y vicecoordinador del programa interuniversitario de doctorado en turismo en el que participan once universidades espa\u00f1olas. En el \u00e1mbito de la transferencia, puso en marcha y dirigi\u00f3 durante tres a\u00f1os (2008-2011) el programa de fomento al emprendimiento de la Universidad de La Laguna (Emprende.ull), y el t\u00edtulo propio de Grado en Desarrollo Emprendedor (2014-2016). En la actualidad, preside la secci\u00f3n de emprendimiento de la Asociaci\u00f3n Cient\u00edfica de Econom\u00eda y Direcci\u00f3n de la Empresa de Espa\u00f1a (ACEDE). Desde mayo de 2023 ostenta el car-go de rector de la ULL.<\/p>\n<h4><b>Vicepresidencia<\/b><\/h4>\n<ul>\n<li><span style=\"font-weight: 400;\">Francisco Almeida Ossa, Presidente del Consejo Social de La Universidad de La Laguna<\/span><\/li>\n<\/ul>\n<p>Titulado en Filosof\u00eda y Ciencias Econ\u00f3micas y Empresariales por la Universidad de La Laguna, con premio extraordinario fin de carrera, tambi\u00e9n posee formaci\u00f3n en Alta Direcci\u00f3n de Empresa y Direcci\u00f3n de Cocina. Ha sido docente en secundaria y en la Universidad de La Laguna, y participa activamente en investigaci\u00f3n, especialmente sobre la Dieta Atl\u00e1ntica y los Platos del Olvido relacionados con la pesca en la costa africana. Con m\u00e1s de 30 a\u00f1os de experiencia en consultor\u00eda estrat\u00e9gica, ha impulsado m\u00faltiples iniciativas empresariales en innovaci\u00f3n, tecnolog\u00eda y agroalimentaci\u00f3n. Ha ocupado cargos p\u00fablicos relevantes en el Gobierno de Canarias y organismos vinculados a formaci\u00f3n, empleo e I+D, y ha sido miembro de consejos de empresas y asociaciones que promueven el emprendimiento y la cooperaci\u00f3n con pa\u00edses del \u00c1frica occidental, como Mauritania, Senegal y Cabo Verde.<\/p>\n<h4><b>Vocales Universidad de La Laguna<\/b><\/h4>\n<ul>\n<li style=\"font-weight: 400;\">Jos\u00e9 Manuel Garc\u00eda Fraga, Vicerrector de docencia<\/li>\n<\/ul>\n<p>Jos\u00e9 Manuel Garc\u00eda Fraga (Santa Cruz de Tenerife, 1964) es licenciado en Ciencias Qu\u00edmicas y doctor en Ciencias Qu\u00edmicas (1995) por la Universidad de La Laguna. Es profesor titular de Qu\u00edmica Anal\u00edtica del Departamento de Qu\u00edmica desde 1998, inici\u00f3 su carrera docente en la ULL en 1991 como Ayudante de Facultad. Actualmente imparte docencia en el Grado en Qu\u00edmica y Grado en F\u00edsica as\u00ed como en el M\u00e1ster en Qu\u00edmica. Dentro de la gesti\u00f3n universitaria ha sido Director de Departamento de Qu\u00edmica Anal\u00edtica (2003-2007), Coordinador de Calidad e Innovaci\u00f3n Docente de la Facultad de Qu\u00edmica (2008-2012), Decano de la Facultad de Qu\u00edmica (2012-2014), Vicedecano de Secci\u00f3n de Qu\u00edmica de la Facultad de Ciencias (2014-2015) y Vicerrector de Estudiantes (2017-2019).<\/p>\n<ul>\n<li style=\"font-weight: 400;\">Mar\u00eda Rosario Hern\u00e1ndez Borges, Vicerrectora de Estudiantes<\/li>\n<\/ul>\n<p>Mar\u00eda Rosario Hern\u00e1ndez Borges (Santa Cruz de Tenerife, 1967) es Licenciada en Filosof\u00eda y Ciencias de la Educaci\u00f3n y doctora por la Universidad de La Laguna.<\/p>\n<ul>\n<li style=\"font-weight: 400;\"><span style=\"font-weight: 400;\">Antonio Aparicio Juan, Vicerrector de Investigaci\u00f3n y Transferencia<\/span><\/li>\n<\/ul>\n<p>Antonio Aparicio Juan naci\u00f3 en Granada en 1960. Licenciado en F\u00edsica por la Universidad de Granada en 1982, se doctor\u00f3 en la misma universidad en 1988 con una tesis sobre la formaci\u00f3n estelar en galaxias enanas pr\u00f3ximas. En la actualidad es Catedr\u00e1tico de Astrof\u00edsica de la Universidad de La Laguna e investigador del Instituto de Astrof\u00edsica de Canarias.<\/p>\n<h4><b>Vocales Instituciones P\u00fablicas Colaboradoras<\/b><\/h4>\n<ul>\n<li style=\"font-weight: 400;\">Ayuntamiento de La Laguna<strong><br \/>\n<\/strong><span style=\"font-weight: 400;\">Luis Yeray Guti\u00e9rrez P\u00e9rez, Alcalde<\/span><\/li>\n<\/ul>\n<p><span style=\"font-weight: 400;\">Luis Yeray Guti\u00e9rrez P\u00e9rez naci\u00f3 en el Barrio de La Candelaria en Santa Cruz de Tenerife en 1987. Fue elegido Secretario General de la Agrupaci\u00f3n de Socialistas laguneros en 2018. En junio de 2019 fue elegido Alcalde del Ayuntamiento de La Laguna, cargo que ostenta en la actualidad.<\/span><\/p>\n<ul>\n<li style=\"font-weight: 400;\"><span style=\"font-weight: 400;\">Parque Cient\u00edfico y Tecnol\u00f3gico de Tenerife, S.A.<\/span><span style=\"font-weight: 400;\"><br \/>\n<\/span> Juan Jos\u00e9 Mart\u00ednez D\u00edaz, Presidente<\/li>\n<\/ul>\n<p>Juan Jos\u00e9 Mart\u00ednez D\u00edaz naci\u00f3 en Santa Cruz de Tenerife, Juan Jos\u00e9 Mart\u00ednez D\u00edaz es licenciado en Econ\u00f3micas, M\u00e1ster en Planificaci\u00f3n estrat\u00e9gica y Gesti\u00f3n de proyectos por la ULL, PADE por el IESE-Instituto Bravo Murillo. Experiencia laboral tanto en el sector privado como p\u00fablico asumiendo en \u00e9ste responsabilidades como la gerencia del IASS o la direcci\u00f3n general de Universidades y Puertos Canarios.<\/p>\n<ul>\n<li style=\"font-weight: 400;\"><span style=\"font-weight: 400;\">Cabildo Insular de La Palma<\/span><span style=\"font-weight: 400;\"><br \/>\n<\/span>Pablo D\u00edaz Cobiella, Consejero Insular en Educaci\u00f3n, Cultura, Patrimonio y Artesan\u00eda<\/li>\n<\/ul>\n<p>Pablo D\u00edaz Cobiella Pablo D\u00edaz Cobiella es Graduado en Informaci\u00f3n y Documentaci\u00f3n por la Universidad de Salamanca y especialista en literatura infantil y juvenil y gesti\u00f3n y producci\u00f3n cultural. Ha estado estrechamente vinculado a la cultura de La Palma a trav\u00e9s de diversos proyectos y eventos que ha desarrollado desde 2018, a trav\u00e9s de la empresa Seroja Cultura. Ha dirigido proyectos destacados en la Isla, como \u2018La historia se hace historia\u2019, de La Palma Film Commission; \u2018Escritura Creativa y Gesti\u00f3n Emocional\u2019, del Cabildo de La Palma y \u2018La Movida\u2019, tambi\u00e9n impulsado por la Corporaci\u00f3n insular, entre otros eventos.<\/p>\n<ul>\n<li style=\"font-weight: 400;\"><span style=\"font-weight: 400;\">Ayuntamiento de Adeje<\/span><span style=\"font-weight: 400;\"><br \/>\n<\/span><span style=\"font-weight: 400;\">Jos\u00e9 Miguel Rodr\u00edguez Fraga, Alcalde<\/span><\/li>\n<\/ul>\n<p><span style=\"font-weight: 400;\">Jos\u00e9 Miguel Rodr\u00edguez Fraga naci\u00f3 en Vilaflor el\u00a0 29 de abril de 1947.\u00a0 Es Alcalde del municipio de Adeje desde 1987, por el PSOE, hasta la actualidad. Se licenci\u00f3 en Filosof\u00eda por la Universidad de La Laguna en 1975. Obtiene plaza de profesor de Filosof\u00eda y Letras del Instituto de bachillerato de Gu\u00eda de Isora (Tenerife) en 1978, donde adem\u00e1s ocupa la direcci\u00f3n hasta 1982. En 1983 es elegido por la asamblea de la Agrupaci\u00f3n Socialista de Adeje (PSC-PSOE) para encabezar la lista a las elecciones municipales. Aquel a\u00f1o no alcanza la victoria, por lo que ser\u00e1 el portavoz del grupo socialista en la oposici\u00f3n en el Ayuntamiento de Adeje. En 1987 vuelve a presentarse a las elecciones municipales con el PSOE y consigue ser elegido como alcalde tras pactar con CDS.<\/span><\/p>\n<h4><b>Secretario<\/b><\/h4>\n<ul>\n<li style=\"font-weight: 400;\"><span style=\"font-weight: 400;\">Julio Antonio Brito Santana, Director Gerente<\/span><\/li>\n<\/ul>\n<p><span style=\"font-weight: 400;\">Julio Antonio Brito Santana es Licenciado en Matem\u00e1ticas por la Universidad de La Laguna (ULL), especialidad de Estad\u00edstica e Investigaci\u00f3n Operativa. Estudios de postgrado en Sistemas de Informaci\u00f3n y Gesti\u00f3n del Conocimiento UOC. Doctor en Inform\u00e1tica por la ULL. Profesor Titular de Universidad de La Laguna en el \u00e1rea de conocimiento de Ciencias de la Computaci\u00f3n e Inteligencia Artificial adscrita al Departamento de Ingenier\u00eda Inform\u00e1tica y de Sistemas. Pertenece al Instituto Universitario de Desarrollo Regional y al Grupo de investigaci\u00f3n en Computaci\u00f3n Inteligente de la Universidad de La Laguna. Emprendedor tecnol\u00f3gico, participando como socio de empresas de base tecnol\u00f3gica (Tecnoempleo s.l, Iniciativas Tecnol\u00f3gicas Canarias s.l., Stardevs s.l.,..). Ha ocupado cargos de responsabilidad en el Gobierno de Canarias y en la Universidad, entre otras ha sido Director de la Oficina de Ciencia, Tecnolog\u00eda e Innovaci\u00f3n del Gobierno de Canarias 2004-2007 y Director Gerente de la Fundaci\u00f3n General de la Universidad de La Laguna 2015-2019. Actualmente Director de la C\u00e1tedra CEOE-Tenerife, miembro del consejo de direcci\u00f3n de la C\u00e1tedra Cajasite Big Data, Open Data y blockchain y secretario de la Junta Directiva del Cl\u00faster Canario de Transporte y Log\u00edstica. Fue Gerente de la FGULL en el mandato del 2015 al 2019 y repite como Gerente desde 2023.<\/span><\/p>\n<h4><b>Intervenci\u00f3n<\/b><\/h4>\n<ul>\n<li style=\"font-weight: 400;\"><span style=\"font-weight: 400;\">Mar\u00eda Montserrat Mestres Jim\u00e9nez, Interventora<\/span><span style=\"font-weight: 400;\"><br \/>\n<\/span><\/li>\n<\/ul>\n<p><span style=\"font-weight: 400;\">Mar\u00eda Montserrat Mestres Jim\u00e9nez es licenciada en Econom\u00eda y en Administraci\u00f3n y Direcci\u00f3n de Empresas por la Universidad de La Laguna. M\u00e1ster en Direcci\u00f3n Financiera (EFEM-Madrid). Trabaj\u00f3 como funcionaria en varias administraciones p\u00fablicas de t\u00e9cnico de administraci\u00f3n general e Interventora interina.<\/span><\/p>\n<h3><span style=\"color: #57068c;\"><b>Direcci\u00f3n Gerencia<\/b><\/span><\/h3>\n<h4><b>Director Gerente<\/b><\/h4>\n<ul>\n<li style=\"font-weight: 400;\">Julio Antonio Brito Santana<\/li>\n<\/ul>\n<p>[\/vc_column_text][vc_btn title=&#8221;Datos en abierto&#8221; style=&#8221;outline-custom&#8221; outline_custom_color=&#8221;#000000&#8243; outline_custom_hover_background=&#8221;#5c068c&#8221; outline_custom_hover_text=&#8221;#ffffff&#8221; shape=&#8221;square&#8221; align=&#8221;left&#8221; i_icon_fontawesome=&#8221;&#8221; add_icon=&#8221;true&#8221; link=&#8221;url:https%3A%2F%2Fdrive.google.com%2Ffile%2Fd%2F1DWL-mTtmN1BaCOFRfzUbhCCoz0faT0a6%2Fview%3Fusp%3Ddrive_link|target:_blank&#8221; css=&#8221;.vc_custom_1746429870623{margin-top: 20px !important;margin-bottom: 20px !important;}&#8221;][\/vc_tta_section][vc_tta_section title=&#8221;2023&#8243; tab_id=&#8221;1025-2023&#8243;][vc_column_text]<\/p>\n<h3><span style=\"color: #57068c;\"><b>Patronato<\/b><\/span><\/h3>\n<h4><b>Presidencia<\/b><\/h4>\n<ul>\n<li style=\"font-weight: 400;\"><span style=\"font-weight: 400;\">Francisco Javier Garc\u00eda Rodr\u00edguez, Rector<\/span><span style=\"font-weight: 400;\"><br \/>\n<\/span><\/li>\n<\/ul>\n<p>Francisco J. Garc\u00eda Rodr\u00edguez (Tijarafe, La Palma, 1971) es licenciado en Ciencias Econ\u00f3micas y Empresariales (1994) y doctor en Econom\u00eda por la Universidad de La Laguna (2002). Es catedr\u00e1tico de Organizaci\u00f3n de empresas en el Departamento de Direcci\u00f3n de Empresa e Historia Econ\u00f3mica.<\/p>\n<p>Tiene una experiencia ininterrumpida y continuada de 23 cursos acad\u00e9micos de docencia universitaria de car\u00e1cter oficial, 22 de ellos a tiempo completo en materias del \u00e1rea de conocimiento de Organizaci\u00f3n de Empresas. Se ha especializado en dos l\u00edneas de investigaci\u00f3n principales, emprendimiento y responsabilidad social de la empresa. Tambi\u00e9n ha participado en catorce proyectos de investigaci\u00f3n com-petitivos, siendo el investigador principal en nueve de ellos.<\/p>\n<p>Ha ocupado diversos cargos de gesti\u00f3n acad\u00e9mica universitaria, entre ellos el de vicerrector de Relaciones con la Sociedad, asumiendo las competencias en em-prendimiento y empleabilidad (2015-2019), as\u00ed como tambi\u00e9n los de director y secre-tario de departamento y vicedecano. Ha sido director del m\u00e1ster oficial en direcci\u00f3n de comercio exterior y vicecoordinador del programa interuniversitario de doctorado en turismo en el que participan once universidades espa\u00f1olas. En el \u00e1mbito de la transferencia, puso en marcha y dirigi\u00f3 durante tres a\u00f1os (2008-2011) el programa de fomento al emprendimiento de la Universidad de La Laguna (Emprende.ull), y el t\u00edtulo propio de Grado en Desarrollo Emprendedor (2014-2016). En la actualidad, preside la secci\u00f3n de emprendimiento de la Asociaci\u00f3n Cient\u00edfica de Econom\u00eda y Direcci\u00f3n de la Empresa de Espa\u00f1a (ACEDE). Desde mayo de 2023 ostenta el car-go de rector de la ULL.<\/p>\n<h4><b>Vicepresidencia<\/b><\/h4>\n<ul>\n<li><span style=\"font-weight: 400;\">Mar\u00eda Dolores Pelayo, Presidenta del Consejo Social<\/span><span style=\"font-weight: 400;\"><br \/>\n<\/span><\/li>\n<\/ul>\n<p><span style=\"font-weight: 400;\">Mar\u00eda Dolores Pelayo es licenciada en Derecho por la Universidad de La Laguna y est\u00e1 especializada en temas de familia. Fue senadora por Tenerife (Partido Social Dem\u00f3crata, integrante de la UCD) en la legislatura constituyente (1977-1979) y diputada hasta 1996, adem\u00e1s de concejal y portavoz del PSOE en el Ayuntamiento de Santa Cruz de Tenerife entre 1987 y 1991. Asimismo, fue legisladora ponente de la Ley de Divorcio, para la reforma del C\u00f3digo Civil en materia de matrimonio y divorcio.<\/span><span style=\"font-weight: 400;\">Adem\u00e1s, ha sido ponente principal en la reforma del C\u00f3digo Civil en materia de filiaci\u00f3n, patria potestad y r\u00e9gimen matrimonial, en materia de tutela, de adopci\u00f3n y de nacionalidad, para igualar los derechos entre hombres y mujeres y reconocer los derechos de los hijos, con independencia de que se hubieran tenido dentro o fuera del matrimonio, garantizando la tutela y la responsabilidad de los padres.<\/span><\/p>\n<h4><b>Vocales Universidad de La Laguna<\/b><\/h4>\n<ul>\n<li style=\"font-weight: 400;\">Jos\u00e9 Manuel Garc\u00eda Fraga, Vicerrector de docencia<\/li>\n<\/ul>\n<p>Jos\u00e9 Manuel Garc\u00eda Fraga (Santa Cruz de Tenerife, 1964) es licenciado en Ciencias Qu\u00edmicas y doctor en Ciencias Qu\u00edmicas (1995) por la Universidad de La Laguna. Es profesor titular de Qu\u00edmica Anal\u00edtica del Departamento de Qu\u00edmica desde 1998, inici\u00f3 su carrera docente en la ULL en 1991 como Ayudante de Facultad. Actualmente imparte docencia en el Grado en Qu\u00edmica y Grado en F\u00edsica as\u00ed como en el M\u00e1ster en Qu\u00edmica. Dentro de la gesti\u00f3n universitaria ha sido Director de Departamento de Qu\u00edmica Anal\u00edtica (2003-2007), Coordinador de Calidad e Innovaci\u00f3n Docente de la Facultad de Qu\u00edmica (2008-2012), Decano de la Facultad de Qu\u00edmica (2012-2014), Vicedecano de Secci\u00f3n de Qu\u00edmica de la Facultad de Ciencias (2014-2015) y Vicerrector de Estudiantes (2017-2019).<\/p>\n<ul>\n<li style=\"font-weight: 400;\">Mar\u00eda Rosario Hern\u00e1ndez Borges, Vicerrectora de Estudiantes<\/li>\n<\/ul>\n<p>Mar\u00eda Rosario Hern\u00e1ndez Borges (Santa Cruz de Tenerife, 1967) es Licenciada en Filosof\u00eda y Ciencias de la Educaci\u00f3n y doctora por la Universidad de La Laguna.<\/p>\n<ul>\n<li style=\"font-weight: 400;\"><span style=\"font-weight: 400;\">Antonio Aparicio Juan, Vicerrector de Investigaci\u00f3n y Transferencia<\/span><\/li>\n<\/ul>\n<p>Antonio Aparicio Juan naci\u00f3 en Granada en 1960. Licenciado en F\u00edsica por la Universidad de Granada en 1982, se doctor\u00f3 en la misma universidad en 1988 con una tesis sobre la formaci\u00f3n estelar en galaxias enanas pr\u00f3ximas. En la actualidad es Catedr\u00e1tico de Astrof\u00edsica de la Universidad de La Laguna e investigador del Instituto de Astrof\u00edsica de Canarias.<\/p>\n<h4><b>Vocales Instituciones P\u00fablicas Colaboradoras<\/b><\/h4>\n<ul>\n<li style=\"font-weight: 400;\">Ayuntamiento de La Laguna<strong><br \/>\n<\/strong><span style=\"font-weight: 400;\">Luis Yeray Guti\u00e9rrez P\u00e9rez, Alcalde<\/span><\/li>\n<\/ul>\n<p><span style=\"font-weight: 400;\">Luis Yeray Guti\u00e9rrez P\u00e9rez naci\u00f3 en el Barrio de La Candelaria en Santa Cruz de Tenerife en 1987. Fue elegido Secretario General de la Agrupaci\u00f3n de Socialistas laguneros en 2018. En junio de 2019 fue elegido Alcalde del Ayuntamiento de La Laguna, cargo que ostenta en la actualidad.<\/span><\/p>\n<ul>\n<li style=\"font-weight: 400;\"><span style=\"font-weight: 400;\">Parque Cient\u00edfico y Tecnol\u00f3gico de Tenerife, S.A.<\/span><span style=\"font-weight: 400;\"><br \/>\n<\/span> Juan Jos\u00e9 Mart\u00ednez D\u00edaz, Presidente<\/li>\n<\/ul>\n<p>Juan Jos\u00e9 Mart\u00ednez D\u00edaz naci\u00f3 en Santa Cruz de Tenerife, Juan Jos\u00e9 Mart\u00ednez D\u00edaz es licenciado en Econ\u00f3micas, M\u00e1ster en Planificaci\u00f3n estrat\u00e9gica y Gesti\u00f3n de proyectos por la ULL, PADE por el IESE-Instituto Bravo Murillo. Experiencia laboral tanto en el sector privado como p\u00fablico asumiendo en \u00e9ste responsabilidades como la gerencia del IASS o la direcci\u00f3n general de Universidades y Puertos Canarios.<\/p>\n<ul>\n<li style=\"font-weight: 400;\"><span style=\"font-weight: 400;\">Cabildo Insular de La Palma<\/span><span style=\"font-weight: 400;\"><br \/>\n<\/span>Pablo D\u00edaz Cobiella, Consejero Insular en Educaci\u00f3n, Cultura, Patrimonio y Artesan\u00eda<\/li>\n<\/ul>\n<p>Pablo D\u00edaz Cobiella Pablo D\u00edaz Cobiella es Graduado en Informaci\u00f3n y Documentaci\u00f3n por la Universidad de Salamanca y especialista en literatura infantil y juvenil y gesti\u00f3n y producci\u00f3n cultural. Ha estado estrechamente vinculado a la cultura de La Palma a trav\u00e9s de diversos proyectos y eventos que ha desarrollado desde 2018, a trav\u00e9s de la empresa Seroja Cultura. Ha dirigido proyectos destacados en la Isla, como \u2018La historia se hace historia\u2019, de La Palma Film Commission; \u2018Escritura Creativa y Gesti\u00f3n Emocional\u2019, del Cabildo de La Palma y \u2018La Movida\u2019, tambi\u00e9n impulsado por la Corporaci\u00f3n insular, entre otros eventos.<\/p>\n<ul>\n<li style=\"font-weight: 400;\"><span style=\"font-weight: 400;\">Ayuntamiento de Adeje<\/span><span style=\"font-weight: 400;\"><br \/>\n<\/span><span style=\"font-weight: 400;\">Jos\u00e9 Miguel Rodr\u00edguez Fraga, Alcalde<\/span><\/li>\n<\/ul>\n<p><span style=\"font-weight: 400;\">Jos\u00e9 Miguel Rodr\u00edguez Fraga naci\u00f3 en Vilaflor el\u00a0 29 de abril de 1947.\u00a0 Es Alcalde del municipio de Adeje desde 1987, por el PSOE, hasta la actualidad. Se licenci\u00f3 en Filosof\u00eda por la Universidad de La Laguna en 1975. Obtiene plaza de profesor de Filosof\u00eda y Letras del Instituto de bachillerato de Gu\u00eda de Isora (Tenerife) en 1978, donde adem\u00e1s ocupa la direcci\u00f3n hasta 1982. En 1983 es elegido por la asamblea de la Agrupaci\u00f3n Socialista de Adeje (PSC-PSOE) para encabezar la lista a las elecciones municipales. Aquel a\u00f1o no alcanza la victoria, por lo que ser\u00e1 el portavoz del grupo socialista en la oposici\u00f3n en el Ayuntamiento de Adeje. En 1987 vuelve a presentarse a las elecciones municipales con el PSOE y consigue ser elegido como alcalde tras pactar con CDS.<\/span><\/p>\n<h4><b>Secretario<\/b><\/h4>\n<ul>\n<li style=\"font-weight: 400;\"><span style=\"font-weight: 400;\">Julio Antonio Brito Santana, Director Gerente<\/span><\/li>\n<\/ul>\n<p><span style=\"font-weight: 400;\">Julio Antonio Brito Santana es Licenciado en Matem\u00e1ticas por la Universidad de La Laguna (ULL), especialidad de Estad\u00edstica e Investigaci\u00f3n Operativa. Estudios de postgrado en Sistemas de Informaci\u00f3n y Gesti\u00f3n del Conocimiento UOC. Doctor en Inform\u00e1tica por la ULL. Profesor Titular de Universidad de La Laguna en el \u00e1rea de conocimiento de Ciencias de la Computaci\u00f3n e Inteligencia Artificial adscrita al Departamento de Ingenier\u00eda Inform\u00e1tica y de Sistemas. Pertenece al Instituto Universitario de Desarrollo Regional y al Grupo de investigaci\u00f3n en Computaci\u00f3n Inteligente de la Universidad de La Laguna. Emprendedor tecnol\u00f3gico, participando como socio de empresas de base tecnol\u00f3gica (Tecnoempleo s.l, Iniciativas Tecnol\u00f3gicas Canarias s.l., Stardevs s.l.,..). Ha ocupado cargos de responsabilidad en el Gobierno de Canarias y en la Universidad, entre otras ha sido Director de la Oficina de Ciencia, Tecnolog\u00eda e Innovaci\u00f3n del Gobierno de Canarias 2004-2007 y Director Gerente de la Fundaci\u00f3n General de la Universidad de La Laguna 2015-2019. Actualmente Director de la C\u00e1tedra CEOE-Tenerife, miembro del consejo de direcci\u00f3n de la C\u00e1tedra Cajasite Big Data, Open Data y blockchain y secretario de la Junta Directiva del Cl\u00faster Canario de Transporte y Log\u00edstica. Fue Gerente de la FGULL en el mandato del 2015 al 2019 y repite como Gerente desde 2023.<\/span><\/p>\n<h4><b>Intervenci\u00f3n<\/b><\/h4>\n<ul>\n<li style=\"font-weight: 400;\"><span style=\"font-weight: 400;\">Mar\u00eda Montserrat Mestres Jim\u00e9nez, Interventora<\/span><span style=\"font-weight: 400;\"><br \/>\n<\/span><\/li>\n<\/ul>\n<p><span style=\"font-weight: 400;\">Mar\u00eda Montserrat Mestres Jim\u00e9nez es licenciada en Econom\u00eda y en Administraci\u00f3n y Direcci\u00f3n de Empresas por la Universidad de La Laguna. M\u00e1ster en Direcci\u00f3n Financiera (EFEM-Madrid). Trabaj\u00f3 como funcionaria en varias administraciones p\u00fablicas de t\u00e9cnico de administraci\u00f3n general e Interventora interina.<\/span><\/p>\n<h3><span style=\"color: #57068c;\"><b>Direcci\u00f3n Gerencia<\/b><\/span><\/h3>\n<h4><b>Director Gerente<\/b><\/h4>\n<ul>\n<li style=\"font-weight: 400;\">Julio Antonio Brito Santana<\/li>\n<\/ul>\n<p>[\/vc_column_text][vc_btn title=&#8221;Datos en abierto&#8221; style=&#8221;outline-custom&#8221; outline_custom_color=&#8221;#000000&#8243; outline_custom_hover_background=&#8221;#5c068c&#8221; outline_custom_hover_text=&#8221;#ffffff&#8221; shape=&#8221;square&#8221; align=&#8221;left&#8221; i_icon_fontawesome=&#8221;&#8221; add_icon=&#8221;true&#8221; link=&#8221;url:https%3A%2F%2Fdrive.google.com%2Ffile%2Fd%2F1z4dv9t7oNNo1giXEoSajitzHoWrlqOrr%2Fview%3Fusp%3Dsharing|target:_blank&#8221; css=&#8221;.vc_custom_1746013155117{margin-top: 20px !important;margin-bottom: 20px !important;}&#8221;][\/vc_tta_section][vc_tta_section title=&#8221;2022&#8243; tab_id=&#8221;1025-2022&#8243;][vc_column_text]<\/p>\n<h3><span style=\"color: #57068c;\"><b>Patronato<\/b><\/span><\/h3>\n<h4><b>Presidencia<\/b><\/h4>\n<ul>\n<li>Rosa M\u00aa Aguilar Chinea, Rectora<\/li>\n<\/ul>\n<p>Rosa M\u00aa Aguilar Chinea naci\u00f3 en 1966 en el municipio de Arure en la isla de La Gomera, en la provincia de Santa Cruz de Tenerife. Es catedr\u00e1tica de Ingenier\u00eda de Sistemas y Autom\u00e1tica en el Departamento de Ingenier\u00eda Inform\u00e1tica y Sistemas de la Universidad de La Laguna. Se licenci\u00f3 en Inform\u00e1tica en la Universidad de Las Palmas de Gran Canaria en 1993 y ley\u00f3 la tesis doctoral en Inform\u00e1tica en la ULL en 1998. Su trayectoria docente comienza a finales de 1993 en esta Universidad, donde fue vicerrectora de Tecnolog\u00eda de la Informaci\u00f3n y Servicios Universitarios para, posteriormente, en el a\u00f1o 2015 obtener la c\u00e1tedra de Ingenier\u00eda de Sistemas y Autom\u00e1tica. Imparti\u00f3 docencia en muchas titulaciones y en algunos programas de doctorado de otras universidades. Dirigi\u00f3 cuatro tesis doctorales y tiene reconocidos cuatro sexenios de investigaci\u00f3n. Desde junio de 2018 ostenta el cargo de rectora de la ULL.<\/p>\n<h4><b>Vicepresidencia<\/b><\/h4>\n<ul>\n<li>Mar\u00eda Dolores Pelayo, Presidenta del Consejo Social<\/li>\n<\/ul>\n<p>Mar\u00eda Dolores Pelayo es licenciada en Derecho por la Universidad de La Laguna y est\u00e1 especializada en temas de familia. Fue senadora por Tenerife (Partido Social Dem\u00f3crata, integrante de la UCD) en la legislatura constituyente (1977-1979) y diputada hasta 1996, adem\u00e1s de concejal y portavoz del PSOE en el Ayuntamiento de Santa Cruz de Tenerife entre 1987 y 1991. Asimismo, fue legisladora ponente de la Ley de Divorcio, para la reforma del C\u00f3digo Civil en materia de matrimonio y divorcio.Adem\u00e1s, ha sido ponente principal en la reforma del C\u00f3digo Civil en materia de filiaci\u00f3n, patria potestad y r\u00e9gimen matrimonial, en materia de tutela, de adopci\u00f3n y de nacionalidad, para igualar los derechos entre hombres y mujeres y reconocer los derechos de los hijos, con independencia de que se hubieran tenido dentro o fuera del matrimonio, garantizando la tutela y la responsabilidad de los padres.<\/p>\n<h4><b>Vocales Universidad de La Laguna<\/b><\/h4>\n<ul>\n<li>Ernesto Pereda de Pablo, Vicerrector de Investigaci\u00f3n, Transferencia y Campus Santa Cruz y Sur<\/li>\n<\/ul>\n<p>Ernesto Pereda De Pablo es catedr\u00e1tico de Ingenier\u00eda El\u00e9ctrica del Departamento de Ingenier\u00eda Industrial. Imparte docencia en la Escuela Superior de Ingenier\u00eda y Tecnolog\u00eda y en la Escuela Polit\u00e9cnica Superior de Ingenier\u00eda, y ha dirigido 6 tesis doctorales en diferentes programas de doctorado de varias universidades. Desde 2015 hasta junio de 2019 ha sido director de la Escuela de Doctorado y Posgrado, responsable de todos los t\u00edtulos de m\u00e1ster y doctorado. Y entre 2009 y 2013 fue Director de la ETS de Ingenier\u00eda Civil e Industrial.<\/p>\n<ul>\n<li>Lastenia Hern\u00e1ndez Zamora, Vicerrectora de Estudiantes, Empleabilidad y Campus Guajara<\/li>\n<\/ul>\n<p>Lastenia Hern\u00e1ndez Zamora es profesora titular de Psicolog\u00eda Cl\u00ednica en el Departamento de Psicolog\u00eda Cl\u00ednica, Psicobiolog\u00eda y Metodolog\u00eda. Imparte docencia en el Grado de Psicolog\u00eda de la Facultad de Psicolog\u00eda y Logopedia, tambi\u00e9n es docente del programa del M\u00e1ster General Sanitario. Dentro de la gesti\u00f3n universitaria ha sido en dos ocasiones secretaria del Departamento al que pertenece. Adem\u00e1s, desde marzo de 2009 hasta octubre del 2012 desempe\u00f1\u00f3 el cargo de Secretaria Acad\u00e9mica de la Facultad de Psicolog\u00eda.<\/p>\n<ul>\n<li>Lidia Dolores Cabrera P\u00e9rez, Vicerrectora de Proyecci\u00f3n, Internacionalizaci\u00f3n y Cooperaci\u00f3n<\/li>\n<\/ul>\n<p>Lidia Cabrera P\u00e9rez es doctora en Filosof\u00eda y Ciencias de la Educaci\u00f3n y Profesora Titular de M\u00e9todos de Investigaci\u00f3n y Diagn\u00f3stico en Educaci\u00f3n en el Departamento de Did\u00e1ctica e Investigaci\u00f3n Educativa. Es profesora de la ULL desde 1991, y actualmente imparte docencia en el Grado de Pedagog\u00eda, en el M\u00e1ster de Intervenci\u00f3n Psicopedag\u00f3gica en Contextos de Educaci\u00f3n Formal y No Formal, y en el M\u00e1ster de Formaci\u00f3n del Profesorado de Secundaria. Ha sido directora de Secretariado del Vicerrectorado de Alumnado, vicedecana, subdirectora de su Departamento, Coordinadora de M\u00e1ster y actualmente coordina el programa de Doctorado interuniversitario en Educaci\u00f3n, con la ULPGC.<\/p>\n<h4><b>Vocales Instituciones P\u00fablicas Colaboradoras<\/b><\/h4>\n<ul>\n<li>Ayuntamiento de La Laguna<strong><br \/>\n<\/strong>Luis Yeray Guti\u00e9rrez P\u00e9rez, Alcalde<\/li>\n<\/ul>\n<p>Luis Yeray Guti\u00e9rrez P\u00e9rez naci\u00f3 en el Barrio de La Candelaria en Santa Cruz de Tenerife en 1987. Fue elegido Secretario General de la Agrupaci\u00f3n de Socialistas laguneros en 2018. En junio de 2019 fue elegido Alcalde del Ayuntamiento de La Laguna, cargo que ostenta en la actualidad.<\/p>\n<ul>\n<li>Parque Cient\u00edfico y Tecnol\u00f3gico de Tenerife, S.A.<br \/>\nEnrique Arriaga \u00c1lvarez, Vicepresidente del Cabildo Insular de Tenerife<\/li>\n<\/ul>\n<p>Enrique Arriaga \u00c1lvarez naci\u00f3 en Santa Cruz de Tenerife en 1968. Licenciado en Qu\u00edmica Industrial por la Universidad de La Laguna (ULL). Desarroll\u00f3 su actividad profesional en los \u00faltimos 26 a\u00f1os en los campos de tecnolog\u00eda de los alimentos, contaminaci\u00f3n ambiental y prevenci\u00f3n de riesgos laborales. Desde 2001 es funcionario del Cabildo de Tenerife, siendo responsable de unidad en el Servicio T\u00e9cnico de Prevenci\u00f3n de Riesgos Laborales.\u00a0Forma parte de la Junta Directiva de la Agrupaci\u00f3n de La Laguna de Ciudadanos ejerciendo las funciones de secretario desde junio de 2017. Es miembro del Comit\u00e9 Insular de Tenerife desde octubre de 2017, ocupando el cargo org\u00e1nico de secretario insular de Relaciones Institucionales. Desde julio de 2019 es consejero insular del \u00c1rea de Carreteras, Movilidad e Innovaci\u00f3n y vicepresidente primero del Cabildo de Tenerife.<\/p>\n<ul>\n<li>Cabildo Insular de La Palma<br \/>\nSusana Mach\u00edn Rodr\u00edguez,\u00a0Consejera Insular<\/li>\n<\/ul>\n<p>Susana Mach\u00edn Rodr\u00edguez naci\u00f3 en el municipio de Puntagorda, La Palma, en 1982. T\u00e9cnica superior de Administraci\u00f3n y Finanzas. Concejal en el Ayuntamiento de Puntagorda desde 2003 a 2011 en las \u00e1reas de Cultura, Educaci\u00f3n y Deportes. Gestora de \u00e1rea de la Consejer\u00eda de Asuntos Sociales del Cabildo Insular de La Palma desde 2011, cargo que compagin\u00f3 con el de concejala de Deportes en Puntagorda hasta 2015. Tambi\u00e9n fue consejera delegada de Sanidad, Educaci\u00f3n y Artesan\u00eda del Cabildo Insular de La Palma en el mandato correspondiente 2015-2019. Actualmente es Consejera Delegada en materias de Educaci\u00f3n, Sanidad y Artesan\u00eda (PSC-PSOE).<\/p>\n<ul>\n<li>Ayuntamiento de Adeje<br \/>\nJos\u00e9 Miguel Rodr\u00edguez Fraga, Alcalde<\/li>\n<\/ul>\n<p>Jos\u00e9 Miguel Rodr\u00edguez Fraga naci\u00f3 en Vilaflor el\u00a0 29 de abril de 1947.\u00a0 Es Alcalde del municipio de Adeje desde 1987, por el PSOE, hasta la actualidad. Se licenci\u00f3 en Filosof\u00eda por la Universidad de La Laguna en 1975. Obtiene plaza de profesor de Filosof\u00eda y Letras del Instituto de bachillerato de Gu\u00eda de Isora (Tenerife) en 1978, donde adem\u00e1s ocupa la direcci\u00f3n hasta 1982. En 1983 es elegido por la asamblea de la Agrupaci\u00f3n Socialista de Adeje (PSC-PSOE) para encabezar la lista a las elecciones municipales. Aquel a\u00f1o no alcanza la victoria, por lo que ser\u00e1 el portavoz del grupo socialista en la oposici\u00f3n en el Ayuntamiento de Adeje. En 1987 vuelve a presentarse a las elecciones municipales con el PSOE y consigue ser elegido como alcalde tras pactar con CDS.<\/p>\n<h4><b>Secretario<\/b><\/h4>\n<ul>\n<li>Juan Diego Betancor Ortiz, Director Gerente<\/li>\n<\/ul>\n<h4><b>Intervenci\u00f3n<\/b><\/h4>\n<ul>\n<li>Mar\u00eda Montserrat Mestres Jim\u00e9nez, Interventora<\/li>\n<\/ul>\n<p>Mar\u00eda Montserrat Mestres Jim\u00e9nez es licenciada en Econom\u00eda y en Administraci\u00f3n y Direcci\u00f3n de Empresas por la Universidad de La Laguna. M\u00e1ster en Direcci\u00f3n Financiera (EFEM-Madrid). Trabaj\u00f3 como funcionaria en varias administraciones p\u00fablicas de t\u00e9cnico de administraci\u00f3n general e Interventora interina.<\/p>\n<h3><span style=\"color: #57068c;\"><b>Direcci\u00f3n Gerencia<\/b><\/span><\/h3>\n<h4><b>Director Gerente<\/b><\/h4>\n<ul>\n<li style=\"font-weight: 400;\">Juan Diego Betancor Ortiz<\/li>\n<\/ul>\n<p>Juan Diego Betancor Ortiz es profesor de la Universidad de La Laguna desde desde 1987 y doctor desde el a\u00f1o 2002. Ha impartido docencia de An\u00e1lisis Matem\u00e1tico y Matem\u00e1tica Aplicada en diversas asignaturas y para m\u00faltiples titulaciones (Matem\u00e1ticas, F\u00edsica, Ingenier\u00edas, Farmacia, Educaci\u00f3n, etc.). Es miembro del Claustro universitario desde 1987 hasta la actualidad, salvando un periodo de cuatro a\u00f1os, entre 2004 y 2008. Asimismo, fue director de Secretariado TIC desde el a\u00f1o 2007 hasta el a\u00f1o 2015. Desde 2019 es Gerente de la FGULL.[\/vc_column_text][vc_btn title=&#8221;Datos en abierto&#8221; style=&#8221;outline-custom&#8221; outline_custom_color=&#8221;#000000&#8243; outline_custom_hover_background=&#8221;#5c068c&#8221; outline_custom_hover_text=&#8221;#ffffff&#8221; shape=&#8221;square&#8221; align=&#8221;left&#8221; i_icon_fontawesome=&#8221;&#8221; add_icon=&#8221;true&#8221; link=&#8221;url:https%3A%2F%2Fdrive.google.com%2Ffile%2Fd%2F1_qpJ1466iJp-Hyt15bDJBssmzdqkKAN1%2Fview%3Fusp%3Ddrive_link|target:_blank&#8221; css=&#8221;.vc_custom_1746013676516{margin-top: 20px !important;margin-bottom: 20px !important;}&#8221;][\/vc_tta_section][\/vc_tta_accordion][vc_column_text]<\/p>\n<p style=\"text-align: right;\"><strong>\u00daltima fecha de revisi\u00f3n<\/strong>: 25\/03\/2026 08:05<\/p>\n<p>[\/vc_column_text][\/vc_column][\/vc_row][vc_row][vc_column][vc_empty_space height=&#8221;40px&#8221;][vc_custom_heading text=&#8221;Capital social, dotaci\u00f3n fundacional o participaci\u00f3n y recursos que financian sus actividades. (1029)&#8221; font_container=&#8221;tag:h2|text_align:left|color:%23000000&#8243; use_theme_fonts=&#8221;yes&#8221; el_id=&#8221;estatutos&#8221;][vc_empty_space height=&#8221;40px&#8221;][\/vc_column][\/vc_row][vc_row][vc_column][vc_column_text][\/vc_column_text][vc_raw_html]JTNDaWZyYW1lJTIwY2xhc3MlM0QlMjJ0YWJsYXNwcmVhZCUyMiUyMHNyYyUzRCUyMmh0dHBzJTNBJTJGJTJGZG9jcy5nb29nbGUuY29tJTJGc3ByZWFkc2hlZXRzJTJGZCUyRmUlMkYyUEFDWC0xdlRnRno3S0dIekktZlJuZlBBU2txOFFqV1djVGNBdE9TcjlwNVJjS0JoWVM4dHd6aGNYaUFDUF9ydzk3MWVqN2clMkZwdWJodG1sJTNGd2lkZ2V0JTNEdHJ1ZSUyNmFtcCUzQmhlYWRlcnMlM0RmYWxzZSUyMiUzRSUzQyUyRmlmcmFtZSUzRSUwQSUwQSUzQ2NlbnRlciUzRSUzQ2ElMjBocmVmJTNEJTIyaGh0dHBzJTNBJTJGJTJGZG9jcy5nb29nbGUuY29tJTJGc3ByZWFkc2hlZXRzJTJGZCUyRjFERzZyVy1NN01HX2daTGhjanJZU04xMDNVY3BvQUZPaSUyRmVkaXQlM0Z1c3AlM0RzaGFyaW5nJTI2b3VpZCUzRDEwNTQ4NTcwNTgwMzE1MjI1OTI3OCUyNnJ0cG9mJTNEdHJ1ZSUyNnNkJTNEdHJ1ZSUyMiUzRSUyMEFtcGxpYXIlMjBjb250ZW5pZG8lMjBkZSUyMGxhJTIwdGFibGElMjAlM0MlMkZhJTNFJTNDJTJGY2VudGVyJTNF[\/vc_raw_html][vc_btn title=&#8221;Datos en abierto&#8221; style=&#8221;outline-custom&#8221; outline_custom_color=&#8221;#000000&#8243; outline_custom_hover_background=&#8221;#5c068c&#8221; outline_custom_hover_text=&#8221;#ffffff&#8221; shape=&#8221;square&#8221; align=&#8221;left&#8221; i_icon_fontawesome=&#8221;&#8221; add_icon=&#8221;true&#8221; link=&#8221;url:https%3A%2F%2Fdrive.google.com%2Ffile%2Fd%2F1IHByAn1Ps7WysGUncTxRUFJHYH8Dr0oM%2Fview%3Fusp%3Dsharing|target:_blank&#8221; css=&#8221;.vc_custom_1777287544451{margin-top: 20px !important;margin-bottom: 20px !important;}&#8221;][vc_column_text]<\/p>\n<p style=\"text-align: right;\"><strong>\u00daltima fecha de revisi\u00f3n<\/strong>: 25\/03\/2026 12:05<\/p>\n<p>[\/vc_column_text][vc_empty_space height=&#8221;40px&#8221;][vc_tta_accordion active_section=&#8221;0&#8243; collapsible_all=&#8221;true&#8221; title=&#8221;A\u00f1os anteriores&#8221;][vc_tta_section title=&#8221;2025&#8243; tab_id=&#8221;1029-2025&#8243;][vc_raw_html]JTNDaWZyYW1lJTIwY2xhc3MlM0QlMjJ0YWJsYXNwcmVhZCUyMiUyMHNyYyUzRCUyMmh0dHBzJTNBJTJGJTJGZG9jcy5nb29nbGUuY29tJTJGc3ByZWFkc2hlZXRzJTJGZCUyRmUlMkYyUEFDWC0xdlRnRno3S0dIekktZlJuZlBBU2txOFFqV1djVGNBdE9TcjlwNVJjS0JoWVM4dHd6aGNYaUFDUF9ydzk3MWVqN2clMkZwdWJodG1sJTNGd2lkZ2V0JTNEdHJ1ZSUyNmFtcCUzQmhlYWRlcnMlM0RmYWxzZSUyMiUzRSUzQyUyRmlmcmFtZSUzRSUwQSUwQSUzQ2NlbnRlciUzRSUzQ2ElMjBocmVmJTNEJTIyaGh0dHBzJTNBJTJGJTJGZG9jcy5nb29nbGUuY29tJTJGc3ByZWFkc2hlZXRzJTJGZCUyRjFERzZyVy1NN01HX2daTGhjanJZU04xMDNVY3BvQUZPaSUyRmVkaXQlM0Z1c3AlM0RzaGFyaW5nJTI2b3VpZCUzRDEwNTQ4NTcwNTgwMzE1MjI1OTI3OCUyNnJ0cG9mJTNEdHJ1ZSUyNnNkJTNEdHJ1ZSUyMiUzRSUyMEFtcGxpYXIlMjBjb250ZW5pZG8lMjBkZSUyMGxhJTIwdGFibGElMjAlM0MlMkZhJTNFJTNDJTJGY2VudGVyJTNF[\/vc_raw_html][vc_btn title=&#8221;Datos en abierto&#8221; style=&#8221;outline-custom&#8221; outline_custom_color=&#8221;#000000&#8243; outline_custom_hover_background=&#8221;#5c068c&#8221; outline_custom_hover_text=&#8221;#ffffff&#8221; shape=&#8221;square&#8221; align=&#8221;left&#8221; i_icon_fontawesome=&#8221;&#8221; add_icon=&#8221;true&#8221; link=&#8221;url:https%3A%2F%2Fdrive.google.com%2Ffile%2Fd%2F1IHByAn1Ps7WysGUncTxRUFJHYH8Dr0oM%2Fview%3Fusp%3Dsharing|target:_blank&#8221; css=&#8221;.vc_custom_1777287535923{margin-top: 20px !important;margin-bottom: 20px !important;}&#8221;][\/vc_tta_section][vc_tta_section title=&#8221;2024&#8243; tab_id=&#8221;1773832009871-2787378a-7c26&#8243;][vc_raw_html]JTNDaWZyYW1lJTIwY2xhc3MlM0QlMjJ0YWJsYXNwcmVhZCUyMiUyMHNyYyUzRCUyMmh0dHBzJTNBJTJGJTJGZG9jcy5nb29nbGUuY29tJTJGc3ByZWFkc2hlZXRzJTJGZCUyRmUlMkYyUEFDWC0xdlRlSlFkMnRrbmh3UlY2UVVkMjZ4Qm9VRkRLTnZqaGhGVUZ6ZU1hZE9IcEo1aDRpX1VpUTVpdnoyNDk2WmM0T21ZR2h3d0c5TS1zOFRWaCUyRnB1Ymh0bWwlM0ZnaWQlM0QxODM0MDc1MTQ1JTI2YW1wJTNCc2luZ2xlJTNEdHJ1ZSUyNmFtcCUzQndpZGdldCUzRHRydWUlMjZhbXAlM0JoZWFkZXJzJTNEZmFsc2UlMjIlM0UlM0MlMkZpZnJhbWUlM0UlMEElMEElM0NjZW50ZXIlM0UlM0NhJTIwaHJlZiUzRCUyMmh0dHBzJTNBJTJGJTJGZG9jcy5nb29nbGUuY29tJTJGc3ByZWFkc2hlZXRzJTJGZCUyRmUlMkYyUEFDWC0xdlRlSlFkMnRrbmh3UlY2UVVkMjZ4Qm9VRkRLTnZqaGhGVUZ6ZU1hZE9IcEo1aDRpX1VpUTVpdnoyNDk2WmM0T21ZR2h3d0c5TS1zOFRWaCUyRnB1Ymh0bWwlM0ZnaWQlM0QxODM0MDc1MTQ1JTI2c2luZ2xlJTNEdHJ1ZSUyMiUzRSUyMEFtcGxpYXIlMjBjb250ZW5pZG8lMjBkZSUyMGxhJTIwdGFibGElMjAlM0MlMkZhJTNFJTNDJTJGY2VudGVyJTNF[\/vc_raw_html][vc_btn title=&#8221;Datos en abierto&#8221; style=&#8221;outline-custom&#8221; outline_custom_color=&#8221;#000000&#8243; outline_custom_hover_background=&#8221;#5c068c&#8221; outline_custom_hover_text=&#8221;#ffffff&#8221; shape=&#8221;square&#8221; align=&#8221;left&#8221; i_icon_fontawesome=&#8221;&#8221; add_icon=&#8221;true&#8221; link=&#8221;url:https%3A%2F%2Fdrive.google.com%2Ffile%2Fd%2F1Vo_CIMR0R1v-0auzfTm8Ai6zw9HK99nM%2Fview%3Fusp%3Dsharing|target:_blank&#8221; css=&#8221;.vc_custom_1745325602656{margin-top: 20px !important;margin-bottom: 20px !important;}&#8221;][\/vc_tta_section][vc_tta_section title=&#8221;2023&#8243; tab_id=&#8221;1029-2023&#8243;][vc_raw_html]JTNDaWZyYW1lJTIwY2xhc3MlM0QlMjJ0YWJsYXNwcmVhZCUyMiUyMHNyYyUzRCUyMmh0dHBzJTNBJTJGJTJGZG9jcy5nb29nbGUuY29tJTJGc3ByZWFkc2hlZXRzJTJGZCUyRmUlMkYyUEFDWC0xdlNiWERhaE5uOUJXclZQVDdhbS1iMXdUT1FHVWtlLWxfYV9kT2g3Y2lZMXJ0M1phai02cHlFU2UyUzZPaElacW5zcTY2VEc1akFsQzNEaCUyRnB1Ymh0bWwlM0ZnaWQlM0QxODM0MDc1MTQ1JTI2YW1wJTNCc2luZ2xlJTNEdHJ1ZSUyNmFtcCUzQndpZGdldCUzRHRydWUlMjZhbXAlM0JoZWFkZXJzJTNEZmFsc2UlMjIlM0UlM0MlMkZpZnJhbWUlM0UlMEElMEElM0NjZW50ZXIlM0UlM0NhJTIwaHJlZiUzRCUyMmh0dHBzJTNBJTJGJTJGZG9jcy5nb29nbGUuY29tJTJGc3ByZWFkc2hlZXRzJTJGZCUyRmUlMkYyUEFDWC0xdlNiWERhaE5uOUJXclZQVDdhbS1iMXdUT1FHVWtlLWxfYV9kT2g3Y2lZMXJ0M1phai02cHlFU2UyUzZPaElacW5zcTY2VEc1akFsQzNEaCUyRnB1Ymh0bWwlM0ZnaWQlM0QxODM0MDc1MTQ1JTI2c2luZ2xlJTNEdHJ1ZSUyMiUzRSUyMEFtcGxpYXIlMjBjb250ZW5pZG8lMjBkZSUyMGxhJTIwdGFibGElMjAlM0MlMkZhJTNFJTNDJTJGY2VudGVyJTNF[\/vc_raw_html][vc_btn title=&#8221;Datos en abierto&#8221; style=&#8221;outline-custom&#8221; outline_custom_color=&#8221;#000000&#8243; outline_custom_hover_background=&#8221;#5c068c&#8221; outline_custom_hover_text=&#8221;#ffffff&#8221; shape=&#8221;square&#8221; align=&#8221;left&#8221; i_icon_fontawesome=&#8221;&#8221; add_icon=&#8221;true&#8221; link=&#8221;url:https%3A%2F%2Fdrive.google.com%2Ffile%2Fd%2F1xSeJzT4N6HFaeaxhGCn7AmCw39K2tR29%2Fview%3Fusp%3Dsharing|target:_blank&#8221; css=&#8221;.vc_custom_1745323583591{margin-top: 20px !important;margin-bottom: 20px !important;}&#8221;][\/vc_tta_section][vc_tta_section title=&#8221;2022&#8243; tab_id=&#8221;1029-2022&#8243;][vc_raw_html]JTNDaWZyYW1lJTIwY2xhc3MlM0QlMjJ0YWJsYXNwcmVhZCUyMiUyMHNyYyUzRCUyMmh0dHBzJTNBJTJGJTJGZG9jcy5nb29nbGUuY29tJTJGc3ByZWFkc2hlZXRzJTJGZCUyRmUlMkYyUEFDWC0xdlJ6SXcwSmkwM2dSRHhDam1IcXUxeU9oal9RLTYxSVpaRDRCRTRncklQOXRVSXhuQTgxM3ZvcFNpTktWb1o5SnhhUUpWbmYydkVKQklCYiUyRnB1Ymh0bWwlM0ZnaWQlM0QxMDc1NDIyMTUyJTI2YW1wJTNCc2luZ2xlJTNEdHJ1ZSUyNmFtcCUzQndpZGdldCUzRHRydWUlMjZhbXAlM0JoZWFkZXJzJTNEZmFsc2UlMjIlM0UlM0MlMkZpZnJhbWUlM0UlMEElMEElM0NjZW50ZXIlM0UlM0NhJTIwaHJlZiUzRCUyMmh0dHBzJTNBJTJGJTJGZG9jcy5nb29nbGUuY29tJTJGc3ByZWFkc2hlZXRzJTJGZCUyRmUlMkYyUEFDWC0xdlJ6SXcwSmkwM2dSRHhDam1IcXUxeU9oal9RLTYxSVpaRDRCRTRncklQOXRVSXhuQTgxM3ZvcFNpTktWb1o5SnhhUUpWbmYydkVKQklCYiUyRnB1Ymh0bWwlM0ZnaWQlM0QxMDc1NDIyMTUyJTI2c2luZ2xlJTNEdHJ1ZSUyMiUzRSUyMEFtcGxpYXIlMjBjb250ZW5pZG8lMjBkZSUyMGxhJTIwdGFibGElMjAlM0MlMkZhJTNFJTNDJTJGY2VudGVyJTNF[\/vc_raw_html][vc_btn title=&#8221;Datos en abierto&#8221; style=&#8221;outline-custom&#8221; outline_custom_color=&#8221;#000000&#8243; outline_custom_hover_background=&#8221;#5c068c&#8221; outline_custom_hover_text=&#8221;#ffffff&#8221; shape=&#8221;square&#8221; align=&#8221;left&#8221; i_icon_fontawesome=&#8221;&#8221; add_icon=&#8221;true&#8221; link=&#8221;url:https%3A%2F%2Fdrive.google.com%2Ffile%2Fd%2F134d1kEV-KA2c_JT_ZUSnvgfyfykXVpDV%2Fview%3Fusp%3Dsharing&#8221; css=&#8221;.vc_custom_1656496121333{margin-top: 20px !important;margin-bottom: 20px !important;}&#8221;][\/vc_tta_section][vc_tta_section title=&#8221;2021&#8243; tab_id=&#8221;1029-2021&#8243;][vc_raw_html]JTNDaWZyYW1lJTIwY2xhc3MlM0QlMjJ0YWJsYXNwcmVhZCUyMiUyMHNyYyUzRCUyMmh0dHBzJTNBJTJGJTJGZG9jcy5nb29nbGUuY29tJTJGc3ByZWFkc2hlZXRzJTJGZCUyRmUlMkYyUEFDWC0xdlRPeTl6YmY0YXozWTU4QldUY2FmVEY2cmIxZXZVXzZmOHF4dFlDd3dyN3MwTTBzaVhOSm01c2lZWjRTdFBEeGhkUllTWk9BdXBDSjMzWSUyRnB1Ymh0bWwlM0ZnaWQlM0QzMjk1OTMxNzQlMjZhbXAlM0JzaW5nbGUlM0R0cnVlJTI2YW1wJTNCd2lkZ2V0JTNEdHJ1ZSUyNmFtcCUzQmhlYWRlcnMlM0RmYWxzZSUyMiUzRSUzQyUyRmlmcmFtZSUzRSUwQSUwQSUzQ2NlbnRlciUzRSUzQ2ElMjBocmVmJTNEJTIyaHR0cHMlM0ElMkYlMkZkb2NzLmdvb2dsZS5jb20lMkZzcHJlYWRzaGVldHMlMkZkJTJGZSUyRjJQQUNYLTF2VE95OXpiZjRhejNZNThCV1RjYWZURjZyYjFldlVfNmY4cXh0WUN3d3I3czBNMHNpWE5KbTVzaVlaNFN0UER4aGRSWVNaT0F1cENKMzNZJTJGcHViaHRtbCUzRmdpZCUzRDMyOTU5MzE3NCUyNnNpbmdsZSUzRHRydWUlMjIlM0UlMjBBbXBsaWFyJTIwY29udGVuaWRvJTIwZGUlMjBsYSUyMHRhYmxhJTIwJTNDJTJGYSUzRSUzQyUyRmNlbnRlciUzRQ==[\/vc_raw_html][vc_btn title=&#8221;Datos en abierto&#8221; style=&#8221;outline-custom&#8221; outline_custom_color=&#8221;#000000&#8243; outline_custom_hover_background=&#8221;#5c068c&#8221; outline_custom_hover_text=&#8221;#ffffff&#8221; shape=&#8221;square&#8221; align=&#8221;left&#8221; i_icon_fontawesome=&#8221;&#8221; add_icon=&#8221;true&#8221; link=&#8221;url:https%3A%2F%2Fdrive.google.com%2Ffile%2Fd%2F134d1kEV-KA2c_JT_ZUSnvgfyfykXVpDV%2Fview%3Fusp%3Dsharing&#8221; css=&#8221;.vc_custom_1656496121333{margin-top: 20px !important;margin-bottom: 20px !important;}&#8221;][\/vc_tta_section][\/vc_tta_accordion][\/vc_column][\/vc_row][vc_row][vc_column][vc_empty_space height=&#8221;40px&#8221;][vc_custom_heading text=&#8221;Acuerdos en los que se disponga la creaci\u00f3n, modificaci\u00f3n, participaci\u00f3n o extinci\u00f3n de la entidad y, en su caso, Bolet\u00edn Oficial en el que est\u00e1n publicados. (1030)&#8221; font_container=&#8221;tag:h2|text_align:left|color:%23000000&#8243; use_theme_fonts=&#8221;yes&#8221;][vc_empty_space height=&#8221;40px&#8221;][\/vc_column][\/vc_row][vc_row][vc_column][vc_column_text]No ha existido modificaci\u00f3n del Patronato en el 2025.[\/vc_column_text][vc_column_text]<\/p>\n<p style=\"text-align: right;\"><strong>\u00daltima fecha de revisi\u00f3n<\/strong>: 25\/06\/2026 12:05<\/p>\n<p>[\/vc_column_text][vc_btn title=&#8221;Estatutos&#8221; style=&#8221;outline-custom&#8221; outline_custom_color=&#8221;#000000&#8243; outline_custom_hover_background=&#8221;#5c068c&#8221; outline_custom_hover_text=&#8221;#ffffff&#8221; shape=&#8221;square&#8221; align=&#8221;left&#8221; i_icon_fontawesome=&#8221;&#8221; add_icon=&#8221;true&#8221; link=&#8221;url:https%3A%2F%2Fdocs.google.com%2Fdocument%2Fd%2Fe%2F2PACX-1vTg8_w1sabbwG8wmM16t8hFlakZGWgJBMeWlCfK-498uIMoXQHmALloBRRIHGTZ1w%2Fpub|target:_blank&#8221; css=&#8221;.vc_custom_1746014078425{margin-top: 20px !important;margin-bottom: 20px !important;}&#8221;][vc_btn title=&#8221;Estatutos &#8211; Datos en abierto&#8221; style=&#8221;outline-custom&#8221; outline_custom_color=&#8221;#000000&#8243; outline_custom_hover_background=&#8221;#5c068c&#8221; outline_custom_hover_text=&#8221;#ffffff&#8221; shape=&#8221;square&#8221; align=&#8221;left&#8221; i_icon_fontawesome=&#8221;&#8221; add_icon=&#8221;true&#8221; link=&#8221;url:https%3A%2F%2Fdrive.google.com%2Ffile%2Fd%2F1FZBjekVRKraM-22MTRFeDu4SwVKgQPwU%2Fview%3Fusp%3Dsharing|||&#8221; css=&#8221;.vc_custom_1752130497012{margin-top: 20px !important;margin-bottom: 20px !important;}&#8221;][vc_btn title=&#8221;Estatutos fundacionales 1987&#8243; style=&#8221;outline-custom&#8221; outline_custom_color=&#8221;#000000&#8243; outline_custom_hover_background=&#8221;#5c068c&#8221; outline_custom_hover_text=&#8221;#ffffff&#8221; shape=&#8221;square&#8221; align=&#8221;left&#8221; i_icon_fontawesome=&#8221;&#8221; add_icon=&#8221;true&#8221; link=&#8221;url:https%3A%2F%2Fdrive.google.com%2Ffile%2Fd%2F1pGQeT3nCjxVOaylrfOE8ulEzVV8_UXgM%2Fview%3Fusp%3Ddrive_link|target:_blank&#8221; css=&#8221;.vc_custom_1752130445457{margin-top: 20px !important;margin-bottom: 20px !important;}&#8221;][vc_btn title=&#8221;Certificado Protectorado de Fundaciones&#8221; style=&#8221;outline-custom&#8221; outline_custom_color=&#8221;#000000&#8243; outline_custom_hover_background=&#8221;#5c068c&#8221; outline_custom_hover_text=&#8221;#ffffff&#8221; shape=&#8221;square&#8221; align=&#8221;left&#8221; i_icon_fontawesome=&#8221;&#8221; add_icon=&#8221;true&#8221; link=&#8221;url:https%3A%2F%2Fdrive.google.com%2Ffile%2Fd%2F1DeslyHD7MBqBZB4jgyuWyEI8XChOHkE9%2Fview%3Fusp%3Ddrive_link|target:_blank&#8221; css=&#8221;.vc_custom_1752130468796{margin-top: 20px !important;margin-bottom: 20px !important;}&#8221;][\/vc_column][\/vc_row][vc_row][vc_column][vc_empty_space height=&#8221;40px&#8221;][vc_custom_heading text=&#8221;Estatutos por los que ha de regirse la entidad, y sus modificaciones (1031)&#8221; font_container=&#8221;tag:h2|text_align:left|color:%23000000&#8243; use_theme_fonts=&#8221;yes&#8221;][vc_empty_space height=&#8221;40px&#8221;][\/vc_column][\/vc_row][vc_row][vc_column][vc_column_text]La Fundaci\u00f3n Canaria General de la Universidad de La Laguna tiene como fin principal cooperar en el cumplimiento de los objetivos de la Universidad de La Laguna; en especial en lo referente al desarrollo y la gesti\u00f3n de aquellas actividades que contribuyen a la promoci\u00f3n y mejora de la docencia, a la investigaci\u00f3n cient\u00edfica, desarrollo tecnol\u00f3gico e innovaci\u00f3n, la transferencia de conocimientos y resultados de la investigaci\u00f3n, la difusi\u00f3n y la divulgaci\u00f3n del estudio, la ciencia y la cultura.<\/p>\n<p><span style=\"font-weight: 400;\">Consulta los\u00a0<\/span><a href=\"https:\/\/drive.google.com\/file\/d\/1GCFFwIs0ho2n2OERICqXfZlUdU0B_o8x\/view\">estatutos de la FGULL<\/a>.[\/vc_column_text][vc_column_text]<\/p>\n<p style=\"text-align: right;\"><strong>\u00daltima fecha de revisi\u00f3n<\/strong>: 19\/03\/2026 12:05<\/p>\n<p>[\/vc_column_text][vc_btn title=&#8221;Datos en abierto&#8221; style=&#8221;outline-custom&#8221; outline_custom_color=&#8221;#000000&#8243; outline_custom_hover_background=&#8221;#5c068c&#8221; outline_custom_hover_text=&#8221;#ffffff&#8221; shape=&#8221;square&#8221; align=&#8221;left&#8221; i_icon_fontawesome=&#8221;fa fa-file-o&#8221; add_icon=&#8221;true&#8221; link=&#8221;url:https%3A%2F%2Fdrive.google.com%2Ffile%2Fd%2F1FZBjekVRKraM-22MTRFeDu4SwVKgQPwU%2Fview%3Fusp%3Dsharing|||&#8221; css=&#8221;.vc_custom_1594704847864{margin-top: 20px !important;margin-bottom: 20px !important;}&#8221;][\/vc_column][\/vc_row][vc_row el_id=&#8221;boton-vuelta&#8221;][vc_column width=&#8221;2\/3&#8243;][vc_empty_space height=&#8221;100px&#8221;][vc_btn title=&#8221;Volver al inicio del portal&#8221; style=&#8221;custom&#8221; custom_background=&#8221;#5c068c&#8221; custom_text=&#8221;#ffffff&#8221; shape=&#8221;square&#8221; size=&#8221;lg&#8221; i_icon_fontawesome=&#8221;fa fa-arrow-left&#8221; css_animation=&#8221;appear&#8221; add_icon=&#8221;true&#8221; link=&#8221;url:%2Ftransparencia%2F|||&#8221;][vc_empty_space height=&#8221;40px&#8221;][\/vc_column][vc_column width=&#8221;1\/3&#8243;][vc_empty_space height=&#8221;100px&#8221;][vc_custom_heading text=&#8221;Acceso r\u00e1pido&#8221; font_container=&#8221;tag:h3|text_align:right|color:%23777777&#8243; use_theme_fonts=&#8221;yes&#8221;][vc_empty_space height=&#8221;40px&#8221;][\/vc_column][\/vc_row][vc_row][vc_column width=&#8221;1\/6&#8243; el_class=&#8221;menurapido&#8221;][vc_empty_space][vc_icon type=&#8221;typicons&#8221; icon_typicons=&#8221;typcn typcn-home&#8221; color=&#8221;custom&#8221; size=&#8221;xl&#8221; align=&#8221;center&#8221; custom_color=&#8221;#000000&#8243; link=&#8221;url:%2Ftransparencia%2Finstitucional%2F|||&#8221; el_class=&#8221;Ticono&#8221;][vc_custom_heading text=&#8221;1. Institucional&#8221; font_container=&#8221;tag:h4|font_size:18px|text_align:center|line_height:25px&#8221; google_fonts=&#8221;font_family:Pontano%20Sans%3Aregular|font_style:400%20regular%3A400%3Anormal&#8221; link=&#8221;url:%2Ftransparencia%2Finstitucional%2F|||&#8221;][\/vc_column][vc_column width=&#8221;1\/6&#8243; el_class=&#8221;menurapido&#8221;][vc_empty_space][vc_icon type=&#8221;typicons&#8221; icon_typicons=&#8221;typcn typcn-group-outline&#8221; color=&#8221;custom&#8221; size=&#8221;xl&#8221; align=&#8221;center&#8221; custom_color=&#8221;#000000&#8243; link=&#8221;url:%2Ftransparencia%2Forganizativa%2F|||&#8221;][vc_custom_heading text=&#8221;2. Organizativa&#8221; font_container=&#8221;tag:h4|font_size:18px|text_align:center|line_height:25px&#8221; google_fonts=&#8221;font_family:Pontano%20Sans%3Aregular|font_style:400%20regular%3A400%3Anormal&#8221; link=&#8221;url:%2Ftransparencia%2Forganizativa%2F|||&#8221;][\/vc_column][vc_column width=&#8221;1\/6&#8243; el_class=&#8221;menurapido&#8221;][vc_empty_space][vc_icon type=&#8221;typicons&#8221; icon_typicons=&#8221;typcn typcn-globe-outline&#8221; color=&#8221;custom&#8221; size=&#8221;xl&#8221; align=&#8221;center&#8221; custom_color=&#8221;#000000&#8243; link=&#8221;url:%2Ftransparencia%2Fpersonal-de-libre-nombramiento%2F|||&#8221;][vc_custom_heading text=&#8221;3. Personal de libre nombramiento&#8221; font_container=&#8221;tag:h4|font_size:18px|text_align:center|line_height:25px&#8221; google_fonts=&#8221;font_family:Pontano%20Sans%3Aregular|font_style:400%20regular%3A400%3Anormal&#8221; link=&#8221;url:%2Ftransparencia%2Fpersonal-de-libre-nombramiento%2F|title:Personal%20de%20libre%20nombramiento||&#8221;][\/vc_column][vc_column width=&#8221;1\/6&#8243; el_class=&#8221;menurapido&#8221;][vc_empty_space][vc_icon type=&#8221;typicons&#8221; icon_typicons=&#8221;typcn typcn-point-of-interest-outline&#8221; color=&#8221;custom&#8221; size=&#8221;xl&#8221; align=&#8221;center&#8221; custom_color=&#8221;#000000&#8243; link=&#8221;url:%2Ftransparencia%2Fempleo-en-el-sector-publico%2F|||&#8221;][vc_custom_heading text=&#8221;4. Empleo del sector p\u00fablico&#8221; font_container=&#8221;tag:h4|font_size:18px|text_align:center|line_height:25px&#8221; google_fonts=&#8221;font_family:Pontano%20Sans%3Aregular|font_style:400%20regular%3A400%3Anormal&#8221; link=&#8221;url:%2Ftransparencia%2Fempleo-en-el-sector-publico%2F|title:Empleo%20del%20sector%20p%C3%BAblico||&#8221;][\/vc_column][vc_column width=&#8221;1\/6&#8243; el_class=&#8221;menurapido&#8221;][vc_empty_space][vc_icon type=&#8221;typicons&#8221; icon_typicons=&#8221;typcn typcn-starburst-outline&#8221; color=&#8221;custom&#8221; size=&#8221;xl&#8221; align=&#8221;center&#8221; custom_color=&#8221;#000000&#8243; link=&#8221;url:%20%2Ftransparencia%2Fretribuciones%2F|||&#8221;][vc_custom_heading text=&#8221;5. Retribuciones&#8221; font_container=&#8221;tag:h4|font_size:18px|text_align:center|line_height:25px&#8221; google_fonts=&#8221;font_family:Pontano%20Sans%3Aregular|font_style:400%20regular%3A400%3Anormal&#8221; link=&#8221;url:%2Ftransparencia%2Fretribuciones%2F|title:Retribuciones||&#8221;][\/vc_column][vc_column width=&#8221;1\/6&#8243; el_class=&#8221;menurapido&#8221;][vc_empty_space][vc_icon type=&#8221;typicons&#8221; icon_typicons=&#8221;typcn typcn-flow-children&#8221; color=&#8221;custom&#8221; size=&#8221;xl&#8221; align=&#8221;center&#8221; custom_color=&#8221;#000000&#8243; link=&#8221;url:%20%2Ftransparencia%2Fservicios-y-procedimientos|||&#8221;][vc_custom_heading text=&#8221;7. Servicios y procedimientos&#8221; font_container=&#8221;tag:h4|font_size:18px|text_align:center|line_height:25px&#8221; google_fonts=&#8221;font_family:Pontano%20Sans%3Aregular|font_style:400%20regular%3A400%3Anormal&#8221; link=&#8221;url:%2Ftransparencia%2Fservicios-y-procedimientos|title:Contratos||&#8221;][\/vc_column][\/vc_row][vc_row][vc_column][vc_empty_space height=&#8221;60px&#8221;][\/vc_column][\/vc_row][vc_row][vc_column width=&#8221;1\/6&#8243; el_class=&#8221;menurapido&#8221;][vc_empty_space][vc_icon type=&#8221;typicons&#8221; icon_typicons=&#8221;typcn typcn-chart-line&#8221; color=&#8221;custom&#8221; size=&#8221;xl&#8221; align=&#8221;center&#8221; custom_color=&#8221;#000000&#8243; link=&#8221;url:%2Ftransparencia%2Feconomico-financiera%2F|||&#8221;][vc_custom_heading text=&#8221;8. Econ\u00f3mico-financiera&#8221; font_container=&#8221;tag:h4|font_size:18px|text_align:center|line_height:25px&#8221; google_fonts=&#8221;font_family:Pontano%20Sans%3Aregular|font_style:400%20regular%3A400%3Anormal&#8221; link=&#8221;url:%2Ftransparencia%2Feconomico-financiera%2F|title:Econ%C3%B3mico-financiera||&#8221;][\/vc_column][vc_column width=&#8221;1\/6&#8243; el_class=&#8221;menurapido&#8221;][vc_empty_space][vc_icon type=&#8221;typicons&#8221; icon_typicons=&#8221;typcn typcn-pen&#8221; color=&#8221;custom&#8221; size=&#8221;xl&#8221; align=&#8221;center&#8221; custom_color=&#8221;#000000&#8243; link=&#8221;url:%2Ftransparencia%2Fcontratos%2F|||&#8221;][vc_custom_heading text=&#8221;12. Contratos&#8221; font_container=&#8221;tag:h4|font_size:18px|text_align:center|line_height:25px&#8221; google_fonts=&#8221;font_family:Pontano%20Sans%3Aregular|font_style:400%20regular%3A400%3Anormal&#8221; link=&#8221;url:%2Ftransparencia%2Fcontratos%2F|title:Contratos||&#8221;][\/vc_column][vc_column width=&#8221;1\/6&#8243; el_class=&#8221;menurapido&#8221;][vc_empty_space][vc_icon type=&#8221;typicons&#8221; icon_typicons=&#8221;typcn typcn-arrow-unsorted&#8221; color=&#8221;custom&#8221; size=&#8221;xl&#8221; align=&#8221;center&#8221; custom_color=&#8221;#000000&#8243; link=&#8221;url:%20%2Ftransparencia%2Fconvenios-y-encargos-de-gestion%2F|||&#8221;][vc_custom_heading text=&#8221;13. Convenios y Encargos&#8221; font_container=&#8221;tag:h4|font_size:18px|text_align:center|line_height:25px&#8221; google_fonts=&#8221;font_family:Pontano%20Sans%3Aregular|font_style:400%20regular%3A400%3Anormal&#8221; link=&#8221;url:%2Ftransparencia%2Fconvenios-y-encargos-de-gestion%2F|title:Convenios%20y%20Encargos%20de%20gesti%C3%B3n||&#8221;][\/vc_column][vc_column width=&#8221;1\/6&#8243; el_class=&#8221;menurapido&#8221;][vc_empty_space][vc_icon type=&#8221;typicons&#8221; icon_typicons=&#8221;typcn typcn-message-typing&#8221; color=&#8221;custom&#8221; size=&#8221;xl&#8221; align=&#8221;center&#8221; custom_color=&#8221;#000000&#8243; link=&#8221;url:%2Ftransparencia%2Fconcesion-de-servicios-publicos|||&#8221;][vc_custom_heading text=&#8221;14. Concesi\u00f3n de servicios p\u00fablicos&#8221; font_container=&#8221;tag:h4|font_size:18px|text_align:center|line_height:25px&#8221; google_fonts=&#8221;font_family:Pontano%20Sans%3Aregular|font_style:400%20regular%3A400%3Anormal&#8221; link=&#8221;url:%2Ftransparencia%2Fconcesion-de-servicios-publicos|title:Retribuciones||&#8221;][\/vc_column][vc_column width=&#8221;1\/6&#8243; el_class=&#8221;menurapido&#8221;][vc_empty_space][vc_icon type=&#8221;typicons&#8221; icon_typicons=&#8221;typcn typcn-user-add&#8221; color=&#8221;custom&#8221; size=&#8221;xl&#8221; align=&#8221;center&#8221; custom_color=&#8221;#000000&#8243; link=&#8221;url:%2Ftransparencia%2Fayudas-y-subvenciones|||&#8221;][vc_custom_heading text=&#8221;15. Ayudas y subvenciones&#8221; font_container=&#8221;tag:h4|font_size:18px|text_align:center|line_height:25px&#8221; google_fonts=&#8221;font_family:Pontano%20Sans%3Aregular|font_style:400%20regular%3A400%3Anormal&#8221; link=&#8221;url:%2Ftransparencia%2Fayudas-y-subvenciones|title:Econ%C3%B3mico-financiera||&#8221;][\/vc_column][vc_column width=&#8221;1\/6&#8243; el_class=&#8221;menurapido&#8221;][vc_empty_space][vc_icon type=&#8221;typicons&#8221; icon_typicons=&#8221;typcn typcn-briefcase&#8221; color=&#8221;custom&#8221; size=&#8221;xl&#8221; align=&#8221;center&#8221; custom_color=&#8221;#000000&#8243; link=&#8221;url:%20%2Ftransparencia%2Fderecho-de-acceso%2F|||&#8221;][vc_custom_heading text=&#8221;18. Derecho de acceso&#8221; font_container=&#8221;tag:h4|font_size:18px|text_align:center|line_height:25px&#8221; google_fonts=&#8221;font_family:Pontano%20Sans%3Aregular|font_style:400%20regular%3A400%3Anormal&#8221; link=&#8221;url:%2Ftransparencia%2Fderecho-de-acceso%2F|title:Convenios%20y%20Encargos%20de%20gesti%C3%B3n||&#8221;][\/vc_column][\/vc_row][vc_row][vc_column][vc_empty_space height=&#8221;60px&#8221;][\/vc_column][\/vc_row][vc_row][vc_column width=&#8221;1\/6&#8243; el_class=&#8221;menurapido&#8221;][vc_empty_space][\/vc_column][vc_column width=&#8221;1\/6&#8243;][\/vc_column][vc_column width=&#8221;1\/6&#8243;][\/vc_column][vc_column width=&#8221;1\/6&#8243;][\/vc_column][vc_column width=&#8221;1\/6&#8243;][\/vc_column][vc_column width=&#8221;1\/6&#8243;][\/vc_column][\/vc_row][vc_row][vc_column][vc_empty_space height=&#8221;60px&#8221;][\/vc_column][\/vc_row][vc_row][vc_column][vc_column_text]<\/p>\n<p>&nbsp;<\/p>\n<p>&nbsp;<\/p>\n<p>[\/vc_column_text][\/vc_column][\/vc_row]<\/p>\n<\/section>","protected":false},"excerpt":{"rendered":"<p>[vc_row full_width=&#8221;stretch_row&#8221; css=&#8221;.vc_custom_1539767596472{margin-top: -20px !important;background-color: #cccccc !important;}&#8221;][vc_column][vc_empty_space height=&#8221;100px&#8221;][vc_row_inner][vc_column_inner width=&#8221;1\/2&#8243;][vc_custom_heading text=&#8221;2. Organizativa&#8221; font_container=&#8221;tag:h1|text_align:left|color:%23000000&#8243; use_theme_fonts=&#8221;yes&#8221;][\/vc_column_inner][vc_column_inner width=&#8221;1\/2&#8243;][vc_custom_heading text=&#8221;Mapa del portal de transparencia&#8221; font_container=&#8221;tag:h4|text_align:right|color:%23777777&#8243; use_theme_fonts=&#8221;yes&#8221;][\/vc_column_inner][\/vc_row_inner][vc_row_inner][vc_column_inner width=&#8221;1\/3&#8243;][vc_wp_custommenu nav_menu=&#8221;3&#8243; el_class=&#8221;menusuperior&#8221;][\/vc_column_inner][vc_column_inner width=&#8221;1\/3&#8243;][vc_wp_custommenu nav_menu=&#8221;4&#8243; el_class=&#8221;menusuperior&#8221;][\/vc_column_inner][vc_column_inner width=&#8221;1\/3&#8243;][vc_wp_custommenu nav_menu=&#8221;6&#8243; el_class=&#8221;menusuperior&#8221;][\/vc_column_inner][\/vc_row_inner][vc_empty_space height=&#8221;60px&#8221;][\/vc_column][\/vc_row][vc_row][vc_column][vc_empty_space height=&#8221;40px&#8221;][vc_custom_heading text=&#8221;Normativa aplicable al sujeto obligado (1002)&#8221; font_container=&#8221;tag:h2|text_align:left|color:%23000000&#8243; use_theme_fonts=&#8221;yes&#8221;][vc_empty_space height=&#8221;40px&#8221;][\/vc_column][\/vc_row][vc_row][vc_column][vc_column_text] Ley 50\/2002, de 26 de diciembre, de Fundaciones Ley 2\/1998, de 6 de abril,&#8230;<\/p>\n","protected":false},"author":1,"featured_media":0,"parent":0,"menu_order":0,"comment_status":"closed","ping_status":"closed","template":"templates\/template-frontpage.php","meta":{"footnotes":""},"_links":{"self":[{"href":"https:\/\/fg.ull.es\/transparencia\/wp-json\/wp\/v2\/pages\/122"}],"collection":[{"href":"https:\/\/fg.ull.es\/transparencia\/wp-json\/wp\/v2\/pages"}],"about":[{"href":"https:\/\/fg.ull.es\/transparencia\/wp-json\/wp\/v2\/types\/page"}],"author":[{"embeddable":true,"href":"https:\/\/fg.ull.es\/transparencia\/wp-json\/wp\/v2\/users\/1"}],"replies":[{"embeddable":true,"href":"https:\/\/fg.ull.es\/transparencia\/wp-json\/wp\/v2\/comments?post=122"}],"version-history":[{"count":56,"href":"https:\/\/fg.ull.es\/transparencia\/wp-json\/wp\/v2\/pages\/122\/revisions"}],"predecessor-version":[{"id":912,"href":"https:\/\/fg.ull.es\/transparencia\/wp-json\/wp\/v2\/pages\/122\/revisions\/912"}],"wp:attachment":[{"href":"https:\/\/fg.ull.es\/transparencia\/wp-json\/wp\/v2\/media?parent=122"}],"curies":[{"name":"wp","href":"https:\/\/api.w.org\/{rel}","templated":true}]}}