{"id":4448,"date":"2020-10-05T14:14:26","date_gmt":"2020-10-05T14:14:26","guid":{"rendered":"https:\/\/fg.ull.es\/portal\/gdi\/?page_id=4448"},"modified":"2020-11-05T14:30:40","modified_gmt":"2020-11-05T14:30:40","slug":"cursos-gestion-de-la-innovacion","status":"publish","type":"page","link":"https:\/\/fg.ull.es\/portal\/gdi\/cursos-gestion-de-la-innovacion\/","title":{"rendered":"Cursos Gesti\u00f3n de la Innovaci\u00f3n"},"content":{"rendered":"<section class=\"wpb-content-wrapper\"><p>[vc_row full_width=\u00bbstretch_row\u00bb css=\u00bb.vc_custom_1600335948372{padding-top: 20px !important;background-image: url(https:\/\/fg.ull.es\/portal\/gdi\/wp-content\/uploads\/sites\/2\/2020\/09\/gdi-innovacion-cabecera@2x.jpg?id=4090) !important;background-position: center !important;background-repeat: no-repeat !important;background-size: cover !important;}\u00bb][vc_column css=\u00bb.vc_custom_1599735159455{margin-top: 60px !important;margin-bottom: 60px !important;}\u00bb][vc_row_inner][vc_column_inner width=\u00bb1\/2&#8243;][vc_single_image image=\u00bb3915&#8243; img_size=\u00bbfull\u00bb css=\u00bb.vc_custom_1600333178744{margin-bottom: 40px !important;padding-right: 10% !important;}\u00bb][\/vc_column_inner][vc_column_inner width=\u00bb1\/2&#8243;][vc_column_text el_class=\u00bbgdi-frase-cabecera\u00bb css=\u00bb.vc_custom_1604569911556{margin-bottom: 30px !important;}\u00bb]<strong>Promoci\u00f3n de la innovaci\u00f3n (N1)<\/strong>[\/vc_column_text][vc_column_text]<\/p>\n<div class=\"caja-fecha gdi-verde\">\n<p><span style=\"color: #ededed;\"><strong> <span class=\"mes-xl\"> \u00daltima convocatoria Diciembre 2020<\/span> <\/strong><\/span><\/p>\n<p><span style=\"color: #ededed;\"><span class=\"fecha-xs\">02\/12\/2020 &#8211; 16\/12\/2020<\/span><\/span><\/p>\n<\/div>\n<p>[\/vc_column_text][vc_column_text]<span style=\"color: #f0f0f0;\">Sesi\u00f3n Online 2 de diciembre 2020 &#8211; 2 horas de duraci\u00f3n (Obligatoria)<\/span>[\/vc_column_text][vc_btn title=\u00bbINSCR\u00cdBETE EN LA FORMACI\u00d3N<\/br>plazas limitadas\u00bb style=\u00bbcustom\u00bb custom_background=\u00bb#3a245c\u00bb custom_text=\u00bb#ffffff\u00bb shape=\u00bbsquare\u00bb size=\u00bblg\u00bb css_animation=\u00bbbounceIn\u00bb el_class=\u00bbgdi-boton-s\u00bb link=\u00bburl:https%3A%2F%2Fsede.fg.ull.es%2Fes%2Fcurso%2Fdetalle%2Fa20120113%2Fpromocion-de-la-innovacion-n1|target:_blank\u00bb css=\u00bb.vc_custom_1604583386549{margin-top: 30px !important;}\u00bb][\/vc_column_inner][\/vc_row_inner][\/vc_column][\/vc_row][vc_row full_width=\u00bbstretch_row\u00bb css=\u00bb.vc_custom_1600334231563{padding-top: 60px !important;background-color: #ededed !important;}\u00bb][vc_column][vc_row_inner][vc_column_inner width=\u00bb1\/2&#8243;][vc_column_text el_class=\u00bbgdi-titulo-secundario\u00bb]<\/p>\n<h3><span style=\"color: #3a245c\">MEJORA TU EMPLEO<\/span><\/h3>\n<p>[\/vc_column_text][vc_column_text]<span style=\"font-weight: 400;\">\u00bfQuieres contribuir a mejorar la competitividad de la econom\u00eda canaria a trav\u00e9s de la innovaci\u00f3n? Este curso te permitir\u00e1 conseguirlo mediante el desarrollo de actividades formativas <\/span><span style=\"font-weight: 400;\">online <\/span><span style=\"font-weight: 400;\">eminentemente pr\u00e1cticas.\u00a0<\/span><\/p>\n<p><span style=\"font-weight: 400;\">En este nivel 1 comprender\u00e1s los conceptos b\u00e1sicos de innovaci\u00f3n y competitividad. Identificar\u00e1s las relaciones entre I+D p\u00fablica e innovaci\u00f3n empresarial. Tambi\u00e9n conocer\u00e1s los conceptos que conforman la I+D+i, as\u00ed como las etapas del proceso innovador.<\/span>[\/vc_column_text][\/vc_column_inner][vc_column_inner width=\u00bb1\/2&#8243;][vc_column_text el_class=\u00bbgdi-titulo-secundario\u00bb]<\/p>\n<h3><span style=\"color: #3a245c\">EL PROGRAMA<\/span><\/h3>\n<p>[\/vc_column_text][vc_column_text]Acceder\u00e1s a una formaci\u00f3n on line de primer nivel, completamente gratuita e impartida por reconocidos y acreditados profesionales de la materia.<\/p>\n<p>Este itinerario formativo se compone de tres niveles, desarrollados a trav\u00e9s de videoconferencias en directo y formaci\u00f3n dentro de un campus virtual. Una vez completado satisfactoriamente podr\u00e1s acceder a una bolsa de selecci\u00f3n, para desarrollar una formaci\u00f3n pr\u00e1ctica remunerada en empresas y\/o centro de investigaci\u00f3n.[\/vc_column_text][\/vc_column_inner][\/vc_row_inner][\/vc_column][\/vc_row][vc_row full_width=\u00bbstretch_row\u00bb css=\u00bb.vc_custom_1600170926163{padding-top: 40px !important;padding-bottom: 40px !important;background-color: #ededed !important;}\u00bb][vc_column][vc_column_text el_class=\u00bbgdi-titulo-secundario\u00bb css=\u00bb.vc_custom_1600424347740{margin-bottom: 20px !important;}\u00bb]<\/p>\n<h3><span style=\"color: #3a245c\">CONTENIDOS DE LA FORMACI\u00d3N<\/span><\/h3>\n<p>[\/vc_column_text][vc_tta_accordion shape=\u00bbsquare\u00bb c_icon=\u00bbtriangle\u00bb active_section=\u00bb1&#8243; collapsible_all=\u00bbtrue\u00bb css=\u00bb.vc_custom_1600340429743{margin-top: 0px !important;}\u00bb el_class=\u00bbgdi-acordeon\u00bb][vc_tta_section title=\u00bbNivel 1: Promoci\u00f3n de la Innovaci\u00f3n\u00bb tab_id=\u00bb1600168496523-dcabfac8-aba6&#8243;][vc_column_text]Este nivel aporta los conocimientos b\u00e1sicos sobre la innovaci\u00f3n.<\/p>\n<p>Una vez cursado permite la realizaci\u00f3n del Nivel 2: Gesti\u00f3n de la Innovaci\u00f3n.<\/p>\n<p>Introduce al alumnado en el modelo de econom\u00eda basado en el conocimiento, la estrategia de la innovaci\u00f3n empresarial y la existencia de herramientas de diagn\u00f3stico para la identificaci\u00f3n de las oportunidades de mejora. Se presentan ejemplos pr\u00e1cticos y reales sobre la materia impartida.<\/p>\n<p>Consta de 2 m\u00f3dulos de 10 horas de duraci\u00f3n cada uno.[\/vc_column_text][vc_column_text]<\/p>\n<ul>\n<li><strong><strong><strong>M\u00f3dulo 1: Innovaci\u00f3n y competitividad<br \/>\n<\/strong><\/strong><\/strong>Ofrece una visi\u00f3n gen\u00e9rica de los conceptos m\u00e1s relevantes relacionados con la innovaci\u00f3n, desde sus inicios hasta la actualidad. De igual forma, se profundizar\u00e1 sobre la importancia que tiene para las empresas y la sociedad, siendo el motor verdadero de la capacidad de desarrollo de una regi\u00f3n.<\/li>\n<li><strong><strong>M\u00f3dulo 2: La innovaci\u00f3n como proceso<br \/>\n<\/strong><\/strong>Tratar la innovaci\u00f3n como un procedimiento m\u00e1s, requiere del uso de una metodolog\u00eda adaptada a cada caso, conocimientos que se abordar\u00e1n en este m\u00f3dulo.<\/li>\n<\/ul>\n<p>[\/vc_column_text][\/vc_tta_section][\/vc_tta_accordion][\/vc_column][\/vc_row][vc_row full_width=\u00bbstretch_row\u00bb css=\u00bb.vc_custom_1601909573313{padding-top: 80px !important;padding-bottom: 80px !important;background-color: #3a245c !important;}\u00bb][vc_column][vc_row_inner][vc_column_inner width=\u00bb1\/2&#8243;][vc_column_text el_class=\u00bbgdi-frase-cabecera\u00bb]<strong>\u201c<\/strong><em>\u00bfEst\u00e1s <strong>preparad@<\/strong> para<br \/>\nel nuevo <strong>mundo laboral<\/strong>?<\/em><strong>\u201d<\/strong>[\/vc_column_text][\/vc_column_inner][vc_column_inner width=\u00bb1\/2&#8243;][vc_btn title=\u00bbINSCR\u00cdBETE EN LA FORMACI\u00d3N<\/br>plazas limitadas\u00bb style=\u00bbcustom\u00bb custom_background=\u00bb#34b4a7&#8243; custom_text=\u00bb#ffffff\u00bb shape=\u00bbsquare\u00bb size=\u00bblg\u00bb el_class=\u00bbgdi-boton-s\u00bb link=\u00bburl:https%3A%2F%2Fsede.fg.ull.es%2Fes%2Fcurso%2Fdetalle%2Fa20120113%2Fpromocion-de-la-innovacion-n1|target:_blank\u00bb css=\u00bb.vc_custom_1604586619395{margin-top: 30px !important;}\u00bb][\/vc_column_inner][\/vc_row_inner][\/vc_column][\/vc_row][vc_row full_width=\u00bbstretch_row\u00bb css=\u00bb.vc_custom_1602600661866{padding-top: 40px !important;background-color: #b2b2b2 !important;}\u00bb][vc_column][vc_tta_pageable no_fill_content_area=\u00bb1&#8243; autoplay=\u00bb5&#8243; active_section=\u00bb1&#8243; pagination_color=\u00bbwhite\u00bb el_class=\u00bbgdi-testimonio\u00bb][vc_tta_section title=\u00bbtestimonio 1&#8243; tab_id=\u00bb1602599879721-45423d0e-f2cd\u00bb][vc_single_image image=\u00bb4542&#8243; img_size=\u00bbfull\u00bb alignment=\u00bbcenter\u00bb][vc_column_text]<\/p>\n<p style=\"text-align: center\">\u00abPese a cumplir con el perfil, perd\u00ed una oportunidad laboral por no haber realizado formaci\u00f3n en gesti\u00f3n de la innovaci\u00f3n\u201d<\/p>\n<p style=\"text-align: center\"><strong>Marta<\/strong><\/p>\n<p>[\/vc_column_text][\/vc_tta_section][vc_tta_section title=\u00bbtestimonio 2&#8243; tab_id=\u00bb1602600241669-fb763159-2649&#8243;][vc_single_image image=\u00bb4541&#8243; img_size=\u00bbfull\u00bb alignment=\u00bbcenter\u00bb][vc_column_text]<\/p>\n<p style=\"text-align: center\">\u201cInnovar es cada vez m\u00e1s una obligaci\u00f3n que una opci\u00f3n\u201d<\/p>\n<p style=\"text-align: center\"><strong>Andrea<\/strong><\/p>\n<p>[\/vc_column_text][\/vc_tta_section][vc_tta_section title=\u00bbtestimonio 3&#8243; tab_id=\u00bb1602600426751-661ca3db-df45&#8243;][vc_single_image image=\u00bb4543&#8243; img_size=\u00bbfull\u00bb alignment=\u00bbcenter\u00bb][vc_column_text]<\/p>\n<p style=\"text-align: center\">\u201cQuiero aplicar estos conocimientos a mi propia idea empresarial\u201d<\/p>\n<p style=\"text-align: center\"><strong>Joseph <\/strong><\/p>\n<p>[\/vc_column_text][\/vc_tta_section][\/vc_tta_pageable][\/vc_column][\/vc_row][vc_row css=\u00bb.vc_custom_1601908500719{margin-top: 20px !important;margin-bottom: 0px !important;}\u00bb][vc_column][vc_column_text el_class=\u00bbgdi-titulo-secundario\u00bb css=\u00bb.vc_custom_1601908535322{margin-bottom: 20px !important;}\u00bb]<\/p>\n<h3><span style=\"color: #3a245c\">\u00bfTIENES DUDAS? CONTACTA CON NOSOTROS<\/span><\/h3>\n<p>[\/vc_column_text][\/vc_column][\/vc_row][vc_row css=\u00bb.vc_custom_1600425960744{margin-top: 30px !important;margin-bottom: 30px !important;}\u00bb][vc_column width=\u00bb2\/3&#8243;][vc_column_text]<\/p>\n<h4>FORMULARIO DE CONTACTO<\/h4>\n<p>[\/vc_column_text][vc_separator align=\u00bbalign_left\u00bb border_width=\u00bb2&#8243; el_width=\u00bb20&#8243; css=\u00bb.vc_custom_1500545465727{padding-bottom: 30px !important;}\u00bb][vc_column_text]\n<div class=\"wpcf7 no-js\" id=\"wpcf7-f210-o1\" lang=\"es-ES\" dir=\"ltr\">\n<div class=\"screen-reader-response\"><p role=\"status\" aria-live=\"polite\" aria-atomic=\"true\"><\/p> <ul><\/ul><\/div>\n<form action=\"\/portal\/gdi\/wp-json\/wp\/v2\/pages\/4448#wpcf7-f210-o1\" method=\"post\" class=\"wpcf7-form init\" aria-label=\"Contact form\" novalidate=\"novalidate\" data-status=\"init\">\n<div style=\"display: none;\">\n<input type=\"hidden\" name=\"_wpcf7\" value=\"210\" \/>\n<input type=\"hidden\" name=\"_wpcf7_version\" value=\"5.8\" \/>\n<input type=\"hidden\" name=\"_wpcf7_locale\" value=\"es_ES\" \/>\n<input type=\"hidden\" name=\"_wpcf7_unit_tag\" value=\"wpcf7-f210-o1\" \/>\n<input type=\"hidden\" name=\"_wpcf7_container_post\" value=\"0\" \/>\n<input type=\"hidden\" name=\"_wpcf7_posted_data_hash\" value=\"\" \/>\n<\/div>\n<p><label> Nombre*<br \/>\n<span class=\"wpcf7-form-control-wrap\" data-name=\"your-name\"><input size=\"55\" class=\"wpcf7-form-control wpcf7-text wpcf7-validates-as-required formGDI\" aria-required=\"true\" aria-invalid=\"false\" value=\"\" type=\"text\" name=\"your-name\" \/><\/span> <\/label>\n<\/p>\n<p><label> Tu correo electr\u00f3nico*<br \/>\n<span class=\"wpcf7-form-control-wrap\" data-name=\"your-email\"><input size=\"55\" class=\"wpcf7-form-control wpcf7-email wpcf7-validates-as-required wpcf7-text wpcf7-validates-as-email formGDI\" aria-required=\"true\" aria-invalid=\"false\" value=\"\" type=\"email\" name=\"your-email\" \/><\/span> <\/label>\n<\/p>\n<p><label> Asunto<br \/>\n<span class=\"wpcf7-form-control-wrap\" data-name=\"your-subject\"><input size=\"55\" class=\"wpcf7-form-control wpcf7-text formGDI\" aria-invalid=\"false\" value=\"\" type=\"text\" name=\"your-subject\" \/><\/span> <\/label>\n<\/p>\n<p><label> Mensaje<br \/>\n<span class=\"wpcf7-form-control-wrap\" data-name=\"your-message\"><textarea cols=\"55\" rows=\"10\" class=\"wpcf7-form-control wpcf7-textarea\" aria-invalid=\"false\" name=\"your-message\"><\/textarea><\/span> <\/label>\n<\/p>\n<p><input class=\"wpcf7-form-control wpcf7-submit has-spinner\" type=\"submit\" value=\"Enviar\" \/>\n<\/p><input type='hidden' class='wpcf7-pum' value='{\"closepopup\":false,\"closedelay\":0,\"openpopup\":false,\"openpopup_id\":0}' \/><div class=\"wpcf7-response-output\" aria-hidden=\"true\"><\/div>\n<\/form>\n<\/div>\n[\/vc_column_text][\/vc_column][vc_column width=\u00bb1\/3&#8243;][vc_column_text]<\/p>\n<h4><strong>M\u00c1S INFORMACI\u00d3N<\/strong><\/h4>\n<p>[\/vc_column_text][vc_separator align=\u00bbalign_left\u00bb border_width=\u00bb2&#8243; el_width=\u00bb20&#8243;][vc_column_text][\/vc_column_text][vc_column_text]<b>Programa GDI 2020<\/b><br \/>\n<span style=\"font-weight: 400\">Email: <\/span><a href=\"mailto:gdi@fg.ull.es\"><span style=\"font-weight: 400\">gdi@fg.ull.es<\/span><\/a>[\/vc_column_text][vc_column_text css=\u00bb.vc_custom_1602599745263{padding-top: 20px !important;}\u00bb]<\/p>\n<h4><strong>D\u00d3NDE ESTAMOS<\/strong><\/h4>\n<p>[\/vc_column_text][vc_separator align=\u00bbalign_left\u00bb border_width=\u00bb2&#8243; el_width=\u00bb20&#8243;][vc_column_text]Avenida de la Trinidad, 61. Aulario Torre<br \/>\nProfesor Agust\u00edn Ar\u00e9valo, Planta 0<\/p>\n<p>Campus Central Universidad de la Laguna,<br \/>\n38071 San Crist\u00f3bal de La Laguna.[\/vc_column_text][vc_column_text css=\u00bb.vc_custom_1602599749907{padding-top: 20px !important;}\u00bb]<\/p>\n<h4><strong>HORARIO<\/strong><\/h4>\n<p>[\/vc_column_text][vc_separator align=\u00bbalign_left\u00bb border_width=\u00bb2&#8243; el_width=\u00bb20&#8243;][vc_column_text]Lunes a viernes \u2013 9:00 a 14:00[\/vc_column_text][\/vc_column][\/vc_row][vc_row][vc_column][vc_single_image image=\u00bb3694&#8243; img_size=\u00bbfull\u00bb alignment=\u00bbcenter\u00bb][\/vc_column][\/vc_row]<\/p>\n<\/section>","protected":false},"excerpt":{"rendered":"<p>[vc_row full_width=\u00bbstretch_row\u00bb css=\u00bb.vc_custom_1600335948372{padding-top: 20px !important;background-image: url(https:\/\/fg.ull.es\/portal\/gdi\/wp-content\/uploads\/sites\/2\/2020\/09\/gdi-innovacion-cabecera@2x.jpg?id=4090) !important;background-position: center !important;background-repeat: no-repeat !important;background-size: cover !important;}\u00bb][vc_column css=\u00bb.vc_custom_1599735159455{margin-top: 60px !important;margin-bottom: 60px !important;}\u00bb][vc_row_inner][vc_column_inner width=\u00bb1\/2&#8243;][vc_single_image image=\u00bb3915&#8243; img_size=\u00bbfull\u00bb css=\u00bb.vc_custom_1600333178744{margin-bottom: 40px !important;padding-right: 10% !important;}\u00bb][\/vc_column_inner][vc_column_inner width=\u00bb1\/2&#8243;][vc_column_text el_class=\u00bbgdi-frase-cabecera\u00bb css=\u00bb.vc_custom_1604569911556{margin-bottom: 30px !important;}\u00bb]Promoci\u00f3n de la innovaci\u00f3n (N1)[\/vc_column_text][vc_column_text] \u00daltima convocatoria Diciembre 2020 02\/12\/2020 &#8211; 16\/12\/2020 [\/vc_column_text][vc_column_text]Sesi\u00f3n Online 2 de diciembre 2020 &#8211; 2 horas de duraci\u00f3n (Obligatoria)[\/vc_column_text][vc_btn title=\u00bbINSCR\u00cdBETE&#8230;<\/p>\n","protected":false},"author":11,"featured_media":0,"parent":0,"menu_order":0,"comment_status":"closed","ping_status":"closed","template":"templates\/template-frontpage.php","meta":{"footnotes":""},"yoast_head":"<!-- This site is optimized with the Yoast SEO plugin v21.1 - https:\/\/yoast.com\/wordpress\/plugins\/seo\/ -->\n<title>Cursos Gesti\u00f3n de la Innovaci\u00f3n - Programa de Gestores de la Innovaci\u00f3n<\/title>\n<meta name=\"robots\" content=\"index, follow, max-snippet:-1, max-image-preview:large, max-video-preview:-1\" \/>\n<link rel=\"canonical\" href=\"https:\/\/fg.ull.es\/portal\/gdi\/cursos-gestion-de-la-innovacion\/\" \/>\n<meta property=\"og:locale\" content=\"es_ES\" \/>\n<meta property=\"og:type\" content=\"article\" \/>\n<meta property=\"og:title\" content=\"Cursos Gesti\u00f3n de la Innovaci\u00f3n - Programa de Gestores de la Innovaci\u00f3n\" \/>\n<meta property=\"og:description\" content=\"[vc_row full_width=\u00bbstretch_row\u00bb css=\u00bb.vc_custom_1600335948372{padding-top: 20px !important;background-image: url(https:\/\/fg.ull.es\/portal\/gdi\/wp-content\/uploads\/sites\/2\/2020\/09\/gdi-innovacion-cabecera@2x.jpg?id=4090) !important;background-position: center !important;background-repeat: no-repeat !important;background-size: cover !important;}\u00bb][vc_column css=\u00bb.vc_custom_1599735159455{margin-top: 60px !important;margin-bottom: 60px !important;}\u00bb][vc_row_inner][vc_column_inner width=\u00bb1\/2&#8243;][vc_single_image image=\u00bb3915&#8243; img_size=\u00bbfull\u00bb css=\u00bb.vc_custom_1600333178744{margin-bottom: 40px !important;padding-right: 10% !important;}\u00bb][\/vc_column_inner][vc_column_inner width=\u00bb1\/2&#8243;][vc_column_text el_class=\u00bbgdi-frase-cabecera\u00bb css=\u00bb.vc_custom_1604569911556{margin-bottom: 30px !important;}\u00bb]Promoci\u00f3n de la innovaci\u00f3n (N1)[\/vc_column_text][vc_column_text] \u00daltima convocatoria Diciembre 2020 02\/12\/2020 &#8211; 16\/12\/2020 [\/vc_column_text][vc_column_text]Sesi\u00f3n Online 2 de diciembre 2020 &#8211; 2 horas de duraci\u00f3n (Obligatoria)[\/vc_column_text][vc_btn title=\u00bbINSCR\u00cdBETE...\" \/>\n<meta property=\"og:url\" content=\"https:\/\/fg.ull.es\/portal\/gdi\/cursos-gestion-de-la-innovacion\/\" \/>\n<meta property=\"og:site_name\" content=\"Programa de Gestores de la Innovaci\u00f3n\" \/>\n<meta property=\"article:modified_time\" content=\"2020-11-05T14:30:40+00:00\" \/>\n<meta name=\"twitter:card\" content=\"summary_large_image\" \/>\n<meta name=\"twitter:label1\" content=\"Est. reading time\" \/>\n\t<meta name=\"twitter:data1\" content=\"6 minutos\" \/>\n<script type=\"application\/ld+json\" class=\"yoast-schema-graph\">{\"@context\":\"https:\/\/schema.org\",\"@graph\":[{\"@type\":\"WebPage\",\"@id\":\"https:\/\/fg.ull.es\/portal\/gdi\/cursos-gestion-de-la-innovacion\/\",\"url\":\"https:\/\/fg.ull.es\/portal\/gdi\/cursos-gestion-de-la-innovacion\/\",\"name\":\"Cursos Gesti\u00f3n de la Innovaci\u00f3n - Programa de Gestores de la Innovaci\u00f3n\",\"isPartOf\":{\"@id\":\"https:\/\/fg.ull.es\/portal\/gdi\/#website\"},\"datePublished\":\"2020-10-05T14:14:26+00:00\",\"dateModified\":\"2020-11-05T14:30:40+00:00\",\"breadcrumb\":{\"@id\":\"https:\/\/fg.ull.es\/portal\/gdi\/cursos-gestion-de-la-innovacion\/#breadcrumb\"},\"inLanguage\":\"es\",\"potentialAction\":[{\"@type\":\"ReadAction\",\"target\":[\"https:\/\/fg.ull.es\/portal\/gdi\/cursos-gestion-de-la-innovacion\/\"]}]},{\"@type\":\"BreadcrumbList\",\"@id\":\"https:\/\/fg.ull.es\/portal\/gdi\/cursos-gestion-de-la-innovacion\/#breadcrumb\",\"itemListElement\":[{\"@type\":\"ListItem\",\"position\":1,\"name\":\"Portada\",\"item\":\"https:\/\/fg.ull.es\/portal\/gdi\/\"},{\"@type\":\"ListItem\",\"position\":2,\"name\":\"Cursos Gesti\u00f3n de la Innovaci\u00f3n\"}]},{\"@type\":\"WebSite\",\"@id\":\"https:\/\/fg.ull.es\/portal\/gdi\/#website\",\"url\":\"https:\/\/fg.ull.es\/portal\/gdi\/\",\"name\":\"Programa de Gestores de la Innovaci\u00f3n\",\"description\":\"\",\"publisher\":{\"@id\":\"https:\/\/fg.ull.es\/portal\/gdi\/#organization\"},\"potentialAction\":[{\"@type\":\"SearchAction\",\"target\":{\"@type\":\"EntryPoint\",\"urlTemplate\":\"https:\/\/fg.ull.es\/portal\/gdi\/?s={search_term_string}\"},\"query-input\":\"required name=search_term_string\"}],\"inLanguage\":\"es\"},{\"@type\":\"Organization\",\"@id\":\"https:\/\/fg.ull.es\/portal\/gdi\/#organization\",\"name\":\"FUNDACI\u00d3N CANARIA GENERAL UNIVERSIDAD DE LA LAGUNA\",\"url\":\"https:\/\/fg.ull.es\/portal\/gdi\/\",\"logo\":{\"@type\":\"ImageObject\",\"inLanguage\":\"es\",\"@id\":\"https:\/\/fg.ull.es\/portal\/gdi\/#\/schema\/logo\/image\/\",\"url\":\"https:\/\/fg.ull.es\/portal\/gdi\/wp-content\/uploads\/sites\/2\/2020\/04\/FAVICON.png\",\"contentUrl\":\"https:\/\/fg.ull.es\/portal\/gdi\/wp-content\/uploads\/sites\/2\/2020\/04\/FAVICON.png\",\"width\":512,\"height\":512,\"caption\":\"FUNDACI\u00d3N CANARIA GENERAL UNIVERSIDAD DE LA LAGUNA\"},\"image\":{\"@id\":\"https:\/\/fg.ull.es\/portal\/gdi\/#\/schema\/logo\/image\/\"}}]}<\/script>\n<!-- \/ Yoast SEO plugin. -->","yoast_head_json":{"title":"Cursos Gesti\u00f3n de la Innovaci\u00f3n - Programa de Gestores de la Innovaci\u00f3n","robots":{"index":"index","follow":"follow","max-snippet":"max-snippet:-1","max-image-preview":"max-image-preview:large","max-video-preview":"max-video-preview:-1"},"canonical":"https:\/\/fg.ull.es\/portal\/gdi\/cursos-gestion-de-la-innovacion\/","og_locale":"es_ES","og_type":"article","og_title":"Cursos Gesti\u00f3n de la Innovaci\u00f3n - Programa de Gestores de la Innovaci\u00f3n","og_description":"[vc_row full_width=\u00bbstretch_row\u00bb css=\u00bb.vc_custom_1600335948372{padding-top: 20px !important;background-image: url(https:\/\/fg.ull.es\/portal\/gdi\/wp-content\/uploads\/sites\/2\/2020\/09\/gdi-innovacion-cabecera@2x.jpg?id=4090) !important;background-position: center !important;background-repeat: no-repeat !important;background-size: cover !important;}\u00bb][vc_column css=\u00bb.vc_custom_1599735159455{margin-top: 60px !important;margin-bottom: 60px !important;}\u00bb][vc_row_inner][vc_column_inner width=\u00bb1\/2&#8243;][vc_single_image image=\u00bb3915&#8243; img_size=\u00bbfull\u00bb css=\u00bb.vc_custom_1600333178744{margin-bottom: 40px !important;padding-right: 10% !important;}\u00bb][\/vc_column_inner][vc_column_inner width=\u00bb1\/2&#8243;][vc_column_text el_class=\u00bbgdi-frase-cabecera\u00bb css=\u00bb.vc_custom_1604569911556{margin-bottom: 30px !important;}\u00bb]Promoci\u00f3n de la innovaci\u00f3n (N1)[\/vc_column_text][vc_column_text] \u00daltima convocatoria Diciembre 2020 02\/12\/2020 &#8211; 16\/12\/2020 [\/vc_column_text][vc_column_text]Sesi\u00f3n Online 2 de diciembre 2020 &#8211; 2 horas de duraci\u00f3n (Obligatoria)[\/vc_column_text][vc_btn title=\u00bbINSCR\u00cdBETE...","og_url":"https:\/\/fg.ull.es\/portal\/gdi\/cursos-gestion-de-la-innovacion\/","og_site_name":"Programa de Gestores de la Innovaci\u00f3n","article_modified_time":"2020-11-05T14:30:40+00:00","twitter_card":"summary_large_image","twitter_misc":{"Est. reading time":"6 minutos"},"schema":{"@context":"https:\/\/schema.org","@graph":[{"@type":"WebPage","@id":"https:\/\/fg.ull.es\/portal\/gdi\/cursos-gestion-de-la-innovacion\/","url":"https:\/\/fg.ull.es\/portal\/gdi\/cursos-gestion-de-la-innovacion\/","name":"Cursos Gesti\u00f3n de la Innovaci\u00f3n - Programa de Gestores de la Innovaci\u00f3n","isPartOf":{"@id":"https:\/\/fg.ull.es\/portal\/gdi\/#website"},"datePublished":"2020-10-05T14:14:26+00:00","dateModified":"2020-11-05T14:30:40+00:00","breadcrumb":{"@id":"https:\/\/fg.ull.es\/portal\/gdi\/cursos-gestion-de-la-innovacion\/#breadcrumb"},"inLanguage":"es","potentialAction":[{"@type":"ReadAction","target":["https:\/\/fg.ull.es\/portal\/gdi\/cursos-gestion-de-la-innovacion\/"]}]},{"@type":"BreadcrumbList","@id":"https:\/\/fg.ull.es\/portal\/gdi\/cursos-gestion-de-la-innovacion\/#breadcrumb","itemListElement":[{"@type":"ListItem","position":1,"name":"Portada","item":"https:\/\/fg.ull.es\/portal\/gdi\/"},{"@type":"ListItem","position":2,"name":"Cursos Gesti\u00f3n de la Innovaci\u00f3n"}]},{"@type":"WebSite","@id":"https:\/\/fg.ull.es\/portal\/gdi\/#website","url":"https:\/\/fg.ull.es\/portal\/gdi\/","name":"Programa de Gestores de la Innovaci\u00f3n","description":"","publisher":{"@id":"https:\/\/fg.ull.es\/portal\/gdi\/#organization"},"potentialAction":[{"@type":"SearchAction","target":{"@type":"EntryPoint","urlTemplate":"https:\/\/fg.ull.es\/portal\/gdi\/?s={search_term_string}"},"query-input":"required name=search_term_string"}],"inLanguage":"es"},{"@type":"Organization","@id":"https:\/\/fg.ull.es\/portal\/gdi\/#organization","name":"FUNDACI\u00d3N CANARIA GENERAL UNIVERSIDAD DE LA LAGUNA","url":"https:\/\/fg.ull.es\/portal\/gdi\/","logo":{"@type":"ImageObject","inLanguage":"es","@id":"https:\/\/fg.ull.es\/portal\/gdi\/#\/schema\/logo\/image\/","url":"https:\/\/fg.ull.es\/portal\/gdi\/wp-content\/uploads\/sites\/2\/2020\/04\/FAVICON.png","contentUrl":"https:\/\/fg.ull.es\/portal\/gdi\/wp-content\/uploads\/sites\/2\/2020\/04\/FAVICON.png","width":512,"height":512,"caption":"FUNDACI\u00d3N CANARIA GENERAL UNIVERSIDAD DE LA LAGUNA"},"image":{"@id":"https:\/\/fg.ull.es\/portal\/gdi\/#\/schema\/logo\/image\/"}}]}},"_links":{"self":[{"href":"https:\/\/fg.ull.es\/portal\/gdi\/wp-json\/wp\/v2\/pages\/4448"}],"collection":[{"href":"https:\/\/fg.ull.es\/portal\/gdi\/wp-json\/wp\/v2\/pages"}],"about":[{"href":"https:\/\/fg.ull.es\/portal\/gdi\/wp-json\/wp\/v2\/types\/page"}],"author":[{"embeddable":true,"href":"https:\/\/fg.ull.es\/portal\/gdi\/wp-json\/wp\/v2\/users\/11"}],"replies":[{"embeddable":true,"href":"https:\/\/fg.ull.es\/portal\/gdi\/wp-json\/wp\/v2\/comments?post=4448"}],"version-history":[{"count":53,"href":"https:\/\/fg.ull.es\/portal\/gdi\/wp-json\/wp\/v2\/pages\/4448\/revisions"}],"predecessor-version":[{"id":4584,"href":"https:\/\/fg.ull.es\/portal\/gdi\/wp-json\/wp\/v2\/pages\/4448\/revisions\/4584"}],"wp:attachment":[{"href":"https:\/\/fg.ull.es\/portal\/gdi\/wp-json\/wp\/v2\/media?parent=4448"}],"curies":[{"name":"wp","href":"https:\/\/api.w.org\/{rel}","templated":true}]}}