{"id":4245,"date":"2020-09-17T18:56:44","date_gmt":"2020-09-17T18:56:44","guid":{"rendered":"https:\/\/fg.ull.es\/portal\/gdi\/?page_id=4245"},"modified":"2022-12-28T15:41:57","modified_gmt":"2022-12-28T15:41:57","slug":"formacion-de-transformacion-digital","status":"publish","type":"page","link":"https:\/\/fg.ull.es\/portal\/gdi\/formacion-de-transformacion-digital\/","title":{"rendered":"Formaci\u00f3n de Transformaci\u00f3n Digital"},"content":{"rendered":"<section class=\"wpb-content-wrapper\"><p>[vc_row full_width=\u00bbstretch_row\u00bb css=\u00bb.vc_custom_1600369052813{padding-top: 20px !important;background-image: url(https:\/\/fg.ull.es\/portal\/gdi\/wp-content\/uploads\/sites\/2\/2020\/09\/gdi-transformacion-cabecera@2x.jpg?id=4213) !important;background-position: center !important;background-repeat: no-repeat !important;background-size: cover !important;}\u00bb][vc_column css=\u00bb.vc_custom_1599735159455{margin-top: 60px !important;margin-bottom: 60px !important;}\u00bb][vc_row_inner][vc_column_inner width=\u00bb1\/2&#8243;][vc_single_image image=\u00bb3917&#8243; img_size=\u00bbfull\u00bb css=\u00bb.vc_custom_1600369076819{margin-bottom: 40px !important;padding-right: 10% !important;}\u00bb][\/vc_column_inner][vc_column_inner width=\u00bb1\/2&#8243;][vc_column_text el_class=\u00bbgdi-frase-cabecera\u00bb css=\u00bb.vc_custom_1600349354068{margin-bottom: 40px !important;}\u00bb]<strong>\u201c<\/strong><em>\u00bfEst\u00e1s <strong>preparad@<\/strong> para<br \/>\nel nuevo <strong>mundo laboral<\/strong>?<\/em><strong>\u201d<\/strong>[\/vc_column_text][vc_btn title=\u00bbSOLICITAR INFORMACI\u00d3N\u00bb style=\u00bbcustom\u00bb custom_background=\u00bb#3a245c\u00bb custom_text=\u00bb#ffffff\u00bb shape=\u00bbsquare\u00bb size=\u00bbxs\u00bb el_class=\u00bbgdi-boton-s popmake-6171&#8243;][vc_empty_space height=\u00bb20px\u00bb][vc_btn title=\u00bbPR\u00d3XIMOS CURSOS\u00bb style=\u00bbcustom\u00bb custom_background=\u00bb#ffffff\u00bb custom_text=\u00bb#000000&#8243; shape=\u00bbsquare\u00bb size=\u00bbxs\u00bb el_class=\u00bbgdi-boton-s\u00bb link=\u00bburl:%23proxFormaciones\u00bb][\/vc_column_inner][\/vc_row_inner][\/vc_column][\/vc_row][vc_row full_width=\u00bbstretch_row\u00bb parallax=\u00bbcontent-moving\u00bb parallax_image=\u00bb4208&#8243; css=\u00bb.vc_custom_1600369214213{background-position: 0 0;background-repeat:epeat;}\u00bb el_class=\u00bbgdi-home-intro\u00bb][vc_column css=\u00bb.vc_custom_1599750172297{margin-top: 60px !important;margin-bottom: 40px !important;}\u00bb][vc_row_inner][vc_column_inner width=\u00bb1\/2&#8243;][vc_video link=\u00bbhttps:\/\/www.youtube.com\/watch?v=XlZcwgLBbTQ\u00bb align=\u00bbcenter\u00bb][\/vc_column_inner][vc_column_inner width=\u00bb1\/2&#8243;][vc_column_text el_class=\u00bbgdi-titulo-principal\u00bb]<\/p>\n<h1>FORMACI\u00d3N DE TRANSFORMACI\u00d3N DIGITAL<\/h1>\n<p>[\/vc_column_text][vc_column_text]Gesti\u00f3n de la innovaci\u00f3n en transformaci\u00f3n digital es una formaci\u00f3n de car\u00e1cter gratuito que persigue capacitar al alumnado en habilidades orientadas a la gesti\u00f3n de la transformaci\u00f3n digital en las empresas. Se trata de una formaci\u00f3n eminentemente pr\u00e1ctica y con casos reales, con la finalidad de inculcar la importancia que representa la transformaci\u00f3n digital en el futuro de la econom\u00eda de las islas.<\/p>\n<p>La formaci\u00f3n est\u00e1 conformada por varios niveles dise\u00f1ados de tal forma que los participantes adquieran los conocimientos necesarios y sean capaces de aplicarlos a los procesos de transformaci\u00f3n digital de las empresas.[\/vc_column_text][\/vc_column_inner][\/vc_row_inner][\/vc_column][\/vc_row][vc_row full_width=\u00bbstretch_row\u00bb css=\u00bb.vc_custom_1600334231563{padding-top: 60px !important;background-color: #ededed !important;}\u00bb][vc_column][\/vc_column][\/vc_row][vc_row full_width=\u00bbstretch_row\u00bb gap=\u00bb20&#8243; css=\u00bb.vc_custom_1600334244488{padding-bottom: 40px !important;background-color: #ededed !important;}\u00bb][vc_column width=\u00bb1\/2&#8243; el_id=\u00bbproxFormaciones\u00bb][vc_column_text el_class=\u00bbgdi-titulo-secundario\u00bb]<\/p>\n<h2><span style=\"color: #3a245c\">PR\u00d3XIMAS FORMACIONES ONLINE<\/span><\/h2>\n<p>[\/vc_column_text][vc_row_inner equal_height=\u00bbyes\u00bb css=\u00bb.vc_custom_1600162279502{margin-bottom: 10px !important;}\u00bb el_class=\u00bbgdi-cajas-agenda\u00bb][vc_column_inner width=\u00bb1\/4&#8243; css=\u00bb.vc_custom_1600167028965{padding-top: 15px !important;background-color: #da531d !important;}\u00bb][vc_column_text]<\/p>\n<div class=\"caja-fecha\">\n<p class=\"xxx\"><span class=\"fecha-xl\">22\/12\/22<\/span><\/p>\n<p><span class=\"mes-xl\">Diciembre<\/span><\/p>\n<p><span class=\"fecha-xs\">22\/12\/2022 &#8211; 10\/01<\/span><span class=\"fecha-xs\">\/2023<\/span><\/p>\n<p><span class=\"inscripcion\" style=\"color: #ffcc00\">INSCRIPCI\u00d3N CERRADA<\/span><\/p>\n<\/div>\n<p>[\/vc_column_text][\/vc_column_inner][vc_column_inner width=\u00bb3\/4&#8243; css=\u00bb.vc_custom_1600162897915{padding-top: 15px !important;background-color: #d8d8d8 !important;}\u00bb][vc_column_text]<\/p>\n<div class=\"caja-texto\">\n<p class=\"titulo\"><a href=\"https:\/\/sede.fg.ull.es\/es\/curso\/detalle\/a22120571\/promocion-digital-n1\" target=\"_blank\" rel=\"noopener noreferrer\">Promoci\u00f3n digital (N1)<\/a><\/p>\n<p class=\"datos\">Horas te\u00f3ricas online: 2 &#8211; Horas pr\u00e1cticas online: 18<\/p>\n<p>Sesi\u00f3n Online (2h):\u00a0 22 de diciembre 2022 (Obligatoria)<\/p>\n<\/div>\n<p>[\/vc_column_text][\/vc_column_inner][\/vc_row_inner][\/vc_column][vc_column width=\u00bb1\/2&#8243;][vc_column_text el_class=\u00bbgdi-titulo-secundario\u00bb]<\/p>\n<h2><span style=\"color: #3a245c\">FORMACIONES ANTERIORES<\/span><\/h2>\n<p>[\/vc_column_text][vc_row_inner equal_height=\u00bbyes\u00bb css=\u00bb.vc_custom_1600162279502{margin-bottom: 10px !important;}\u00bb el_class=\u00bbgdi-cajas-agenda\u00bb][vc_column_inner width=\u00bb1\/4&#8243; css=\u00bb.vc_custom_1600167028965{padding-top: 15px !important;background-color: #da531d !important;}\u00bb][vc_column_text]<\/p>\n<div class=\"caja-fecha\">\n<p><span class=\"fecha-xl\">14\/15<\/span><\/p>\n<p>Diciembre<\/p>\n<p><span class=\"fecha-xs\">14\/12\/2022 &#8211; 08\/01\/2023<\/span><\/p>\n<p><span class=\"inscripcion\" style=\"color: #ffcc00\">INSCRIPCI\u00d3N CERRADA<\/span><\/p>\n<\/div>\n<p>[\/vc_column_text][\/vc_column_inner][vc_column_inner width=\u00bb3\/4&#8243; css=\u00bb.vc_custom_1600162897915{padding-top: 15px !important;background-color: #d8d8d8 !important;}\u00bb][vc_column_text]<\/p>\n<div class=\"caja-texto\">\n<p class=\"titulo\"><a href=\"https:\/\/sede.fg.ull.es\/es\/curso\/detalle\/a22120525\/consultoria-digital-n3\" target=\"_blank\" rel=\"noopener noreferrer\">Consultor\u00eda digital (Nivel 3)<\/a><\/p>\n<p>Horas te\u00f3ricas online: 8 &#8211; pr\u00e1cticas online: 32<\/p>\n<p>Sesiones Online (8h):\u00a0 14 y 15 de diciembre de 2022 (Obligatorias)<\/p>\n<\/div>\n<p>[\/vc_column_text][\/vc_column_inner][\/vc_row_inner][vc_row_inner equal_height=\u00bbyes\u00bb css=\u00bb.vc_custom_1600162279502{margin-bottom: 10px !important;}\u00bb el_class=\u00bbgdi-cajas-agenda\u00bb][vc_column_inner width=\u00bb1\/4&#8243; css=\u00bb.vc_custom_1600167028965{padding-top: 15px !important;background-color: #da531d !important;}\u00bb][vc_column_text]<\/p>\n<div class=\"caja-fecha\">\n<p class=\"xxx\"><span class=\"fecha-xl\">30\/11\/22 &#8211; 01\/12\/22<\/span><\/p>\n<p><span class=\"fecha-xs\">30\/11<\/span><span class=\"fecha-xs\">\/2022 &#8211; 09\/01\/2023<\/span><\/p>\n<p><span class=\"inscripcion\" style=\"color: #ffcc00\">INSCRIPCI\u00d3N CERRADA<\/span><\/p>\n<\/div>\n<p>[\/vc_column_text][\/vc_column_inner][vc_column_inner width=\u00bb3\/4&#8243; css=\u00bb.vc_custom_1600162897915{padding-top: 15px !important;background-color: #d8d8d8 !important;}\u00bb][vc_column_text]<\/p>\n<div class=\"caja-texto\">\n<p class=\"titulo\"><a href=\"https:\/\/sede.fg.ull.es\/es\/curso\/detalle\/a22120531\/promocion-y-gestion-digital-n1-y-n2\" target=\"_blank\" rel=\"noopener noreferrer\">Promoci\u00f3n y Gesti\u00f3n digital (N1 y N2)<\/a><\/p>\n<p>Horas te\u00f3ricas online: 4 &#8211; pr\u00e1cticas online: 56<\/p>\n<p>Sesiones Online (4 horas):\u00a0 30 de noviembre y 01 de diciembre de 2022 (Obligatorias)<\/p>\n<\/div>\n<p>[\/vc_column_text][\/vc_column_inner][\/vc_row_inner][vc_row_inner equal_height=\u00bbyes\u00bb css=\u00bb.vc_custom_1600162279502{margin-bottom: 10px !important;}\u00bb el_class=\u00bbgdi-cajas-agenda\u00bb][vc_column_inner width=\u00bb1\/4&#8243; css=\u00bb.vc_custom_1600167028965{padding-top: 15px !important;background-color: #da531d !important;}\u00bb][vc_column_text]<\/p>\n<div class=\"caja-fecha\">\n<p class=\"xxx\"><span class=\"fecha-xl\">11\/11\/22<\/span><\/p>\n<p><span class=\"mes-xl\">Noviembre<\/span><\/p>\n<p><span class=\"fecha-xs\">11\/11\/2022 &#8211; 11\/12<\/span><span class=\"fecha-xs\">\/2022<\/span><\/p>\n<p><span class=\"inscripcion\" style=\"color: #ffcc00\">INSCRIPCI\u00d3N CERRADA<\/span><\/p>\n<\/div>\n<p>[\/vc_column_text][\/vc_column_inner][vc_column_inner width=\u00bb3\/4&#8243; css=\u00bb.vc_custom_1600162897915{padding-top: 15px !important;background-color: #d8d8d8 !important;}\u00bb][vc_column_text]<\/p>\n<div class=\"caja-texto\">\n<p class=\"titulo\"><a href=\"https:\/\/sede.fg.ull.es\/es\/curso\/detalle\/a22120482\/promocion-digital-n1\" target=\"_blank\" rel=\"noopener noreferrer\">Promoci\u00f3n digital (N1)<\/a><\/p>\n<p class=\"datos\">Horas te\u00f3ricas online: 2 &#8211; Horas pr\u00e1cticas online: 18<\/p>\n<p>Sesi\u00f3n Online (2h):\u00a0 11 de noviembre 2022 (Obligatoria)<\/p>\n<\/div>\n<p>[\/vc_column_text][\/vc_column_inner][\/vc_row_inner][vc_row_inner equal_height=\u00bbyes\u00bb css=\u00bb.vc_custom_1600162279502{margin-bottom: 10px !important;}\u00bb el_class=\u00bbgdi-cajas-agenda\u00bb][vc_column_inner width=\u00bb1\/4&#8243; css=\u00bb.vc_custom_1600167028965{padding-top: 15px !important;background-color: #da531d !important;}\u00bb][vc_column_text]<\/p>\n<div class=\"caja-fecha\">\n<p class=\"xxx\"><span class=\"fecha-xl\">24\/10\/22<\/span><\/p>\n<p><span class=\"mes-xl\">Octubre<\/span><\/p>\n<p><span class=\"fecha-xs\">24\/10\/2022 &#8211; 20\/11\/2022<\/span><\/p>\n<p><span class=\"inscripcion\" style=\"color: #ffcc00\">INSCRIPCI\u00d3N CERRADA<\/span><\/p>\n<\/div>\n<p>[\/vc_column_text][\/vc_column_inner][vc_column_inner width=\u00bb3\/4&#8243; css=\u00bb.vc_custom_1600162897915{padding-top: 15px !important;background-color: #d8d8d8 !important;}\u00bb][vc_column_text]<\/p>\n<div class=\"caja-texto\">\n<p class=\"titulo\"><a href=\"https:\/\/sede.fg.ull.es\/es\/curso\/detalle\/a22120368\/promocion-de-la-ciudadania-digital-n1\" target=\"_blank\" rel=\"noopener noreferrer\">Promoci\u00f3n de la Ciudadan\u00eda digital (N1)<\/a><\/p>\n<p class=\"datos\">Horas te\u00f3ricas online: 2 &#8211; Horas pr\u00e1cticas online: 18<\/p>\n<p>Sesiones Online (2 horas):\u00a0 24 de octubre de 2022 (Obligatorias)<\/p>\n<\/div>\n<p>[\/vc_column_text][\/vc_column_inner][\/vc_row_inner][\/vc_column][\/vc_row][vc_row full_width=\u00bbstretch_row\u00bb css=\u00bb.vc_custom_1600369326973{padding-top: 60px !important;padding-bottom: 60px !important;background-color: #da531d !important;}\u00bb][vc_column][vc_column_text el_class=\u00bbgdi-titulo-secundario\u00bb css=\u00bb.vc_custom_1630483343723{margin-bottom: 20px !important;}\u00bb]<\/p>\n<h2><span style=\"color: #3a245c\">DATOS DE LA FORMACI\u00d3N<\/span><\/h2>\n<p>[\/vc_column_text][vc_row_inner][vc_column_inner width=\u00bb1\/2&#8243;][vc_column_text el_class=\u00bbgdi-datos-subtitulo\u00bb]<\/p>\n<h3><img decoding=\"async\" loading=\"lazy\" class=\"wp-image-4150 size-full\" src=\"https:\/\/fg.ull.es\/portal\/gdi\/wp-content\/uploads\/sites\/2\/2020\/09\/gdi-icono-dirige-r.png\" alt=\"\" width=\"50\" height=\"50\" \/>\u00a0 \u00bfA QUI\u00c9N SE DIRIGE?<\/h3>\n<p>[\/vc_column_text][vc_column_text]<span style=\"color: #f2f2f2\">El\u00a0<strong>Programa<\/strong>\u00a0se dirige a egresados\/as universitarios\/as, trabajadores\/as o estudiantes de los dos \u00faltimos cursos de la carrera universitaria que se encuentren inscritos\/as como demandante o en situaci\u00f3n de mejora de empleo en el Servicio Canario de Empleo (SCE) y que tengan inquietudes por formarse en materia de Innovaci\u00f3n y de Transformaci\u00f3n Digital o inter\u00e9s en transformar digitalmente su empresa para mejorar la productividad.<\/span>[\/vc_column_text][\/vc_column_inner][vc_column_inner width=\u00bb1\/2&#8243;][vc_column_text el_class=\u00bbgdi-datos-subtitulo\u00bb]<\/p>\n<h3><img decoding=\"async\" loading=\"lazy\" class=\"wp-image-4151 size-full\" src=\"https:\/\/fg.ull.es\/portal\/gdi\/wp-content\/uploads\/sites\/2\/2020\/09\/gdi-icono-ofrece-r.png\" alt=\"\" width=\"50\" height=\"50\" \/>\u00a0 \u00bfQU\u00c9 OFRECE?<\/h3>\n<p>[\/vc_column_text][vc_column_text]<\/p>\n<ul style=\"color: #f2f2f2\">\n<li><span style=\"color: #f2f2f2\"><strong>Una formaci\u00f3n de primer nivel, gratuita y con certificaci\u00f3n.\u00a0<\/strong>Tanto si tienes experiencia como si no, realizar esta formaci\u00f3n mejorar\u00e1 exponencialmente tu curr\u00edculum.<\/span><\/li>\n<li><span style=\"color: #f2f2f2\"><strong>Una red de contactos especializada y a nivel regional.<\/strong><\/span><\/li>\n<li><span style=\"color: #f2f2f2\"><strong>La posibilidad de realizar pr\u00e1cticas remuneradas que pueden ser el trampol\u00edn a una posterior inserci\u00f3n laboral.<\/strong><\/span><\/li>\n<\/ul>\n<p>[\/vc_column_text][\/vc_column_inner][\/vc_row_inner][vc_column_text el_class=\u00bbgdi-datos-subtitulo\u00bb]<\/p>\n<h3><img decoding=\"async\" loading=\"lazy\" class=\"wp-image-4149 size-full\" src=\"https:\/\/fg.ull.es\/portal\/gdi\/wp-content\/uploads\/sites\/2\/2020\/09\/gdi-icono-funciona-r.png\" alt=\"\" width=\"50\" height=\"50\" \/>\u00a0 \u00bfC\u00d3MO FUNCIONA?<\/h3>\n<p>[\/vc_column_text][vc_row_inner equal_height=\u00bbyes\u00bb][vc_column_inner width=\u00bb1\/4&#8243;][vc_column_text]<span style=\"color: #f2f2f2\">El Programa desarrollar\u00e1 una formaci\u00f3n dual te\u00f3rico-pr\u00e1ctica con metodolog\u00eda online que se organiza en torno a 3 niveles formativos que deber\u00e1n ser superados para ir accediendo al nivel superior. Igualmente, se incluye en la programaci\u00f3n una convocatoria anual que permitir\u00e1, a un determinado n\u00famero del alumnado que se encuentre en situaci\u00f3n de desempleo y haya superado satisfactoriamente la formaci\u00f3n de todos los niveles, incorporarse en una empresa durante 3 meses como personal en formaci\u00f3n recibiendo durante dicho plazo una remuneraci\u00f3n mensual.<\/span>[\/vc_column_text][\/vc_column_inner][vc_column_inner width=\u00bb1\/4&#8243;][vc_column_text css=\u00bb.vc_custom_1600338648904{margin-top: 0px !important;margin-bottom: 0px !important;padding-top: 15px !important;padding-right: 15px !important;padding-bottom: 15px !important;padding-left: 15px !important;background-color: #ffffff !important;}\u00bb el_class=\u00bbgdi-titulo-secundario\u00bb]<\/p>\n<h3 style=\"text-align: center\"><span style=\"color: #3a245c\">NIVEL 1<\/span><\/h3>\n<p>[\/vc_column_text][vc_column_text css=\u00bb.vc_custom_1600369532834{margin-top: 0px !important;margin-bottom: 0px !important;padding-top: 15px !important;padding-right: 15px !important;padding-bottom: 15px !important;padding-left: 15px !important;background-color: rgba(255,255,255,0.66) !important;*background-color: rgb(255,255,255) !important;}\u00bb el_class=\u00bbgdi-titulo-secundario\u00bb]<\/p>\n<h3 style=\"text-align: center\"><span style=\"color: #3a245c\">Promoci\u00f3n Digital<\/span><\/h3>\n<p>[\/vc_column_text][vc_column_text css=\u00bb.vc_custom_1600369548198{margin-top: 0px !important;margin-bottom: 0px !important;padding-top: 15px !important;padding-right: 15px !important;padding-bottom: 15px !important;padding-left: 15px !important;background-color: rgba(255,255,255,0.33) !important;*background-color: rgb(255,255,255) !important;}\u00bb]Introducci\u00f3n a los conceptos b\u00e1sicos en transformaci\u00f3n digital. El alumno estar\u00e1 capacitado para visualizar las nuevas organizaciones del futuro y comprender los cambios que est\u00e1n transformando los procesos.[\/vc_column_text][\/vc_column_inner][vc_column_inner width=\u00bb1\/4&#8243;][vc_column_text css=\u00bb.vc_custom_1600338943671{margin-top: 0px !important;margin-bottom: 0px !important;padding-top: 15px !important;padding-right: 15px !important;padding-bottom: 15px !important;padding-left: 15px !important;background-color: #ffffff !important;}\u00bb el_class=\u00bbgdi-titulo-secundario\u00bb]<\/p>\n<h3 style=\"text-align: center\"><span style=\"color: #3a245c\">NIVEL 2<\/span><\/h3>\n<p>[\/vc_column_text][vc_column_text css=\u00bb.vc_custom_1600369566568{margin-top: 0px !important;margin-bottom: 0px !important;padding-top: 15px !important;padding-right: 15px !important;padding-bottom: 15px !important;padding-left: 15px !important;background-color: rgba(255,255,255,0.66) !important;*background-color: rgb(255,255,255) !important;}\u00bb el_class=\u00bbgdi-titulo-secundario\u00bb]<\/p>\n<h3 style=\"text-align: center\"><span style=\"color: #3a245c\">Gesti\u00f3n Digital<\/span><\/h3>\n<p>[\/vc_column_text][vc_column_text css=\u00bb.vc_custom_1600369558727{margin-top: 0px !important;margin-bottom: 0px !important;padding-top: 15px !important;padding-right: 15px !important;padding-bottom: 15px !important;padding-left: 15px !important;background-color: rgba(255,255,255,0.33) !important;*background-color: rgb(255,255,255) !important;}\u00bb]Perfil medio que permite introducir nuevos procesos de transformaci\u00f3n digital en las organizaciones, a trav\u00e9s de la identificaci\u00f3n de propuestas, su gesti\u00f3n y planificaci\u00f3n.[\/vc_column_text][\/vc_column_inner][vc_column_inner width=\u00bb1\/4&#8243;][vc_column_text css=\u00bb.vc_custom_1600338949227{margin-top: 0px !important;margin-bottom: 0px !important;padding-top: 15px !important;padding-right: 15px !important;padding-bottom: 15px !important;padding-left: 15px !important;background-color: #ffffff !important;}\u00bb el_class=\u00bbgdi-titulo-secundario\u00bb]<\/p>\n<h3 style=\"text-align: center\"><span style=\"color: #3a245c\">NIVEL 3<\/span><\/h3>\n<p>[\/vc_column_text][vc_column_text css=\u00bb.vc_custom_1600369585445{margin-top: 0px !important;margin-bottom: 0px !important;padding-top: 15px !important;padding-right: 15px !important;padding-bottom: 15px !important;padding-left: 15px !important;background-color: rgba(255,255,255,0.66) !important;*background-color: rgb(255,255,255) !important;}\u00bb el_class=\u00bbgdi-titulo-secundario\u00bb]<\/p>\n<h3 style=\"text-align: center\"><span style=\"color: #3a245c\">Consultor\u00eda Digital<\/span><\/h3>\n<p>[\/vc_column_text][vc_column_text css=\u00bb.vc_custom_1600369578156{margin-top: 0px !important;margin-bottom: 0px !important;padding-top: 15px !important;padding-right: 15px !important;padding-bottom: 15px !important;padding-left: 15px !important;background-color: rgba(255,255,255,0.33) !important;*background-color: rgb(255,255,255) !important;}\u00bb]Perfil para consultor\u00eda en transformaci\u00f3n digital donde se desarrollan acciones de an\u00e1lisis y diagn\u00f3stico, identificaci\u00f3n de oportunidades y elaboraci\u00f3n de propuestas.[\/vc_column_text][\/vc_column_inner][\/vc_row_inner][\/vc_column][\/vc_row][vc_row full_width=\u00bbstretch_row\u00bb css=\u00bb.vc_custom_1600170926163{padding-top: 40px !important;padding-bottom: 40px !important;background-color: #ededed !important;}\u00bb][vc_column][vc_column_text el_class=\u00bbgdi-titulo-secundario\u00bb css=\u00bb.vc_custom_1630483355651{margin-bottom: 20px !important;}\u00bb]<\/p>\n<h2><span style=\"color: #3a245c\">CONTENIDOS DE LA FORMACI\u00d3N<\/span><\/h2>\n<p>[\/vc_column_text][vc_tta_accordion shape=\u00bbsquare\u00bb c_icon=\u00bbtriangle\u00bb active_section=\u00bb1&#8243; collapsible_all=\u00bbtrue\u00bb css=\u00bb.vc_custom_1600340429743{margin-top: 0px !important;}\u00bb el_class=\u00bbgdi-acordeon\u00bb][vc_tta_section title=\u00bbNivel 1: Promoci\u00f3n de la Ciudadan\u00eda Digital\u00bb tab_id=\u00bb1600168496523-dcabfac8-aba6&#8243;][vc_column_text]Se presentar\u00e1n de manera clara y accesible las claves que hacen posible que las personas mejoren sus competencias digitales. Partiendo de la necesidad de desarrollar una estrategia digital, el curso introduce de manera pr\u00e1ctica factores claves, adem\u00e1s de casos e iniciativas llevadas a cabo por las empresas para digitalizar sus funciones principales.<\/p>\n<p>Consta de un curso de 20 horas de duraci\u00f3n, con dos m\u00f3dulos.[\/vc_column_text][vc_column_text]<strong>M\u00f3dulo 1: Habilidades digitales para la transformaci\u00f3n<\/strong><\/p>\n<p><strong>M\u00f3dulo 2: Espacios digitales para la transformaci\u00f3n<\/strong>[\/vc_column_text][\/vc_tta_section][vc_tta_section title=\u00bbNivel 1: Promoci\u00f3n Digital\u00bb tab_id=\u00bb1614593887376-a718088e-ade9&#8243;][vc_column_text]Se presentar\u00e1n de manera clara y accesible las claves que hacen posible que las empresas se conviertan en organizaciones digitales. Partiendo de la necesidad de desarrollar una estrategia digital, el m\u00f3dulo introduce de manera pr\u00e1ctica factores claves, adem\u00e1s de casos e iniciativas llevadas a cabo por las empresas para digitalizar sus funciones principales.<\/p>\n<p>Una vez cursado permite la realizaci\u00f3n del Nivel 2: Gesti\u00f3n digital.<\/p>\n<p>Consta de 2 m\u00f3dulos de 10 horas de duraci\u00f3n cada uno.[\/vc_column_text][vc_column_text]<\/p>\n<ul>\n<li><strong>M\u00f3dulo 1: Introducci\u00f3n a la transformaci\u00f3n digital<br \/>\n<\/strong>Presentaci\u00f3n de los conceptos b\u00e1sicos que componen el proceso de transformaci\u00f3n digital ofreciendo una visi\u00f3n inicial de sus principales elementos (competencias digitales, seguridad, modelos de transformaci\u00f3n digital,&#8230;).<\/li>\n<li><strong>M\u00f3dulo 2: Tecnolog\u00edas para la transformaci\u00f3n digital<br \/>\n<\/strong>Se ofrecer\u00e1 una visi\u00f3n gen\u00e9rica de las tecnolog\u00edas aplicadas en el \u00e1mbito de la transformaci\u00f3n digital. Pudiendo conocer, de esta forma, las principales y m\u00e1s utilizadas tecnolog\u00edas en aquellas empresas que llevan a cabo procesos de innovaci\u00f3n digital (cloud computing, e-commerce, big data,&#8230;).<\/li>\n<\/ul>\n<p>[\/vc_column_text][\/vc_tta_section][vc_tta_section title=\u00bbNivel 2: Gesti\u00f3n Digital\u00bb tab_id=\u00bb1600168496543-d344d81b-e15a\u00bb][vc_column_text]El uso de las Tecnolog\u00edas de la Informaci\u00f3n y la Comunicaci\u00f3n (TIC) ha generado un nuevo \u00e1mbito como es la Econom\u00eda Digital. Las oportunidades estrat\u00e9gicas que estas tecnolog\u00edas presentan para el tejido empresarial son grandes, por ello, es preciso contar con perfiles especializados en la redacci\u00f3n, planificaci\u00f3n y gesti\u00f3n de los procesos de transformaci\u00f3n digital.<\/p>\n<p>Consta de 4 m\u00f3dulos, todos tienen una duraci\u00f3n de 10 horas.[\/vc_column_text][vc_column_text]<\/p>\n<ul>\n<li><strong>M\u00f3dulo 3: Estrategia y cultura digital<br \/>\n<\/strong>La transformaci\u00f3n digital no se debe interpretar como un objetivo en s\u00ed mismo, sino como un proceso de cambio que implica una cultura de constante adaptaci\u00f3n a nuevos retos, abandonando la zona de confort y entendiendo que esta transformaci\u00f3n es una oportunidad para las organizaciones que la llevan a cabo (cultura digital, econom\u00eda digital,&#8230;).<\/li>\n<li><strong>M\u00f3dulo 4: Nuevos modelos de negocios<br \/>\n<\/strong>Las nuevas oportunidades generadas por la Econom\u00eda Digital han propiciado la aparici\u00f3n de modelos de negocio que implican los usos de nuevas herramientas, de t\u00e9cnicas y de estrategias, acordes a estos nuevos procesos digitales imperantes en las econom\u00edas actuales (modelos organizativos, datos abiertos, design thinking, customer experience, econom\u00eda colaborativa,&#8230;).<\/li>\n<li><strong>M\u00f3dulo 5: Ecosistema digital<br \/>\n<\/strong>En el m\u00f3dulo se presentar\u00e1 el concepto de Ecosistema digital y las implicaciones que \u00e9ste tiene para el proceso de transformaci\u00f3n digital (startups, EBTs, tecnolog\u00edas y plataformas digitales,&#8230;).<\/li>\n<li><strong>M\u00f3dulo 6: Marketing digital<br \/>\n<\/strong>El Marketing ha evolucionado y se ha adaptado a las Nuevas Tecnolog\u00edas. Esta evoluci\u00f3n ha producido un nuevo paradigma en el concepto del marketing, pasando de los modelos tradicionales hacia otros m\u00e1s directos amparados en las ventajas que aportan las TIC. En el m\u00f3dulo se presentar\u00e1n los conceptos, los medios y los canales adecuados para realizar las acciones de marketing inherentes a un proceso de transformaci\u00f3n digital (marketing online y m\u00f3vil, m\u00e9tricas y anal\u00edtica web,&#8230;).<\/li>\n<\/ul>\n<p>[\/vc_column_text][\/vc_tta_section][vc_tta_section title=\u00bbNivel 3: Consultor\u00eda Digital\u00bb tab_id=\u00bb1600169047613-02d0aa9a-389e\u00bb][vc_column_text]En este nivel los alumnos recibir\u00e1n una formaci\u00f3n dual te\u00f3rica-pr\u00e1ctica que los capacitar\u00e1 para acometer las acciones de consultor\u00eda digital necesarias para llevar a cabo la transformaci\u00f3n de las empresas hacia el nuevo entorno digital imperante en las econom\u00edas actuales.<\/p>\n<p>Consta de 4 m\u00f3dulos, todos tienen una duraci\u00f3n de 10 horas.[\/vc_column_text][vc_column_text]<\/p>\n<ul>\n<li><strong>M\u00f3dulo 7: Diagn\u00f3stico para la transformaci\u00f3n digital<br \/>\n<\/strong>La evoluci\u00f3n de las econom\u00edas tradicionales hacia las Econom\u00edas Digitales ha generado nuevas oportunidades de negocio para las empresas. Un primer paso para acometer la transformaci\u00f3n digital es la realizaci\u00f3n de un diagn\u00f3stico de la situaci\u00f3n en la que se encuentra la empresa. Para este objetivo es fundamental conocer y aplicar las diferentes herramientas de diagn\u00f3stico (Lienzo, Canvas, Hada\u2026) as\u00ed como identificar las competencias necesarias que deben capacitar al capital humano implicado en estos procesos de transformaci\u00f3n.<\/li>\n<li><strong>M\u00f3dulo 8: Dise\u00f1o de la estrategia para la transformaci\u00f3n digital<br \/>\n<\/strong>En este m\u00f3dulo se tratar\u00e1 el proceso de preparaci\u00f3n y dise\u00f1o de las estrategias \u00f3ptimas para la implementaci\u00f3n de los planes de acci\u00f3n y de los modelos de gesti\u00f3n que se pretenden integrar en la empresa (agenda digital: modelos, implantaci\u00f3n e integraci\u00f3n).<\/li>\n<li><strong>M\u00f3dulo 9: Inteligencia de Negocios Digitales<br \/>\n<\/strong>La organizaci\u00f3n inteligente de los datos generados en una empresa permite incrementar su rendimiento y competitividad. En este m\u00f3dulo se enfatizar\u00e1 el tratamiento y procesado de Big data desde el punto de vista de la inteligencia de negocios digitales. Se aprender\u00e1, tambi\u00e9n, a dise\u00f1ar sistemas de inteligencia de negocio y diferentes metodolog\u00edas de implementaci\u00f3n en las empresas (business intelligence).<\/li>\n<li><strong>M\u00f3dulo 10: Ciberseguridad y finanzas en entornos empresariales<br \/>\n<\/strong>La ciberseguridad est\u00e1 adquiriendo una mayor importancia en un mundo cada vez m\u00e1s digitalizado y ha de tenerse muy en cuenta en el proceso de transformaci\u00f3n digital de toda empresa, siendo la privacidad y la confianza fundamentales para el desarrollo de una econom\u00eda digital. Se dar\u00e1 una amplia visi\u00f3n de las numerosas tecnolog\u00edas que han surgido para intentar mitigar el riesgo, dise\u00f1ando estrategias de ciberseguridad que protejan tanto a las empresas como a los individuos. Por otro lado, la colaboraci\u00f3n entre tecnolog\u00eda y finanzas resulta crucial para la transformaci\u00f3n digital (fintech, bigtech, neobanks, blockchain, moneda digital,&#8230;).<\/li>\n<\/ul>\n<p>[\/vc_column_text][\/vc_tta_section][vc_tta_section title=\u00bbNivel: Experto digital\u00bb tab_id=\u00bb1600370102200-e2cb4590-6216&#8243;][vc_column_text]Se trata de unas formaciones m\u00e1s especializadas y tematizadas que complementan la oferta de Gestores\/as digitales. En \u00e9stas se profundiza a\u00fan m\u00e1s en el detalle de nuevas tendencias en el \u00e1mbito digital, sin ser necesario tener amplios conocimientos t\u00e9cnicos.<\/p>\n<p>Las personas que hayan superado al menos el Nivel 2 de Gesti\u00f3n digital, tendr\u00e1n la oportunidad de superar cualquiera de los 4 expertos de 50 horas dise\u00f1ados al efecto.[\/vc_column_text][vc_column_text]<a href=\"https:\/\/fg.ull.es\/portal\/gdi\/formacion-de-expertos-digitales\/\">Informaci\u00f3n sobre la Formaci\u00f3n de Expertos Digitales<\/a>[\/vc_column_text][\/vc_tta_section][\/vc_tta_accordion][\/vc_column][\/vc_row][vc_section full_width=\u00bbstretch_row\u00bb css=\u00bb.vc_custom_1630434482194{background-image: url(https:\/\/fg.ull.es\/portal\/gdi\/wp-content\/uploads\/sites\/2\/2020\/09\/gdi-transformacino-trama.png?id=4210) !important;}\u00bb][vc_row css=\u00bb.vc_custom_1600339327238{margin-top: 20px !important;margin-bottom: 60px !important;}\u00bb][vc_column][vc_column_text el_class=\u00bbgdi-titulo-secundario\u00bb css=\u00bb.vc_custom_1630483365817{margin-bottom: 20px !important;}\u00bb]<\/p>\n<h2><span style=\"color: #3a245c\">\u00bfTIENES DUDAS SOBRE ESTA FORMACI\u00d3N? CONTACTA CON NOSOTROS<\/span><\/h2>\n<p>[\/vc_column_text][\/vc_column][\/vc_row][vc_row css=\u00bb.vc_custom_1600425960744{margin-top: 30px !important;margin-bottom: 30px !important;}\u00bb][vc_column width=\u00bb2\/3&#8243; el_id=\u00bbcontactTransformacionDigitalForm\u00bb][vc_column_text]<\/p>\n<h3>FORMULARIO DE CONTACTO<\/h3>\n<p>[\/vc_column_text][vc_separator align=\u00bbalign_left\u00bb border_width=\u00bb2&#8243; el_width=\u00bb20&#8243; css=\u00bb.vc_custom_1500545465727{padding-bottom: 30px !important;}\u00bb][vc_column_text]\n<div class=\"wpcf7 no-js\" id=\"wpcf7-f5829-o1\" lang=\"es-ES\" dir=\"ltr\">\n<div class=\"screen-reader-response\"><p role=\"status\" aria-live=\"polite\" aria-atomic=\"true\"><\/p> <ul><\/ul><\/div>\n<form action=\"\/portal\/gdi\/wp-json\/wp\/v2\/pages\/4245#wpcf7-f5829-o1\" method=\"post\" class=\"wpcf7-form init\" aria-label=\"Contact form\" novalidate=\"novalidate\" data-status=\"init\">\n<div style=\"display: none;\">\n<input type=\"hidden\" name=\"_wpcf7\" value=\"5829\" \/>\n<input type=\"hidden\" name=\"_wpcf7_version\" value=\"5.8\" \/>\n<input type=\"hidden\" name=\"_wpcf7_locale\" value=\"es_ES\" \/>\n<input type=\"hidden\" name=\"_wpcf7_unit_tag\" value=\"wpcf7-f5829-o1\" \/>\n<input type=\"hidden\" name=\"_wpcf7_container_post\" value=\"0\" \/>\n<input type=\"hidden\" name=\"_wpcf7_posted_data_hash\" value=\"\" \/>\n<\/div>\n<p><label> Nombre y apellidos<br \/>\n<span class=\"wpcf7-form-control-wrap\" data-name=\"name-surname\"><input size=\"100\" class=\"wpcf7-form-control wpcf7-text wpcf7-validates-as-required contact_formGDI\" aria-required=\"true\" aria-invalid=\"false\" value=\"\" type=\"text\" name=\"name-surname\" \/><\/span> <\/label>\n<\/p>\n<p><label> Correo electr\u00f3nico<br \/>\n<span class=\"wpcf7-form-control-wrap\" data-name=\"email\"><input size=\"100\" class=\"wpcf7-form-control wpcf7-email wpcf7-validates-as-required wpcf7-text wpcf7-validates-as-email contact_formGDI\" aria-required=\"true\" aria-invalid=\"false\" value=\"\" type=\"email\" name=\"email\" \/><\/span> <\/label>\n<\/p>\n<p><label> Tel\u00e9fono<br \/>\n<span class=\"wpcf7-form-control-wrap\" data-name=\"phone\"><input size=\"100\" class=\"wpcf7-form-control wpcf7-tel wpcf7-validates-as-required wpcf7-text wpcf7-validates-as-tel contact_formGDI\" aria-required=\"true\" aria-invalid=\"false\" value=\"\" type=\"tel\" name=\"phone\" \/><\/span> <\/label>\n<\/p>\n<p><label> Asunto<br \/>\n<span class=\"wpcf7-form-control-wrap\" data-name=\"subject\"><input size=\"100\" class=\"wpcf7-form-control wpcf7-text wpcf7-validates-as-required contact_formGDI\" aria-required=\"true\" aria-invalid=\"false\" value=\"\" type=\"text\" name=\"subject\" \/><\/span> <\/label>\n<\/p>\n<p><label> Mensaje (opcional)<br \/>\n<span class=\"wpcf7-form-control-wrap\" data-name=\"message\"><textarea cols=\"100\" rows=\"5\" class=\"wpcf7-form-control wpcf7-textarea contact_formGDI\" aria-invalid=\"false\" name=\"message\"><\/textarea><\/span> <\/label>\n<\/p>\n<p><label> RGPD - LOPD<br \/>\n<span class=\"wpcf7-form-control-wrap\" data-name=\"acceptance-policy\"><span class=\"wpcf7-form-control wpcf7-acceptance\"><span class=\"wpcf7-list-item\"><label><input type=\"checkbox\" name=\"acceptance-policy\" value=\"1\" class=\"check_formGDI\" aria-invalid=\"false\" \/><span class=\"wpcf7-list-item-label\">Acepto el tratamiento de los datos personales recogidos en este formulario de acuerdo con la pol\u00edtica de privacidad de la FGULL.<\/span><\/label><\/span><\/span><\/span> <\/label>\n<\/p>\n<div class=\"consent_personal_data_tratament\">\n\t<p><label>Protecci\u00f3n de datos personales<\/label>\n\t<\/p>\n\t<p>Responsable: Informamos que los datos de car\u00e1cter personal facilitados por los intervinientes en este formulario ser\u00e1n incluidos en los ficheros de FUNDACI\u00d3N CANARIA GENERAL UNIVERSIDAD DE LA LAGUNA, responsable del tratamiento con domicilio en Avenida de la Trinidad, 61 - Aulario Torre Profesor Agust\u00edn Ar\u00e9valo - 38071 S\/C de Tenerife. Puede contactar con el Delegado de Protecci\u00f3n de Datos en la siguiente direcci\u00f3n de correo-e <a href=\"mailto:protecciondedatos@fg.ull.es\">protecciondedatos@fg.ull.es<\/a>\n\t<\/p>\n\t<p>Finalidad: Los datos ser\u00e1n utilizados para la gesti\u00f3n de la presente solicitud, incluyendo con ello el env\u00edo de notificaciones indispensables.\n\t<\/p>\n\t<p>Legitimaci\u00f3n: Consentimiento del interesado.\n\t<\/p>\n\t<p>Destinatarios: Sus datos pueden ser cedidos a otras Entidades Colaboradoras como la Universidad de La Laguna para los fines previstos en la Ley. Asimismo, el titular de los datos se compromete a comunicar cualquier modificaci\u00f3n que sufran los datos facilitados.\n\t<\/p>\n\t<p>Derechos: Pueden ejercer sus derechos de acceso, rectificaci\u00f3n, cancelaci\u00f3n y oposici\u00f3n, portabilidad y limitaci\u00f3n u oposici\u00f3n o retirar el consentimiento en la direcci\u00f3n arriba indicada. Informaci\u00f3n adicional: Puede consultar la informaci\u00f3n adicional y detallada sobre Protecci\u00f3n de Datos en nuestra p\u00e1gina web <a href=\"https:\/\/fg.ull.es\" target=\"_blank\" rel=\"noreferrer noopener\">www.fg.ull.es<\/a>.\n\t<\/p>\n<\/div>\n<p><input class=\"wpcf7-form-control wpcf7-submit has-spinner\" type=\"submit\" value=\"Enviar\" \/>\n<\/p><input type='hidden' class='wpcf7-pum' value='{\"closepopup\":false,\"closedelay\":0,\"openpopup\":false,\"openpopup_id\":0}' \/><div class=\"wpcf7-response-output\" aria-hidden=\"true\"><\/div>\n<\/form>\n<\/div>\n[\/vc_column_text][\/vc_column][vc_column width=\u00bb1\/3&#8243;][vc_column_text]<\/p>\n<h3><strong>M\u00c1S INFORMACI\u00d3N<\/strong><\/h3>\n<p>[\/vc_column_text][vc_separator align=\u00bbalign_left\u00bb border_width=\u00bb2&#8243; el_width=\u00bb20&#8243;][vc_column_text][\/vc_column_text][vc_column_text]<b>Programa GDI<\/b><br \/>\n<span style=\"font-weight: 400\">Email: <\/span><a href=\"mailto:gdi@fg.ull.es\"><span style=\"font-weight: 400\">gdi@fg.ull.es<\/span><\/a>[\/vc_column_text][vc_column_text css=\u00bb.vc_custom_1630483712603{padding-top: 20px !important;}\u00bb]<\/p>\n<h4><strong>D\u00d3NDE ESTAMOS<\/strong><\/h4>\n<p>[\/vc_column_text][vc_separator align=\u00bbalign_left\u00bb border_width=\u00bb2&#8243; el_width=\u00bb20&#8243;][vc_column_text]Avenida de la Trinidad, 61. Aulario Torre<br \/>\nProfesor Agust\u00edn Ar\u00e9valo, Planta 0<\/p>\n<p>Campus Central Universidad de la Laguna,<br \/>\n38071 San Crist\u00f3bal de La Laguna.[\/vc_column_text][vc_column_text css=\u00bb.vc_custom_1630483720556{padding-top: 20px !important;}\u00bb]<\/p>\n<h4><strong>HORARIO<\/strong><\/h4>\n<p>[\/vc_column_text][vc_separator align=\u00bbalign_left\u00bb border_width=\u00bb2&#8243; el_width=\u00bb20&#8243;][vc_column_text]Lunes a viernes \u2013 9:00 a 14:00[\/vc_column_text][\/vc_column][\/vc_row][\/vc_section][vc_row css=\u00bb.vc_custom_1600339327238{margin-top: 20px !important;margin-bottom: 60px !important;}\u00bb][vc_column][vc_column_text el_class=\u00bbgdi-titulo-secundario\u00bb css=\u00bb.vc_custom_1630483498472{margin-bottom: 20px !important;}\u00bb]<\/p>\n<h2><span style=\"color: #3a245c\">OTRAS FORMACIONES<\/span><\/h2>\n<p>[\/vc_column_text][vc_row_inner][vc_column_inner width=\u00bb1\/3&#8243;][vc_single_image image=\u00bb4141&#8243; img_size=\u00bbfull\u00bb alignment=\u00bbcenter\u00bb onclick=\u00bbcustom_link\u00bb link=\u00bbhttps:\/\/fg.ull.es\/portal\/gdi\/formacion-de-gestion-de-la-innovacion\/\u00bb][\/vc_column_inner][vc_column_inner width=\u00bb1\/3&#8243;][vc_single_image image=\u00bb4140&#8243; img_size=\u00bbfull\u00bb alignment=\u00bbcenter\u00bb onclick=\u00bbcustom_link\u00bb link=\u00bbhttps:\/\/fg.ull.es\/portal\/gdi\/formacion-de-transferencia-y-valorizacion\/\u00bb][\/vc_column_inner][vc_column_inner width=\u00bb1\/3&#8243;][vc_single_image image=\u00bb4138&#8243; img_size=\u00bbfull\u00bb alignment=\u00bbcenter\u00bb onclick=\u00bbcustom_link\u00bb link=\u00bbhttps:\/\/fg.ull.es\/portal\/gdi\/formacion-de-expertos-digitales\/\u00bb][\/vc_column_inner][\/vc_row_inner][\/vc_column][\/vc_row]<\/p>\n<\/section>","protected":false},"excerpt":{"rendered":"<p>[vc_row full_width=\u00bbstretch_row\u00bb css=\u00bb.vc_custom_1600369052813{padding-top: 20px !important;background-image: url(https:\/\/fg.ull.es\/portal\/gdi\/wp-content\/uploads\/sites\/2\/2020\/09\/gdi-transformacion-cabecera@2x.jpg?id=4213) !important;background-position: center !important;background-repeat: no-repeat !important;background-size: cover !important;}\u00bb][vc_column css=\u00bb.vc_custom_1599735159455{margin-top: 60px !important;margin-bottom: 60px !important;}\u00bb][vc_row_inner][vc_column_inner width=\u00bb1\/2&#8243;][vc_single_image image=\u00bb3917&#8243; img_size=\u00bbfull\u00bb css=\u00bb.vc_custom_1600369076819{margin-bottom: 40px !important;padding-right: 10% !important;}\u00bb][\/vc_column_inner][vc_column_inner width=\u00bb1\/2&#8243;][vc_column_text el_class=\u00bbgdi-frase-cabecera\u00bb css=\u00bb.vc_custom_1600349354068{margin-bottom: 40px !important;}\u00bb]\u201c\u00bfEst\u00e1s preparad@ para el nuevo mundo laboral?\u201d[\/vc_column_text][vc_btn title=\u00bbSOLICITAR INFORMACI\u00d3N\u00bb style=\u00bbcustom\u00bb custom_background=\u00bb#3a245c\u00bb custom_text=\u00bb#ffffff\u00bb shape=\u00bbsquare\u00bb size=\u00bbxs\u00bb el_class=\u00bbgdi-boton-s popmake-6171&#8243;][vc_empty_space height=\u00bb20px\u00bb][vc_btn title=\u00bbPR\u00d3XIMOS CURSOS\u00bb style=\u00bbcustom\u00bb custom_background=\u00bb#ffffff\u00bb custom_text=\u00bb#000000&#8243; shape=\u00bbsquare\u00bb size=\u00bbxs\u00bb el_class=\u00bbgdi-boton-s\u00bb&#8230;<\/p>\n","protected":false},"author":11,"featured_media":0,"parent":0,"menu_order":0,"comment_status":"closed","ping_status":"closed","template":"templates\/template-frontpage.php","meta":{"footnotes":""},"yoast_head":"<!-- This site is optimized with the Yoast SEO plugin v21.1 - https:\/\/yoast.com\/wordpress\/plugins\/seo\/ -->\n<title>\u25b7 Formaci\u00f3n de Transformaci\u00f3n Digital | Impulsa tu futuro<\/title>\n<meta name=\"description\" content=\"\u00bfEst\u00e1s preparad@ para el nuevo mundo laboral? Formaci\u00f3n online, gratuita y con certificaci\u00f3n. Enriquece tu curr\u00edculum \u2713\" \/>\n<meta name=\"robots\" content=\"index, follow, max-snippet:-1, max-image-preview:large, max-video-preview:-1\" \/>\n<link rel=\"canonical\" href=\"https:\/\/fg.ull.es\/portal\/gdi\/formacion-de-transformacion-digital\/\" \/>\n<meta property=\"og:locale\" content=\"es_ES\" \/>\n<meta property=\"og:type\" content=\"article\" \/>\n<meta property=\"og:title\" content=\"\u25b7 Formaci\u00f3n de Transformaci\u00f3n Digital | Impulsa tu futuro\" \/>\n<meta property=\"og:description\" content=\"\u00bfEst\u00e1s preparad@ para el nuevo mundo laboral? Formaci\u00f3n online, gratuita y con certificaci\u00f3n. Enriquece tu curr\u00edculum \u2713\" \/>\n<meta property=\"og:url\" content=\"https:\/\/fg.ull.es\/portal\/gdi\/formacion-de-transformacion-digital\/\" \/>\n<meta property=\"og:site_name\" content=\"Programa de Gestores de la Innovaci\u00f3n\" \/>\n<meta property=\"article:modified_time\" content=\"2022-12-28T15:41:57+00:00\" \/>\n<meta property=\"og:image\" content=\"https:\/\/fg.ull.es\/portal\/gdi\/wp-content\/uploads\/sites\/2\/2020\/09\/gdi-icono-dirige-r.png\" \/>\n<meta name=\"twitter:card\" content=\"summary_large_image\" \/>\n<meta name=\"twitter:label1\" content=\"Est. reading time\" \/>\n\t<meta name=\"twitter:data1\" content=\"11 minutos\" \/>\n<script type=\"application\/ld+json\" class=\"yoast-schema-graph\">{\"@context\":\"https:\/\/schema.org\",\"@graph\":[{\"@type\":\"WebPage\",\"@id\":\"https:\/\/fg.ull.es\/portal\/gdi\/formacion-de-transformacion-digital\/\",\"url\":\"https:\/\/fg.ull.es\/portal\/gdi\/formacion-de-transformacion-digital\/\",\"name\":\"\u25b7 Formaci\u00f3n de Transformaci\u00f3n Digital | Impulsa tu futuro\",\"isPartOf\":{\"@id\":\"https:\/\/fg.ull.es\/portal\/gdi\/#website\"},\"datePublished\":\"2020-09-17T18:56:44+00:00\",\"dateModified\":\"2022-12-28T15:41:57+00:00\",\"description\":\"\u00bfEst\u00e1s preparad@ para el nuevo mundo laboral? Formaci\u00f3n online, gratuita y con certificaci\u00f3n. Enriquece tu curr\u00edculum \u2713\",\"breadcrumb\":{\"@id\":\"https:\/\/fg.ull.es\/portal\/gdi\/formacion-de-transformacion-digital\/#breadcrumb\"},\"inLanguage\":\"es\",\"potentialAction\":[{\"@type\":\"ReadAction\",\"target\":[\"https:\/\/fg.ull.es\/portal\/gdi\/formacion-de-transformacion-digital\/\"]}]},{\"@type\":\"BreadcrumbList\",\"@id\":\"https:\/\/fg.ull.es\/portal\/gdi\/formacion-de-transformacion-digital\/#breadcrumb\",\"itemListElement\":[{\"@type\":\"ListItem\",\"position\":1,\"name\":\"Portada\",\"item\":\"https:\/\/fg.ull.es\/portal\/gdi\/\"},{\"@type\":\"ListItem\",\"position\":2,\"name\":\"Formaci\u00f3n de Transformaci\u00f3n Digital\"}]},{\"@type\":\"WebSite\",\"@id\":\"https:\/\/fg.ull.es\/portal\/gdi\/#website\",\"url\":\"https:\/\/fg.ull.es\/portal\/gdi\/\",\"name\":\"Programa de Gestores de la Innovaci\u00f3n\",\"description\":\"\",\"publisher\":{\"@id\":\"https:\/\/fg.ull.es\/portal\/gdi\/#organization\"},\"potentialAction\":[{\"@type\":\"SearchAction\",\"target\":{\"@type\":\"EntryPoint\",\"urlTemplate\":\"https:\/\/fg.ull.es\/portal\/gdi\/?s={search_term_string}\"},\"query-input\":\"required name=search_term_string\"}],\"inLanguage\":\"es\"},{\"@type\":\"Organization\",\"@id\":\"https:\/\/fg.ull.es\/portal\/gdi\/#organization\",\"name\":\"FUNDACI\u00d3N CANARIA GENERAL UNIVERSIDAD DE LA LAGUNA\",\"url\":\"https:\/\/fg.ull.es\/portal\/gdi\/\",\"logo\":{\"@type\":\"ImageObject\",\"inLanguage\":\"es\",\"@id\":\"https:\/\/fg.ull.es\/portal\/gdi\/#\/schema\/logo\/image\/\",\"url\":\"https:\/\/fg.ull.es\/portal\/gdi\/wp-content\/uploads\/sites\/2\/2020\/04\/FAVICON.png\",\"contentUrl\":\"https:\/\/fg.ull.es\/portal\/gdi\/wp-content\/uploads\/sites\/2\/2020\/04\/FAVICON.png\",\"width\":512,\"height\":512,\"caption\":\"FUNDACI\u00d3N CANARIA GENERAL UNIVERSIDAD DE LA LAGUNA\"},\"image\":{\"@id\":\"https:\/\/fg.ull.es\/portal\/gdi\/#\/schema\/logo\/image\/\"}}]}<\/script>\n<!-- \/ Yoast SEO plugin. -->","yoast_head_json":{"title":"\u25b7 Formaci\u00f3n de Transformaci\u00f3n Digital | Impulsa tu futuro","description":"\u00bfEst\u00e1s preparad@ para el nuevo mundo laboral? Formaci\u00f3n online, gratuita y con certificaci\u00f3n. Enriquece tu curr\u00edculum \u2713","robots":{"index":"index","follow":"follow","max-snippet":"max-snippet:-1","max-image-preview":"max-image-preview:large","max-video-preview":"max-video-preview:-1"},"canonical":"https:\/\/fg.ull.es\/portal\/gdi\/formacion-de-transformacion-digital\/","og_locale":"es_ES","og_type":"article","og_title":"\u25b7 Formaci\u00f3n de Transformaci\u00f3n Digital | Impulsa tu futuro","og_description":"\u00bfEst\u00e1s preparad@ para el nuevo mundo laboral? Formaci\u00f3n online, gratuita y con certificaci\u00f3n. Enriquece tu curr\u00edculum \u2713","og_url":"https:\/\/fg.ull.es\/portal\/gdi\/formacion-de-transformacion-digital\/","og_site_name":"Programa de Gestores de la Innovaci\u00f3n","article_modified_time":"2022-12-28T15:41:57+00:00","og_image":[{"url":"https:\/\/fg.ull.es\/portal\/gdi\/wp-content\/uploads\/sites\/2\/2020\/09\/gdi-icono-dirige-r.png"}],"twitter_card":"summary_large_image","twitter_misc":{"Est. reading time":"11 minutos"},"schema":{"@context":"https:\/\/schema.org","@graph":[{"@type":"WebPage","@id":"https:\/\/fg.ull.es\/portal\/gdi\/formacion-de-transformacion-digital\/","url":"https:\/\/fg.ull.es\/portal\/gdi\/formacion-de-transformacion-digital\/","name":"\u25b7 Formaci\u00f3n de Transformaci\u00f3n Digital | Impulsa tu futuro","isPartOf":{"@id":"https:\/\/fg.ull.es\/portal\/gdi\/#website"},"datePublished":"2020-09-17T18:56:44+00:00","dateModified":"2022-12-28T15:41:57+00:00","description":"\u00bfEst\u00e1s preparad@ para el nuevo mundo laboral? Formaci\u00f3n online, gratuita y con certificaci\u00f3n. Enriquece tu curr\u00edculum \u2713","breadcrumb":{"@id":"https:\/\/fg.ull.es\/portal\/gdi\/formacion-de-transformacion-digital\/#breadcrumb"},"inLanguage":"es","potentialAction":[{"@type":"ReadAction","target":["https:\/\/fg.ull.es\/portal\/gdi\/formacion-de-transformacion-digital\/"]}]},{"@type":"BreadcrumbList","@id":"https:\/\/fg.ull.es\/portal\/gdi\/formacion-de-transformacion-digital\/#breadcrumb","itemListElement":[{"@type":"ListItem","position":1,"name":"Portada","item":"https:\/\/fg.ull.es\/portal\/gdi\/"},{"@type":"ListItem","position":2,"name":"Formaci\u00f3n de Transformaci\u00f3n Digital"}]},{"@type":"WebSite","@id":"https:\/\/fg.ull.es\/portal\/gdi\/#website","url":"https:\/\/fg.ull.es\/portal\/gdi\/","name":"Programa de Gestores de la Innovaci\u00f3n","description":"","publisher":{"@id":"https:\/\/fg.ull.es\/portal\/gdi\/#organization"},"potentialAction":[{"@type":"SearchAction","target":{"@type":"EntryPoint","urlTemplate":"https:\/\/fg.ull.es\/portal\/gdi\/?s={search_term_string}"},"query-input":"required name=search_term_string"}],"inLanguage":"es"},{"@type":"Organization","@id":"https:\/\/fg.ull.es\/portal\/gdi\/#organization","name":"FUNDACI\u00d3N CANARIA GENERAL UNIVERSIDAD DE LA LAGUNA","url":"https:\/\/fg.ull.es\/portal\/gdi\/","logo":{"@type":"ImageObject","inLanguage":"es","@id":"https:\/\/fg.ull.es\/portal\/gdi\/#\/schema\/logo\/image\/","url":"https:\/\/fg.ull.es\/portal\/gdi\/wp-content\/uploads\/sites\/2\/2020\/04\/FAVICON.png","contentUrl":"https:\/\/fg.ull.es\/portal\/gdi\/wp-content\/uploads\/sites\/2\/2020\/04\/FAVICON.png","width":512,"height":512,"caption":"FUNDACI\u00d3N CANARIA GENERAL UNIVERSIDAD DE LA LAGUNA"},"image":{"@id":"https:\/\/fg.ull.es\/portal\/gdi\/#\/schema\/logo\/image\/"}}]}},"_links":{"self":[{"href":"https:\/\/fg.ull.es\/portal\/gdi\/wp-json\/wp\/v2\/pages\/4245"}],"collection":[{"href":"https:\/\/fg.ull.es\/portal\/gdi\/wp-json\/wp\/v2\/pages"}],"about":[{"href":"https:\/\/fg.ull.es\/portal\/gdi\/wp-json\/wp\/v2\/types\/page"}],"author":[{"embeddable":true,"href":"https:\/\/fg.ull.es\/portal\/gdi\/wp-json\/wp\/v2\/users\/11"}],"replies":[{"embeddable":true,"href":"https:\/\/fg.ull.es\/portal\/gdi\/wp-json\/wp\/v2\/comments?post=4245"}],"version-history":[{"count":180,"href":"https:\/\/fg.ull.es\/portal\/gdi\/wp-json\/wp\/v2\/pages\/4245\/revisions"}],"predecessor-version":[{"id":7154,"href":"https:\/\/fg.ull.es\/portal\/gdi\/wp-json\/wp\/v2\/pages\/4245\/revisions\/7154"}],"wp:attachment":[{"href":"https:\/\/fg.ull.es\/portal\/gdi\/wp-json\/wp\/v2\/media?parent=4245"}],"curies":[{"name":"wp","href":"https:\/\/api.w.org\/{rel}","templated":true}]}}