{"id":4202,"date":"2020-09-17T13:58:44","date_gmt":"2020-09-17T13:58:44","guid":{"rendered":"https:\/\/fg.ull.es\/portal\/gdi\/?page_id=4202"},"modified":"2022-11-16T13:39:59","modified_gmt":"2022-11-16T13:39:59","slug":"formacion-de-transferencia-y-valorizacion","status":"publish","type":"page","link":"https:\/\/fg.ull.es\/portal\/gdi\/formacion-de-transferencia-y-valorizacion\/","title":{"rendered":"Formaci\u00f3n de Transferencia y Valorizaci\u00f3n"},"content":{"rendered":"<section class=\"wpb-content-wrapper\"><p>[vc_row full_width=\u00bbstretch_row\u00bb css=\u00bb.vc_custom_1600355105990{padding-top: 20px !important;background-image: url(https:\/\/fg.ull.es\/portal\/gdi\/wp-content\/uploads\/sites\/2\/2020\/09\/gdi-transferencia-cabecera@2x.jpg?id=4214) !important;background-position: center !important;background-repeat: no-repeat !important;background-size: cover !important;}\u00bb][vc_column css=\u00bb.vc_custom_1599735159455{margin-top: 60px !important;margin-bottom: 60px !important;}\u00bb][vc_row_inner][vc_column_inner width=\u00bb1\/2&#8243;][vc_single_image image=\u00bb3916&#8243; img_size=\u00bbfull\u00bb css=\u00bb.vc_custom_1600355124909{margin-bottom: 40px !important;padding-right: 10% !important;}\u00bb][\/vc_column_inner][vc_column_inner width=\u00bb1\/2&#8243;][vc_column_text el_class=\u00bbgdi-frase-cabecera\u00bb css=\u00bb.vc_custom_1600349354068{margin-bottom: 40px !important;}\u00bb]<strong>\u201c<\/strong><em>\u00bfEst\u00e1s <strong>preparad@<\/strong> para<br \/>\nel nuevo <strong>mundo laboral<\/strong>?<\/em><strong>\u201d<\/strong>[\/vc_column_text][vc_btn title=\u00bbSOLICITAR INFORMACI\u00d3N\u00bb style=\u00bbcustom\u00bb custom_background=\u00bb#da5317&#8243; custom_text=\u00bb#ffffff\u00bb shape=\u00bbsquare\u00bb size=\u00bbxs\u00bb el_class=\u00bbgdi-boton-s popmake-6169&#8243;][vc_empty_space height=\u00bb20px\u00bb][vc_btn title=\u00bbPR\u00d3XIMOS CURSOS\u00bb style=\u00bbcustom\u00bb custom_background=\u00bb#ffffff\u00bb custom_text=\u00bb#000000&#8243; shape=\u00bbsquare\u00bb size=\u00bbxs\u00bb el_class=\u00bbgdi-boton-s\u00bb link=\u00bburl:%23proxFormaciones\u00bb][\/vc_column_inner][\/vc_row_inner][\/vc_column][\/vc_row][vc_row full_width=\u00bbstretch_row\u00bb parallax=\u00bbcontent-moving\u00bb parallax_image=\u00bb4209&#8243; css=\u00bb.vc_custom_1600355433154{background-position: 0 0;background-repeat:epeat;}\u00bb el_class=\u00bbgdi-home-intro\u00bb][vc_column css=\u00bb.vc_custom_1599750172297{margin-top: 60px !important;margin-bottom: 40px !important;}\u00bb][vc_row_inner][vc_column_inner width=\u00bb1\/2&#8243;][vc_single_image image=\u00bb4222&#8243; img_size=\u00bbfull\u00bb][\/vc_column_inner][vc_column_inner width=\u00bb1\/2&#8243;][vc_column_text el_class=\u00bbgdi-titulo-principal\u00bb]<\/p>\n<h1>FORMACI\u00d3N DE TRANSFERENCIA Y VALORIZACI\u00d3N<\/h1>\n<p>[\/vc_column_text][vc_column_text]La iniciativa Gesti\u00f3n de la Innovaci\u00f3n Transferencia y Valorizaci\u00f3n es una formaci\u00f3n de car\u00e1cter gratuito cuyo objetivo es capacitar a personas con una titulaci\u00f3n superior o estudiantes de \u00faltimos a\u00f1os de carrera universitaria, en habilidades orientadas a la aplicaci\u00f3n del proceso de transferencia del conocimiento como v\u00eda de innovaci\u00f3n.<\/p>\n<p>Consta de una formaci\u00f3n de 50 horas impartida por docentes con amplia y contrastada experiencia tanto a nivel profesional como formativo.[\/vc_column_text][\/vc_column_inner][\/vc_row_inner][\/vc_column][\/vc_row][vc_row full_width=\u00bbstretch_row\u00bb css=\u00bb.vc_custom_1600334231563{padding-top: 60px !important;background-color: #ededed !important;}\u00bb][vc_column width=\u00bb1\/2&#8243; el_id=\u00bbproxFormaciones\u00bb][vc_column_text el_class=\u00bbgdi-titulo-secundario\u00bb]<\/p>\n<h2><span style=\"color: #3a245c\">PR\u00d3XIMAS FORMACIONES ONLINE<\/span><\/h2>\n<p>[\/vc_column_text][\/vc_column][vc_column width=\u00bb1\/2&#8243;][vc_column_text el_class=\u00bbgdi-titulo-secundario\u00bb]<\/p>\n<h2><span style=\"color: #3a245c\">FORMACIONES ANTERIORES<\/span><\/h2>\n<p>[\/vc_column_text][\/vc_column][\/vc_row][vc_row full_width=\u00bbstretch_row\u00bb gap=\u00bb20&#8243; css=\u00bb.vc_custom_1600334244488{padding-bottom: 40px !important;background-color: #ededed !important;}\u00bb][vc_column width=\u00bb1\/2&#8243;][vc_row_inner equal_height=\u00bbyes\u00bb css=\u00bb.vc_custom_1600162279502{margin-bottom: 10px !important;}\u00bb el_class=\u00bbgdi-cajas-agenda\u00bb][vc_column_inner width=\u00bb1\/4&#8243; css=\u00bb.vc_custom_1600167123605{padding-top: 15px !important;background-color: #3a245c !important;}\u00bb][vc_column_text]<\/p>\n<div class=\"caja-fecha\">\n<p class=\"xxx\"><span class=\"fecha-xl\">15\/16\/17<\/span><\/p>\n<p><span class=\"mes-xl\">Noviembre<\/span><\/p>\n<p><span class=\"fecha-xs\">15\/11\/2022 &#8211; 18\/12\/2022<\/span><\/p>\n<p><span class=\"inscripcion\" style=\"color: #ffeea1\">INSCRIPCI\u00d3N CERRADA<\/span><\/p>\n<\/div>\n<p>[\/vc_column_text][\/vc_column_inner][vc_column_inner width=\u00bb3\/4&#8243; css=\u00bb.vc_custom_1600162897915{padding-top: 15px !important;background-color: #d8d8d8 !important;}\u00bb][vc_column_text]<\/p>\n<div class=\"caja-texto\">\n<p class=\"titulo\"><a href=\"https:\/\/sede.fg.ull.es\/es\/curso\/detalle\/a22120456\/transferencia-y-valorizacion\">Transferencia y Valorizaci\u00f3n<\/a><\/p>\n<p class=\"datos\">Horas te\u00f3ricas online: 12 &#8211; Horas pr\u00e1cticas online: 38<\/p>\n<p>Sesiones Online (12h):\u00a0 15, 16 y 17\/11\/2022 (Obligatorias)<\/p>\n<\/div>\n<p>[\/vc_column_text][\/vc_column_inner][\/vc_row_inner][\/vc_column][vc_column width=\u00bb1\/2&#8243;][vc_row_inner equal_height=\u00bbyes\u00bb css=\u00bb.vc_custom_1600162279502{margin-bottom: 10px !important;}\u00bb el_class=\u00bbgdi-cajas-agenda\u00bb][vc_column_inner width=\u00bb1\/4&#8243; css=\u00bb.vc_custom_1600167123605{padding-top: 15px !important;background-color: #3a245c !important;}\u00bb][vc_column_text]<\/p>\n<div class=\"caja-fecha\">\n<p class=\"xxx\"><span class=\"fecha-xl\">16\/17\/18<\/span><\/p>\n<p><span class=\"mes-xl\">Noviembre<\/span><\/p>\n<p><span class=\"fecha-xs\">16\/11\/2021 &#8211; 19\/12\/2021<\/span><\/p>\n<p><span class=\"inscripcion\" style=\"color: #ffeea1\">INSCRIPCI\u00d3N CERRADA<\/span><\/p>\n<\/div>\n<p>[\/vc_column_text][\/vc_column_inner][vc_column_inner width=\u00bb3\/4&#8243; css=\u00bb.vc_custom_1600162897915{padding-top: 15px !important;background-color: #d8d8d8 !important;}\u00bb][vc_column_text]<\/p>\n<div class=\"caja-texto\">\n<p class=\"titulo\">Transferencia y Valorizaci\u00f3n<\/p>\n<p class=\"datos\">Horas te\u00f3ricas online: 12 &#8211; Horas pr\u00e1cticas online: 38<\/p>\n<p>Sesiones Online (12h):\u00a0 16, 17 y 18\/11\/2021 (Obligatorias)<\/p>\n<\/div>\n<p>[\/vc_column_text][\/vc_column_inner][\/vc_row_inner][\/vc_column][\/vc_row][vc_row full_width=\u00bbstretch_row\u00bb css=\u00bb.vc_custom_1600356525964{padding-top: 60px !important;padding-bottom: 60px !important;background-color: #3a245c !important;}\u00bb][vc_column][vc_column_text el_class=\u00bbgdi-titulo-secundario\u00bb css=\u00bb.vc_custom_1630483776333{margin-bottom: 20px !important;}\u00bb]<\/p>\n<h2><span style=\"color: #f5f5f5\">DATOS DE LA FORMACI\u00d3N<\/span><\/h2>\n<p>[\/vc_column_text][vc_row_inner][vc_column_inner width=\u00bb1\/2&#8243;][vc_column_text el_class=\u00bbgdi-datos-subtitulo\u00bb]<\/p>\n<h3><img decoding=\"async\" loading=\"lazy\" class=\"\" src=\"https:\/\/fg.ull.es\/portal\/gdi\/wp-content\/uploads\/sites\/2\/2020\/09\/gdi-icono-dirige-w@2x.png\" alt=\"\" width=\"50\" height=\"50\" \/>\u00a0 <span style=\"color: #ffffff\">\u00bfA QUI\u00c9N SE DIRIGE?<\/span><\/h3>\n<p>[\/vc_column_text][vc_column_text]<span style=\"color: #f2f2f2\">El Programa va destinado a universitarios\/as, trabajadores\/as o estudiantes de los dos \u00faltimos cursos de la carrera universitaria que se encuentren inscritos\/as como demandante o en situaci\u00f3n de mejora de empleo en el Servicio Canario de Empleo (SCE) y que tengan inquietudes por formarse y orientar su cualificaci\u00f3n profesional a labores de transferencia del conocimiento y las capacidades de I+D de las Universidades desde los \u00e1mbitos acad\u00e9micos hacia el tejido productivo de la regi\u00f3n, proporcionando, de esta forma, la explotaci\u00f3n y la aplicaci\u00f3n del conocimiento en el mundo empresarial.<\/span>[\/vc_column_text][\/vc_column_inner][vc_column_inner width=\u00bb1\/2&#8243;][vc_column_text el_class=\u00bbgdi-datos-subtitulo\u00bb]<\/p>\n<h3><img decoding=\"async\" loading=\"lazy\" class=\"\" src=\"https:\/\/fg.ull.es\/portal\/gdi\/wp-content\/uploads\/sites\/2\/2020\/09\/gdi-icono-ofrece-w@2x.png\" alt=\"\" width=\"50\" height=\"50\" \/>\u00a0 <span style=\"color: #ffffff\">\u00bfQU\u00c9 OFRECE?<\/span><\/h3>\n<p>[\/vc_column_text][vc_column_text]<\/p>\n<ul style=\"color: #f2f2f2\">\n<li style=\"list-style-type: none\">\n<ul style=\"color: #f2f2f2\">\n<li><span style=\"color: #f2f2f2\"><strong>Una formaci\u00f3n de primer nivel, gratuita y con certificaci\u00f3n.\u00a0<\/strong>Tanto si tienes experiencia como si no, realizar esta formaci\u00f3n mejorar\u00e1 exponencialmente tu curr\u00edculum.<\/span><\/li>\n<li><span style=\"color: #f2f2f2\"><strong>Una red de contactos especializada y a nivel regional.<\/strong><\/span><\/li>\n<\/ul>\n<\/li>\n<\/ul>\n<p>[\/vc_column_text][\/vc_column_inner][\/vc_row_inner][vc_column_text el_class=\u00bbgdi-datos-subtitulo\u00bb]<\/p>\n<h3><img decoding=\"async\" loading=\"lazy\" class=\"\" src=\"https:\/\/fg.ull.es\/portal\/gdi\/wp-content\/uploads\/sites\/2\/2020\/09\/gdi-icono-funciona-w@2x.png\" alt=\"\" width=\"50\" height=\"50\" \/>\u00a0 <span style=\"color: #ffffff\">\u00bfC\u00d3MO FUNCIONA?<\/span><\/h3>\n<p>[\/vc_column_text][vc_row_inner equal_height=\u00bbyes\u00bb][vc_column_inner width=\u00bb1\/2&#8243;][vc_column_text]<span style=\"color: #f2f2f2\">El Programa desarrollar\u00e1 una formaci\u00f3n de 50 horas dual te\u00f3rico-pr\u00e1ctica a trav\u00e9s de una metodolog\u00eda online. <\/span>[\/vc_column_text][\/vc_column_inner][vc_column_inner width=\u00bb1\/2&#8243;][vc_column_text css=\u00bb.vc_custom_1600368129871{margin-top: 0px !important;margin-bottom: 0px !important;padding-top: 15px !important;padding-right: 15px !important;padding-bottom: 15px !important;padding-left: 15px !important;background-color: rgba(255,255,255,0.66) !important;*background-color: rgb(255,255,255) !important;}\u00bb el_class=\u00bbgdi-titulo-secundario\u00bb]<\/p>\n<h3 style=\"text-align: center\"><span style=\"color: #3a245c\">\u00c1MBITO TRANSFERENCIA Y VALORIZACI\u00d3N<\/span><\/h3>\n<p>[\/vc_column_text][vc_column_text css=\u00bb.vc_custom_1600368245928{margin-top: 0px !important;margin-bottom: 0px !important;padding-top: 15px !important;padding-right: 15px !important;padding-bottom: 15px !important;padding-left: 15px !important;background-color: rgba(255,255,255,0.33) !important;*background-color: rgb(255,255,255) !important;}\u00bb]<span style=\"color: #ffffff\">Perfil de valorizaci\u00f3n y transferencia de conocimiento, transferencia de capital intelectual y Know-how procedente de universidades y organismos p\u00fablicos de investigaci\u00f3n al entorno socioecon\u00f3mico.<\/span>[\/vc_column_text][\/vc_column_inner][\/vc_row_inner][\/vc_column][\/vc_row][vc_row full_width=\u00bbstretch_row\u00bb css=\u00bb.vc_custom_1600170926163{padding-top: 40px !important;padding-bottom: 40px !important;background-color: #ededed !important;}\u00bb][vc_column][vc_column_text el_class=\u00bbgdi-titulo-secundario\u00bb css=\u00bb.vc_custom_1630483801531{margin-bottom: 20px !important;}\u00bb]<\/p>\n<h2><span style=\"color: #3a245c\">CONTENIDOS DE LA FORMACI\u00d3N<\/span><\/h2>\n<p>[\/vc_column_text][vc_tta_accordion shape=\u00bbsquare\u00bb c_icon=\u00bbtriangle\u00bb active_section=\u00bb1&#8243; collapsible_all=\u00bbtrue\u00bb css=\u00bb.vc_custom_1600340429743{margin-top: 0px !important;}\u00bb el_class=\u00bbgdi-acordeon\u00bb][vc_tta_section title=\u00bbTransferencia y Valorizaci\u00f3n\u00bb tab_id=\u00bb1600168496523-dcabfac8-aba6&#8243;][vc_column_text]La iniciativa Gesti\u00f3n de la Innovaci\u00f3n Transferencia y Valorizaci\u00f3n es una acci\u00f3n formativa de car\u00e1cter gratuito cuyo objetivo es capacitar a personas con una titulaci\u00f3n superior o estudiantes de \u00faltimos a\u00f1os de carrera universitaria, en habilidades orientadas a la\u00a0 aplicaci\u00f3n del proceso de transferencia del conocimiento como v\u00eda de innovaci\u00f3n. Consta de una formaci\u00f3n de 50 horas impartida por docentes con amplia y contrastada experiencia tanto a nivel profesional como formativo.<\/p>\n<p><strong>\u00a0<\/strong>Conocer el proceso de transferencia y valorizaci\u00f3n para generar oportunidades de negocio, o mejoras de estas, basadas en conocimiento cient\u00edfico-tecnol\u00f3gico generados desde los centros de investigaci\u00f3n, universidades.<\/p>\n<p>Consta de 6 m\u00f3dulos, 3 con una duraci\u00f3n de 10 horas y 2 de 5 horas.[\/vc_column_text][vc_column_text]<\/p>\n<ul style=\"color: #f2f2f2\">\n<li style=\"list-style-type: none\">\n<ul style=\"color: #f2f2f2\">\n<li style=\"list-style-type: none\">\n<ul>\n<li><span style=\"color: #000000\"><strong>M\u00f3dulo 1: Transferencia de tecnolog\u00eda y conocimiento<br \/>\n<\/strong>Introducci\u00f3n a la transferencia de tecnolog\u00eda y conocimiento en cuanto al proceso, identificaci\u00f3n y evaluaci\u00f3n de tecnolog\u00eda y conocimiento desarrollado en los centros de investigaci\u00f3n, as\u00ed como sus procesos y normativas para su uso por parte de la administraci\u00f3n o empresas interesadas (normativa reguladora, contratos de transferencia de conocimientos,&#8230;).<\/span><\/li>\n<li><span style=\"color: #000000\"><strong>M\u00f3dulo 2: Protecci\u00f3n del Conocimiento: Propiedad Industrial e Intelectual<br \/>\n<\/strong>Panor\u00e1mica sobre los de derechos de propiedad industrial e intelectual: Propiedad industrial (patente, modelo de utilidad, marca, dise\u00f1o) y propiedad intelectual (derechos de autor) as\u00ed como las casu\u00edsticas con respecto a otras acciones como el secreto industrial, el derecho de autor compartido (copyleft), etc. Y su desarrollo e implementaci\u00f3n pr\u00e1ctica en los procesos de protecci\u00f3n, las estrategias y la gesti\u00f3n responsable de derechos de propiedad intelectual.<\/span><\/li>\n<li><span style=\"color: #000000\"><strong>M\u00f3dulo 3: Creaci\u00f3n de EBTs como v\u00eda de transferencia de Conocimiento<br \/>\n<\/strong>Estudio de la normativa que afecta a las Empresas de Base Tecnol\u00f3gica en cuanto a marco jur\u00eddico, las opciones y perspectivas en el proceso de creaci\u00f3n y su relaci\u00f3n entre universidad-empresa y las oportunidades y beneficios que pueden ser generados (financiaci\u00f3n, relaciones entre la universidad y las EBTs).<\/span><\/li>\n<li><span style=\"color: #000000\"><strong>M\u00f3dulo 4: Valorizaci\u00f3n<br \/>\n<\/strong>Para facilitar el aprovechamiento eficaz de los resultados de investigaci\u00f3n para la mejora del entorno, en especial de las empresas, es necesario abordar un proceso previo de \u201cpuesta en valor\u201d de estos conocimientos en base a criterios de potencial t\u00e9cnico y de mercado. An\u00e1lisis y gesti\u00f3n de procesos para dichos fines, as\u00ed como Planificar y desarrollar estrategias de comercializaci\u00f3n de tecnolog\u00eda eficientes, incluyendo habilidades comerciales para la transferencia.<\/span><\/li>\n<li><span style=\"color: #000000\"><strong>M\u00f3dulo 5: Normativa reguladora I<br \/>\n<\/strong>Normativas aplicables a las diferentes acciones en materia de valorizaci\u00f3n y transferencia de resultados de investigaci\u00f3n. Los aportes favorables y los inconvenientes en dichos \u00e1mbitos de actuaci\u00f3n, as\u00ed como supuestos pr\u00e1cticos a tener en cuenta (Ley de la Ciencia, Ley General de Subvenciones, Ley Org\u00e1nica de Universidades).<\/span><\/li>\n<li><span style=\"color: #000000\"><strong>M\u00f3dulo 6: Normativa reguladora II<br \/>\n<\/strong>Normativas complementarias en materia de valorizaci\u00f3n y transferencia de resultados de investigaci\u00f3n. Los aportes favorables y los inconvenientes en dichos \u00e1mbitos de actuaci\u00f3n, as\u00ed como supuestos pr\u00e1cticos a tener en cuenta (Ley del Procedimiento Administrativo Com\u00fan, Ley R\u00e9gimen Jur\u00eddico del Sector P\u00fablico).<\/span><\/li>\n<\/ul>\n<\/li>\n<\/ul>\n<\/li>\n<\/ul>\n<p>[\/vc_column_text][\/vc_tta_section][\/vc_tta_accordion][\/vc_column][\/vc_row][vc_section full_width=\u00bbstretch_row\u00bb css=\u00bb.vc_custom_1630435518936{background-image: url(https:\/\/fg.ull.es\/portal\/gdi\/wp-content\/uploads\/sites\/2\/2020\/09\/gdi-transferencia-trama.png?id=4211) !important;}\u00bb][vc_row css=\u00bb.vc_custom_1600339327238{margin-top: 20px !important;margin-bottom: 60px !important;}\u00bb][vc_column][vc_column_text el_class=\u00bbgdi-titulo-secundario\u00bb css=\u00bb.vc_custom_1630483809504{margin-bottom: 20px !important;}\u00bb]<\/p>\n<h2><span style=\"color: #3a245c\">\u00bfTIENES DUDAS SOBRE ESTA FORMACI\u00d3N? CONTACTA CON NOSOTROS<\/span><\/h2>\n<p>[\/vc_column_text][\/vc_column][\/vc_row][vc_row css=\u00bb.vc_custom_1600425960744{margin-top: 30px !important;margin-bottom: 30px !important;}\u00bb][vc_column width=\u00bb2\/3&#8243;][vc_column_text]<\/p>\n<h3>FORMULARIO DE CONTACTO<\/h3>\n<p>[\/vc_column_text][vc_separator align=\u00bbalign_left\u00bb border_width=\u00bb2&#8243; el_width=\u00bb20&#8243; css=\u00bb.vc_custom_1500545465727{padding-bottom: 30px !important;}\u00bb][vc_column_text]\n<div class=\"wpcf7 no-js\" id=\"wpcf7-f5831-o1\" lang=\"es-ES\" dir=\"ltr\">\n<div class=\"screen-reader-response\"><p role=\"status\" aria-live=\"polite\" aria-atomic=\"true\"><\/p> <ul><\/ul><\/div>\n<form action=\"\/portal\/gdi\/wp-json\/wp\/v2\/pages\/4202#wpcf7-f5831-o1\" method=\"post\" class=\"wpcf7-form init\" aria-label=\"Contact form\" novalidate=\"novalidate\" data-status=\"init\">\n<div style=\"display: none;\">\n<input type=\"hidden\" name=\"_wpcf7\" value=\"5831\" \/>\n<input type=\"hidden\" name=\"_wpcf7_version\" value=\"5.8\" \/>\n<input type=\"hidden\" name=\"_wpcf7_locale\" value=\"es_ES\" \/>\n<input type=\"hidden\" name=\"_wpcf7_unit_tag\" value=\"wpcf7-f5831-o1\" \/>\n<input type=\"hidden\" name=\"_wpcf7_container_post\" value=\"0\" \/>\n<input type=\"hidden\" name=\"_wpcf7_posted_data_hash\" value=\"\" \/>\n<\/div>\n<p><label> Nombre y apellidos<br \/>\n<span class=\"wpcf7-form-control-wrap\" data-name=\"name-surname\"><input size=\"100\" class=\"wpcf7-form-control wpcf7-text wpcf7-validates-as-required contact_formGDI\" aria-required=\"true\" aria-invalid=\"false\" value=\"\" type=\"text\" name=\"name-surname\" \/><\/span> <\/label>\n<\/p>\n<p><label> Correo electr\u00f3nico<br \/>\n<span class=\"wpcf7-form-control-wrap\" data-name=\"email\"><input size=\"100\" class=\"wpcf7-form-control wpcf7-email wpcf7-validates-as-required wpcf7-text wpcf7-validates-as-email contact_formGDI\" aria-required=\"true\" aria-invalid=\"false\" value=\"\" type=\"email\" name=\"email\" \/><\/span> <\/label>\n<\/p>\n<p><label> Tel\u00e9fono<br \/>\n<span class=\"wpcf7-form-control-wrap\" data-name=\"phone\"><input size=\"100\" class=\"wpcf7-form-control wpcf7-tel wpcf7-validates-as-required wpcf7-text wpcf7-validates-as-tel contact_formGDI\" aria-required=\"true\" aria-invalid=\"false\" value=\"\" type=\"tel\" name=\"phone\" \/><\/span> <\/label>\n<\/p>\n<p><label> Asunto<br \/>\n<span class=\"wpcf7-form-control-wrap\" data-name=\"subject\"><input size=\"100\" class=\"wpcf7-form-control wpcf7-text wpcf7-validates-as-required contact_formGDI\" aria-required=\"true\" aria-invalid=\"false\" value=\"\" type=\"text\" name=\"subject\" \/><\/span> <\/label>\n<\/p>\n<p><label> Mensaje (opcional)<br \/>\n<span class=\"wpcf7-form-control-wrap\" data-name=\"message\"><textarea cols=\"100\" rows=\"5\" class=\"wpcf7-form-control wpcf7-textarea contact_formGDI\" aria-invalid=\"false\" name=\"message\"><\/textarea><\/span> <\/label>\n<\/p>\n<p><label> RGPD - LOPD<br \/>\n<span class=\"wpcf7-form-control-wrap\" data-name=\"acceptance-policy\"><span class=\"wpcf7-form-control wpcf7-acceptance\"><span class=\"wpcf7-list-item\"><label><input type=\"checkbox\" name=\"acceptance-policy\" value=\"1\" class=\"check_formGDI\" aria-invalid=\"false\" \/><span class=\"wpcf7-list-item-label\">Acepto el tratamiento de los datos personales recogidos en este formulario de acuerdo con la pol\u00edtica de privacidad de la FGULL.<\/span><\/label><\/span><\/span><\/span> <\/label>\n<\/p>\n<div class=\"consent_personal_data_tratament\">\n\t<p><label>Protecci\u00f3n de datos personales<\/label>\n\t<\/p>\n\t<p>Responsable: Informamos que los datos de car\u00e1cter personal facilitados por los intervinientes en este formulario ser\u00e1n incluidos en los ficheros de FUNDACI\u00d3N CANARIA GENERAL UNIVERSIDAD DE LA LAGUNA, responsable del tratamiento con domicilio en Avenida de la Trinidad, 61 - Aulario Torre Profesor Agust\u00edn Ar\u00e9valo - 38071 S\/C de Tenerife. Puede contactar con el Delegado de Protecci\u00f3n de Datos en la siguiente direcci\u00f3n de correo-e <a href=\"mailto:protecciondedatos@fg.ull.es\">protecciondedatos@fg.ull.es<\/a>\n\t<\/p>\n\t<p>Finalidad: Los datos ser\u00e1n utilizados para la gesti\u00f3n de la presente solicitud, incluyendo con ello el env\u00edo de notificaciones indispensables.\n\t<\/p>\n\t<p>Legitimaci\u00f3n: Consentimiento del interesado.\n\t<\/p>\n\t<p>Destinatarios: Sus datos pueden ser cedidos a otras Entidades Colaboradoras como la Universidad de La Laguna para los fines previstos en la Ley. Asimismo, el titular de los datos se compromete a comunicar cualquier modificaci\u00f3n que sufran los datos facilitados.\n\t<\/p>\n\t<p>Derechos: Pueden ejercer sus derechos de acceso, rectificaci\u00f3n, cancelaci\u00f3n y oposici\u00f3n, portabilidad y limitaci\u00f3n u oposici\u00f3n o retirar el consentimiento en la direcci\u00f3n arriba indicada. Informaci\u00f3n adicional: Puede consultar la informaci\u00f3n adicional y detallada sobre Protecci\u00f3n de Datos en nuestra p\u00e1gina web <a href=\"https:\/\/fg.ull.es\" target=\"_blank\" rel=\"noreferrer noopener\">www.fg.ull.es<\/a>.\n\t<\/p>\n<\/div>\n<p><input class=\"wpcf7-form-control wpcf7-submit has-spinner\" type=\"submit\" value=\"Enviar\" \/>\n<\/p><input type='hidden' class='wpcf7-pum' value='{\"closepopup\":false,\"closedelay\":0,\"openpopup\":false,\"openpopup_id\":0}' \/><div class=\"wpcf7-response-output\" aria-hidden=\"true\"><\/div>\n<\/form>\n<\/div>\n[\/vc_column_text][\/vc_column][vc_column width=\u00bb1\/3&#8243;][vc_column_text]<\/p>\n<h3><strong>M\u00c1S INFORMACI\u00d3N<\/strong><\/h3>\n<p>[\/vc_column_text][vc_separator align=\u00bbalign_left\u00bb border_width=\u00bb2&#8243; el_width=\u00bb20&#8243;][vc_column_text][\/vc_column_text][vc_column_text]<b>Programa GDI<\/b><br \/>\n<span style=\"font-weight: 400\">Email: <\/span><a href=\"mailto:gdi@fg.ull.es\"><span style=\"font-weight: 400\">gdi@fg.ull.es<\/span><\/a>[\/vc_column_text][vc_column_text css=\u00bb.vc_custom_1630484162740{padding-top: 20px !important;}\u00bb]<\/p>\n<h4><strong>D\u00d3NDE ESTAMOS<\/strong><\/h4>\n<p>[\/vc_column_text][vc_separator align=\u00bbalign_left\u00bb border_width=\u00bb2&#8243; el_width=\u00bb20&#8243;][vc_column_text]Avenida de la Trinidad, 61. Aulario Torre<br \/>\nProfesor Agust\u00edn Ar\u00e9valo, Planta 0<\/p>\n<p>Campus Central Universidad de la Laguna,<br \/>\n38071 San Crist\u00f3bal de La Laguna.[\/vc_column_text][vc_column_text css=\u00bb.vc_custom_1602599749907{padding-top: 20px !important;}\u00bb]<\/p>\n<h4><strong>HORARIO<\/strong><\/h4>\n<p>[\/vc_column_text][vc_separator align=\u00bbalign_left\u00bb border_width=\u00bb2&#8243; el_width=\u00bb20&#8243;][vc_column_text]Lunes a viernes \u2013 9:00 a 14:00[\/vc_column_text][\/vc_column][\/vc_row][\/vc_section][vc_row css=\u00bb.vc_custom_1600339327238{margin-top: 20px !important;margin-bottom: 60px !important;}\u00bb][vc_column][vc_column_text el_class=\u00bbgdi-titulo-secundario\u00bb css=\u00bb.vc_custom_1630483841605{margin-bottom: 20px !important;}\u00bb]<\/p>\n<h2><span style=\"color: #3a245c\">OTRAS FORMACIONES<\/span><\/h2>\n<p>[\/vc_column_text][vc_row_inner][vc_column_inner width=\u00bb1\/3&#8243;][vc_single_image image=\u00bb4139&#8243; img_size=\u00bbfull\u00bb alignment=\u00bbcenter\u00bb onclick=\u00bbcustom_link\u00bb link=\u00bbhttps:\/\/fg.ull.es\/portal\/gdi\/formacion-de-transformacion-digital\/\u00bb][\/vc_column_inner][vc_column_inner width=\u00bb1\/3&#8243;][vc_single_image image=\u00bb4141&#8243; img_size=\u00bbfull\u00bb alignment=\u00bbcenter\u00bb onclick=\u00bbcustom_link\u00bb link=\u00bbhttps:\/\/fg.ull.es\/portal\/gdi\/formacion-de-gestion-de-la-innovacion\/\u00bb][\/vc_column_inner][vc_column_inner width=\u00bb1\/3&#8243;][vc_single_image image=\u00bb4138&#8243; img_size=\u00bbfull\u00bb alignment=\u00bbcenter\u00bb onclick=\u00bbcustom_link\u00bb link=\u00bbhttps:\/\/fg.ull.es\/portal\/gdi\/formacion-de-expertos-digitales\/\u00bb][\/vc_column_inner][\/vc_row_inner][\/vc_column][\/vc_row]<\/p>\n<\/section>","protected":false},"excerpt":{"rendered":"<p>[vc_row full_width=\u00bbstretch_row\u00bb css=\u00bb.vc_custom_1600355105990{padding-top: 20px !important;background-image: url(https:\/\/fg.ull.es\/portal\/gdi\/wp-content\/uploads\/sites\/2\/2020\/09\/gdi-transferencia-cabecera@2x.jpg?id=4214) !important;background-position: center !important;background-repeat: no-repeat !important;background-size: cover !important;}\u00bb][vc_column css=\u00bb.vc_custom_1599735159455{margin-top: 60px !important;margin-bottom: 60px !important;}\u00bb][vc_row_inner][vc_column_inner width=\u00bb1\/2&#8243;][vc_single_image image=\u00bb3916&#8243; img_size=\u00bbfull\u00bb css=\u00bb.vc_custom_1600355124909{margin-bottom: 40px !important;padding-right: 10% !important;}\u00bb][\/vc_column_inner][vc_column_inner width=\u00bb1\/2&#8243;][vc_column_text el_class=\u00bbgdi-frase-cabecera\u00bb css=\u00bb.vc_custom_1600349354068{margin-bottom: 40px !important;}\u00bb]\u201c\u00bfEst\u00e1s preparad@ para el nuevo mundo laboral?\u201d[\/vc_column_text][vc_btn title=\u00bbSOLICITAR INFORMACI\u00d3N\u00bb style=\u00bbcustom\u00bb custom_background=\u00bb#da5317&#8243; custom_text=\u00bb#ffffff\u00bb shape=\u00bbsquare\u00bb size=\u00bbxs\u00bb el_class=\u00bbgdi-boton-s popmake-6169&#8243;][vc_empty_space height=\u00bb20px\u00bb][vc_btn title=\u00bbPR\u00d3XIMOS CURSOS\u00bb style=\u00bbcustom\u00bb custom_background=\u00bb#ffffff\u00bb custom_text=\u00bb#000000&#8243; shape=\u00bbsquare\u00bb size=\u00bbxs\u00bb el_class=\u00bbgdi-boton-s\u00bb&#8230;<\/p>\n","protected":false},"author":11,"featured_media":0,"parent":0,"menu_order":0,"comment_status":"closed","ping_status":"closed","template":"templates\/template-frontpage.php","meta":{"footnotes":""},"yoast_head":"<!-- This site is optimized with the Yoast SEO plugin v21.1 - https:\/\/yoast.com\/wordpress\/plugins\/seo\/ -->\n<title>\u25b7 Formaci\u00f3n de Transferencia y Valorizaci\u00f3n | Impulsa tu futuro<\/title>\n<meta name=\"description\" content=\"\u00bfEst\u00e1s preparad@ para el nuevo mundo laboral? Formaci\u00f3n online, gratuita y con certificaci\u00f3n. Enriquece tu curr\u00edculum \u2713\" \/>\n<meta name=\"robots\" content=\"index, follow, max-snippet:-1, max-image-preview:large, max-video-preview:-1\" \/>\n<link rel=\"canonical\" href=\"https:\/\/fg.ull.es\/portal\/gdi\/formacion-de-transferencia-y-valorizacion\/\" \/>\n<meta property=\"og:locale\" content=\"es_ES\" \/>\n<meta property=\"og:type\" content=\"article\" \/>\n<meta property=\"og:title\" content=\"\u25b7 Formaci\u00f3n de Transferencia y Valorizaci\u00f3n | Impulsa tu futuro\" \/>\n<meta property=\"og:description\" content=\"\u00bfEst\u00e1s preparad@ para el nuevo mundo laboral? Formaci\u00f3n online, gratuita y con certificaci\u00f3n. Enriquece tu curr\u00edculum \u2713\" \/>\n<meta property=\"og:url\" content=\"https:\/\/fg.ull.es\/portal\/gdi\/formacion-de-transferencia-y-valorizacion\/\" \/>\n<meta property=\"og:site_name\" content=\"Programa de Gestores de la Innovaci\u00f3n\" \/>\n<meta property=\"article:modified_time\" content=\"2022-11-16T13:39:59+00:00\" \/>\n<meta property=\"og:image\" content=\"https:\/\/fg.ull.es\/portal\/gdi\/wp-content\/uploads\/sites\/2\/2020\/09\/gdi-icono-dirige-w@2x.png\" \/>\n<meta name=\"twitter:card\" content=\"summary_large_image\" \/>\n<meta name=\"twitter:label1\" content=\"Est. reading time\" \/>\n\t<meta name=\"twitter:data1\" content=\"6 minutos\" \/>\n<script type=\"application\/ld+json\" class=\"yoast-schema-graph\">{\"@context\":\"https:\/\/schema.org\",\"@graph\":[{\"@type\":\"WebPage\",\"@id\":\"https:\/\/fg.ull.es\/portal\/gdi\/formacion-de-transferencia-y-valorizacion\/\",\"url\":\"https:\/\/fg.ull.es\/portal\/gdi\/formacion-de-transferencia-y-valorizacion\/\",\"name\":\"\u25b7 Formaci\u00f3n de Transferencia y Valorizaci\u00f3n | Impulsa tu futuro\",\"isPartOf\":{\"@id\":\"https:\/\/fg.ull.es\/portal\/gdi\/#website\"},\"datePublished\":\"2020-09-17T13:58:44+00:00\",\"dateModified\":\"2022-11-16T13:39:59+00:00\",\"description\":\"\u00bfEst\u00e1s preparad@ para el nuevo mundo laboral? Formaci\u00f3n online, gratuita y con certificaci\u00f3n. Enriquece tu curr\u00edculum \u2713\",\"breadcrumb\":{\"@id\":\"https:\/\/fg.ull.es\/portal\/gdi\/formacion-de-transferencia-y-valorizacion\/#breadcrumb\"},\"inLanguage\":\"es\",\"potentialAction\":[{\"@type\":\"ReadAction\",\"target\":[\"https:\/\/fg.ull.es\/portal\/gdi\/formacion-de-transferencia-y-valorizacion\/\"]}]},{\"@type\":\"BreadcrumbList\",\"@id\":\"https:\/\/fg.ull.es\/portal\/gdi\/formacion-de-transferencia-y-valorizacion\/#breadcrumb\",\"itemListElement\":[{\"@type\":\"ListItem\",\"position\":1,\"name\":\"Portada\",\"item\":\"https:\/\/fg.ull.es\/portal\/gdi\/\"},{\"@type\":\"ListItem\",\"position\":2,\"name\":\"Formaci\u00f3n de Transferencia y Valorizaci\u00f3n\"}]},{\"@type\":\"WebSite\",\"@id\":\"https:\/\/fg.ull.es\/portal\/gdi\/#website\",\"url\":\"https:\/\/fg.ull.es\/portal\/gdi\/\",\"name\":\"Programa de Gestores de la Innovaci\u00f3n\",\"description\":\"\",\"publisher\":{\"@id\":\"https:\/\/fg.ull.es\/portal\/gdi\/#organization\"},\"potentialAction\":[{\"@type\":\"SearchAction\",\"target\":{\"@type\":\"EntryPoint\",\"urlTemplate\":\"https:\/\/fg.ull.es\/portal\/gdi\/?s={search_term_string}\"},\"query-input\":\"required name=search_term_string\"}],\"inLanguage\":\"es\"},{\"@type\":\"Organization\",\"@id\":\"https:\/\/fg.ull.es\/portal\/gdi\/#organization\",\"name\":\"FUNDACI\u00d3N CANARIA GENERAL UNIVERSIDAD DE LA LAGUNA\",\"url\":\"https:\/\/fg.ull.es\/portal\/gdi\/\",\"logo\":{\"@type\":\"ImageObject\",\"inLanguage\":\"es\",\"@id\":\"https:\/\/fg.ull.es\/portal\/gdi\/#\/schema\/logo\/image\/\",\"url\":\"https:\/\/fg.ull.es\/portal\/gdi\/wp-content\/uploads\/sites\/2\/2020\/04\/FAVICON.png\",\"contentUrl\":\"https:\/\/fg.ull.es\/portal\/gdi\/wp-content\/uploads\/sites\/2\/2020\/04\/FAVICON.png\",\"width\":512,\"height\":512,\"caption\":\"FUNDACI\u00d3N CANARIA GENERAL UNIVERSIDAD DE LA LAGUNA\"},\"image\":{\"@id\":\"https:\/\/fg.ull.es\/portal\/gdi\/#\/schema\/logo\/image\/\"}}]}<\/script>\n<!-- \/ Yoast SEO plugin. -->","yoast_head_json":{"title":"\u25b7 Formaci\u00f3n de Transferencia y Valorizaci\u00f3n | Impulsa tu futuro","description":"\u00bfEst\u00e1s preparad@ para el nuevo mundo laboral? Formaci\u00f3n online, gratuita y con certificaci\u00f3n. Enriquece tu curr\u00edculum \u2713","robots":{"index":"index","follow":"follow","max-snippet":"max-snippet:-1","max-image-preview":"max-image-preview:large","max-video-preview":"max-video-preview:-1"},"canonical":"https:\/\/fg.ull.es\/portal\/gdi\/formacion-de-transferencia-y-valorizacion\/","og_locale":"es_ES","og_type":"article","og_title":"\u25b7 Formaci\u00f3n de Transferencia y Valorizaci\u00f3n | Impulsa tu futuro","og_description":"\u00bfEst\u00e1s preparad@ para el nuevo mundo laboral? Formaci\u00f3n online, gratuita y con certificaci\u00f3n. Enriquece tu curr\u00edculum \u2713","og_url":"https:\/\/fg.ull.es\/portal\/gdi\/formacion-de-transferencia-y-valorizacion\/","og_site_name":"Programa de Gestores de la Innovaci\u00f3n","article_modified_time":"2022-11-16T13:39:59+00:00","og_image":[{"url":"https:\/\/fg.ull.es\/portal\/gdi\/wp-content\/uploads\/sites\/2\/2020\/09\/gdi-icono-dirige-w@2x.png"}],"twitter_card":"summary_large_image","twitter_misc":{"Est. reading time":"6 minutos"},"schema":{"@context":"https:\/\/schema.org","@graph":[{"@type":"WebPage","@id":"https:\/\/fg.ull.es\/portal\/gdi\/formacion-de-transferencia-y-valorizacion\/","url":"https:\/\/fg.ull.es\/portal\/gdi\/formacion-de-transferencia-y-valorizacion\/","name":"\u25b7 Formaci\u00f3n de Transferencia y Valorizaci\u00f3n | Impulsa tu futuro","isPartOf":{"@id":"https:\/\/fg.ull.es\/portal\/gdi\/#website"},"datePublished":"2020-09-17T13:58:44+00:00","dateModified":"2022-11-16T13:39:59+00:00","description":"\u00bfEst\u00e1s preparad@ para el nuevo mundo laboral? Formaci\u00f3n online, gratuita y con certificaci\u00f3n. Enriquece tu curr\u00edculum \u2713","breadcrumb":{"@id":"https:\/\/fg.ull.es\/portal\/gdi\/formacion-de-transferencia-y-valorizacion\/#breadcrumb"},"inLanguage":"es","potentialAction":[{"@type":"ReadAction","target":["https:\/\/fg.ull.es\/portal\/gdi\/formacion-de-transferencia-y-valorizacion\/"]}]},{"@type":"BreadcrumbList","@id":"https:\/\/fg.ull.es\/portal\/gdi\/formacion-de-transferencia-y-valorizacion\/#breadcrumb","itemListElement":[{"@type":"ListItem","position":1,"name":"Portada","item":"https:\/\/fg.ull.es\/portal\/gdi\/"},{"@type":"ListItem","position":2,"name":"Formaci\u00f3n de Transferencia y Valorizaci\u00f3n"}]},{"@type":"WebSite","@id":"https:\/\/fg.ull.es\/portal\/gdi\/#website","url":"https:\/\/fg.ull.es\/portal\/gdi\/","name":"Programa de Gestores de la Innovaci\u00f3n","description":"","publisher":{"@id":"https:\/\/fg.ull.es\/portal\/gdi\/#organization"},"potentialAction":[{"@type":"SearchAction","target":{"@type":"EntryPoint","urlTemplate":"https:\/\/fg.ull.es\/portal\/gdi\/?s={search_term_string}"},"query-input":"required name=search_term_string"}],"inLanguage":"es"},{"@type":"Organization","@id":"https:\/\/fg.ull.es\/portal\/gdi\/#organization","name":"FUNDACI\u00d3N CANARIA GENERAL UNIVERSIDAD DE LA LAGUNA","url":"https:\/\/fg.ull.es\/portal\/gdi\/","logo":{"@type":"ImageObject","inLanguage":"es","@id":"https:\/\/fg.ull.es\/portal\/gdi\/#\/schema\/logo\/image\/","url":"https:\/\/fg.ull.es\/portal\/gdi\/wp-content\/uploads\/sites\/2\/2020\/04\/FAVICON.png","contentUrl":"https:\/\/fg.ull.es\/portal\/gdi\/wp-content\/uploads\/sites\/2\/2020\/04\/FAVICON.png","width":512,"height":512,"caption":"FUNDACI\u00d3N CANARIA GENERAL UNIVERSIDAD DE LA LAGUNA"},"image":{"@id":"https:\/\/fg.ull.es\/portal\/gdi\/#\/schema\/logo\/image\/"}}]}},"_links":{"self":[{"href":"https:\/\/fg.ull.es\/portal\/gdi\/wp-json\/wp\/v2\/pages\/4202"}],"collection":[{"href":"https:\/\/fg.ull.es\/portal\/gdi\/wp-json\/wp\/v2\/pages"}],"about":[{"href":"https:\/\/fg.ull.es\/portal\/gdi\/wp-json\/wp\/v2\/types\/page"}],"author":[{"embeddable":true,"href":"https:\/\/fg.ull.es\/portal\/gdi\/wp-json\/wp\/v2\/users\/11"}],"replies":[{"embeddable":true,"href":"https:\/\/fg.ull.es\/portal\/gdi\/wp-json\/wp\/v2\/comments?post=4202"}],"version-history":[{"count":56,"href":"https:\/\/fg.ull.es\/portal\/gdi\/wp-json\/wp\/v2\/pages\/4202\/revisions"}],"predecessor-version":[{"id":7101,"href":"https:\/\/fg.ull.es\/portal\/gdi\/wp-json\/wp\/v2\/pages\/4202\/revisions\/7101"}],"wp:attachment":[{"href":"https:\/\/fg.ull.es\/portal\/gdi\/wp-json\/wp\/v2\/media?parent=4202"}],"curies":[{"name":"wp","href":"https:\/\/api.w.org\/{rel}","templated":true}]}}