{"id":262,"date":"2017-07-20T17:21:21","date_gmt":"2017-07-20T17:21:21","guid":{"rendered":"http:\/\/gdi.bigmountain.studio\/?page_id=262"},"modified":"2022-11-02T14:27:38","modified_gmt":"2022-11-02T14:27:38","slug":"noticias","status":"publish","type":"page","link":"https:\/\/fg.ull.es\/portal\/gdi\/noticias\/","title":{"rendered":"Noticias"},"content":{"rendered":"<section class=\"wpb-content-wrapper\"><p>[vc_row full_width=\u00bbstretch_row\u00bb css=\u00bb.vc_custom_1599734797328{background-image: url(https:\/\/fg.ull.es\/portal\/gdi\/wp-content\/uploads\/sites\/2\/2020\/09\/gdi-home-cabecera-fondo.png?id=3901) !important;background-position: center !important;background-repeat: no-repeat !important;background-size: cover !important;}\u00bb][vc_column css=\u00bb.vc_custom_1600425826039{margin-top: 40px !important;margin-bottom: 40px !important;}\u00bb][vc_row_inner][vc_column_inner width=\u00bb1\/2&#8243;][vc_column_text el_class=\u00bbgdi-texto-cabecera\u00bb css=\u00bb.vc_custom_1630484524543{margin-top: 15% !important;}\u00bb]<\/p>\n<h1><span style=\"color: #f0f0f0;\">NOTICIAS<\/span><\/h1>\n<p><span style=\"color: #e3e3e3;\">\u00daltimas noticias relacionadas con el Programa de Gesti\u00f3n de la Innovaci\u00f3n.<\/span>[\/vc_column_text][\/vc_column_inner][vc_column_inner width=\u00bb1\/2&#8243;][vc_single_image image=\u00bb6314&#8243; img_size=\u00bbfull\u00bb alignment=\u00bbright\u00bb css=\u00bb.vc_custom_1630488838864{padding-left: 33% !important;}\u00bb][\/vc_column_inner][\/vc_row_inner][\/vc_column][\/vc_row][vc_row css=\u00bb.vc_custom_1500901349701{margin-top: 50px !important;}\u00bb][vc_column css=\u00bb.vc_custom_1600371339249{margin-bottom: 60px !important;}\u00bb][vc_masonry_grid post_type=\u00bbpost\u00bb max_items=\u00bb21&#8243; style=\u00bbload-more\u00bb items_per_page=\u00bb9&#8243; gap=\u00bb20&#8243; item=\u00bb143&#8243; initial_loading_animation=\u00bbnone\u00bb grid_id=\u00bbvc_gid:1667397811727-b7aa219d-60d7-1&#8243; taxonomies=\u00bb1&#8243;][\/vc_column][\/vc_row]<\/p>\n<\/section>","protected":false},"excerpt":{"rendered":"<p>[vc_row full_width=\u00bbstretch_row\u00bb css=\u00bb.vc_custom_1599734797328{background-image: url(https:\/\/fg.ull.es\/portal\/gdi\/wp-content\/uploads\/sites\/2\/2020\/09\/gdi-home-cabecera-fondo.png?id=3901) !important;background-position: center !important;background-repeat: no-repeat !important;background-size: cover !important;}\u00bb][vc_column css=\u00bb.vc_custom_1600425826039{margin-top: 40px !important;margin-bottom: 40px !important;}\u00bb][vc_row_inner][vc_column_inner width=\u00bb1\/2&#8243;][vc_column_text el_class=\u00bbgdi-texto-cabecera\u00bb css=\u00bb.vc_custom_1630484524543{margin-top: 15% !important;}\u00bb] NOTICIAS \u00daltimas noticias relacionadas con el Programa de Gesti\u00f3n de la Innovaci\u00f3n.[\/vc_column_text][\/vc_column_inner][vc_column_inner width=\u00bb1\/2&#8243;][vc_single_image image=\u00bb6314&#8243; img_size=\u00bbfull\u00bb alignment=\u00bbright\u00bb css=\u00bb.vc_custom_1630488838864{padding-left: 33% !important;}\u00bb][\/vc_column_inner][\/vc_row_inner][\/vc_column][\/vc_row][vc_row css=\u00bb.vc_custom_1500901349701{margin-top: 50px !important;}\u00bb][vc_column css=\u00bb.vc_custom_1600371339249{margin-bottom: 60px !important;}\u00bb][vc_masonry_grid post_type=\u00bbpost\u00bb max_items=\u00bb21&#8243; style=\u00bbload-more\u00bb items_per_page=\u00bb9&#8243; gap=\u00bb20&#8243; item=\u00bb143&#8243; initial_loading_animation=\u00bbnone\u00bb grid_id=\u00bbvc_gid:1667397811727-b7aa219d-60d7-1&#8243; taxonomies=\u00bb1&#8243;][\/vc_column][\/vc_row]<\/p>\n","protected":false},"author":1,"featured_media":0,"parent":0,"menu_order":0,"comment_status":"closed","ping_status":"closed","template":"templates\/template-frontpage.php","meta":{"footnotes":""},"yoast_head":"<!-- This site is optimized with the Yoast SEO plugin v21.1 - https:\/\/yoast.com\/wordpress\/plugins\/seo\/ -->\n<title>GDI: \u25b7 Noticias | Programa de Gesti\u00f3n de la Innovaci\u00f3n<\/title>\n<meta name=\"description\" content=\"\u00daltimas noticias relacionadas con el Programa de Gesti\u00f3n de la Innovaci\u00f3n, P\u00edldoras formativas y mucho m\u00e1s. \u00a1No te las pierdas!\" \/>\n<meta name=\"robots\" content=\"index, follow, max-snippet:-1, max-image-preview:large, max-video-preview:-1\" \/>\n<link rel=\"canonical\" href=\"https:\/\/fg.ull.es\/portal\/gdi\/noticias\/\" \/>\n<meta property=\"og:locale\" content=\"es_ES\" \/>\n<meta property=\"og:type\" content=\"article\" \/>\n<meta property=\"og:title\" content=\"GDI: \u25b7 Noticias | Programa de Gesti\u00f3n de la Innovaci\u00f3n\" \/>\n<meta property=\"og:description\" content=\"\u00daltimas noticias relacionadas con el Programa de Gesti\u00f3n de la Innovaci\u00f3n, P\u00edldoras formativas y mucho m\u00e1s. \u00a1No te las pierdas!\" \/>\n<meta property=\"og:url\" content=\"https:\/\/fg.ull.es\/portal\/gdi\/noticias\/\" \/>\n<meta property=\"og:site_name\" content=\"Programa de Gestores de la Innovaci\u00f3n\" \/>\n<meta property=\"article:modified_time\" content=\"2022-11-02T14:27:38+00:00\" \/>\n<meta name=\"twitter:card\" content=\"summary_large_image\" \/>\n<meta name=\"twitter:label1\" content=\"Est. reading time\" \/>\n\t<meta name=\"twitter:data1\" content=\"1 minuto\" \/>\n<script type=\"application\/ld+json\" class=\"yoast-schema-graph\">{\"@context\":\"https:\/\/schema.org\",\"@graph\":[{\"@type\":\"WebPage\",\"@id\":\"https:\/\/fg.ull.es\/portal\/gdi\/noticias\/\",\"url\":\"https:\/\/fg.ull.es\/portal\/gdi\/noticias\/\",\"name\":\"GDI: \u25b7 Noticias | Programa de Gesti\u00f3n de la Innovaci\u00f3n\",\"isPartOf\":{\"@id\":\"https:\/\/fg.ull.es\/portal\/gdi\/#website\"},\"datePublished\":\"2017-07-20T17:21:21+00:00\",\"dateModified\":\"2022-11-02T14:27:38+00:00\",\"description\":\"\u00daltimas noticias relacionadas con el Programa de Gesti\u00f3n de la Innovaci\u00f3n, P\u00edldoras formativas y mucho m\u00e1s. \u00a1No te las pierdas!\",\"breadcrumb\":{\"@id\":\"https:\/\/fg.ull.es\/portal\/gdi\/noticias\/#breadcrumb\"},\"inLanguage\":\"es\",\"potentialAction\":[{\"@type\":\"ReadAction\",\"target\":[\"https:\/\/fg.ull.es\/portal\/gdi\/noticias\/\"]}]},{\"@type\":\"BreadcrumbList\",\"@id\":\"https:\/\/fg.ull.es\/portal\/gdi\/noticias\/#breadcrumb\",\"itemListElement\":[{\"@type\":\"ListItem\",\"position\":1,\"name\":\"Portada\",\"item\":\"https:\/\/fg.ull.es\/portal\/gdi\/\"},{\"@type\":\"ListItem\",\"position\":2,\"name\":\"Noticias\"}]},{\"@type\":\"WebSite\",\"@id\":\"https:\/\/fg.ull.es\/portal\/gdi\/#website\",\"url\":\"https:\/\/fg.ull.es\/portal\/gdi\/\",\"name\":\"Programa de Gestores de la Innovaci\u00f3n\",\"description\":\"\",\"publisher\":{\"@id\":\"https:\/\/fg.ull.es\/portal\/gdi\/#organization\"},\"potentialAction\":[{\"@type\":\"SearchAction\",\"target\":{\"@type\":\"EntryPoint\",\"urlTemplate\":\"https:\/\/fg.ull.es\/portal\/gdi\/?s={search_term_string}\"},\"query-input\":\"required name=search_term_string\"}],\"inLanguage\":\"es\"},{\"@type\":\"Organization\",\"@id\":\"https:\/\/fg.ull.es\/portal\/gdi\/#organization\",\"name\":\"FUNDACI\u00d3N CANARIA GENERAL UNIVERSIDAD DE LA LAGUNA\",\"url\":\"https:\/\/fg.ull.es\/portal\/gdi\/\",\"logo\":{\"@type\":\"ImageObject\",\"inLanguage\":\"es\",\"@id\":\"https:\/\/fg.ull.es\/portal\/gdi\/#\/schema\/logo\/image\/\",\"url\":\"https:\/\/fg.ull.es\/portal\/gdi\/wp-content\/uploads\/sites\/2\/2020\/04\/FAVICON.png\",\"contentUrl\":\"https:\/\/fg.ull.es\/portal\/gdi\/wp-content\/uploads\/sites\/2\/2020\/04\/FAVICON.png\",\"width\":512,\"height\":512,\"caption\":\"FUNDACI\u00d3N CANARIA GENERAL UNIVERSIDAD DE LA LAGUNA\"},\"image\":{\"@id\":\"https:\/\/fg.ull.es\/portal\/gdi\/#\/schema\/logo\/image\/\"}}]}<\/script>\n<!-- \/ Yoast SEO plugin. -->","yoast_head_json":{"title":"GDI: \u25b7 Noticias | Programa de Gesti\u00f3n de la Innovaci\u00f3n","description":"\u00daltimas noticias relacionadas con el Programa de Gesti\u00f3n de la Innovaci\u00f3n, P\u00edldoras formativas y mucho m\u00e1s. \u00a1No te las pierdas!","robots":{"index":"index","follow":"follow","max-snippet":"max-snippet:-1","max-image-preview":"max-image-preview:large","max-video-preview":"max-video-preview:-1"},"canonical":"https:\/\/fg.ull.es\/portal\/gdi\/noticias\/","og_locale":"es_ES","og_type":"article","og_title":"GDI: \u25b7 Noticias | Programa de Gesti\u00f3n de la Innovaci\u00f3n","og_description":"\u00daltimas noticias relacionadas con el Programa de Gesti\u00f3n de la Innovaci\u00f3n, P\u00edldoras formativas y mucho m\u00e1s. \u00a1No te las pierdas!","og_url":"https:\/\/fg.ull.es\/portal\/gdi\/noticias\/","og_site_name":"Programa de Gestores de la Innovaci\u00f3n","article_modified_time":"2022-11-02T14:27:38+00:00","twitter_card":"summary_large_image","twitter_misc":{"Est. reading time":"1 minuto"},"schema":{"@context":"https:\/\/schema.org","@graph":[{"@type":"WebPage","@id":"https:\/\/fg.ull.es\/portal\/gdi\/noticias\/","url":"https:\/\/fg.ull.es\/portal\/gdi\/noticias\/","name":"GDI: \u25b7 Noticias | Programa de Gesti\u00f3n de la Innovaci\u00f3n","isPartOf":{"@id":"https:\/\/fg.ull.es\/portal\/gdi\/#website"},"datePublished":"2017-07-20T17:21:21+00:00","dateModified":"2022-11-02T14:27:38+00:00","description":"\u00daltimas noticias relacionadas con el Programa de Gesti\u00f3n de la Innovaci\u00f3n, P\u00edldoras formativas y mucho m\u00e1s. \u00a1No te las pierdas!","breadcrumb":{"@id":"https:\/\/fg.ull.es\/portal\/gdi\/noticias\/#breadcrumb"},"inLanguage":"es","potentialAction":[{"@type":"ReadAction","target":["https:\/\/fg.ull.es\/portal\/gdi\/noticias\/"]}]},{"@type":"BreadcrumbList","@id":"https:\/\/fg.ull.es\/portal\/gdi\/noticias\/#breadcrumb","itemListElement":[{"@type":"ListItem","position":1,"name":"Portada","item":"https:\/\/fg.ull.es\/portal\/gdi\/"},{"@type":"ListItem","position":2,"name":"Noticias"}]},{"@type":"WebSite","@id":"https:\/\/fg.ull.es\/portal\/gdi\/#website","url":"https:\/\/fg.ull.es\/portal\/gdi\/","name":"Programa de Gestores de la Innovaci\u00f3n","description":"","publisher":{"@id":"https:\/\/fg.ull.es\/portal\/gdi\/#organization"},"potentialAction":[{"@type":"SearchAction","target":{"@type":"EntryPoint","urlTemplate":"https:\/\/fg.ull.es\/portal\/gdi\/?s={search_term_string}"},"query-input":"required name=search_term_string"}],"inLanguage":"es"},{"@type":"Organization","@id":"https:\/\/fg.ull.es\/portal\/gdi\/#organization","name":"FUNDACI\u00d3N CANARIA GENERAL UNIVERSIDAD DE LA LAGUNA","url":"https:\/\/fg.ull.es\/portal\/gdi\/","logo":{"@type":"ImageObject","inLanguage":"es","@id":"https:\/\/fg.ull.es\/portal\/gdi\/#\/schema\/logo\/image\/","url":"https:\/\/fg.ull.es\/portal\/gdi\/wp-content\/uploads\/sites\/2\/2020\/04\/FAVICON.png","contentUrl":"https:\/\/fg.ull.es\/portal\/gdi\/wp-content\/uploads\/sites\/2\/2020\/04\/FAVICON.png","width":512,"height":512,"caption":"FUNDACI\u00d3N CANARIA GENERAL UNIVERSIDAD DE LA LAGUNA"},"image":{"@id":"https:\/\/fg.ull.es\/portal\/gdi\/#\/schema\/logo\/image\/"}}]}},"_links":{"self":[{"href":"https:\/\/fg.ull.es\/portal\/gdi\/wp-json\/wp\/v2\/pages\/262"}],"collection":[{"href":"https:\/\/fg.ull.es\/portal\/gdi\/wp-json\/wp\/v2\/pages"}],"about":[{"href":"https:\/\/fg.ull.es\/portal\/gdi\/wp-json\/wp\/v2\/types\/page"}],"author":[{"embeddable":true,"href":"https:\/\/fg.ull.es\/portal\/gdi\/wp-json\/wp\/v2\/users\/1"}],"replies":[{"embeddable":true,"href":"https:\/\/fg.ull.es\/portal\/gdi\/wp-json\/wp\/v2\/comments?post=262"}],"version-history":[{"count":30,"href":"https:\/\/fg.ull.es\/portal\/gdi\/wp-json\/wp\/v2\/pages\/262\/revisions"}],"predecessor-version":[{"id":7018,"href":"https:\/\/fg.ull.es\/portal\/gdi\/wp-json\/wp\/v2\/pages\/262\/revisions\/7018"}],"wp:attachment":[{"href":"https:\/\/fg.ull.es\/portal\/gdi\/wp-json\/wp\/v2\/media?parent=262"}],"curies":[{"name":"wp","href":"https:\/\/api.w.org\/{rel}","templated":true}]}}