{"id":36238,"date":"2026-02-09T11:24:54","date_gmt":"2026-02-09T11:24:54","guid":{"rendered":"https:\/\/fg.ull.es\/innovacion\/?page_id=36238"},"modified":"2026-02-09T11:44:44","modified_gmt":"2026-02-09T11:44:44","slug":"programa-diginnova-2024","status":"publish","type":"page","link":"https:\/\/fg.ull.es\/innovacion\/programa-diginnova-2024\/","title":{"rendered":"Programa Diginnova 2024"},"content":{"rendered":"<section class=\"wpb-content-wrapper\"><p>[vc_row full_width=&#8221;stretch_row_content_no_spaces&#8221; parallax=&#8221;content-moving-fade&#8221; css=&#8221;.vc_custom_1709290436166{margin-top: 0px !important;border-top-width: 0px !important;padding-top: 0px !important;background: rgba(158,154,160,0.54) url(https:\/\/fg.ull.es\/innovacion\/wp-content\/uploads\/sites\/5\/2024\/02\/cabecera-diginova.png?id=35077);*background-color: rgb(158,154,160) !important;}&#8221; el_id=&#8221;cabecera-web&#8221;][vc_column css=&#8221;.vc_custom_1709290388060{margin-top: 0px !important;border-top-width: 0px !important;padding-top: 0px !important;}&#8221; offset=&#8221;vc_hidden-sm vc_hidden-xs&#8221;][vc_empty_space height=&#8221;100px&#8221;][vc_custom_heading text=&#8221;<b>PROGRAMA DIGINNOVA 2024<\/b>&#8221; font_container=&#8221;tag:h1|font_size:5em|text_align:center|color:%235c068c&#8221; use_theme_fonts=&#8221;yes&#8221;][vc_custom_heading text=&#8221;TRANSF\u00d3RMATE PARA EL CAMBIO&#8221; font_container=&#8221;tag:h2|font_size:3em|text_align:center|color:%235c068c&#8221; use_theme_fonts=&#8221;yes&#8221;][vc_row_inner css=&#8221;.vc_custom_1709290069326{padding-top: 0px !important;padding-bottom: 0px !important;background-position: center !important;background-repeat: no-repeat !important;background-size: cover !important;}&#8221;][vc_column_inner width=&#8221;1\/4&#8243;][\/vc_column_inner][vc_column_inner width=&#8221;1\/2&#8243;][vc_custom_heading text=&#8221;FORMACI\u00d3N GRATUITA CERTIFICADA POR LA UNIVERSIDAD DE LA LAGUNA&#8221; font_container=&#8221;tag:h3|font_size:1.5em|text_align:center|color:%235c068c|line_height:1.2em&#8221; google_fonts=&#8221;font_family:Roboto%3A100%2C100italic%2C300%2C300italic%2Cregular%2Citalic%2C500%2C500italic%2C700%2C700italic%2C900%2C900italic|font_style:900%20bold%20regular%3A900%3Anormal&#8221; css_animation=&#8221;bounceIn&#8221; css=&#8221;.vc_custom_1709290893131{padding-top: 10px !important;padding-right: 10px !important;padding-bottom: 10px !important;padding-left: 10px !important;background-color: #ffffff !important;background-position: 0 0 !important;background-repeat: no-repeat !important;}&#8221; el_id=&#8221;txtformacion&#8221;][\/vc_column_inner][vc_column_inner width=&#8221;1\/4&#8243;][\/vc_column_inner][\/vc_row_inner][vc_empty_space height=&#8221;100px&#8221;][vc_row_inner][vc_column_inner width=&#8221;1\/4&#8243;][\/vc_column_inner][vc_column_inner width=&#8221;1\/2&#8243;][vc_btn title=&#8221;ACCESO EMPRESAS&#8221; style=&#8221;custom&#8221; custom_background=&#8221;#5c068c&#8221; custom_text=&#8221;#ffffff&#8221; shape=&#8221;round&#8221; size=&#8221;lg&#8221; align=&#8221;center&#8221; css_animation=&#8221;bounceInUp&#8221; link=&#8221;url:https%3A%2F%2Ffg.ull.es%2Finnovacion%2Fprograma-diginnova-2024%2Fempresas-2024%2F|target:_blank&#8221;][\/vc_column_inner][vc_column_inner width=&#8221;1\/4&#8243;][\/vc_column_inner][\/vc_row_inner][vc_empty_space height=&#8221;100px&#8221;][\/vc_column][\/vc_row][vc_row full_width=&#8221;stretch_row_content_no_spaces&#8221; parallax=&#8221;content-moving-fade&#8221; css=&#8221;.vc_custom_1709290035001{margin-top: 0px !important;border-top-width: 0px !important;padding-top: 0px !important;background: rgba(158,154,160,0.54) url(https:\/\/fg.ull.es\/innovacion\/wp-content\/uploads\/sites\/5\/2024\/02\/cabecera-diginova.png?id=35077);*background-color:gb(158,154,160) !important;}&#8221;][vc_column css=&#8221;.vc_custom_1709290417368{margin-top: 0px !important;border-top-width: 0px !important;padding-top: 0px !important;}&#8221; offset=&#8221;vc_hidden-lg vc_hidden-md&#8221; el_id=&#8221;cabecera-movil&#8221;][vc_empty_space height=&#8221;100px&#8221;][vc_row_inner][vc_column_inner][vc_custom_heading text=&#8221;<b>PROGRAMA DIGINNOVA<\/b>&#8221; font_container=&#8221;tag:h1|font_size:3.1em|text_align:center|color:%235c068c&#8221; use_theme_fonts=&#8221;yes&#8221;][\/vc_column_inner][\/vc_row_inner][vc_custom_heading text=&#8221;TRANSF\u00d3RMATE<br \/>\nPARA EL CAMBIO&#8221; font_container=&#8221;tag:h2|font_size:2em|text_align:center|color:%235c068c&#8221; use_theme_fonts=&#8221;yes&#8221; css=&#8221;.vc_custom_1709290654718{padding-top: 10px !important;padding-right: 10px !important;padding-bottom: 10px !important;padding-left: 10px !important;}&#8221;][vc_row_inner content_placement=&#8221;middle&#8221; css=&#8221;.vc_custom_1709290806853{margin-top: 0px !important;margin-bottom: 0px !important;border-top-width: 0px !important;border-bottom-width: 0px !important;padding-top: 0px !important;padding-bottom: 0px !important;background-position: center !important;background-repeat: no-repeat !important;background-size: cover !important;}&#8221;][vc_column_inner width=&#8221;1\/4&#8243; css=&#8221;.vc_custom_1709290829343{margin: 0px !important;padding: 0px !important;border: 0px initial !important;}&#8221;][\/vc_column_inner][vc_column_inner width=&#8221;1\/2&#8243; css=&#8221;.vc_custom_1709290845310{margin: 0px !important;padding: 0px !important;border: 0px initial !important;}&#8221;][vc_custom_heading text=&#8221;FORMACI\u00d3N GRATUITA CERTIFICADA<br \/>\nPOR LA UNIVERSIDAD DE LA LAGUNA&#8221; font_container=&#8221;tag:h3|font_size:1.3em|text_align:center|color:%235c068c|line_height:1.1em&#8221; google_fonts=&#8221;font_family:Roboto%3A100%2C100italic%2C300%2C300italic%2Cregular%2Citalic%2C500%2C500italic%2C700%2C700italic%2C900%2C900italic|font_style:900%20bold%20regular%3A900%3Anormal&#8221; css_animation=&#8221;bounceIn&#8221; css=&#8221;.vc_custom_1709290761324{padding-top: 10px !important;padding-right: 20px !important;padding-bottom: 10px !important;padding-left: 20px !important;background-color: #ffffff !important;background-position: 0 0 !important;background-repeat: no-repeat !important;}&#8221;][\/vc_column_inner][vc_column_inner width=&#8221;1\/4&#8243; css=&#8221;.vc_custom_1709290859310{margin: 0px !important;padding: 0px !important;border: 0px initial !important;}&#8221;][\/vc_column_inner][\/vc_row_inner][vc_row_inner][vc_column_inner][vc_empty_space height=&#8221;100px&#8221;][vc_empty_space height=&#8221;100px&#8221;][vc_btn title=&#8221;ACCESO EMPRESAS&#8221; style=&#8221;custom&#8221; custom_background=&#8221;#5c068c&#8221; custom_text=&#8221;#ffffff&#8221; shape=&#8221;round&#8221; size=&#8221;lg&#8221; align=&#8221;center&#8221; css_animation=&#8221;bounceInRight&#8221; link=&#8221;url:https%3A%2F%2Ffg.ull.es%2Finnovacion%2Fprograma-diginnova%2Fempresas%2F&#8221;][vc_btn title=&#8221;SOLICITA TU PLAZA AHORA&#8221; style=&#8221;custom&#8221; custom_background=&#8221;#5c068c&#8221; custom_text=&#8221;#ffffff&#8221; shape=&#8221;round&#8221; size=&#8221;lg&#8221; align=&#8221;center&#8221; css_animation=&#8221;bounceInLeft&#8221; link=&#8221;url:https%3A%2F%2Ffg.ull.es%2Fgestionaue%2Fformularios%2Findex.php%2F187691%3Flang%3Des&#8221;][vc_btn title=&#8221;EDICI\u00d3N ANTERIOR&#8221; style=&#8221;custom&#8221; custom_background=&#8221;#5c068c&#8221; custom_text=&#8221;#ffffff&#8221; shape=&#8221;round&#8221; size=&#8221;lg&#8221; align=&#8221;center&#8221; css_animation=&#8221;bounceInRight&#8221; link=&#8221;url:https%3A%2F%2Ffg.ull.es%2Finnovacion%2Fprograma-diginnova-2023%2F|target:_blank&#8221;][\/vc_column_inner][\/vc_row_inner][vc_row_inner disable_element=&#8221;yes&#8221;][vc_column_inner][vc_btn title=&#8221;SOLICITA TU PLAZA AHORA&#8221; style=&#8221;custom&#8221; custom_background=&#8221;#5c068c&#8221; custom_text=&#8221;#ffffff&#8221; shape=&#8221;round&#8221; size=&#8221;lg&#8221; align=&#8221;center&#8221; css_animation=&#8221;bounceInRight&#8221; link=&#8221;url:https%3A%2F%2Ffg.ull.es%2Fgestionaue%2Fformularios%2Findex.php%2F346687%3Flang%3Des&#8221;][vc_btn title=&#8221;ACCESO EMPRESAS&#8221; style=&#8221;custom&#8221; custom_background=&#8221;#5c068c&#8221; custom_text=&#8221;#ffffff&#8221; shape=&#8221;round&#8221; size=&#8221;lg&#8221; align=&#8221;center&#8221; css_animation=&#8221;bounceInRight&#8221; link=&#8221;url:https%3A%2F%2Ffg.ull.es%2Finnovacion%2Fprograma-diginnova%2Fempresas%2F&#8221;][vc_single_image image=&#8221;36104&#8243; img_size=&#8221;large&#8221; alignment=&#8221;center&#8221; style=&#8221;vc_box_shadow&#8221; onclick=&#8221;custom_link&#8221; css_animation=&#8221;fadeInLeftBig&#8221; link=&#8221;https:\/\/fg.ull.es\/innovacion\/programa-diginnova\/#evento&#8221;][vc_single_image image=&#8221;36104&#8243; img_size=&#8221;large&#8221; alignment=&#8221;center&#8221; style=&#8221;vc_box_shadow&#8221; onclick=&#8221;custom_link&#8221; css_animation=&#8221;fadeInLeftBig&#8221; link=&#8221;https:\/\/fg.ull.es\/innovacion\/programa-diginnova\/#evento&#8221;][vc_empty_space height=&#8221;250px&#8221;][\/vc_column_inner][\/vc_row_inner][\/vc_column][\/vc_row][vc_row full_width=&#8221;stretch_row_content_no_spaces&#8221; css=&#8221;.vc_custom_1708952458787{background-color: #5c068c !important;}&#8221;][vc_column][vc_empty_space][vc_row_inner][vc_column_inner width=&#8221;1\/4&#8243;][\/vc_column_inner][vc_column_inner width=&#8221;1\/4&#8243;][vc_single_image image=&#8221;35055&#8243; img_size=&#8221;80&#215;80&#8243; alignment=&#8221;center&#8221; css_animation=&#8221;bounceIn&#8221;][vc_custom_heading text=&#8221;Modelo dual&#8221; font_container=&#8221;tag:h2|text_align:center|color:%23ffffff&#8221; use_theme_fonts=&#8221;yes&#8221;][vc_custom_heading text=&#8221;7 meses de formaci\u00f3n online y 4 meses de<br \/>\npr\u00e1cticas remuneradas en empresas.&#8221; font_container=&#8221;tag:p|text_align:center|color:%23ffffff&#8221; use_theme_fonts=&#8221;yes&#8221;][\/vc_column_inner][vc_column_inner width=&#8221;1\/4&#8243;][vc_single_image image=&#8221;35054&#8243; img_size=&#8221;80&#215;80&#8243; alignment=&#8221;center&#8221; css_animation=&#8221;bounceIn&#8221;][vc_custom_heading text=&#8221;Alta inserci\u00f3n laboral&#8221; font_container=&#8221;tag:h2|text_align:center|color:%23ffffff&#8221; use_theme_fonts=&#8221;yes&#8221;][vc_custom_heading text=&#8221;Alrededor del 40% de las personas participantes en la<br \/>\nedici\u00f3n anterior se insertaron laboralmente en la<br \/>\nempresa donde realizaron las pr\u00e1cticas.&#8221; font_container=&#8221;tag:p|text_align:center|color:%23ffffff&#8221; use_theme_fonts=&#8221;yes&#8221;][\/vc_column_inner][vc_column_inner width=&#8221;1\/4&#8243;][\/vc_column_inner][\/vc_row_inner][vc_empty_space][\/vc_column][\/vc_row][vc_row full_width=&#8221;stretch_row_content_no_spaces&#8221; css=&#8221;.vc_custom_1709205289694{background-color: #c64224 !important;}&#8221;][vc_column][vc_row_inner][vc_column_inner][vc_single_image image=&#8221;35056&#8243; img_size=&#8221;medium&#8221; alignment=&#8221;center&#8221; css_animation=&#8221;bounceIn&#8221;][vc_empty_space height=&#8221;15px&#8221;][\/vc_column_inner][\/vc_row_inner][\/vc_column][\/vc_row][vc_row][vc_column][vc_single_image image=&#8221;36223&#8243; img_size=&#8221;large&#8221; alignment=&#8221;center&#8221;][vc_column_text]<\/p>\n<p style=\"text-align: center\"><span style=\"color: #808080\">Programa DIGINNOVA, con la cofinanciaci\u00f3n del Fondo Social Europeo + en el Objetivo Pol\u00edtico 4 Una Europa m\u00e1s social e integradora mediante la aplicaci\u00f3n del pilar europeo de derechos sociales, Prioridad 8. Empleo, Inclusi\u00f3n social y Educaci\u00f3n RUP y Objetivo Espec\u00edfico 4.7\/4g.<\/span><\/p>\n<p>[\/vc_column_text][vc_empty_space][vc_separator][vc_empty_space][\/vc_column][\/vc_row][vc_row el_id=&#8221;evento&#8221;][vc_column width=&#8221;1\/6&#8243;][\/vc_column][vc_column width=&#8221;1\/6&#8243;][\/vc_column][\/vc_row][vc_row full_width=&#8221;stretch_row&#8221; css=&#8221;.vc_custom_1708954893434{background-color: #e0e0e0 !important;}&#8221;][vc_column][vc_row_inner][vc_column_inner width=&#8221;1\/2&#8243;][vc_column_text]<\/p>\n<h1 class=\"text-dark-1 about-content__title\"><strong><span style=\"color: #000000\">\u00bf<span style=\"color: #5c068c\">Qu\u00e9 es<\/span>\u00a0el Programa Diginnova?<\/span><\/strong><\/h1>\n<p>[\/vc_column_text][vc_empty_space height=&#8221;10px&#8221;][vc_separator color=&#8221;black&#8221; align=&#8221;align_left&#8221; border_width=&#8221;2&#8243; el_width=&#8221;10&#8243;][vc_empty_space height=&#8221;10px&#8221;][vc_column_text]Diginnova es un programa de la\u00a0<b>Agencia Canaria de investigaci\u00f3n, Innovaci\u00f3n y Sociedad de la Informaci\u00f3n, financiado por la Consejer\u00eda de Universidades, Ciencia e Innovaci\u00f3n y Cultura del Gobierno de Canarias y el Fondo Social Europeo Plus que gestiona la Fundaci\u00f3n General de la Universidad de La Laguna en colaboraci\u00f3n con la Fundaci\u00f3n Universitaria de Las Palmas<\/b>.<\/p>\n<p>Su principal objetivo es la\u00a0<b>incorporaci\u00f3n de talento a las empresas y a los centros de investigaci\u00f3n de Canarias para fomentar la empleabilidad<\/b>, as\u00ed como la transici\u00f3n ecol\u00f3gica y digital en las organizaciones, mediante un programa innovador de formaci\u00f3n dual que combina la formaci\u00f3n te\u00f3rica y las pr\u00e1cticas en empresas.[\/vc_column_text][\/vc_column_inner][vc_column_inner width=&#8221;1\/2&#8243;][vc_empty_space][vc_single_image image=&#8221;35059&#8243; img_size=&#8221;large&#8221; alignment=&#8221;center&#8221; css_animation=&#8221;bounceIn&#8221;][vc_empty_space][\/vc_column_inner][\/vc_row_inner][vc_empty_space][\/vc_column][\/vc_row][vc_row full_width=&#8221;stretch_row&#8221;][vc_column][vc_empty_space height=&#8221;15px&#8221;][vc_column_text]<\/p>\n<h1 class=\"text-dark-1 about-content__title\" style=\"text-align: center\"><strong><span style=\"color: #000000\">\u00bfQu\u00e9 <span style=\"color: #5c068c\">ventajas<\/span> tiene participar?<\/span><\/strong><\/h1>\n<p>[\/vc_column_text][vc_empty_space height=&#8221;10px&#8221;][vc_separator color=&#8221;black&#8221; border_width=&#8221;2&#8243; el_width=&#8221;10&#8243;][vc_empty_space height=&#8221;10px&#8221;][vc_empty_space height=&#8221;40px&#8221;][vc_row_inner gap=&#8221;20&#8243;][vc_column_inner width=&#8221;1\/3&#8243;][vc_single_image image=&#8221;35061&#8243; img_size=&#8221;80&#215;80&#8243; alignment=&#8221;center&#8221; css_animation=&#8221;bounceIn&#8221;][vc_custom_heading text=&#8221;Mejora tu empleabilidad&#8221; font_container=&#8221;tag:h2|text_align:center|color:%23009675&#8243; use_theme_fonts=&#8221;yes&#8221;][vc_custom_heading text=&#8221;Ampl\u00eda tus conocimientos en los \u00e1mbitos m\u00e1s demandados por las empresas canarias (transformaci\u00f3n digital, innovaci\u00f3n y sostenibilidad) y ponlos en pr\u00e1ctica a trav\u00e9s de una estancia de pr\u00e1cticas no laborales en empresas o centros de investigaci\u00f3n de Canarias.&#8221; font_container=&#8221;tag:p|text_align:left|color:%233f3f3f&#8221; use_theme_fonts=&#8221;yes&#8221;][\/vc_column_inner][vc_column_inner width=&#8221;1\/3&#8243;][vc_single_image image=&#8221;35062&#8243; img_size=&#8221;80&#215;80&#8243; alignment=&#8221;center&#8221; css_animation=&#8221;bounceIn&#8221;][vc_custom_heading text=&#8221;Programa 100% gratuito&#8221; font_container=&#8221;tag:h2|text_align:center|color:%23009675&#8243; use_theme_fonts=&#8221;yes&#8221;][vc_custom_heading text=&#8221;Participar no conlleva ning\u00fan gasto porque est\u00e1 financiado por la Consejer\u00eda de Universidades, Ciencia e Innovaci\u00f3n y Cultura del Gobierno de Canarias y el Fondo Social Europeo Plus.&#8221; font_container=&#8221;tag:p|text_align:justify|color:%233f3f3f&#8221; use_theme_fonts=&#8221;yes&#8221;][\/vc_column_inner][vc_column_inner width=&#8221;1\/3&#8243;][vc_single_image image=&#8221;35063&#8243; img_size=&#8221;80&#215;80&#8243; alignment=&#8221;center&#8221; css_animation=&#8221;bounceIn&#8221;][vc_custom_heading text=&#8221;Formaci\u00f3n online&#8221; font_container=&#8221;tag:h2|text_align:center|color:%23009675&#8243; use_theme_fonts=&#8221;yes&#8221;][vc_custom_heading text=&#8221;Toda la formaci\u00f3n te\u00f3rica se realiza en formato online sin necesidad de acudir presencialmente.&#8221; font_container=&#8221;tag:p|text_align:justify|color:%233f3f3f&#8221; use_theme_fonts=&#8221;yes&#8221;][\/vc_column_inner][\/vc_row_inner][vc_empty_space height=&#8221;64px&#8221;][vc_row_inner][vc_column_inner width=&#8221;1\/2&#8243;][vc_single_image image=&#8221;35064&#8243; img_size=&#8221;80&#215;80&#8243; alignment=&#8221;center&#8221; css_animation=&#8221;bounceIn&#8221;][vc_custom_heading text=&#8221;Formaci\u00f3n certificada por la ULL&#8221; font_container=&#8221;tag:h2|text_align:center|color:%23009675&#8243; use_theme_fonts=&#8221;yes&#8221;][vc_custom_heading text=&#8221;Al finalizar la formaci\u00f3n obtendr\u00e1s un certificado de la ULL por la realizaci\u00f3n de la Formaci\u00f3n en Innovaci\u00f3n, Sostenibilidad y Transformaci\u00f3n Digital.&#8221; font_container=&#8221;tag:p|text_align:left|color:%233f3f3f&#8221; use_theme_fonts=&#8221;yes&#8221;][\/vc_column_inner][vc_column_inner width=&#8221;1\/2&#8243;][vc_single_image image=&#8221;35065&#8243; img_size=&#8221;80&#215;80&#8243; alignment=&#8221;center&#8221; css_animation=&#8221;bounceIn&#8221;][vc_custom_heading text=&#8221;Estancia de pr\u00e1cticas no laborales&#8221; font_container=&#8221;tag:h2|text_align:center|color:%23009675&#8243; use_theme_fonts=&#8221;yes&#8221;][vc_custom_heading text=&#8221;A partir del cuarto mes, tendr\u00e1s la posibilidad de realizar 4 meses de estancia de pr\u00e1cticas no laborales, con un m\u00e1ximo de 30 horas semanales y con una remuneraci\u00f3n de 785,46 \u20ac brutos al mes.&#8221; font_container=&#8221;tag:p|text_align:left|color:%233f3f3f&#8221; use_theme_fonts=&#8221;yes&#8221;][\/vc_column_inner][\/vc_row_inner][vc_empty_space][\/vc_column][\/vc_row][vc_row full_width=&#8221;stretch_row&#8221; css=&#8221;.vc_custom_1708954893434{background-color: #e0e0e0 !important;}&#8221;][vc_column][vc_empty_space][vc_column_text]<\/p>\n<h1 class=\"text-dark-1 about-content__title\" style=\"text-align: center\"><strong><span style=\"color: #000000\">\u00bfEn qu\u00e9 <span style=\"color: #5c068c\">consiste<\/span> el programa?<\/span><\/strong><\/h1>\n<p>[\/vc_column_text][vc_empty_space height=&#8221;10px&#8221;][vc_separator color=&#8221;black&#8221; border_width=&#8221;2&#8243; el_width=&#8221;10&#8243;][vc_empty_space height=&#8221;10px&#8221;][vc_empty_space][vc_row_inner][vc_column_inner width=&#8221;1\/2&#8243;][vc_column_text]El Programa Diginnova es un modelo dual en el que se combinan\u00a0<b>7 meses de formaci\u00f3n online te\u00f3rica (180 horas) y 4 meses de formaci\u00f3n pr\u00e1ctica en empresas<\/b>[\/vc_column_text][vc_cta h2=&#8221;&#8221; style=&#8221;outline&#8221; color=&#8221;black&#8221;]<\/p>\n<div>Para superar la formaci\u00f3n te\u00f3rica ser\u00e1 necesario aprobar todos los m\u00f3dulos y participar en las actividades propuestas por el equipo docente.<\/div>\n<div>A partir del cuarto mes, podr\u00e1s optar a una estancia pr\u00e1ctica de 4 meses en empresas, con una remuneraci\u00f3n de<strong> 785,46<\/strong><b> euros brutos al mes*, <\/b>combinando as\u00ed la formaci\u00f3n con la experiencia pr\u00e1ctica.<\/div>\n<div><\/div>\n<p style=\"font-size: 14px\">*Salvo modificaciones en la Seguridad Social<\/p>\n<div><\/div>\n<div><\/div>\n<p>[\/vc_cta][\/vc_column_inner][vc_column_inner width=&#8221;1\/2&#8243;][vc_empty_space][vc_single_image image=&#8221;35091&#8243; img_size=&#8221;full&#8221; alignment=&#8221;center&#8221; css_animation=&#8221;bounceIn&#8221;][vc_empty_space][\/vc_column_inner][\/vc_row_inner][vc_empty_space height=&#8221;64px&#8221;][vc_column_text]<\/p>\n<h1 class=\"text-contenidos\"><span style=\"color: #000000\"><strong>Contenidos de la formaci\u00f3n te\u00f3rica:<\/strong><\/span><\/h1>\n<p>[\/vc_column_text][vc_empty_space][vc_row_inner][vc_column_inner width=&#8221;1\/3&#8243;][vc_single_image image=&#8221;35093&#8243; img_size=&#8221;50&#215;80&#8243; css_animation=&#8221;bounceIn&#8221;][vc_custom_heading text=&#8221;Innovaci\u00f3n&#8221; font_container=&#8221;tag:h2|text_align:left|color:%23009675&#8243; use_theme_fonts=&#8221;yes&#8221;][vc_column_text]<\/p>\n<div class=\"d-flex about-content\">\n<div class=\"about-content-list__title\">\n<ul>\n<li>Innovaci\u00f3n y competitividad.<\/li>\n<li>La innovaci\u00f3n como un proceso.<\/li>\n<li>Innovaci\u00f3n y emprendimiento.<\/li>\n<li>Herramientas para la gesti\u00f3n de la innovaci\u00f3n.<\/li>\n<li>Gesti\u00f3n de proyectos innovadores.<\/li>\n<li>Innovaci\u00f3n tecnol\u00f3gica<\/li>\n<\/ul>\n<\/div>\n<\/div>\n<p>[\/vc_column_text][vc_btn title=&#8221;SABER M\u00c1S&#8221; style=&#8221;custom&#8221; custom_background=&#8221;#5c068c&#8221; custom_text=&#8221;#ffffff&#8221; shape=&#8221;round&#8221; align=&#8221;left&#8221; css_animation=&#8221;bounceIn&#8221; link=&#8221;url:https%3A%2F%2Fdrive.google.com%2Ffile%2Fd%2F1aTrXwcHMo-LT-F6lwZLzCyZjG-cO8QHn%2Fview%3Fusp%3Dsharing&#8221;][\/vc_column_inner][vc_column_inner width=&#8221;1\/3&#8243;][vc_single_image image=&#8221;35095&#8243; img_size=&#8221;80&#215;80&#8243; css_animation=&#8221;bounceIn&#8221;][vc_custom_heading text=&#8221;Transformaci\u00f3n Digital&#8221; font_container=&#8221;tag:h2|text_align:left|color:%23009675&#8243; use_theme_fonts=&#8221;yes&#8221;][vc_column_text]<\/p>\n<div class=\"d-flex about-content\">\n<div class=\"about-content-list__title\">\n<ul>\n<li>Introducci\u00f3n a la Transformaci\u00f3n Digital.<\/li>\n<li>Tecnolog\u00edas para la Transformaci\u00f3n Digital.<\/li>\n<li>Estrategia y cultura digital.<\/li>\n<li>Nuevos modelos de negocio.<\/li>\n<li>Ecosistema digital.<\/li>\n<li>Marketing digital.<\/li>\n<\/ul>\n<\/div>\n<\/div>\n<p>[\/vc_column_text][vc_btn title=&#8221;SABER M\u00c1S&#8221; style=&#8221;custom&#8221; custom_background=&#8221;#5c068c&#8221; custom_text=&#8221;#ffffff&#8221; shape=&#8221;round&#8221; align=&#8221;left&#8221; css_animation=&#8221;bounceIn&#8221; link=&#8221;url:https%3A%2F%2Fdrive.google.com%2Ffile%2Fd%2F1pr9AVcLv8dSETkptzbUppRnP1DVBWTIP%2Fview%3Fusp%3Dsharing&#8221;][\/vc_column_inner][vc_column_inner width=&#8221;1\/3&#8243;][vc_single_image image=&#8221;35094&#8243; img_size=&#8221;80&#215;80&#8243; css_animation=&#8221;bounceIn&#8221;][vc_custom_heading text=&#8221;Sostenibilidad&#8221; font_container=&#8221;tag:h2|text_align:left|color:%23009675&#8243; use_theme_fonts=&#8221;yes&#8221;][vc_column_text]<\/p>\n<ul>\n<li>Agenda 2030 y Objetivos de Desarrollo Sostenible (ODS).<\/li>\n<li>Impacto y Alineaci\u00f3n con las ODS.<\/li>\n<li>Cumplimiento de las normativas.<\/li>\n<li>Certificaciones medioambientales y de calidad.<\/li>\n<\/ul>\n<p>[\/vc_column_text][vc_btn title=&#8221;SABER M\u00c1S&#8221; style=&#8221;custom&#8221; custom_background=&#8221;#5c068c&#8221; custom_text=&#8221;#ffffff&#8221; shape=&#8221;round&#8221; align=&#8221;left&#8221; css_animation=&#8221;bounceIn&#8221; link=&#8221;url:https%3A%2F%2Fdrive.google.com%2Ffile%2Fd%2F1Fn0On8rloMS6H4of9cN_selmVKFBhrth%2Fview%3Fusp%3Dsharing&#8221;][\/vc_column_inner][\/vc_row_inner][vc_empty_space][\/vc_column][\/vc_row][vc_row full_width=&#8221;stretch_row&#8221;][vc_column][vc_empty_space][vc_row_inner][vc_column_inner width=&#8221;1\/2&#8243;][vc_empty_space][vc_single_image image=&#8221;35103&#8243; img_size=&#8221;large&#8221; alignment=&#8221;center&#8221; css_animation=&#8221;bounceIn&#8221;][vc_empty_space][\/vc_column_inner][vc_column_inner width=&#8221;1\/2&#8243;][vc_empty_space][vc_column_text]<\/p>\n<h1 class=\"text-dark-1 about-content__title\"><strong><span style=\"color: #000000\">\u00bfQui\u00e9n puede <span style=\"color: #5c068c\">participar<\/span>?<\/span><\/strong><\/h1>\n<p>[\/vc_column_text][vc_empty_space height=&#8221;10px&#8221;][vc_separator color=&#8221;black&#8221; align=&#8221;align_left&#8221; border_width=&#8221;2&#8243; el_width=&#8221;10&#8243;][vc_empty_space height=&#8221;10px&#8221;][vc_column_text]Para poder participar debes cumplir los siguientes requisitos:<\/p>\n<div class=\"featureIcon -type-1 lg:mt-10 lg:pr-0 pr-50\">\n<div class=\"featureIcon__content\">\n<div class=\"d-flex about-content\">\n<ul>\n<li class=\"about-content-list__icon\">Poseer <b>nacionalidad espa\u00f1ola<\/b>\u00a0o contar con la\u00a0<b>ciudadan\u00eda de alg\u00fan Estado miembro de la Uni\u00f3n Europea o de terceros pa\u00edses, con residencia legal en Canarias<\/b>.<\/li>\n<li class=\"about-content-list__icon\">Haber obtenido una <b>titulaci\u00f3n universitaria o haber superado un ciclo formativo de grado superior de formaci\u00f3n profesional<\/b>.<\/li>\n<li class=\"about-content-list__icon\">Estar <b>inscrito\/a como demandante de empleo en el Servicio Canario de Empleo<\/b>.<\/li>\n<\/ul>\n<\/div>\n<\/div>\n<\/div>\n<p>[\/vc_column_text][\/vc_column_inner][\/vc_row_inner][vc_empty_space height=&#8221;64px&#8221;][\/vc_column][\/vc_row][vc_row full_width=&#8221;stretch_row_content_no_spaces&#8221;][vc_column][vc_column_text]<\/p>\n<h1 class=\"text-dark-1 about-content__title\" style=\"text-align: center\"><strong><span style=\"color: #000000\">Siguiente <span style=\"color: #5c068c\">convocatoria<\/span><\/span><\/strong><\/h1>\n<p>[\/vc_column_text][vc_separator color=&#8221;black&#8221; border_width=&#8221;2&#8243; el_width=&#8221;10&#8243;][vc_empty_space height=&#8221;10px&#8221;][vc_empty_space height=&#8221;10px&#8221;][\/vc_column][\/vc_row][vc_row full_width=&#8221;stretch_row_content_no_spaces&#8221; disable_element=&#8221;yes&#8221;][vc_column width=&#8221;1\/3&#8243; offset=&#8221;vc_hidden-md vc_hidden-sm vc_hidden-xs&#8221;][\/vc_column][vc_column width=&#8221;1\/3&#8243;][vc_cta h2=&#8221;&#8221; h4_font_container=&#8221;tag:h2|font_size:70|text_align:center|color:%235c068c&#8221; h4_use_theme_fonts=&#8221;yes&#8221; txt_align=&#8221;center&#8221; style=&#8221;outline&#8221; color=&#8221;violet&#8221; el_width=&#8221;xs&#8221; css_animation=&#8221;bounceIn&#8221; use_custom_fonts_h4=&#8221;true&#8221;]<\/p>\n<h2 style=\"text-align: center\"><span style=\"color: #000000\"><strong>ABRIL<\/strong><\/span><\/h2>\n<p>[\/vc_cta][\/vc_column][vc_column width=&#8221;1\/3&#8243;][\/vc_column][\/vc_row][vc_row full_width=&#8221;stretch_row_content_no_spaces&#8221;][vc_column width=&#8221;1\/3&#8243; offset=&#8221;vc_hidden-md vc_hidden-sm vc_hidden-xs&#8221;][\/vc_column][vc_column width=&#8221;1\/3&#8243; offset=&#8221;vc_hidden-md vc_hidden-sm&#8221;][vc_cta h2=&#8221;FECHA DE INICIO&#8221; h4_font_container=&#8221;tag:h2|font_size:70|text_align:center|color:%235c068c&#8221; h4_use_theme_fonts=&#8221;yes&#8221; txt_align=&#8221;center&#8221; style=&#8221;outline&#8221; color=&#8221;violet&#8221; el_width=&#8221;xs&#8221; css_animation=&#8221;bounceIn&#8221; use_custom_fonts_h4=&#8221;true&#8221;]<\/p>\n<h3 style=\"text-align: center\"><span style=\"color: #5c068c\"><strong>Pr\u00f3ximamente<\/strong><\/span><\/h3>\n<p>[\/vc_cta][\/vc_column][vc_column width=&#8221;1\/3&#8243;][\/vc_column][\/vc_row][vc_row full_width=&#8221;stretch_row_content_no_spaces&#8221; disable_element=&#8221;yes&#8221;][vc_column offset=&#8221;vc_hidden-lg vc_hidden-xs&#8221;][vc_cta h2=&#8221;FECHA DE INICIO&#8221; h4=&#8221;8&#8243; h4_font_container=&#8221;tag:h2|font_size:70|text_align:center|color:%235c068c&#8221; h4_use_theme_fonts=&#8221;yes&#8221; txt_align=&#8221;center&#8221; style=&#8221;outline&#8221; color=&#8221;violet&#8221; el_width=&#8221;xs&#8221; css_animation=&#8221;bounceIn&#8221; use_custom_fonts_h4=&#8221;true&#8221;]<\/p>\n<h3 style=\"text-align: center\"><span style=\"color: #5c068c\"><strong>JULIO<\/strong><\/span><\/h3>\n<p>[\/vc_cta][\/vc_column][\/vc_row][vc_row full_width=&#8221;stretch_row&#8221; css=&#8221;.vc_custom_1708954893434{background-color: #e0e0e0 !important;}&#8221;][vc_column width=&#8221;1\/2&#8243;][vc_empty_space][vc_column_text]<\/p>\n<h1 class=\"text-dark-1 about-content__title\"><strong><span style=\"color: #000000\">\u00bfC\u00f3mo puedo <span style=\"color: #5c068c\">inscribirme<\/span>?<\/span><\/strong><\/h1>\n<p>[\/vc_column_text][vc_empty_space height=&#8221;10px&#8221;][vc_separator color=&#8221;black&#8221; align=&#8221;align_left&#8221; border_width=&#8221;2&#8243; el_width=&#8221;10&#8243;][vc_empty_space height=&#8221;10px&#8221;][vc_empty_space][vc_row_inner][vc_column_inner][vc_column_text]<\/p>\n<p class=\"mb-10\">\u00bfTe interesa realizar la formaci\u00f3n de Diginnova?<\/p>\n<p>[\/vc_column_text][\/vc_column_inner][\/vc_row_inner][vc_empty_space][vc_row_inner][vc_column_inner][vc_btn title=&#8221;Consulta las bases&#8221; style=&#8221;custom&#8221; custom_background=&#8221;#5c068c&#8221; custom_text=&#8221;#ffffff&#8221; shape=&#8221;round&#8221; align=&#8221;center&#8221; css_animation=&#8221;bounceIn&#8221; button_block=&#8221;true&#8221; link=&#8221;url:https%3A%2F%2Fdrive.google.com%2Ffile%2Fd%2F1A860ZNkZWXNnUs4WkSxcHBcCQWGbswv1%2Fview&#8221;][\/vc_column_inner][\/vc_row_inner][vc_btn title=&#8221;Listado de selecci\u00f3n de personas destinatarias del Programa Diginnova&#8221; style=&#8221;custom&#8221; custom_background=&#8221;#5c068c&#8221; custom_text=&#8221;#ffffff&#8221; shape=&#8221;round&#8221; align=&#8221;center&#8221; css_animation=&#8221;bounceIn&#8221; button_block=&#8221;true&#8221; link=&#8221;url:https%3A%2F%2Fdrive.google.com%2Ffile%2Fd%2F1NCRq_abXSOteELxAeP5gDuWaKGq5o8EC%2Fview|target:_blank&#8221;][vc_row_inner disable_element=&#8221;yes&#8221;][vc_column_inner width=&#8221;1\/2&#8243;][vc_btn title=&#8221;Inscr\u00edbete aqu\u00ed&#8221; style=&#8221;custom&#8221; custom_background=&#8221;#5c068c&#8221; custom_text=&#8221;#ffffff&#8221; shape=&#8221;round&#8221; align=&#8221;center&#8221; css_animation=&#8221;bounceIn&#8221; button_block=&#8221;true&#8221; link=&#8221;url:https%3A%2F%2Ffg.ull.es%2Fgestionaue%2Fformularios%2Findex.php%2F187691%3Flang%3Des&#8221;][\/vc_column_inner][vc_column_inner width=&#8221;1\/2&#8243;][vc_btn title=&#8221;Consulta las bases&#8221; style=&#8221;custom&#8221; custom_background=&#8221;#5c068c&#8221; custom_text=&#8221;#ffffff&#8221; shape=&#8221;round&#8221; align=&#8221;center&#8221; css_animation=&#8221;bounceIn&#8221; button_block=&#8221;true&#8221; link=&#8221;url:https%3A%2F%2Fdrive.google.com%2Ffile%2Fd%2F1A860ZNkZWXNnUs4WkSxcHBcCQWGbswv1%2Fview&#8221;][\/vc_column_inner][\/vc_row_inner][vc_row_inner disable_element=&#8221;yes&#8221;][vc_column_inner][\/vc_column_inner][\/vc_row_inner][\/vc_column][vc_column width=&#8221;1\/2&#8243;][vc_empty_space height=&#8221;50px&#8221;][vc_single_image image=&#8221;35106&#8243; img_size=&#8221;large&#8221; alignment=&#8221;center&#8221; css_animation=&#8221;bounceIn&#8221;][vc_empty_space][\/vc_column][\/vc_row][vc_row full_width=&#8221;stretch_row_content_no_spaces&#8221;][vc_column][\/vc_column][\/vc_row][vc_row][vc_column][vc_column_text]<\/p>\n<h1 class=\"text-dark-1 about-content__title\" style=\"text-align: center\"><strong><span style=\"color: #000000\"><span style=\"color: #5c068c\">Contacta <\/span><\/span><\/strong><strong><span style=\"color: #000000\">con nosotros<\/span><\/strong><\/h1>\n<p>[\/vc_column_text][vc_empty_space height=&#8221;10px&#8221;][vc_separator color=&#8221;black&#8221; border_width=&#8221;2&#8243; el_width=&#8221;10&#8243;][vc_empty_space height=&#8221;10px&#8221;][vc_row_inner][vc_column_inner width=&#8221;1\/3&#8243;][vc_custom_heading text=&#8221;D\u00d3NDE ESTAMOS&#8221; font_container=&#8221;tag:h3|text_align:left|color:%235c068c&#8221; use_theme_fonts=&#8221;yes&#8221; css_animation=&#8221;bounceIn&#8221;][vc_column_text]Avenida de la Trinidad, 61. Aulario Torre<br \/>\nProfesor Agust\u00edn Ar\u00e9valo, Planta 0<\/p>\n<p>Campus Central Universidad de la Laguna,<br \/>\n38071 San Crist\u00f3bal de La Laguna.[\/vc_column_text][vc_custom_heading text=&#8221;HORARIO&#8221; font_container=&#8221;tag:h3|text_align:left|color:%235c068c&#8221; use_theme_fonts=&#8221;yes&#8221; css_animation=&#8221;bounceIn&#8221;][vc_column_text]Lunes a viernes \u2013 9:00 a 14:00[\/vc_column_text][\/vc_column_inner][vc_column_inner width=&#8221;1\/3&#8243;][vc_custom_heading text=&#8221;M\u00c1S INFORMACI\u00d3N&#8221; font_container=&#8221;tag:h3|text_align:left|color:%235c068c&#8221; use_theme_fonts=&#8221;yes&#8221; css_animation=&#8221;bounceIn&#8221;][vc_column_text]La Fundaci\u00f3n General es un medio propio de la Universidad de La Laguna.<\/p>\n<p><strong>Programa DIGINNOVA<\/strong><\/p>\n<p style=\"padding-left: 40px\">Email:\u00a0<a href=\"mailto:diginnova@fg.ull.es\">diginnova@fg.ull.es<\/a><\/p>\n<p style=\"padding-left: 40px\">M\u00f3vil: 676 807 869<\/p>\n<p>[\/vc_column_text][\/vc_column_inner][vc_column_inner width=&#8221;1\/3&#8243;][\/vc_column_inner][\/vc_row_inner][vc_empty_space][\/vc_column][\/vc_row][vc_row full_width=&#8221;stretch_row_content_no_spaces&#8221; css=&#8221;.vc_custom_1709205308525{background-color: #c64224 !important;}&#8221;][vc_column][vc_row_inner][vc_column_inner][vc_single_image image=&#8221;35056&#8243; img_size=&#8221;medium&#8221; alignment=&#8221;center&#8221; css_animation=&#8221;bounceIn&#8221;][vc_empty_space height=&#8221;15px&#8221;][\/vc_column_inner][\/vc_row_inner][\/vc_column][\/vc_row][vc_row][vc_column][vc_single_image image=&#8221;36223&#8243; img_size=&#8221;large&#8221; alignment=&#8221;center&#8221;][vc_column_text]<\/p>\n<p style=\"text-align: center\"><span style=\"color: #808080\">Programa DIGINNOVA, con la cofinanciaci\u00f3n del Fondo Social Europeo + en el Objetivo Pol\u00edtico 4 Una Europa m\u00e1s social e integradora mediante la aplicaci\u00f3n del pilar europeo de derechos sociales, Prioridad 8. Empleo, Inclusi\u00f3n social y Educaci\u00f3n RUP y Objetivo Espec\u00edfico 4.7\/4g.<\/span><\/p>\n<p>[\/vc_column_text][vc_empty_space][\/vc_column][\/vc_row]<\/p>\n<\/section>","protected":false},"excerpt":{"rendered":"<p>[vc_row full_width=&#8221;stretch_row_content_no_spaces&#8221; parallax=&#8221;content-moving-fade&#8221; css=&#8221;.vc_custom_1709290436166{margin-top: 0px !important;border-top-width: 0px !important;padding-top: 0px !important;background: rgba(158,154,160,0.54) url(https:\/\/fg.ull.es\/innovacion\/wp-content\/uploads\/sites\/5\/2024\/02\/cabecera-diginova.png?id=35077);*background-color: rgb(158,154,160) !important;}&#8221; el_id=&#8221;cabecera-web&#8221;][vc_column css=&#8221;.vc_custom_1709290388060{margin-top: 0px !important;border-top-width: 0px !important;padding-top: 0px !important;}&#8221; offset=&#8221;vc_hidden-sm vc_hidden-xs&#8221;][vc_empty_space height=&#8221;100px&#8221;][vc_custom_heading text=&#8221;PROGRAMA DIGINNOVA 2024&#8221; font_container=&#8221;tag:h1|font_size:5em|text_align:center|color:%235c068c&#8221; use_theme_fonts=&#8221;yes&#8221;][vc_custom_heading text=&#8221;TRANSF\u00d3RMATE PARA EL CAMBIO&#8221; font_container=&#8221;tag:h2|font_size:3em|text_align:center|color:%235c068c&#8221; use_theme_fonts=&#8221;yes&#8221;][vc_row_inner css=&#8221;.vc_custom_1709290069326{padding-top: 0px !important;padding-bottom: 0px !important;background-position: center !important;background-repeat: no-repeat !important;background-size: cover !important;}&#8221;][vc_column_inner width=&#8221;1\/4&#8243;][\/vc_column_inner][vc_column_inner width=&#8221;1\/2&#8243;][vc_custom_heading text=&#8221;FORMACI\u00d3N GRATUITA CERTIFICADA POR LA UNIVERSIDAD&#8230;<\/p>\n","protected":false},"author":46,"featured_media":0,"parent":0,"menu_order":0,"comment_status":"closed","ping_status":"closed","template":"templates\/template-frontpage.php","meta":{"footnotes":""},"yoast_head":"<!-- This site is optimized with the Yoast SEO plugin v21.0 - https:\/\/yoast.com\/wordpress\/plugins\/seo\/ -->\n<title>Programa Diginnova 2024 - Agencia Universitaria de Innovaci\u00f3n<\/title>\n<meta name=\"robots\" content=\"index, follow, max-snippet:-1, max-image-preview:large, max-video-preview:-1\" \/>\n<link rel=\"canonical\" href=\"https:\/\/fg.ull.es\/innovacion\/programa-diginnova-2024\/\" \/>\n<meta property=\"og:locale\" content=\"es_ES\" \/>\n<meta property=\"og:type\" content=\"article\" \/>\n<meta property=\"og:title\" content=\"Programa Diginnova 2024 - Agencia Universitaria de Innovaci\u00f3n\" \/>\n<meta property=\"og:description\" content=\"[vc_row full_width=&#8221;stretch_row_content_no_spaces&#8221; parallax=&#8221;content-moving-fade&#8221; css=&#8221;.vc_custom_1709290436166{margin-top: 0px !important;border-top-width: 0px !important;padding-top: 0px !important;background: rgba(158,154,160,0.54) url(https:\/\/fg.ull.es\/innovacion\/wp-content\/uploads\/sites\/5\/2024\/02\/cabecera-diginova.png?id=35077);*background-color: rgb(158,154,160) !important;}&#8221; el_id=&#8221;cabecera-web&#8221;][vc_column css=&#8221;.vc_custom_1709290388060{margin-top: 0px !important;border-top-width: 0px !important;padding-top: 0px !important;}&#8221; offset=&#8221;vc_hidden-sm vc_hidden-xs&#8221;][vc_empty_space height=&#8221;100px&#8221;][vc_custom_heading text=&#8221;PROGRAMA DIGINNOVA 2024&#8221; font_container=&#8221;tag:h1|font_size:5em|text_align:center|color:%235c068c&#8221; use_theme_fonts=&#8221;yes&#8221;][vc_custom_heading text=&#8221;TRANSF\u00d3RMATE PARA EL CAMBIO&#8221; font_container=&#8221;tag:h2|font_size:3em|text_align:center|color:%235c068c&#8221; use_theme_fonts=&#8221;yes&#8221;][vc_row_inner css=&#8221;.vc_custom_1709290069326{padding-top: 0px !important;padding-bottom: 0px !important;background-position: center !important;background-repeat: no-repeat !important;background-size: cover !important;}&#8221;][vc_column_inner width=&#8221;1\/4&#8243;][\/vc_column_inner][vc_column_inner width=&#8221;1\/2&#8243;][vc_custom_heading text=&#8221;FORMACI\u00d3N GRATUITA CERTIFICADA POR LA UNIVERSIDAD...\" \/>\n<meta property=\"og:url\" content=\"https:\/\/fg.ull.es\/innovacion\/programa-diginnova-2024\/\" \/>\n<meta property=\"og:site_name\" content=\"Agencia Universitaria de Innovaci\u00f3n\" \/>\n<meta property=\"article:modified_time\" content=\"2026-02-09T11:44:44+00:00\" \/>\n<meta name=\"twitter:card\" content=\"summary_large_image\" \/>\n<meta name=\"twitter:label1\" content=\"Est. reading time\" \/>\n\t<meta name=\"twitter:data1\" content=\"7 minutos\" \/>\n<script type=\"application\/ld+json\" class=\"yoast-schema-graph\">{\"@context\":\"https:\/\/schema.org\",\"@graph\":[{\"@type\":\"WebPage\",\"@id\":\"https:\/\/fg.ull.es\/innovacion\/programa-diginnova-2024\/\",\"url\":\"https:\/\/fg.ull.es\/innovacion\/programa-diginnova-2024\/\",\"name\":\"Programa Diginnova 2024 - Agencia Universitaria de Innovaci\u00f3n\",\"isPartOf\":{\"@id\":\"https:\/\/fg.ull.es\/innovacion\/#website\"},\"datePublished\":\"2026-02-09T11:24:54+00:00\",\"dateModified\":\"2026-02-09T11:44:44+00:00\",\"breadcrumb\":{\"@id\":\"https:\/\/fg.ull.es\/innovacion\/programa-diginnova-2024\/#breadcrumb\"},\"inLanguage\":\"es\",\"potentialAction\":[{\"@type\":\"ReadAction\",\"target\":[\"https:\/\/fg.ull.es\/innovacion\/programa-diginnova-2024\/\"]}]},{\"@type\":\"BreadcrumbList\",\"@id\":\"https:\/\/fg.ull.es\/innovacion\/programa-diginnova-2024\/#breadcrumb\",\"itemListElement\":[{\"@type\":\"ListItem\",\"position\":1,\"name\":\"Portada\",\"item\":\"https:\/\/fg.ull.es\/innovacion\/\"},{\"@type\":\"ListItem\",\"position\":2,\"name\":\"Programa Diginnova 2024\"}]},{\"@type\":\"WebSite\",\"@id\":\"https:\/\/fg.ull.es\/innovacion\/#website\",\"url\":\"https:\/\/fg.ull.es\/innovacion\/\",\"name\":\"Agencia Universitaria de Innovaci\u00f3n\",\"description\":\"Agencia Universitaria de Innovaci\u00f3n de La Universidad de La Laguna\",\"potentialAction\":[{\"@type\":\"SearchAction\",\"target\":{\"@type\":\"EntryPoint\",\"urlTemplate\":\"https:\/\/fg.ull.es\/innovacion\/?s={search_term_string}\"},\"query-input\":\"required name=search_term_string\"}],\"inLanguage\":\"es\"}]}<\/script>\n<!-- \/ Yoast SEO plugin. -->","yoast_head_json":{"title":"Programa Diginnova 2024 - Agencia Universitaria de Innovaci\u00f3n","robots":{"index":"index","follow":"follow","max-snippet":"max-snippet:-1","max-image-preview":"max-image-preview:large","max-video-preview":"max-video-preview:-1"},"canonical":"https:\/\/fg.ull.es\/innovacion\/programa-diginnova-2024\/","og_locale":"es_ES","og_type":"article","og_title":"Programa Diginnova 2024 - Agencia Universitaria de Innovaci\u00f3n","og_description":"[vc_row full_width=&#8221;stretch_row_content_no_spaces&#8221; parallax=&#8221;content-moving-fade&#8221; css=&#8221;.vc_custom_1709290436166{margin-top: 0px !important;border-top-width: 0px !important;padding-top: 0px !important;background: rgba(158,154,160,0.54) url(https:\/\/fg.ull.es\/innovacion\/wp-content\/uploads\/sites\/5\/2024\/02\/cabecera-diginova.png?id=35077);*background-color: rgb(158,154,160) !important;}&#8221; el_id=&#8221;cabecera-web&#8221;][vc_column css=&#8221;.vc_custom_1709290388060{margin-top: 0px !important;border-top-width: 0px !important;padding-top: 0px !important;}&#8221; offset=&#8221;vc_hidden-sm vc_hidden-xs&#8221;][vc_empty_space height=&#8221;100px&#8221;][vc_custom_heading text=&#8221;PROGRAMA DIGINNOVA 2024&#8221; font_container=&#8221;tag:h1|font_size:5em|text_align:center|color:%235c068c&#8221; use_theme_fonts=&#8221;yes&#8221;][vc_custom_heading text=&#8221;TRANSF\u00d3RMATE PARA EL CAMBIO&#8221; font_container=&#8221;tag:h2|font_size:3em|text_align:center|color:%235c068c&#8221; use_theme_fonts=&#8221;yes&#8221;][vc_row_inner css=&#8221;.vc_custom_1709290069326{padding-top: 0px !important;padding-bottom: 0px !important;background-position: center !important;background-repeat: no-repeat !important;background-size: cover !important;}&#8221;][vc_column_inner width=&#8221;1\/4&#8243;][\/vc_column_inner][vc_column_inner width=&#8221;1\/2&#8243;][vc_custom_heading text=&#8221;FORMACI\u00d3N GRATUITA CERTIFICADA POR LA UNIVERSIDAD...","og_url":"https:\/\/fg.ull.es\/innovacion\/programa-diginnova-2024\/","og_site_name":"Agencia Universitaria de Innovaci\u00f3n","article_modified_time":"2026-02-09T11:44:44+00:00","twitter_card":"summary_large_image","twitter_misc":{"Est. reading time":"7 minutos"},"schema":{"@context":"https:\/\/schema.org","@graph":[{"@type":"WebPage","@id":"https:\/\/fg.ull.es\/innovacion\/programa-diginnova-2024\/","url":"https:\/\/fg.ull.es\/innovacion\/programa-diginnova-2024\/","name":"Programa Diginnova 2024 - Agencia Universitaria de Innovaci\u00f3n","isPartOf":{"@id":"https:\/\/fg.ull.es\/innovacion\/#website"},"datePublished":"2026-02-09T11:24:54+00:00","dateModified":"2026-02-09T11:44:44+00:00","breadcrumb":{"@id":"https:\/\/fg.ull.es\/innovacion\/programa-diginnova-2024\/#breadcrumb"},"inLanguage":"es","potentialAction":[{"@type":"ReadAction","target":["https:\/\/fg.ull.es\/innovacion\/programa-diginnova-2024\/"]}]},{"@type":"BreadcrumbList","@id":"https:\/\/fg.ull.es\/innovacion\/programa-diginnova-2024\/#breadcrumb","itemListElement":[{"@type":"ListItem","position":1,"name":"Portada","item":"https:\/\/fg.ull.es\/innovacion\/"},{"@type":"ListItem","position":2,"name":"Programa Diginnova 2024"}]},{"@type":"WebSite","@id":"https:\/\/fg.ull.es\/innovacion\/#website","url":"https:\/\/fg.ull.es\/innovacion\/","name":"Agencia Universitaria de Innovaci\u00f3n","description":"Agencia Universitaria de Innovaci\u00f3n de La Universidad de La Laguna","potentialAction":[{"@type":"SearchAction","target":{"@type":"EntryPoint","urlTemplate":"https:\/\/fg.ull.es\/innovacion\/?s={search_term_string}"},"query-input":"required name=search_term_string"}],"inLanguage":"es"}]}},"_links":{"self":[{"href":"https:\/\/fg.ull.es\/innovacion\/wp-json\/wp\/v2\/pages\/36238"}],"collection":[{"href":"https:\/\/fg.ull.es\/innovacion\/wp-json\/wp\/v2\/pages"}],"about":[{"href":"https:\/\/fg.ull.es\/innovacion\/wp-json\/wp\/v2\/types\/page"}],"author":[{"embeddable":true,"href":"https:\/\/fg.ull.es\/innovacion\/wp-json\/wp\/v2\/users\/46"}],"replies":[{"embeddable":true,"href":"https:\/\/fg.ull.es\/innovacion\/wp-json\/wp\/v2\/comments?post=36238"}],"version-history":[{"count":6,"href":"https:\/\/fg.ull.es\/innovacion\/wp-json\/wp\/v2\/pages\/36238\/revisions"}],"predecessor-version":[{"id":36250,"href":"https:\/\/fg.ull.es\/innovacion\/wp-json\/wp\/v2\/pages\/36238\/revisions\/36250"}],"wp:attachment":[{"href":"https:\/\/fg.ull.es\/innovacion\/wp-json\/wp\/v2\/media?parent=36238"}],"curies":[{"name":"wp","href":"https:\/\/api.w.org\/{rel}","templated":true}]}}