{"id":8594,"date":"2022-01-20T08:56:26","date_gmt":"2022-01-20T08:56:26","guid":{"rendered":"https:\/\/fg.ull.es\/idiomas\/?page_id=8594"},"modified":"2025-02-14T13:40:01","modified_gmt":"2025-02-14T13:40:01","slug":"griego","status":"publish","type":"page","link":"https:\/\/fg.ull.es\/idiomas\/griego\/","title":{"rendered":"Griego"},"content":{"rendered":"<section class=\"wpb-content-wrapper\"><p>[vc_row full_width=&#8221;stretch_row_content_no_spaces&#8221; css=&#8221;.vc_custom_1570706555694{margin-top: -20px !important;}&#8221;][vc_column][vc_row_inner css=&#8221;.vc_custom_1642669352399{margin-top: 0px !important;margin-right: 0px !important;margin-bottom: 0px !important;margin-left: 0px !important;border-top-width: 0px !important;border-right-width: 0px !important;border-bottom-width: 0px !important;border-left-width: 0px !important;padding-top: 0px !important;padding-right: 0px !important;padding-bottom: 0px !important;padding-left: 0px !important;background-image: url(https:\/\/fg.ull.es\/idiomas\/wp-content\/uploads\/sites\/13\/2022\/01\/Curso-de-Griego-Canarias-Tenerife.jpg?id=8596) !important;background-position: center !important;background-repeat: no-repeat !important;background-size: cover !important;}&#8221;][vc_column_inner offset=&#8221;vc_hidden-md vc_hidden-sm vc_hidden-xs&#8221;][vc_custom_heading text=&#8221;Griego Moderno&#8221; font_container=&#8221;tag:h2|font_size:120|text_align:center|color:%23ffffff&#8221; use_theme_fonts=&#8221;yes&#8221; css=&#8221;.vc_custom_1673534963614{padding-top: 220px !important;}&#8221;][vc_empty_space height=&#8221;330px&#8221;][\/vc_column_inner][\/vc_row_inner][vc_row_inner css=&#8221;.vc_custom_1642669362097{margin-top: 0px !important;margin-right: 0px !important;margin-bottom: 0px !important;margin-left: 0px !important;border-top-width: 0px !important;border-right-width: 0px !important;border-bottom-width: 0px !important;border-left-width: 0px !important;padding-top: 0px !important;padding-right: 0px !important;padding-bottom: 0px !important;padding-left: 0px !important;background-image: url(https:\/\/fg.ull.es\/idiomas\/wp-content\/uploads\/2022\/01\/Curso-de-Griego-Canarias-Tenerife.jpg?id=8596) !important;}&#8221;][vc_column_inner offset=&#8221;vc_hidden-lg&#8221;][vc_custom_heading text=&#8221;Griego&#8221; font_container=&#8221;tag:h2|font_size:35|text_align:center|color:%23ffffff&#8221; use_theme_fonts=&#8221;yes&#8221; css=&#8221;.vc_custom_1642667487833{padding-top: 80px !important;padding-right: 20px !important;padding-bottom: 20px !important;padding-left: 20px !important;}&#8221;][\/vc_column_inner][\/vc_row_inner][\/vc_column][\/vc_row][vc_row full_width=&#8221;stretch_row&#8221; disable_element=&#8221;yes&#8221; css=&#8221;.vc_custom_1695019822148{background-color: #4ec6af !important;}&#8221;][vc_column][vc_custom_heading text=&#8221;<b>PRONTO PAGO<\/b><br \/>\nSi te inscribes y pagas hasta el 15 de SEPTIEMBRE para cursos cuatrimestrales o talleres de m\u00e1s de 10 horas, te ahorras un 30% sobre el precio de matr\u00edcula.&#8221; font_container=&#8221;tag:p|font_size:18|text_align:center|color:%23000000|line_height:1.25&#8243; google_fonts=&#8221;font_family:Roboto%3A100%2C100italic%2C300%2C300italic%2Cregular%2Citalic%2C500%2C500italic%2C700%2C700italic%2C900%2C900italic|font_style:300%20light%20regular%3A300%3Anormal&#8221;][vc_empty_space][\/vc_column][\/vc_row][vc_row full_width=&#8221;stretch_row&#8221; css=&#8221;.vc_custom_1574252381302{padding-top: 24px !important;background-color: #f8f8f8 !important;}&#8221;][vc_column][vc_tta_tabs style=&#8221;flat&#8221; spacing=&#8221;10&#8243; active_section=&#8221;&#8221; pagination_style=&#8221;flat-round&#8221; no_fill_content_area=&#8221;true&#8221; css=&#8221;.vc_custom_1589785822059{padding-bottom: 48px !important;}&#8221;][vc_tta_section i_icon_fontawesome=&#8221;fas fa-angle-double-right&#8221; add_icon=&#8221;true&#8221; title=&#8221;Oferta formativa&#8221; tab_id=&#8221;oferta-formativa-cursos-de-griego&#8221;][vc_column_text]<!-- xelso - May 2020 -->\n<!-- ccruz - May 2017 -->\n<link rel=\"stylesheet\" href=\" https:\/\/fg.ull.es\/idiomas\/wp-content\/plugins\/shortcodesidiomas\/includes\/css.css \">\n<link rel=\"stylesheet\" type=\"text\/css\" href=\"https:\/\/cdn.datatables.net\/1.10.21\/css\/jquery.dataTables.min.css\"\/>\n\n<script type=\"text\/javascript\" charset=\"utf8\" src=\"https:\/\/code.jquery.com\/jquery-3.5.1.js\"><\/script>\n<script type=\"text\/javascript\" charset=\"utf8\" src=\"https:\/\/cdn.datatables.net\/1.10.21\/js\/jquery.dataTables.min.js\"><\/script>\n<script type=\"text\/javascript\" charset=\"utf8\" src=\"https:\/\/cdnjs.cloudflare.com\/ajax\/libs\/moment.js\/2.18.1\/moment.min.js\"><\/script>\n<script type=\"text\/javascript\" charset=\"utf8\" src=\"https:\/\/cdn.datatables.net\/plug-ins\/1.10.21\/sorting\/datetime-moment.js\"><\/script>\n<script type=\"text\/javascript\" charset=\"utf8\" src=\"https:\/\/cdn.datatables.net\/buttons\/1.6.2\/js\/dataTables.buttons.min.js\"><\/script>\n\n\n<table id=\"\"  class=\"supertabla table table-responsive b_form\">\n    <thead>\n    <th>Idioma<\/th>\n    <th>Modalidad<\/th>\n    <th>Inicio<\/th>\n    <th>Fin<\/th>\n    <th>Horario<\/th>\n    <\/thead>\n    <tfoot>\n    <th>Idioma<\/th>\n    <th>Modalidad<\/th>\n    <th>Inicio<\/th>\n    <th>Fin<\/th>\n    <th>Horario<\/th>\n    <\/tfoot>\n    <tbody>\n\t\n\t<tr>\n\t\t<td><a class=\"url-curso\" href=\"https:\/\/sede.fg.ull.es\/es\/idioma\/detalle\/A26050215\/griego-como-se-lee-esta-palabra-actividad-gratuita\">Griego - \u00bfC\u00f3mo se lee esta palabra? (Actividad Gratuita) <\/a><\/td>\n        <td>Evento <\/td>\n                <td>\n            <p>22\/09\/26<\/p>\n        <\/td>\n        <td>\n            <p>22\/09\/26<\/p>\n        <\/td>\n\n\n        <td>\n                        M de 20:00 - 21:30                                                                                                    <\/td>\n\t<\/tr>\n\n\t<tr>\n\t\t<td><a class=\"url-curso\" href=\"https:\/\/sede.fg.ull.es\/es\/idioma\/detalle\/A26050216\/griego-escapada-isle-a-digital-a-grecia-no-se-la-pierda-actividad-gratuita\">Griego - Escapada isle\u00f1a digital a Grecia  \u00a1No se la pierda! (Actividad Gratuita) <\/a><\/td>\n        <td>Evento <\/td>\n                <td>\n            <p>29\/09\/26<\/p>\n        <\/td>\n        <td>\n            <p>29\/09\/26<\/p>\n        <\/td>\n\n\n        <td>\n                        M de 20:00 - 22:00                                                                                                    <\/td>\n\t<\/tr>\n\n\t<tr>\n\t\t<td><a class=\"url-curso\" href=\"https:\/\/sede.fg.ull.es\/es\/idioma\/detalle\/A26050217\/griego-estado-monastico-autonomo-del-monte-athos-grecia-actividad-gratuita\">Griego - Estado Mon\u00e1stico Aut\u00f3nomo del Monte Athos, Grecia  (Actividad Gratuita) <\/a><\/td>\n        <td>Evento <\/td>\n                <td>\n            <p>01\/10\/26<\/p>\n        <\/td>\n        <td>\n            <p>01\/10\/26<\/p>\n        <\/td>\n\n\n        <td>\n                        J de 20:00 - 21:30                                                                                                    <\/td>\n\t<\/tr>\n\n\t<tr>\n\t\t<td><a class=\"url-curso\" href=\"https:\/\/sede.fg.ull.es\/es\/idioma\/detalle\/A26050214\/griego-inicial-1-a1-1-mcer\">Griego - Inicial 1 (A1.1 - MCER) <\/a><\/td>\n        <td>Curso <\/td>\n                <td>\n            <p>15\/10\/26<\/p>\n        <\/td>\n        <td>\n            <p>22\/04\/27<\/p>\n        <\/td>\n\n\n        <td>\n                        J de 20:30 - 22:30                                                                                                    <\/td>\n\t<\/tr>\n\n\t<tr>\n\t\t<td><a class=\"url-curso\" href=\"https:\/\/sede.fg.ull.es\/es\/idioma\/detalle\/A26050218\/griego-sabores-de-grecia-una-odisea-gastronomica-actividad-gratuita\">Griego - Sabores de Grecia: Una Odisea Gastron\u00f3mica   (Actividad Gratuita) <\/a><\/td>\n        <td>Evento <\/td>\n                <td>\n            <p>24\/09\/26<\/p>\n        <\/td>\n        <td>\n            <p>24\/09\/26<\/p>\n        <\/td>\n\n\n        <td>\n                        J de 20:00 - 21:00                                                                                                    <\/td>\n\t<\/tr>\n\t<\/tbody>\n<\/table>\n<script>\n    $(document).ready(function() {\n        $.fn.dataTable.moment( 'DD\/MM\/YY' );\n\n        $('table.supertabla').DataTable( {\n            retrieve:true,\n            \"paging\":   true,\n            \"ordering\": true,\n            \"order\": [[ 2, 'asc' ]],\n            \"info\":     true,\n            \"language\": {\n                \"lengthMenu\": \"Mostrar _MENU_ elementos por p\u00e1gina\",\n                \"zeroRecords\": \"En estemos momentos no hay oferta disponible. Revisa nuestra web.\",\n                \"info\": \"Mostrando _PAGE_ de _PAGES_\",\n                \"infoEmpty\": \"No hay registros\",\n                \"infoFiltered\": \"(Filtrado from _MAX_ total records)\",\n                \"loadingRecords\": \"Cargando... elementos :D \",\n                \"search\": \"Buscar\",\n                \"paginate\": {\n                    first:      \"Primera\",\n                    previous:   \"Anterior\",\n                    next:       \"Siguiente\",\n                    last:       \"\u00daltima\"\n                }\n            }\n        } );\n\n    } );\n<\/script>\n\n[\/vc_column_text][\/vc_tta_section][\/vc_tta_tabs][\/vc_column][\/vc_row][vc_row full_width=&#8221;stretch_row&#8221; disable_element=&#8221;yes&#8221; css=&#8221;.vc_custom_1582292672617{padding-top: 24px !important;background-color: #f8f8f8 !important;}&#8221;][vc_column][vc_tta_tabs style=&#8221;flat&#8221; spacing=&#8221;10&#8243; active_section=&#8221;&#8221; no_fill_content_area=&#8221;true&#8221; css=&#8221;.vc_custom_1574252596783{padding-bottom: 48px !important;}&#8221;][vc_tta_section title=&#8221;Oferta formativa&#8221; tab_id=&#8221;1582292666039-93df9ec0-450b&#8221;][vc_column_text]El Servicio de Idiomas ofrece cursos en distintas zonas geogr\u00e1ficas.<\/p>\n<p>Tenerife &#8211; Zona Santa Cruz \/ La Laguna<br \/>\nTenerife &#8211; Zona Sur<br \/>\n[\/vc_column_text][\/vc_tta_section][vc_tta_section title=&#8221;Acreditaciones de nivel&#8221; tab_id=&#8221;1582292666211-ade78fd9-d33e&#8221;][vc_column_text]<!-- ccruz - May 2017 -->\n<link rel=\"stylesheet\" href=\" https:\/\/fg.ull.es\/idiomas\/wp-content\/plugins\/shortcodesidiomas\/includes\/css.css \">\n<link rel=\"stylesheet\" type=\"text\/css\" href=\"https:\/\/cdn.datatables.net\/1.10.21\/css\/jquery.dataTables.min.css\"\/>\n\n\n<script type=\"text\/javascript\" charset=\"utf8\" src=\"https:\/\/code.jquery.com\/jquery-3.5.1.js\"><\/script>\n<script type=\"text\/javascript\" charset=\"utf8\" src=\"https:\/\/cdn.datatables.net\/1.10.21\/js\/jquery.dataTables.min.js\"><\/script>\n<script type=\"text\/javascript\" src=\"https:\/\/cdnjs.cloudflare.com\/ajax\/libs\/moment.js\/2.18.1\/moment.min.js\"><\/script>\n<script type=\"text\/javascript\" charset=\"utf8\" src=\"https:\/\/cdn.datatables.net\/plug-ins\/1.10.21\/sorting\/datetime-moment.js\"><\/script>\n<script type=\"text\/javascript\" charset=\"utf8\" src=\"https:\/\/cdn.datatables.net\/responsive\/2.2.4\/js\/dataTables.responsive.min.js\"><\/script>\n<script type=\"text\/javascript\" charset=\"utf8\" src=\"https:\/\/cdn.datatables.net\/responsive\/2.2.4\/js\/responsive.bootstrap.min.js\"><\/script>\n\n\n<table id=\"\" class=\"supertabla\" class=\"table table-responsive\">\n\t<thead>\n\t\t<th>Acreditaci\u00f3n<\/th>\n\t\t<th>Modalidad<\/th>\n\t\t<th data-orderable=\"true\">Fecha<\/th>\n\t\t<th>Horario<\/th>\n\t<\/thead>\n\t<tfoot>\n\t    <th>Acreditaci\u00f3n<\/th>\n\t    <th>Modalidad<\/th>\n\t    <th>Fecha<\/th>\n\t    <th>Horario<\/th>\n\t <\/tfoot>\n\t<tbody>\n\t\n    <tr>\n        <td><a class=\"url-curso\" href=\"https:\/\/sede.fg.ull.es\/es\/idioma\/detalle\/A25050526\/espa-ol-como-lengua-extranjera-a1\">Espa\u00f1ol como lengua extranjera - A1 <\/a> <\/td>\n        <!--            <td>A1 <\/td>-->\n        <td>Presencial<\/td>\n\n                <td>02\/06\/2026 <\/td>\n        <td>\n                            <!--M -  de  10:00 - 14:00-->\n               \n                     M - \n                       de  \n                      10:00 - \n                      14:00                        <\/td>\n    <\/tr>\n\n\n    <tr>\n        <td><a class=\"url-curso\" href=\"https:\/\/sede.fg.ull.es\/es\/idioma\/detalle\/A25050527\/espa-ol-como-lengua-extranjera-a2\">Espa\u00f1ol como lengua extranjera - A2 <\/a> <\/td>\n        <!--            <td>A2 <\/td>-->\n        <td>Presencial<\/td>\n\n                <td>02\/06\/2026 <\/td>\n        <td>\n                            <!--M -  de  16:00 - 20:00-->\n               \n                     M - \n                       de  \n                      16:00 - \n                      20:00                        <\/td>\n    <\/tr>\n\n\n    <tr>\n        <td><a class=\"url-curso\" href=\"https:\/\/sede.fg.ull.es\/es\/idioma\/detalle\/A25050528\/espa-ol-como-lengua-extranjera-b1\">Espa\u00f1ol como lengua extranjera - B1 <\/a> <\/td>\n        <!--            <td>B1 <\/td>-->\n        <td>Presencial<\/td>\n\n                <td>03\/06\/2026 <\/td>\n        <td>\n                            <!--X -  de  10:00 - 14:00-->\n               \n                     X - \n                       de  \n                      10:00 - \n                      14:00                        <\/td>\n    <\/tr>\n\n\n    <tr>\n        <td><a class=\"url-curso\" href=\"https:\/\/sede.fg.ull.es\/es\/idioma\/detalle\/A25050529\/espa-ol-como-lengua-extranjera-b2\">Espa\u00f1ol como lengua extranjera - B2 <\/a> <\/td>\n        <!--            <td>B2 <\/td>-->\n        <td>Presencial<\/td>\n\n                <td>04\/06\/2026 <\/td>\n        <td>\n                            <!--J -  de  16:00 - 20:00-->\n               \n                     J - \n                       de  \n                      16:00 - \n                      20:00                        <\/td>\n    <\/tr>\n\n\n    <tr>\n        <td><a class=\"url-curso\" href=\"https:\/\/sede.fg.ull.es\/es\/idioma\/detalle\/A25050464\/espa-ol-como-lengua-extranjera-siele-multinivel\">Espa\u00f1ol como lengua extranjera - Siele Multinivel <\/a> <\/td>\n        <!--            <td>Siele Multinivel <\/td>-->\n        <td>Presencial<\/td>\n\n                <td>10\/06\/2026 <\/td>\n        <td>\n                            <!--X -  de  16:00 - 19:00-->\n               \n                     X - \n                       de  \n                      16:00 - \n                      19:00                        <\/td>\n    <\/tr>\n\n\n    <tr>\n        <td><a class=\"url-curso\" href=\"https:\/\/sede.fg.ull.es\/es\/idioma\/detalle\/A25050465\/espa-ol-como-lengua-extranjera-siele-multinivel\">Espa\u00f1ol como lengua extranjera - Siele Multinivel <\/a> <\/td>\n        <!--            <td>Siele Multinivel <\/td>-->\n        <td>Presencial<\/td>\n\n                <td>16\/09\/2026 <\/td>\n        <td>\n                            <!--X -  de  16:00 - 19:00-->\n               \n                     X - \n                       de  \n                      16:00 - \n                      19:00                        <\/td>\n    <\/tr>\n\n\n    <tr>\n        <td><a class=\"url-curso\" href=\"https:\/\/sede.fg.ull.es\/es\/idioma\/detalle\/A25050463\/espa-ol-como-lengua-extranjera-siele-multinivel\">Espa\u00f1ol como lengua extranjera - Siele Multinivel <\/a> <\/td>\n        <!--            <td>Siele Multinivel <\/td>-->\n        <td>Presencial<\/td>\n\n                <td>29\/05\/2026 <\/td>\n        <td>\n                            <!--V -  de  10:00 - 14:00-->\n               \n                     V - \n                       de  \n                      10:00 - \n                      14:00                        <\/td>\n    <\/tr>\n\n<tbody>\n<\/table>\n\n\n<script>\n    $(document).ready(function() {\n\t$.fn.dataTable.moment('DD\/MM\/YYYY');\n\n        $('table.supertabla').DataTable( {\n           retrieve:true, \n\t   \"paging\":   true,\n            \"ordering\": true,\n            \"order\": [[ 2, 'asc' ]],\n            \"info\":     true,\n            \"language\": {\n                \"lengthMenu\": \"Mostrar _MENU_ elementos por p\u00e1gina\",\n                \"zeroRecords\": \"En estemos momentos no hay oferta disponible. Revisa nuestra web.\",\n                \"info\": \"Mostrando _PAGE_ de _PAGES_\",\n                \"infoEmpty\": \"No hay registros\",\n                \"infoFiltered\": \"(Filtrado from _MAX_ total records)\",\n                \"loadingRecords\": \"Cargando... elementos :D \",\n                \"search\": \"Buscar\",\n                \"paginate\": {\n                    first:      \"Primera\",\n                    previous:   \"Anterior\",\n                    next:       \"Siguiente\",\n                    last:       \"\u00daltima\"\n                },\n            }\n        } );\n\n    } );\n<\/script>\n\n[\/vc_column_text][\/vc_tta_section][\/vc_tta_tabs][\/vc_column][\/vc_row][vc_row css=&#8221;.vc_custom_1572519524060{margin-top: 0px !important;margin-right: 0px !important;margin-bottom: 0px !important;margin-left: 0px !important;border-top-width: 0px !important;border-right-width: 0px !important;border-bottom-width: 0px !important;border-left-width: 0px !important;padding-top: 40px !important;padding-right: 0px !important;padding-bottom: 0px !important;padding-left: 0px !important;}&#8221;][vc_column width=&#8221;1\/2&#8243; css=&#8221;.vc_custom_1498039327857{padding-right: 40px !important;}&#8221;][vc_custom_heading text=&#8221;CURSOS DE GRIEGO MODERNO&#8221; font_container=&#8221;tag:h1|font_size:36|text_align:left|color:%23000000|line_height:1.15&#8243; google_fonts=&#8221;font_family:Roboto%20Condensed%3A300%2C300italic%2Cregular%2Citalic%2C700%2C700italic|font_style:700%20bold%20regular%3A700%3Anormal&#8221;][vc_empty_space height=&#8221;15&#8243;][vc_custom_heading text=&#8221;Al ser uno de los idiomas oficiales de la Uni\u00f3n Europea, hablado en Grecia y Chipre, el griego es uno de esos idiomas que siempre son demandados en los organismos administrativos europeos. Aunque conocemos a Grecia como una potencia mundial en la industria del turismo, del que depende el 85% de su PIB, resulta que el pa\u00eds es la primera potencia mundial en cuanto a cabotaje mar\u00edtimo, su marina mercante es la mayor de todo el mundo, lo que convierte al griego en un idioma fundamental a la hora de realizar negocios en este \u00e1mbito.&#8221; font_container=&#8221;tag:p|font_size:19|text_align:left|color:%23000000|line_height:1.6&#8243; google_fonts=&#8221;font_family:Roboto%3A100%2C100italic%2C300%2C300italic%2Cregular%2Citalic%2C500%2C500italic%2C700%2C700italic%2C900%2C900italic|font_style:300%20light%20regular%3A300%3Anormal&#8221;][vc_empty_space height=&#8221;30&#8243;][vc_column_text]<span style=\"font-weight: 400\">En contra de lo que pudiera parecer, el griego actual es una lengua moderna y f\u00e1cil de aprender para las personas hispanohablantes, y existen muy pocos lugares donde tienes la oportunidad de aprenderla con la naturalidad de disponer de un profesorado nativo como la que te ofrecemos en el Servicio de Idiomas.<\/span>[\/vc_column_text][vc_empty_space height=&#8221;0&#8243;][\/vc_column][vc_column width=&#8221;1\/2&#8243;][vc_tta_accordion style=&#8221;flat&#8221; shape=&#8221;square&#8221; c_icon=&#8221;chevron&#8221; c_position=&#8221;right&#8221; active_section=&#8221;A&#8221; no_fill=&#8221;true&#8221; collapsible_all=&#8221;true&#8221; css=&#8221;.vc_custom_1571405301518{margin-top: 0px !important;margin-right: 0px !important;margin-bottom: 0px !important;margin-left: 0px !important;border-top-width: 0px !important;border-right-width: 0px !important;border-bottom-width: 0px !important;border-left-width: 0px !important;padding-top: 0px !important;padding-right: 0px !important;padding-bottom: 0px !important;padding-left: 0px !important;}&#8221;][vc_tta_section title=&#8221;POR QU\u00c9 CON NOSOTROS&#8221; tab_id=&#8221;por-que-con-nosotros&#8221;][vc_row_inner][vc_column_inner][vc_column_text]<span style=\"font-weight: 400\">El <\/span><a href=\"https:\/\/fg.ull.es\/idiomas\/\"><b>Servicio de Idiomas<\/b><\/a><span style=\"font-weight: 400\"> inici\u00f3 su actividad en 1994. Desde entonces, se ha consolidado como una de las instituciones de referencia en la ense\u00f1anza de idiomas en Canarias, gracias a la <\/span><span style=\"font-weight: 400\">garant\u00eda y seguridad que ofrece la universidad.<\/span><\/p>\n<p><span style=\"font-weight: 400\">A lo largo de estos 30 a\u00f1os, de la mano de un <\/span><b>profesorado nativo o biling\u00fce, preparado y con una amplia experiencia<\/b><span style=\"font-weight: 400\">, su oferta ha crecido en n\u00famero de idiomas, incluyendo el <\/span><b>griego<\/b><span style=\"font-weight: 400\">. Actualmente se imparten 14 idiomas con numerosos tipos de acciones formativas, como <\/span><i><span style=\"font-weight: 400\">cursos cuatrimestrales, cursos espec\u00edficos, cursos online, cursos preparatorios de certificaciones internacionales, tutor\u00edas individualizadas, sesiones de conversaci\u00f3n, intercambios ling\u00fc\u00edsticos, inmersiones ling\u00fc\u00edsticas, acreditaciones de nivel\u2026\u00a1y mucho m\u00e1s!<\/span><\/i><\/p>\n<p><span style=\"font-weight: 400\">\u00a1Ap\u00fantate al <\/span><a href=\"https:\/\/fg.ull.es\/idiomas\/\"><b>Servicio de Idiomas<\/b><\/a><span style=\"font-weight: 400\"> y ver\u00e1s que aprender\u00e1s <\/span><b>griego <\/b><span style=\"font-weight: 400\">r\u00e1pidamente y ganar\u00e1s fluidez en poco tiempo!<\/span>[\/vc_column_text][\/vc_column_inner][\/vc_row_inner][\/vc_tta_section][vc_tta_section title=&#8221;C\u00d3MO SE REALIZAN LOS CURSOS&#8221; tab_id=&#8221;como-se-realizan-los-cursos&#8221;][vc_row_inner][vc_column_inner][vc_column_text]<b>Los cursos de griego <\/b><span style=\"font-weight: 400\">en el <\/span><a href=\"https:\/\/fg.ull.es\/idiomas\/\"><span style=\"font-weight: 400\">Servicio de Idiomas<\/span><\/a><span style=\"font-weight: 400\"> se dividen por niveles referenciados por el <\/span><a href=\"https:\/\/fg.ull.es\/idiomas\/servicio-de-idiomas\/#marco-comun-europeo\"><span style=\"font-weight: 400\">Marco Com\u00fan Europeo de Referencia de las Lenguas<\/span><\/a><span style=\"font-weight: 400\">, partiendo desde el \u201c<\/span><b>A1<\/b><span style=\"font-weight: 400\">\u201d de los principiantes y hasta llegar al \u201c<\/span><b>C2<\/b><span style=\"font-weight: 400\">\u201d de aquellos que llegan a dominar la lengua. <\/span><b>Estos niveles<\/b><span style=\"font-weight: 400\">, a su vez, <\/span><b>se dividen en subniveles<\/b><span style=\"font-weight: 400\">, dependiendo del curso, para facilitar su aprendizaje.<\/span><\/p>\n<p><span style=\"font-weight: 400\">Adem\u00e1s de los cursos <\/span><b>cuatrimestrales o intensivos de verano, <\/b><span style=\"font-weight: 400\">tambi\u00e9n encontrar\u00e1s otros cursos y talleres, sesiones de conversaci\u00f3n y acreditaciones de nivel para que complementes tu proceso de aprendizaje.\u00a0<\/span><\/p>\n<p><a href=\"https:\/\/fg.ull.es\/idiomas\/lenguas-y-niveles\/\"><span style=\"font-weight: 400\">Conoce m\u00e1s sobre nuestros niveles<\/span><\/a><span style=\"font-weight: 400\">.<\/span>[\/vc_column_text][\/vc_column_inner][\/vc_row_inner][\/vc_tta_section][vc_tta_section title=&#8221;QUI\u00c9N PUEDE&#8221; tab_id=&#8221;quien-puede&#8221;][vc_row_inner][vc_column_inner][vc_column_text]<strong>Cualquier persona mayor de 16 a\u00f1os que desee aprender<\/strong>, independientemente de si es parte de la comunidad universitaria, puede recibir clases y participar en cualquier idioma.[\/vc_column_text][\/vc_column_inner][\/vc_row_inner][\/vc_tta_section][vc_tta_section title=&#8221;C\u00d3MO SE REALIZA LA MATR\u00cdCULA&#8221; tab_id=&#8221;como-se-realiza-la-matricula&#8221;][vc_row_inner][vc_column_inner][vc_column_text]<b>Si comienzas desde cero*<\/b><span style=\"font-weight: 400\">, y no tienes ning\u00fan conocimiento del idioma, puedes inscribirte directamente en el curso para principiantes (nivel A1 o subnivel A1.1) en <\/span><a href=\"https:\/\/sede.fg.ull.es\/es\/idioma\"><span style=\"font-weight: 400\">nuestra sede electr\u00f3nica<\/span><\/a><span style=\"font-weight: 400\"> o en la <\/span><a href=\"https:\/\/fg.ull.es\/idiomas\/donde-estamos\/\"><span style=\"font-weight: 400\">secretaria de la Fundaci\u00f3n<\/span><span style=\"font-weight: 400\">.<\/span><\/a><span style=\"font-weight: 400\"> Adem\u00e1s, <\/span><b>existen cursos y talleres que no requieren de nivel de conocimientos previos o que el nivel de entrada es s\u00f3lo una recomendaci\u00f3n<\/b><span style=\"font-weight: 400\"> (revisa la informaci\u00f3n espec\u00edfica en la ficha de cada acci\u00f3n formativa).<\/span><\/p>\n<p><span style=\"font-weight: 400\">Si<\/span><b> tienes alg\u00fan conocimiento del idioma pero no tienes certificaci\u00f3n<\/b><span style=\"font-weight: 400\">, debes realizar una <\/span><a href=\"https:\/\/fg.ull.es\/idiomas\/pruebas-nivel\/\"><b>prueba<\/b><\/a><span style=\"font-weight: 400\"> para determinar qu\u00e9 nivel te corresponde realizar. Puedes pedir <\/span><a href=\"https:\/\/sede.fg.ull.es\/es\/idioma\"><span style=\"font-weight: 400\">cita en la sede electr\u00f3nica<\/span><\/a><span style=\"font-weight: 400\">, seleccionando en la modalidad\u00a0 \u201cPruebas de nivel\u201d, escogiendo la prueba para el idioma deseado.<\/span><\/p>\n<p><span style=\"font-weight: 400\">Dispones de una <\/span><a href=\"https:\/\/drive.google.com\/file\/d\/1GCpr5IOEwJ5B2P4OWlKMr-ulYXvmZWDY\/view?usp=sharing\"><span style=\"font-weight: 400\">gu\u00eda que te ayudar\u00e1 en todo el proceso<\/span><\/a><span style=\"font-weight: 400\"> de creaci\u00f3n de usuario (en caso de no disponer de uno), as\u00ed como a la hora de coger la cita para la prueba de nivel.<\/span><\/p>\n<p><b>Con conocimientos previos del idioma y certificaci\u00f3n o acreditaci\u00f3n: <\/b><span style=\"font-weight: 400\">Si tienes alg\u00fan conocimiento del idioma y certificaci\u00f3n de nivel deber\u00e1s decidir cu\u00e1l es el curso del que quieres matricularte en la <\/span><a href=\"https:\/\/sede.fg.ull.es\/\"><b>sede virtual de la Fundaci\u00f3n<\/b><\/a><span style=\"font-weight: 400\"> . Para matricularte del curso que te interesa debes enviar a info@fg.ull.es dicha certificaci\u00f3n para habilitar la matr\u00edcula.<\/span><\/p>\n<p><i><span style=\"font-weight: 400\">*Recomendamos siempre realizar la prueba de nivel incluso cuando creas que apenas tienes conocimiento del idioma (sobre todo para el ingl\u00e9s), ya que en muchas ocasiones se tiende a infravalorar el conocimiento que se tiene sobre algo. Es un test muy sencillo y r\u00e1pido que simplemente intenta establecer en qu\u00e9 punto te encuentras antes de empezar tus clases.<\/span><\/i>[\/vc_column_text][\/vc_column_inner][\/vc_row_inner][\/vc_tta_section][vc_tta_section title=&#8221;CU\u00c1NTO CUESTA&#8221; tab_id=&#8221;cuanto-cuesta&#8221;][vc_row_inner][vc_column_inner][vc_column_text]<b>Depender\u00e1 de cada curso.<\/b><\/p>\n<p><span style=\"font-weight: 400\">Puedes consultar su precio, al igual que los diferentes descuentos disponibles (Comunidad universitaria ULL, demandante de empleo, etc.) y modalidades de pago en la ficha de cada curso.<\/span><\/p>\n<p><span style=\"font-weight: 400\">Adem\u00e1s, tambi\u00e9n puedes contar con las <\/span><a href=\"https:\/\/fg.ull.es\/idiomas\/becas\/#1580733300740-5501d2bf-ae65\"><span style=\"font-weight: 400\">Becas Prolingua<\/span><\/a><span style=\"font-weight: 400\"> o, si est\u00e1s trabajando, con la <\/span><a href=\"https:\/\/fg.ull.es\/formacion\/fundacion-estatal-para-la-formacion-en-el-empleo-fundae\/\"><span style=\"font-weight: 400\">bonificaci\u00f3n a trav\u00e9s de la FUNDAE<\/span><\/a><span style=\"font-weight: 400\">.<\/span>[\/vc_column_text][\/vc_column_inner][\/vc_row_inner][\/vc_tta_section][vc_tta_section title=&#8221;PREGUNTAS FRECUENTES &#8211; F.A.Q.&#8221; tab_id=&#8221;preguntas-frecuentes&#8221;][vc_column_text]Hemos preparado una lista con las preguntas o dudas mas habituales.<\/p>\n<p>Puedes consultarlas en el siguiente enlace.[\/vc_column_text][vc_btn title=&#8221;PREGUNTAS FRECUENTES &#8211; F.A.Q.&#8221; style=&#8221;custom&#8221; custom_background=&#8221;#5c068c&#8221; custom_text=&#8221;#ffffff&#8221; align=&#8221;center&#8221; link=&#8221;url:https%3A%2F%2Ffg.ull.es%2Fidiomas%2Fpreguntas-frecuentes-faq%2F||target:%20_blank|&#8221;][\/vc_tta_section][\/vc_tta_accordion][vc_empty_space height=&#8221;10&#8243;][vc_tta_accordion style=&#8221;flat&#8221; shape=&#8221;square&#8221; color=&#8221;black&#8221; c_icon=&#8221;chevron&#8221; c_position=&#8221;right&#8221; active_section=&#8221;a&#8221; no_fill=&#8221;true&#8221; collapsible_all=&#8221;true&#8221; css=&#8221;.vc_custom_1516705765711{margin-top: -12px !important;margin-right: 0px !important;margin-bottom: 0px !important;margin-left: 0px !important;border-top-width: 0px !important;border-right-width: 0px !important;border-bottom-width: 0px !important;border-left-width: 0px !important;padding-top: 0px !important;padding-right: 0px !important;padding-bottom: 0px !important;padding-left: 0px !important;}&#8221;][vc_tta_section title=&#8221;\u00bfDUDAS?, ESCR\u00cdBENOS&#8221; tab_id=&#8221;escribenos&#8221;][vc_raw_html]JTNDZGl2JTIwaWQlM0QlMjJmZ3VsbF81Njk4MzkwMjcyNzcwMDQ4JTIyJTIwY2xhc3MlM0QlMjJhZ2lsZV9jcm1fZm9ybV9lbWJlZCUyMiUzRSUzQ3NwYW4lMjBzdHlsZSUzRCUyMmRpc3BsYXklM0Fub25lJTIyJTNFRmlsbCUyMG91dCUyMG15JTIwJTNDYSUyMGhyZWYlM0QlMjJodHRwcyUzQSUyRiUyRmZndWxsLmFnaWxlY3JtLmNvbSUyRmZvcm1zJTJGNTY5ODM5MDI3Mjc3MDA0OCUyMiUzRW9ubGluZSUyMGZvcm0lM0MlMkZhJTNFJTNDJTJGc3BhbiUzRSUzQyUyRmRpdiUzRQ==[\/vc_raw_html][\/vc_tta_section][\/vc_tta_accordion][vc_empty_space][vc_row_inner disable_element=&#8221;yes&#8221; css=&#8221;.vc_custom_1658326310925{margin-top: 4px !important;margin-right: 4px !important;margin-bottom: 4px !important;margin-left: 4px !important;padding-right: 10px !important;padding-bottom: 20px !important;padding-left: 10px !important;background-color: #b8854e !important;}&#8221;][vc_column_inner][vc_custom_heading text=&#8221;SAB\u00cdAS QUE&#8230;&#8221; font_container=&#8221;tag:h3|font_size:32|text_align:left|color:%23ffffff|line_height:1.15&#8243; google_fonts=&#8221;font_family:Roboto%20Condensed%3A300%2C300italic%2Cregular%2Citalic%2C700%2C700italic|font_style:700%20bold%20regular%3A700%3Anormal&#8221;][vc_empty_space height=&#8221;6&#8243;][vc_column_text]<span style=\"color: #ffffff\">Con la entrada en el Espacio Europeo de Educaci\u00f3n Superior, una de las competencias que se incluye en todos los planes de estudios es el conocimiento de una lengua extranjera. Certificar el nivel de idiomas es necesario para acceder a oposiciones, posgrados, doctorados o programas de movilidad internacional.<\/span>[\/vc_column_text][vc_column_text]<span style=\"color: #ffffff\">Nuestras certificaciones de idiomas se encuentran recogidas en el \u201cBOC 191, ORDEN de 21 de septiembre de 2016\u201d, por el que se regula el reconocimiento de la acreditaci\u00f3n de la competencia ling\u00fc\u00edstica conforme al MCERL en Canarias.<\/span>[\/vc_column_text][\/vc_column_inner][\/vc_row_inner][vc_empty_space height=&#8221;32&#8243;][\/vc_column][\/vc_row][vc_row full_width=&#8221;stretch_row&#8221; css=&#8221;.vc_custom_1619008740894{margin-top: 60px !important;}&#8221;][vc_column][vc_row_inner disable_element=&#8221;yes&#8221; css=&#8221;.vc_custom_1642666558615{padding-top: 20px !important;}&#8221;][vc_column_inner][vc_custom_heading text=&#8221;OFERTA FORMATIVA DE KOREANO&#8221; font_container=&#8221;tag:h2|font_size:36|text_align:left|color:%23000000|line_height:1.15&#8243; google_fonts=&#8221;font_family:Roboto%20Condensed%3A300%2C300italic%2Cregular%2Citalic%2C700%2C700italic|font_style:700%20bold%20regular%3A700%3Anormal&#8221; css=&#8221;.vc_custom_1642666360189{border-top-width: 4px !important;padding-top: 20px !important;border-top-color: #000000 !important;border-top-style: solid !important;}&#8221;][vc_empty_space][vc_column_text css=&#8221;.vc_custom_1630602119382{border-top-width: 1px !important;border-right-width: 1px !important;border-bottom-width: 1px !important;border-left-width: 1px !important;padding-top: 10px !important;padding-right: 10px !important;padding-bottom: 10px !important;padding-left: 10px !important;background-color: #eff0f1 !important;border-left-color: #000000 !important;border-left-style: dotted !important;border-right-color: #000000 !important;border-right-style: dotted !important;border-top-color: #000000 !important;border-top-style: dotted !important;border-bottom-color: #000000 !important;border-bottom-style: dotted !important;}&#8221;]Haciendo clic encima del t\u00edtulo de cada curso podr\u00e1s ver la informaci\u00f3n descriptiva del curso (docente, programaci\u00f3n, evaluaci\u00f3n&#8230;) y realizar la inscripci\u00f3n en nuestra sede electr\u00f3nica.[\/vc_column_text][vc_empty_space][vc_column_text]<!-- xelso - May 2020 -->\n<!-- ccruz - May 2017 -->\n<link rel=\"stylesheet\" href=\" https:\/\/fg.ull.es\/idiomas\/wp-content\/plugins\/shortcodesidiomas\/includes\/css.css \">\n<link rel=\"stylesheet\" type=\"text\/css\" href=\"https:\/\/cdn.datatables.net\/1.10.21\/css\/jquery.dataTables.min.css\"\/>\n\n<script type=\"text\/javascript\" charset=\"utf8\" src=\"https:\/\/code.jquery.com\/jquery-3.5.1.js\"><\/script>\n<script type=\"text\/javascript\" charset=\"utf8\" src=\"https:\/\/cdn.datatables.net\/1.10.21\/js\/jquery.dataTables.min.js\"><\/script>\n<script type=\"text\/javascript\" charset=\"utf8\" src=\"https:\/\/cdnjs.cloudflare.com\/ajax\/libs\/moment.js\/2.18.1\/moment.min.js\"><\/script>\n<script type=\"text\/javascript\" charset=\"utf8\" src=\"https:\/\/cdn.datatables.net\/plug-ins\/1.10.21\/sorting\/datetime-moment.js\"><\/script>\n<script type=\"text\/javascript\" charset=\"utf8\" src=\"https:\/\/cdn.datatables.net\/buttons\/1.6.2\/js\/dataTables.buttons.min.js\"><\/script>\n\n\n<table id=\"\"  class=\"supertabla table table-responsive b_form\">\n    <thead>\n    <th>Idioma<\/th>\n    <th>Modalidad<\/th>\n    <th>Inicio<\/th>\n    <th>Fin<\/th>\n    <th>Horario<\/th>\n    <\/thead>\n    <tfoot>\n    <th>Idioma<\/th>\n    <th>Modalidad<\/th>\n    <th>Inicio<\/th>\n    <th>Fin<\/th>\n    <th>Horario<\/th>\n    <\/tfoot>\n    <tbody>\n\t\n\t<tr>\n\t\t<td><a class=\"url-curso\" href=\"https:\/\/sede.fg.ull.es\/es\/idioma\/detalle\/A26050215\/griego-como-se-lee-esta-palabra-actividad-gratuita\">Griego - \u00bfC\u00f3mo se lee esta palabra? (Actividad Gratuita) <\/a><\/td>\n        <td>Evento <\/td>\n                <td>\n            <p>22\/09\/26<\/p>\n        <\/td>\n        <td>\n            <p>22\/09\/26<\/p>\n        <\/td>\n\n\n        <td>\n                        M de 20:00 - 21:30                                                                                                    <\/td>\n\t<\/tr>\n\n\t<tr>\n\t\t<td><a class=\"url-curso\" href=\"https:\/\/sede.fg.ull.es\/es\/idioma\/detalle\/A26050216\/griego-escapada-isle-a-digital-a-grecia-no-se-la-pierda-actividad-gratuita\">Griego - Escapada isle\u00f1a digital a Grecia  \u00a1No se la pierda! (Actividad Gratuita) <\/a><\/td>\n        <td>Evento <\/td>\n                <td>\n            <p>29\/09\/26<\/p>\n        <\/td>\n        <td>\n            <p>29\/09\/26<\/p>\n        <\/td>\n\n\n        <td>\n                        M de 20:00 - 22:00                                                                                                    <\/td>\n\t<\/tr>\n\n\t<tr>\n\t\t<td><a class=\"url-curso\" href=\"https:\/\/sede.fg.ull.es\/es\/idioma\/detalle\/A26050217\/griego-estado-monastico-autonomo-del-monte-athos-grecia-actividad-gratuita\">Griego - Estado Mon\u00e1stico Aut\u00f3nomo del Monte Athos, Grecia  (Actividad Gratuita) <\/a><\/td>\n        <td>Evento <\/td>\n                <td>\n            <p>01\/10\/26<\/p>\n        <\/td>\n        <td>\n            <p>01\/10\/26<\/p>\n        <\/td>\n\n\n        <td>\n                        J de 20:00 - 21:30                                                                                                    <\/td>\n\t<\/tr>\n\n\t<tr>\n\t\t<td><a class=\"url-curso\" href=\"https:\/\/sede.fg.ull.es\/es\/idioma\/detalle\/A26050214\/griego-inicial-1-a1-1-mcer\">Griego - Inicial 1 (A1.1 - MCER) <\/a><\/td>\n        <td>Curso <\/td>\n                <td>\n            <p>15\/10\/26<\/p>\n        <\/td>\n        <td>\n            <p>22\/04\/27<\/p>\n        <\/td>\n\n\n        <td>\n                        J de 20:30 - 22:30                                                                                                    <\/td>\n\t<\/tr>\n\n\t<tr>\n\t\t<td><a class=\"url-curso\" href=\"https:\/\/sede.fg.ull.es\/es\/idioma\/detalle\/A26050218\/griego-sabores-de-grecia-una-odisea-gastronomica-actividad-gratuita\">Griego - Sabores de Grecia: Una Odisea Gastron\u00f3mica   (Actividad Gratuita) <\/a><\/td>\n        <td>Evento <\/td>\n                <td>\n            <p>24\/09\/26<\/p>\n        <\/td>\n        <td>\n            <p>24\/09\/26<\/p>\n        <\/td>\n\n\n        <td>\n                        J de 20:00 - 21:00                                                                                                    <\/td>\n\t<\/tr>\n\t<\/tbody>\n<\/table>\n<script>\n    $(document).ready(function() {\n        $.fn.dataTable.moment( 'DD\/MM\/YY' );\n\n        $('table.supertabla').DataTable( {\n            retrieve:true,\n            \"paging\":   true,\n            \"ordering\": true,\n            \"order\": [[ 2, 'asc' ]],\n            \"info\":     true,\n            \"language\": {\n                \"lengthMenu\": \"Mostrar _MENU_ elementos por p\u00e1gina\",\n                \"zeroRecords\": \"En estemos momentos no hay oferta disponible. Revisa nuestra web.\",\n                \"info\": \"Mostrando _PAGE_ de _PAGES_\",\n                \"infoEmpty\": \"No hay registros\",\n                \"infoFiltered\": \"(Filtrado from _MAX_ total records)\",\n                \"loadingRecords\": \"Cargando... elementos :D \",\n                \"search\": \"Buscar\",\n                \"paginate\": {\n                    first:      \"Primera\",\n                    previous:   \"Anterior\",\n                    next:       \"Siguiente\",\n                    last:       \"\u00daltima\"\n                }\n            }\n        } );\n\n    } );\n<\/script>\n\n[\/vc_column_text][\/vc_column_inner][\/vc_row_inner][vc_row_inner css=&#8221;.vc_custom_1572518017213{padding-top: 20px !important;}&#8221;][vc_column_inner][vc_custom_heading text=&#8221;OFERTA FORMATIVA DE GRIEGO MODERNO&#8221; font_container=&#8221;tag:h2|font_size:36|text_align:left|color:%23000000|line_height:1.15&#8243; google_fonts=&#8221;font_family:Roboto%20Condensed%3A300%2C300italic%2Cregular%2Citalic%2C700%2C700italic|font_style:700%20bold%20regular%3A700%3Anormal&#8221; css=&#8221;.vc_custom_1673535002137{border-top-width: 4px !important;padding-top: 20px !important;border-top-color: #000000 !important;border-top-style: solid !important;}&#8221;][vc_empty_space][vc_column_text css=&#8221;.vc_custom_1630602119382{border-top-width: 1px !important;border-right-width: 1px !important;border-bottom-width: 1px !important;border-left-width: 1px !important;padding-top: 10px !important;padding-right: 10px !important;padding-bottom: 10px !important;padding-left: 10px !important;background-color: #eff0f1 !important;border-left-color: #000000 !important;border-left-style: dotted !important;border-right-color: #000000 !important;border-right-style: dotted !important;border-top-color: #000000 !important;border-top-style: dotted !important;border-bottom-color: #000000 !important;border-bottom-style: dotted !important;}&#8221;]Haciendo clic encima del t\u00edtulo de cada curso podr\u00e1s ver la informaci\u00f3n descriptiva del curso (docente, programaci\u00f3n, evaluaci\u00f3n&#8230;) y realizar la inscripci\u00f3n en nuestra sede electr\u00f3nica.[\/vc_column_text][vc_empty_space][vc_column_text]<!-- xelso - May 2020 -->\n<!-- ccruz - May 2017 -->\n<link rel=\"stylesheet\" href=\" https:\/\/fg.ull.es\/idiomas\/wp-content\/plugins\/shortcodesidiomas\/includes\/css.css \">\n<link rel=\"stylesheet\" type=\"text\/css\" href=\"https:\/\/cdn.datatables.net\/1.10.21\/css\/jquery.dataTables.min.css\"\/>\n\n<script type=\"text\/javascript\" charset=\"utf8\" src=\"https:\/\/code.jquery.com\/jquery-3.5.1.js\"><\/script>\n<script type=\"text\/javascript\" charset=\"utf8\" src=\"https:\/\/cdn.datatables.net\/1.10.21\/js\/jquery.dataTables.min.js\"><\/script>\n<script type=\"text\/javascript\" charset=\"utf8\" src=\"https:\/\/cdnjs.cloudflare.com\/ajax\/libs\/moment.js\/2.18.1\/moment.min.js\"><\/script>\n<script type=\"text\/javascript\" charset=\"utf8\" src=\"https:\/\/cdn.datatables.net\/plug-ins\/1.10.21\/sorting\/datetime-moment.js\"><\/script>\n<script type=\"text\/javascript\" charset=\"utf8\" src=\"https:\/\/cdn.datatables.net\/buttons\/1.6.2\/js\/dataTables.buttons.min.js\"><\/script>\n\n\n<table id=\"\"  class=\"supertabla table table-responsive b_form\">\n    <thead>\n    <th>Idioma<\/th>\n    <th>Modalidad<\/th>\n    <th>Inicio<\/th>\n    <th>Fin<\/th>\n    <th>Horario<\/th>\n    <\/thead>\n    <tfoot>\n    <th>Idioma<\/th>\n    <th>Modalidad<\/th>\n    <th>Inicio<\/th>\n    <th>Fin<\/th>\n    <th>Horario<\/th>\n    <\/tfoot>\n    <tbody>\n\t\n\t<tr>\n\t\t<td><a class=\"url-curso\" href=\"https:\/\/sede.fg.ull.es\/es\/idioma\/detalle\/A26050215\/griego-como-se-lee-esta-palabra-actividad-gratuita\">Griego - \u00bfC\u00f3mo se lee esta palabra? (Actividad Gratuita) <\/a><\/td>\n        <td>Evento <\/td>\n                <td>\n            <p>22\/09\/26<\/p>\n        <\/td>\n        <td>\n            <p>22\/09\/26<\/p>\n        <\/td>\n\n\n        <td>\n                        M de 20:00 - 21:30                                                                                                    <\/td>\n\t<\/tr>\n\n\t<tr>\n\t\t<td><a class=\"url-curso\" href=\"https:\/\/sede.fg.ull.es\/es\/idioma\/detalle\/A26050216\/griego-escapada-isle-a-digital-a-grecia-no-se-la-pierda-actividad-gratuita\">Griego - Escapada isle\u00f1a digital a Grecia  \u00a1No se la pierda! (Actividad Gratuita) <\/a><\/td>\n        <td>Evento <\/td>\n                <td>\n            <p>29\/09\/26<\/p>\n        <\/td>\n        <td>\n            <p>29\/09\/26<\/p>\n        <\/td>\n\n\n        <td>\n                        M de 20:00 - 22:00                                                                                                    <\/td>\n\t<\/tr>\n\n\t<tr>\n\t\t<td><a class=\"url-curso\" href=\"https:\/\/sede.fg.ull.es\/es\/idioma\/detalle\/A26050217\/griego-estado-monastico-autonomo-del-monte-athos-grecia-actividad-gratuita\">Griego - Estado Mon\u00e1stico Aut\u00f3nomo del Monte Athos, Grecia  (Actividad Gratuita) <\/a><\/td>\n        <td>Evento <\/td>\n                <td>\n            <p>01\/10\/26<\/p>\n        <\/td>\n        <td>\n            <p>01\/10\/26<\/p>\n        <\/td>\n\n\n        <td>\n                        J de 20:00 - 21:30                                                                                                    <\/td>\n\t<\/tr>\n\n\t<tr>\n\t\t<td><a class=\"url-curso\" href=\"https:\/\/sede.fg.ull.es\/es\/idioma\/detalle\/A26050214\/griego-inicial-1-a1-1-mcer\">Griego - Inicial 1 (A1.1 - MCER) <\/a><\/td>\n        <td>Curso <\/td>\n                <td>\n            <p>15\/10\/26<\/p>\n        <\/td>\n        <td>\n            <p>22\/04\/27<\/p>\n        <\/td>\n\n\n        <td>\n                        J de 20:30 - 22:30                                                                                                    <\/td>\n\t<\/tr>\n\n\t<tr>\n\t\t<td><a class=\"url-curso\" href=\"https:\/\/sede.fg.ull.es\/es\/idioma\/detalle\/A26050218\/griego-sabores-de-grecia-una-odisea-gastronomica-actividad-gratuita\">Griego - Sabores de Grecia: Una Odisea Gastron\u00f3mica   (Actividad Gratuita) <\/a><\/td>\n        <td>Evento <\/td>\n                <td>\n            <p>24\/09\/26<\/p>\n        <\/td>\n        <td>\n            <p>24\/09\/26<\/p>\n        <\/td>\n\n\n        <td>\n                        J de 20:00 - 21:00                                                                                                    <\/td>\n\t<\/tr>\n\t<\/tbody>\n<\/table>\n<script>\n    $(document).ready(function() {\n        $.fn.dataTable.moment( 'DD\/MM\/YY' );\n\n        $('table.supertabla').DataTable( {\n            retrieve:true,\n            \"paging\":   true,\n            \"ordering\": true,\n            \"order\": [[ 2, 'asc' ]],\n            \"info\":     true,\n            \"language\": {\n                \"lengthMenu\": \"Mostrar _MENU_ elementos por p\u00e1gina\",\n                \"zeroRecords\": \"En estemos momentos no hay oferta disponible. Revisa nuestra web.\",\n                \"info\": \"Mostrando _PAGE_ de _PAGES_\",\n                \"infoEmpty\": \"No hay registros\",\n                \"infoFiltered\": \"(Filtrado from _MAX_ total records)\",\n                \"loadingRecords\": \"Cargando... elementos :D \",\n                \"search\": \"Buscar\",\n                \"paginate\": {\n                    first:      \"Primera\",\n                    previous:   \"Anterior\",\n                    next:       \"Siguiente\",\n                    last:       \"\u00daltima\"\n                }\n            }\n        } );\n\n    } );\n<\/script>\n\n[\/vc_column_text][\/vc_column_inner][\/vc_row_inner][\/vc_column][\/vc_row][vc_row full_width=&#8221;stretch_row&#8221; css=&#8221;.vc_custom_1572518010608{margin-top: 60px !important;background-color: #f8f8f8 !important;}&#8221;][vc_column][vc_row_inner css=&#8221;.vc_custom_1572518017213{padding-top: 20px !important;}&#8221;][vc_column_inner][vc_custom_heading text=&#8221;NUESTROS DOCENTES Y COLABORADORES&#8221; font_container=&#8221;tag:h2|font_size:36|text_align:left|color:%23000000|line_height:1.15&#8243; google_fonts=&#8221;font_family:Roboto%20Condensed%3A300%2C300italic%2Cregular%2Citalic%2C700%2C700italic|font_style:700%20bold%20regular%3A700%3Anormal&#8221; css=&#8221;.vc_custom_1619005299152{border-top-width: 4px !important;padding-top: 20px !important;border-top-color: #000000 !important;border-top-style: solid !important;}&#8221;][\/vc_column_inner][\/vc_row_inner][\/vc_column][\/vc_row][vc_row full_width=&#8221;stretch_row&#8221; css=&#8221;.vc_custom_1572518026745{margin-bottom: 0px !important;padding-bottom: 30px !important;background-color: #f8f8f8 !important;}&#8221;][vc_column width=&#8221;1\/4&#8243;][vc_single_image image=&#8221;10113&#8243; img_size=&#8221;240&#215;240&#8243; alignment=&#8221;center&#8221; css_animation=&#8221;none&#8221;][vc_tta_accordion style=&#8221;flat&#8221; shape=&#8221;square&#8221; c_icon=&#8221;&#8221; active_section=&#8221;&#8221; no_fill=&#8221;true&#8221; collapsible_all=&#8221;true&#8221; css=&#8221;.vc_custom_1498050656923{margin-top: 0px !important;margin-right: 0px !important;margin-bottom: 0px !important;margin-left: -7px !important;border-top-width: 0px !important;border-right-width: 0px !important;border-bottom-width: 0px !important;border-left-width: 0px !important;padding-top: 10px !important;padding-right: 0px !important;padding-bottom: 0px !important;padding-left: 0px !important;}&#8221;][vc_tta_section title=&#8221;Georgios Vlahos&#8221; tab_id=&#8221;Georgios-Vlahos&#8221;][vc_custom_heading text=&#8221;Mi vida hasta hoy siempre ha sido un viaje, como aquel de Ulises hacia su \u00cdtaca. Un viaje al conocimiento, acompa\u00f1ado por la pasi\u00f3n de tocar la sabidur\u00eda. He \u2018zarpado\u2019 hacia estudios de Literatura Inglesa y Norteamericana, \u2018pasando\u2019 por las obras famosas de Edgar Alan Poe, Shakespeare, Robert Frost, William Wordsworth y William Blake\u2026 He \u2018navegado\u2019 por estudios de Teolog\u00eda por la Universidad de Arist\u00f3teles en Tesal\u00f3nica de Grecia\u2026&#8221; font_container=&#8221;tag:p|font_size:13|text_align:left|color:%23000000|line_height:1.75&#8243; google_fonts=&#8221;font_family:Roboto%20Slab%3A100%2C300%2Cregular%2C700|font_style:300%20light%20regular%3A300%3Anormal&#8221; css=&#8221;.vc_custom_1657115311626{margin-top: -10px !important;}&#8221;][vc_empty_space height=&#8221;13&#8243;][vc_custom_heading text=&#8221;He \u2018aguantado\u2019 el fr\u00edo, aunque friolero, en la capital de los Vikingos, Oslo de Noruega, asistiendo a estudios universitarios sobre el Protestantismo y teniendo la \u00fanica oportunidad de haber visitado 43 museos all\u00ed, durante mi estancia. Pasi\u00f3n por el arte\u2026 He \u2018viajado\u2019 a los caprichos de los idiomas, finalizando mi M\u00e1ster en Traducci\u00f3n (Ingl\u00e9s-Griego) por el Instituto de Ling\u00fcistas de Londres. Otra pasi\u00f3n, la de los idiomas\u2026 He \u2018refinado\u2019 el griego moderno a gente de habla espa\u00f1ola y siempre me fascinaba c\u00f3mo ella aprend\u00eda el griego\u2026 los sonidos son parecidos, saben\u2026&#8221; font_container=&#8221;tag:p|font_size:13|text_align:left|color:%23000000|line_height:1.75&#8243; google_fonts=&#8221;font_family:Roboto%20Slab%3A100%2C300%2Cregular%2C700|font_style:300%20light%20regular%3A300%3Anormal&#8221; css=&#8221;.vc_custom_1705403348582{margin-top: -10px !important;}&#8221;][vc_empty_space height=&#8221;13&#8243;][vc_custom_heading text=&#8221;Ense\u00f1ando el ingl\u00e9s desde 1991, he \u2018serpenteado\u2019 a trav\u00e9s de los sue\u00f1os de mis alumnas y alumnos, luchando para que sus objetivos se hagan realidad\u2026 Y la vida me ha dado la bienvenida a esta isla, mi isla divina, para que pueda ayudar a aquellas y aquellos que deseen so\u00f1ar con el idioma griego y su espl\u00e9ndida riqueza y elegancia eterna de Seferis, Elytis, Cavafis\u2026 Mis GRACIAS por la acogida, al Servicio de Idiomas, a la Universidad de La Laguna y a sus profesores.&#8221; font_container=&#8221;tag:p|font_size:13|text_align:left|color:%23000000|line_height:1.75&#8243; google_fonts=&#8221;font_family:Roboto%20Slab%3A100%2C300%2Cregular%2C700|font_style:300%20light%20regular%3A300%3Anormal&#8221; css=&#8221;.vc_custom_1657115387268{margin-top: -10px !important;}&#8221;][vc_empty_space height=&#8221;13&#8243;][\/vc_tta_section][\/vc_tta_accordion][\/vc_column][vc_column width=&#8221;1\/4&#8243;][\/vc_column][vc_column width=&#8221;1\/4&#8243;][\/vc_column][\/vc_row][vc_row full_width=&#8221;stretch_row&#8221; css=&#8221;.vc_custom_1689256324783{background-color: #4ec6af !important;}&#8221;][vc_column][vc_row_inner css=&#8221;.vc_custom_1590398821368{padding-top: 0px !important;}&#8221;][vc_column_inner offset=&#8221;vc_hidden-sm vc_hidden-xs&#8221;][vc_empty_space height=&#8221;40&#8243;][vc_custom_heading text=&#8221;IDIOMAS&#8221; font_container=&#8221;tag:h1|font_size:42|text_align:center|color:%23000000|line_height:1.15&#8243; google_fonts=&#8221;font_family:Roboto%20Condensed%3A300%2C300italic%2Cregular%2Citalic%2C700%2C700italic|font_style:700%20bold%20regular%3A700%3Anormal&#8221;][vc_custom_heading text=&#8221;Aqu\u00ed puedes consultar la informaci\u00f3n general y los horarios del idioma que te interesa&#8221; font_container=&#8221;tag:p|font_size:27|text_align:center|color:%23000000|line_height:1.25&#8243; google_fonts=&#8221;font_family:Roboto%3A100%2C100italic%2C300%2C300italic%2Cregular%2Citalic%2C500%2C500italic%2C700%2C700italic%2C900%2C900italic|font_style:300%20light%20regular%3A300%3Anormal&#8221; css=&#8221;.vc_custom_1629974062254{margin-top: -10px !important;}&#8221;][\/vc_column_inner][\/vc_row_inner][vc_row_inner css=&#8221;.vc_custom_1498042822406{padding-top: 40px !important;}&#8221;][vc_column_inner offset=&#8221;vc_hidden-lg vc_hidden-md&#8221;][vc_custom_heading text=&#8221;IDIOMAS&#8221; font_container=&#8221;tag:h3|font_size:3rem|text_align:center|color:%23000000|line_height:1.15&#8243; google_fonts=&#8221;font_family:Roboto%20Condensed%3A300%2C300italic%2Cregular%2Citalic%2C700%2C700italic|font_style:700%20bold%20regular%3A700%3Anormal&#8221;][vc_custom_heading text=&#8221;Aqu\u00ed puedes consultar la informaci\u00f3n general y los horarios del idioma que te interesa&#8221; font_container=&#8221;tag:p|font_size:2rem|text_align:center|color:%23000000|line_height:1.25&#8243; google_fonts=&#8221;font_family:Roboto%3A100%2C100italic%2C300%2C300italic%2Cregular%2Citalic%2C500%2C500italic%2C700%2C700italic%2C900%2C900italic|font_style:300%20light%20regular%3A300%3Anormal&#8221; css=&#8221;.vc_custom_1688648717652{margin-top: -10px !important;}&#8221;][\/vc_column_inner][\/vc_row_inner][\/vc_column][\/vc_row][vc_row full_width=&#8221;stretch_row&#8221; css=&#8221;.vc_custom_1689256329183{margin-bottom: 0px !important;padding-top: 20px !important;background-color: #4ec6af !important;}&#8221;][vc_column width=&#8221;1\/2&#8243; offset=&#8221;vc_col-lg-offset-0 vc_col-xs-offset-1 vc_col-xs-2\/5&#8243;][vc_row_inner][vc_column_inner width=&#8221;1\/4&#8243;][vc_single_image image=&#8221;4484&#8243; img_size=&#8221;100&#215;100&#8243; alignment=&#8221;center&#8221; onclick=&#8221;custom_link&#8221; img_link_target=&#8221;_blank&#8221; link=&#8221;\/idiomas\/ingles\/&#8221;][vc_empty_space height=&#8221;15&#8243;][vc_custom_heading text=&#8221;INGL\u00c9S&#8221; font_container=&#8221;tag:p|font_size:15|text_align:center|color:%23000000|line_height:1.75&#8243; google_fonts=&#8221;font_family:Roboto%20Condensed%3A300%2C300italic%2Cregular%2Citalic%2C700%2C700italic|font_style:700%20bold%20regular%3A700%3Anormal&#8221; css=&#8221;.vc_custom_1659355169409{margin-top: -10px !important;}&#8221; link=&#8221;url:%2Fidiomas%2Fingles%2F|||&#8221;][\/vc_column_inner][vc_column_inner width=&#8221;1\/4&#8243;][vc_single_image image=&#8221;4485&#8243; img_size=&#8221;100&#215;100&#8243; alignment=&#8221;center&#8221; onclick=&#8221;custom_link&#8221; img_link_target=&#8221;_blank&#8221; link=&#8221;\/idiomas\/aleman\/&#8221;][vc_empty_space height=&#8221;15&#8243;][vc_custom_heading text=&#8221;ALEM\u00c1N&#8221; font_container=&#8221;tag:p|font_size:15|text_align:center|color:%23000000|line_height:1.75&#8243; google_fonts=&#8221;font_family:Roboto%20Condensed%3A300%2C300italic%2Cregular%2Citalic%2C700%2C700italic|font_style:700%20bold%20regular%3A700%3Anormal&#8221; css=&#8221;.vc_custom_1659355255931{margin-top: -10px !important;}&#8221; link=&#8221;url:%2Fidiomas%2Faleman%2F|||&#8221;][\/vc_column_inner][vc_column_inner width=&#8221;1\/4&#8243;][vc_single_image image=&#8221;4487&#8243; img_size=&#8221;100&#215;100&#8243; alignment=&#8221;center&#8221; onclick=&#8221;custom_link&#8221; img_link_target=&#8221;_blank&#8221; link=&#8221;\/idiomas\/frances\/&#8221;][vc_empty_space height=&#8221;15&#8243;][vc_custom_heading text=&#8221;FRANC\u00c9S&#8221; font_container=&#8221;tag:p|font_size:15|text_align:center|color:%23000000|line_height:1.75&#8243; google_fonts=&#8221;font_family:Roboto%20Condensed%3A300%2C300italic%2Cregular%2Citalic%2C700%2C700italic|font_style:700%20bold%20regular%3A700%3Anormal&#8221; css=&#8221;.vc_custom_1659355178735{margin-top: -10px !important;}&#8221; link=&#8221;url:%2Fidiomas%2Ffrances%2F|||&#8221;][\/vc_column_inner][vc_column_inner width=&#8221;1\/4&#8243;][vc_single_image image=&#8221;4496&#8243; img_size=&#8221;100&#215;100&#8243; alignment=&#8221;center&#8221; onclick=&#8221;custom_link&#8221; img_link_target=&#8221;_blank&#8221; link=&#8221;\/idiomas\/italiano\/&#8221;][vc_empty_space height=&#8221;15&#8243;][vc_custom_heading text=&#8221;ITALIANO&#8221; font_container=&#8221;tag:p|font_size:15|text_align:center|color:%23000000|line_height:1.75&#8243; google_fonts=&#8221;font_family:Roboto%20Condensed%3A300%2C300italic%2Cregular%2Citalic%2C700%2C700italic|font_style:700%20bold%20regular%3A700%3Anormal&#8221; css=&#8221;.vc_custom_1659355189366{margin-top: -10px !important;}&#8221; link=&#8221;url:%2Fidiomas%2Fitaliano%2F|||&#8221;][\/vc_column_inner][\/vc_row_inner][\/vc_column][vc_column width=&#8221;1\/2&#8243; offset=&#8221;vc_col-xs-2\/5&#8243;][vc_row_inner][vc_column_inner width=&#8221;1\/4&#8243;][vc_single_image image=&#8221;9463&#8243; img_size=&#8221;100&#215;100&#8243; alignment=&#8221;center&#8221; onclick=&#8221;custom_link&#8221; img_link_target=&#8221;_blank&#8221; link=&#8221;\/idiomas\/portugues\/&#8221;][vc_empty_space height=&#8221;15&#8243;][vc_custom_heading text=&#8221;PORTUGU\u00c9S&#8221; font_container=&#8221;tag:p|font_size:15|text_align:center|color:%23000000|line_height:1.75&#8243; google_fonts=&#8221;font_family:Roboto%20Condensed%3A300%2C300italic%2Cregular%2Citalic%2C700%2C700italic|font_style:700%20bold%20regular%3A700%3Anormal&#8221; css=&#8221;.vc_custom_1659355285243{margin-top: -10px !important;}&#8221; link=&#8221;url:%2Fidiomas%2Fportugues%2F|||&#8221;][\/vc_column_inner][vc_column_inner width=&#8221;1\/4&#8243;][vc_single_image image=&#8221;9457&#8243; img_size=&#8221;100&#215;100&#8243; alignment=&#8221;center&#8221; onclick=&#8221;custom_link&#8221; img_link_target=&#8221;_blank&#8221; link=&#8221;\/idiomas\/espanol\/&#8221;][vc_empty_space height=&#8221;15&#8243;][vc_custom_heading text=&#8221;ESPA\u00d1OL&#8221; font_container=&#8221;tag:p|font_size:15|text_align:center|color:%23000000|line_height:1.75&#8243; google_fonts=&#8221;font_family:Roboto%20Condensed%3A300%2C300italic%2Cregular%2Citalic%2C700%2C700italic|font_style:700%20bold%20regular%3A700%3Anormal&#8221; css=&#8221;.vc_custom_1659355198833{margin-top: -10px !important;}&#8221; link=&#8221;url:%2Fidiomas%2Fespanol%2F|||&#8221;][\/vc_column_inner][vc_column_inner width=&#8221;1\/4&#8243;][vc_single_image image=&#8221;9679&#8243; img_size=&#8221;100&#215;100&#8243; alignment=&#8221;center&#8221; onclick=&#8221;custom_link&#8221; img_link_target=&#8221;_blank&#8221; link=&#8221;https:\/\/fg.ull.es\/idiomas\/japones\/&#8221;][vc_empty_space height=&#8221;15&#8243;][vc_custom_heading text=&#8221;JAPON\u00c9S&#8221; font_container=&#8221;tag:p|font_size:15|text_align:center|color:%23000000|line_height:1.75&#8243; google_fonts=&#8221;font_family:Roboto%20Condensed%3A300%2C300italic%2Cregular%2Citalic%2C700%2C700italic|font_style:700%20bold%20regular%3A700%3Anormal&#8221; css=&#8221;.vc_custom_1739540399772{margin-top: -10px !important;}&#8221; link=&#8221;url:https%3A%2F%2Ffg.ull.es%2Fidiomas%2Fjapones%2F&#8221;][\/vc_column_inner][vc_column_inner width=&#8221;1\/4&#8243;][vc_single_image image=&#8221;8602&#8243; img_size=&#8221;100&#215;100&#8243; alignment=&#8221;center&#8221; onclick=&#8221;custom_link&#8221; img_link_target=&#8221;_blank&#8221; link=&#8221;\/idiomas\/griego\/&#8221;][vc_empty_space height=&#8221;15&#8243;][vc_custom_heading text=&#8221;GRIEGO&#8221; font_container=&#8221;tag:p|font_size:15|text_align:center|color:%23000000|line_height:1.75&#8243; google_fonts=&#8221;font_family:Roboto%20Condensed%3A300%2C300italic%2Cregular%2Citalic%2C700%2C700italic|font_style:700%20bold%20regular%3A700%3Anormal&#8221; css=&#8221;.vc_custom_1659355208281{margin-top: -10px !important;}&#8221; link=&#8221;url:%2Fidiomas%2Fgriego%2F&#8221;][\/vc_column_inner][\/vc_row_inner][\/vc_column][\/vc_row][vc_row full_width=&#8221;stretch_row&#8221; css=&#8221;.vc_custom_1689256333499{margin-bottom: 0px !important;padding-top: 20px !important;background-color: #4ec6af !important;}&#8221;][vc_column width=&#8221;1\/2&#8243; offset=&#8221;vc_col-lg-offset-0 vc_col-md-offset-0 vc_col-xs-offset-1 vc_col-xs-2\/5&#8243;][vc_row_inner][vc_column_inner width=&#8221;1\/3&#8243;][vc_single_image image=&#8221;4495&#8243; img_size=&#8221;100&#215;100&#8243; alignment=&#8221;center&#8221; onclick=&#8221;custom_link&#8221; img_link_target=&#8221;_blank&#8221; link=&#8221;\/idiomas\/lse\/&#8221;][vc_empty_space height=&#8221;15&#8243;][vc_custom_heading text=&#8221;LENGUA SIGNOS&#8221; font_container=&#8221;tag:p|font_size:15|text_align:center|color:%23000000|line_height:1.75&#8243; google_fonts=&#8221;font_family:Roboto%20Condensed%3A300%2C300italic%2Cregular%2Citalic%2C700%2C700italic|font_style:700%20bold%20regular%3A700%3Anormal&#8221; css=&#8221;.vc_custom_1659355213191{margin-top: -10px !important;}&#8221; link=&#8221;url:%2Fidiomas%2Flse%2F|||&#8221;][\/vc_column_inner][vc_column_inner width=&#8221;1\/3&#8243;][vc_single_image image=&#8221;9461&#8243; img_size=&#8221;100&#215;100&#8243; alignment=&#8221;center&#8221; onclick=&#8221;custom_link&#8221; img_link_target=&#8221;_blank&#8221; link=&#8221;https:\/\/fg.ull.es\/idiomas\/catalan&#8221;][vc_empty_space height=&#8221;15&#8243;][vc_custom_heading text=&#8221;CATAL\u00c1N&#8221; font_container=&#8221;tag:p|font_size:15|text_align:center|color:%23000000|line_height:1.75&#8243; google_fonts=&#8221;font_family:Roboto%20Condensed%3A300%2C300italic%2Cregular%2Citalic%2C700%2C700italic|font_style:700%20bold%20regular%3A700%3Anormal&#8221; css=&#8221;.vc_custom_1659355218561{margin-top: -10px !important;}&#8221; link=&#8221;url:https%3A%2F%2Ffg.ull.es%2Fidiomas%2Fcatalan|||&#8221;][\/vc_column_inner][vc_column_inner width=&#8221;1\/3&#8243;][vc_single_image image=&#8221;8532&#8243; img_size=&#8221;100&#215;100&#8243; alignment=&#8221;center&#8221; onclick=&#8221;custom_link&#8221; img_link_target=&#8221;_blank&#8221; link=&#8221;\/idiomas\/chino\/&#8221;][vc_empty_space height=&#8221;15&#8243;][vc_custom_heading text=&#8221;CHINO&#8221; font_container=&#8221;tag:p|font_size:15|text_align:center|color:%23000000|line_height:1.75&#8243; google_fonts=&#8221;font_family:Roboto%20Condensed%3A300%2C300italic%2Cregular%2Citalic%2C700%2C700italic|font_style:700%20bold%20regular%3A700%3Anormal&#8221; css=&#8221;.vc_custom_1659355223220{margin-top: -10px !important;}&#8221; link=&#8221;url:%2Fidiomas%2Fchino%2F&#8221;][\/vc_column_inner][\/vc_row_inner][\/vc_column][vc_column width=&#8221;1\/2&#8243; offset=&#8221;vc_col-xs-2\/5&#8243;][vc_row_inner][vc_column_inner width=&#8221;1\/3&#8243;][vc_single_image image=&#8221;8603&#8243; img_size=&#8221;100&#215;100&#8243; alignment=&#8221;center&#8221; onclick=&#8221;custom_link&#8221; img_link_target=&#8221;_blank&#8221; link=&#8221;\/idiomas\/coreano\/&#8221;][vc_empty_space height=&#8221;15&#8243;][vc_custom_heading text=&#8221;COREANO&#8221; font_container=&#8221;tag:p|font_size:15|text_align:center|color:%23000000|line_height:1.75&#8243; google_fonts=&#8221;font_family:Roboto%20Condensed%3A300%2C300italic%2Cregular%2Citalic%2C700%2C700italic|font_style:700%20bold%20regular%3A700%3Anormal&#8221; css=&#8221;.vc_custom_1659355228526{margin-top: -10px !important;}&#8221; link=&#8221;url:%2Fidiomas%2Fcoreano%2F&#8221;][\/vc_column_inner][vc_column_inner width=&#8221;1\/3&#8243;][vc_single_image image=&#8221;9459&#8243; img_size=&#8221;100&#215;100&#8243; alignment=&#8221;center&#8221; onclick=&#8221;custom_link&#8221; img_link_target=&#8221;_blank&#8221; link=&#8221;https:\/\/fg.ull.es\/idiomas\/ruso\/&#8221;][vc_empty_space height=&#8221;15&#8243;][vc_custom_heading text=&#8221;RUSO&#8221; font_container=&#8221;tag:p|font_size:15|text_align:center|color:%23000000|line_height:1.75&#8243; google_fonts=&#8221;font_family:Roboto%20Condensed%3A300%2C300italic%2Cregular%2Citalic%2C700%2C700italic|font_style:700%20bold%20regular%3A700%3Anormal&#8221; css=&#8221;.vc_custom_1671455697917{margin-top: -10px !important;}&#8221; link=&#8221;url:%2Fidiomas%2Fruso%2F&#8221;][\/vc_column_inner][vc_column_inner width=&#8221;1\/3&#8243;][vc_single_image image=&#8221;9460&#8243; img_size=&#8221;100&#215;100&#8243; alignment=&#8221;center&#8221; onclick=&#8221;custom_link&#8221; img_link_target=&#8221;_blank&#8221; link=&#8221;https:\/\/fg.ull.es\/idiomas\/arabe\/&#8221;][vc_empty_space height=&#8221;15&#8243;][vc_custom_heading text=&#8221;\u00c1RABE&#8221; font_container=&#8221;tag:p|font_size:15|text_align:center|color:%23000000|line_height:1.75&#8243; google_fonts=&#8221;font_family:Roboto%20Condensed%3A300%2C300italic%2Cregular%2Citalic%2C700%2C700italic|font_style:700%20bold%20regular%3A700%3Anormal&#8221; css=&#8221;.vc_custom_1671455706950{margin-top: -10px !important;}&#8221; link=&#8221;url:https%3A%2F%2Ffg.ull.es%2Fidiomas%2Farabe%2F&#8221;][\/vc_column_inner][\/vc_row_inner][\/vc_column][\/vc_row][vc_row full_width=&#8221;stretch_row&#8221; css=&#8221;.vc_custom_1689256338258{margin-bottom: 0px !important;padding-top: 0px !important;padding-bottom: 0px !important;background-color: #4ec6af !important;}&#8221;][vc_column][vc_empty_space height=&#8221;24px&#8221;][\/vc_column][\/vc_row]<\/p>\n<\/section>","protected":false},"excerpt":{"rendered":"<p>[vc_row full_width=&#8221;stretch_row_content_no_spaces&#8221; css=&#8221;.vc_custom_1570706555694{margin-top: -20px !important;}&#8221;][vc_column][vc_row_inner css=&#8221;.vc_custom_1642669352399{margin-top: 0px !important;margin-right: 0px !important;margin-bottom: 0px !important;margin-left: 0px !important;border-top-width: 0px !important;border-right-width: 0px !important;border-bottom-width: 0px !important;border-left-width: 0px !important;padding-top: 0px !important;padding-right: 0px !important;padding-bottom: 0px !important;padding-left: 0px !important;background-image: url(https:\/\/fg.ull.es\/idiomas\/wp-content\/uploads\/sites\/13\/2022\/01\/Curso-de-Griego-Canarias-Tenerife.jpg?id=8596) !important;background-position: center !important;background-repeat: no-repeat !important;background-size: cover !important;}&#8221;][vc_column_inner offset=&#8221;vc_hidden-md vc_hidden-sm vc_hidden-xs&#8221;][vc_custom_heading text=&#8221;Griego Moderno&#8221; font_container=&#8221;tag:h2|font_size:120|text_align:center|color:%23ffffff&#8221; use_theme_fonts=&#8221;yes&#8221; css=&#8221;.vc_custom_1673534963614{padding-top: 220px !important;}&#8221;][vc_empty_space height=&#8221;330px&#8221;][\/vc_column_inner][\/vc_row_inner][vc_row_inner css=&#8221;.vc_custom_1642669362097{margin-top: 0px !important;margin-right: 0px !important;margin-bottom: 0px&#8230;<\/p>\n","protected":false},"author":30,"featured_media":8596,"parent":0,"menu_order":0,"comment_status":"closed","ping_status":"closed","template":"templates\/template-frontpage.php","meta":{"footnotes":""},"_links":{"self":[{"href":"https:\/\/fg.ull.es\/idiomas\/wp-json\/wp\/v2\/pages\/8594"}],"collection":[{"href":"https:\/\/fg.ull.es\/idiomas\/wp-json\/wp\/v2\/pages"}],"about":[{"href":"https:\/\/fg.ull.es\/idiomas\/wp-json\/wp\/v2\/types\/page"}],"author":[{"embeddable":true,"href":"https:\/\/fg.ull.es\/idiomas\/wp-json\/wp\/v2\/users\/30"}],"replies":[{"embeddable":true,"href":"https:\/\/fg.ull.es\/idiomas\/wp-json\/wp\/v2\/comments?post=8594"}],"version-history":[{"count":17,"href":"https:\/\/fg.ull.es\/idiomas\/wp-json\/wp\/v2\/pages\/8594\/revisions"}],"predecessor-version":[{"id":10816,"href":"https:\/\/fg.ull.es\/idiomas\/wp-json\/wp\/v2\/pages\/8594\/revisions\/10816"}],"wp:featuredmedia":[{"embeddable":true,"href":"https:\/\/fg.ull.es\/idiomas\/wp-json\/wp\/v2\/media\/8596"}],"wp:attachment":[{"href":"https:\/\/fg.ull.es\/idiomas\/wp-json\/wp\/v2\/media?parent=8594"}],"curies":[{"name":"wp","href":"https:\/\/api.w.org\/{rel}","templated":true}]}}