{"id":6078,"date":"2019-10-10T11:28:55","date_gmt":"2019-10-10T11:28:55","guid":{"rendered":"https:\/\/fg.ull.es\/idiomas\/?page_id=6078"},"modified":"2025-02-14T13:55:21","modified_gmt":"2025-02-14T13:55:21","slug":"spanisch","status":"publish","type":"page","link":"https:\/\/fg.ull.es\/idiomas\/spanisch\/","title":{"rendered":"Spanischkurse auf Teneriffa"},"content":{"rendered":"<section class=\"wpb-content-wrapper\"><p>[vc_row full_width=&#8221;stretch_row_content_no_spaces&#8221; css=&#8221;.vc_custom_1570706555694{margin-top: -20px !important;}&#8221;][vc_column][vc_row_inner css=&#8221;.vc_custom_1586769181238{margin-top: 0px !important;margin-right: 0px !important;margin-bottom: 0px !important;margin-left: 0px !important;border-top-width: 0px !important;border-right-width: 0px !important;border-bottom-width: 0px !important;border-left-width: 0px !important;padding-top: 0px !important;padding-right: 0px !important;padding-bottom: 0px !important;padding-left: 0px !important;background-image: url(https:\/\/fg.ull.es\/idiomas\/wp-content\/uploads\/sites\/13\/2020\/04\/Cursos-de-Espanol-Tenerife.jpg?id=7827) !important;background-position: center !important;background-repeat: no-repeat !important;background-size: cover !important;}&#8221;][vc_column_inner offset=&#8221;vc_hidden-md vc_hidden-sm vc_hidden-xs&#8221;][vc_custom_heading text=&#8221;Spanisch&#8221; font_container=&#8221;tag:h2|font_size:120|text_align:center|color:%23ffffff&#8221; use_theme_fonts=&#8221;yes&#8221; css=&#8221;.vc_custom_1570707159506{padding-top: 220px !important;}&#8221;][vc_empty_space height=&#8221;330px&#8221;][\/vc_column_inner][\/vc_row_inner][vc_row_inner css=&#8221;.vc_custom_1586769192850{margin-top: 0px !important;margin-right: 0px !important;margin-bottom: 0px !important;margin-left: 0px !important;border-top-width: 0px !important;border-right-width: 0px !important;border-bottom-width: 0px !important;border-left-width: 0px !important;padding-top: 0px !important;padding-right: 0px !important;padding-bottom: 0px !important;padding-left: 0px !important;background-image: url(https:\/\/fg.ull.es\/idiomas\/wp-content\/uploads\/2020\/04\/Cursos-de-Espa\u00f1ol-Tenerife.jpg?id=7827) !important;}&#8221;][vc_column_inner offset=&#8221;vc_hidden-lg&#8221;][vc_custom_heading text=&#8221;Spanisch&#8221; font_container=&#8221;tag:h2|font_size:35|text_align:center|color:%23ffffff&#8221; use_theme_fonts=&#8221;yes&#8221; css=&#8221;.vc_custom_1570707164502{padding-top: 80px !important;padding-right: 20px !important;padding-bottom: 20px !important;padding-left: 20px !important;}&#8221;][\/vc_column_inner][\/vc_row_inner][\/vc_column][\/vc_row][vc_row full_width=&#8221;stretch_row&#8221; css=&#8221;.vc_custom_1498037438597{border-bottom-width: 1px !important;padding-top: 24px !important;padding-bottom: px !important;background-color: #f8f8f8 !important;border-bottom-color: #e4e4e4 !important;border-bottom-style: solid !important;}&#8221;][vc_column][vc_tta_tabs style=&#8221;flat&#8221; spacing=&#8221;10&#8243; active_section=&#8221;&#8221; no_fill_content_area=&#8221;true&#8221; css=&#8221;.vc_custom_1574252630280{padding-bottom: 48px !important;}&#8221;][vc_tta_section title=&#8221;Kursangebote&#8221; tab_id=&#8221;oferta-formativa-por-zonas&#8221;][vc_column_text]Der Sprachendienst der Universit\u00e4t La Laguna bietet Kurse in verschiedenen Zonen der Insel an:<\/p>\n<ul class=\"check\">\n<li><a title=\"Tenerife \u2013 Zona Metropolitana\" href=\"\/idiomas\/espanol\/tenerife-zona-metropolitana\/\">Teneriffa &#8211; Santa Cruz \/ La Laguna<\/a><\/li>\n<li><a title=\"Tenerife - Zona Sur\" href=\"\/idiomas\/espanol\/tenerife-zona-sur\/\">Teneriffa &#8211; S\u00fcden<\/a><\/li>\n<\/ul>\n<p>[\/vc_column_text][\/vc_tta_section][vc_tta_section title=&#8221;Niveaustufenpr\u00fcfungen&#8221; tab_id=&#8221;acreditaciones-de-nivel&#8221;][vc_column_text]<!-- ccruz - May 2017 -->\n<link rel=\"stylesheet\" href=\" https:\/\/fg.ull.es\/idiomas\/wp-content\/plugins\/shortcodesidiomas\/includes\/css.css \">\n<link rel=\"stylesheet\" type=\"text\/css\" href=\"https:\/\/cdn.datatables.net\/1.10.21\/css\/jquery.dataTables.min.css\"\/>\n\n\n<script type=\"text\/javascript\" charset=\"utf8\" src=\"https:\/\/code.jquery.com\/jquery-3.5.1.js\"><\/script>\n<script type=\"text\/javascript\" charset=\"utf8\" src=\"https:\/\/cdn.datatables.net\/1.10.21\/js\/jquery.dataTables.min.js\"><\/script>\n<script type=\"text\/javascript\" src=\"https:\/\/cdnjs.cloudflare.com\/ajax\/libs\/moment.js\/2.18.1\/moment.min.js\"><\/script>\n<script type=\"text\/javascript\" charset=\"utf8\" src=\"https:\/\/cdn.datatables.net\/plug-ins\/1.10.21\/sorting\/datetime-moment.js\"><\/script>\n<script type=\"text\/javascript\" charset=\"utf8\" src=\"https:\/\/cdn.datatables.net\/responsive\/2.2.4\/js\/dataTables.responsive.min.js\"><\/script>\n<script type=\"text\/javascript\" charset=\"utf8\" src=\"https:\/\/cdn.datatables.net\/responsive\/2.2.4\/js\/responsive.bootstrap.min.js\"><\/script>\n\n\n<table id=\"\" class=\"supertabla\" class=\"table table-responsive\">\n\t<thead>\n\t\t<th>Acreditaci\u00f3n<\/th>\n\t\t<th>Modalidad<\/th>\n\t\t<th data-orderable=\"true\">Fecha<\/th>\n\t\t<th>Horario<\/th>\n\t<\/thead>\n\t<tfoot>\n\t    <th>Acreditaci\u00f3n<\/th>\n\t    <th>Modalidad<\/th>\n\t    <th>Fecha<\/th>\n\t    <th>Horario<\/th>\n\t <\/tfoot>\n\t<tbody>\n\t\n    <tr>\n        <td><a class=\"url-curso\" href=\"https:\/\/sede.fg.ull.es\/es\/idioma\/detalle\/A25050526\/espa-ol-como-lengua-extranjera-a1\">Espa\u00f1ol como lengua extranjera - A1 <\/a> <\/td>\n        <!--            <td>A1 <\/td>-->\n        <td>Presencial<\/td>\n\n                <td>02\/06\/2026 <\/td>\n        <td>\n                            <!--M -  de  10:00 - 14:00-->\n               \n                     M - \n                       de  \n                      10:00 - \n                      14:00                        <\/td>\n    <\/tr>\n\n\n    <tr>\n        <td><a class=\"url-curso\" href=\"https:\/\/sede.fg.ull.es\/es\/idioma\/detalle\/A25050527\/espa-ol-como-lengua-extranjera-a2\">Espa\u00f1ol como lengua extranjera - A2 <\/a> <\/td>\n        <!--            <td>A2 <\/td>-->\n        <td>Presencial<\/td>\n\n                <td>02\/06\/2026 <\/td>\n        <td>\n                            <!--M -  de  16:00 - 20:00-->\n               \n                     M - \n                       de  \n                      16:00 - \n                      20:00                        <\/td>\n    <\/tr>\n\n\n    <tr>\n        <td><a class=\"url-curso\" href=\"https:\/\/sede.fg.ull.es\/es\/idioma\/detalle\/A25050528\/espa-ol-como-lengua-extranjera-b1\">Espa\u00f1ol como lengua extranjera - B1 <\/a> <\/td>\n        <!--            <td>B1 <\/td>-->\n        <td>Presencial<\/td>\n\n                <td>03\/06\/2026 <\/td>\n        <td>\n                            <!--X -  de  10:00 - 14:00-->\n               \n                     X - \n                       de  \n                      10:00 - \n                      14:00                        <\/td>\n    <\/tr>\n\n\n    <tr>\n        <td><a class=\"url-curso\" href=\"https:\/\/sede.fg.ull.es\/es\/idioma\/detalle\/A25050529\/espa-ol-como-lengua-extranjera-b2\">Espa\u00f1ol como lengua extranjera - B2 <\/a> <\/td>\n        <!--            <td>B2 <\/td>-->\n        <td>Presencial<\/td>\n\n                <td>04\/06\/2026 <\/td>\n        <td>\n                            <!--J -  de  16:00 - 20:00-->\n               \n                     J - \n                       de  \n                      16:00 - \n                      20:00                        <\/td>\n    <\/tr>\n\n\n    <tr>\n        <td><a class=\"url-curso\" href=\"https:\/\/sede.fg.ull.es\/es\/idioma\/detalle\/A25050464\/espa-ol-como-lengua-extranjera-siele-multinivel\">Espa\u00f1ol como lengua extranjera - Siele Multinivel <\/a> <\/td>\n        <!--            <td>Siele Multinivel <\/td>-->\n        <td>Presencial<\/td>\n\n                <td>10\/06\/2026 <\/td>\n        <td>\n                            <!--X -  de  16:00 - 19:00-->\n               \n                     X - \n                       de  \n                      16:00 - \n                      19:00                        <\/td>\n    <\/tr>\n\n\n    <tr>\n        <td><a class=\"url-curso\" href=\"https:\/\/sede.fg.ull.es\/es\/idioma\/detalle\/A25050465\/espa-ol-como-lengua-extranjera-siele-multinivel\">Espa\u00f1ol como lengua extranjera - Siele Multinivel <\/a> <\/td>\n        <!--            <td>Siele Multinivel <\/td>-->\n        <td>Presencial<\/td>\n\n                <td>16\/09\/2026 <\/td>\n        <td>\n                            <!--X -  de  16:00 - 19:00-->\n               \n                     X - \n                       de  \n                      16:00 - \n                      19:00                        <\/td>\n    <\/tr>\n\n\n    <tr>\n        <td><a class=\"url-curso\" href=\"https:\/\/sede.fg.ull.es\/es\/idioma\/detalle\/A25050463\/espa-ol-como-lengua-extranjera-siele-multinivel\">Espa\u00f1ol como lengua extranjera - Siele Multinivel <\/a> <\/td>\n        <!--            <td>Siele Multinivel <\/td>-->\n        <td>Presencial<\/td>\n\n                <td>29\/05\/2026 <\/td>\n        <td>\n                            <!--V -  de  10:00 - 14:00-->\n               \n                     V - \n                       de  \n                      10:00 - \n                      14:00                        <\/td>\n    <\/tr>\n\n<tbody>\n<\/table>\n\n\n<script>\n    $(document).ready(function() {\n\t$.fn.dataTable.moment('DD\/MM\/YYYY');\n\n        $('table.supertabla').DataTable( {\n           retrieve:true, \n\t   \"paging\":   true,\n            \"ordering\": true,\n            \"order\": [[ 2, 'asc' ]],\n            \"info\":     true,\n            \"language\": {\n                \"lengthMenu\": \"Mostrar _MENU_ elementos por p\u00e1gina\",\n                \"zeroRecords\": \"En estemos momentos no hay oferta disponible. Revisa nuestra web.\",\n                \"info\": \"Mostrando _PAGE_ de _PAGES_\",\n                \"infoEmpty\": \"No hay registros\",\n                \"infoFiltered\": \"(Filtrado from _MAX_ total records)\",\n                \"loadingRecords\": \"Cargando... elementos :D \",\n                \"search\": \"Buscar\",\n                \"paginate\": {\n                    first:      \"Primera\",\n                    previous:   \"Anterior\",\n                    next:       \"Siguiente\",\n                    last:       \"\u00daltima\"\n                },\n            }\n        } );\n\n    } );\n<\/script>\n\n[\/vc_column_text][\/vc_tta_section][vc_tta_section title=&#8221;CURSOS DE ESPA\u00d1OL&#8221; tab_id=&#8221;cursos-espa\u00f1ol&#8221;][vc_btn title=&#8221;CURSOS DE ESPA\u00d1OL&#8221; style=&#8221;custom&#8221; custom_background=&#8221;#5c068c&#8221; custom_text=&#8221;#ffffff&#8221; i_icon_fontawesome=&#8221;fas fa-hand-point-right&#8221; add_icon=&#8221;true&#8221; link=&#8221;url:https%3A%2F%2Ffg.ull.es%2Fidiomas%2Fespanol%2F&#8221;][\/vc_tta_section][vc_tta_section title=&#8221;SPANISH COURSES&#8221; tab_id=&#8221;spanish-courses&#8221;][vc_btn title=&#8221;SPANISH COURSES&#8221; style=&#8221;custom&#8221; custom_background=&#8221;#5c068c&#8221; custom_text=&#8221;#ffffff&#8221; i_icon_fontawesome=&#8221;fas fa-hand-point-right&#8221; add_icon=&#8221;true&#8221; link=&#8221;url:https%3A%2F%2Ffg.ull.es%2Fidiomas%2Fspanish%2F&#8221;][\/vc_tta_section][vc_tta_section title=&#8221;COURS D\u2019ESPAGNOL&#8221; tab_id=&#8221;cours-despagnol&#8221;][vc_btn title=&#8221;COURS D\u2019ESPAGNOL&#8221; style=&#8221;custom&#8221; custom_background=&#8221;#5c068c&#8221; custom_text=&#8221;#ffffff&#8221; i_icon_fontawesome=&#8221;fas fa-hand-point-right&#8221; add_icon=&#8221;true&#8221; link=&#8221;url:https%3A%2F%2Ffg.ull.es%2Fidiomas%2Fespagnol%2F&#8221;][\/vc_tta_section][\/vc_tta_tabs][\/vc_column][\/vc_row][vc_row css=&#8221;.vc_custom_1498043065823{margin-top: 0px !important;margin-right: 0px !important;margin-bottom: 0px !important;margin-left: 0px !important;border-top-width: 0px !important;border-right-width: 0px !important;border-bottom-width: 0px !important;border-left-width: 0px !important;padding-top: 60px !important;padding-right: 0px !important;padding-bottom: 0px !important;padding-left: 0px !important;}&#8221;][vc_column width=&#8221;1\/2&#8243; css=&#8221;.vc_custom_1498039327857{padding-right: 40px !important;}&#8221;][vc_custom_heading text=&#8221;SPANISCHKURSE&#8221; font_container=&#8221;tag:h1|font_size:36|text_align:left|color:%23000000|line_height:1.15&#8243; google_fonts=&#8221;font_family:Roboto%20Condensed%3A300%2C300italic%2Cregular%2Citalic%2C700%2C700italic|font_style:700%20bold%20regular%3A700%3Anormal&#8221;][vc_empty_space height=&#8221;15&#8243;][vc_custom_heading text=&#8221;Kurse f\u00fcr Spanisch als Fremdsprache, die sich an alle Ausl\u00e4nder, insbesondere Erasmus-Studierende, richten, die schnell und effizient Spanisch lernen oder ihre Kenntnisse verbessern m\u00f6chten.&#8221; font_container=&#8221;tag:p|font_size:19|text_align:left|color:%23000000|line_height:1.6&#8243; google_fonts=&#8221;font_family:Roboto%3A100%2C100italic%2C300%2C300italic%2Cregular%2Citalic%2C500%2C500italic%2C700%2C700italic%2C900%2C900italic|font_style:300%20light%20regular%3A300%3Anormal&#8221;][vc_empty_space height=&#8221;30&#8243;][vc_column_text]<b>Kurse mir unterschiedlichen Formaten:<\/b><\/p>\n<ul>\n<li style=\"font-weight: 400\"><strong>4-Wochen-Kurse<\/strong><\/li>\n<li style=\"font-weight: 400\"><strong>Konversationskurse<\/strong><\/li>\n<li style=\"font-weight: 400\"><strong>DELE offizielle Pr\u00fcfungsvorbereitungskurse<\/strong><\/li>\n<li style=\"font-weight: 400\"><strong>Intensivsommerkurse<\/strong><\/li>\n<li style=\"font-weight: 400\"><strong>Fachkurse (Kultur, Lesen, Schreiben, &#8230;)<\/strong><\/li>\n<\/ul>\n<p><span style=\"font-weight: 400\">Die <strong>Gruppen<\/strong> bestehen aus maximal <strong>24 Personen<\/strong>, wobei ein dynamisches und multikulturelles Lernmodell verwendet wird. Dabei wird besonderes Augenmerk auf den m\u00fcndlichen Ausdruck und die Interaktion, diskursive, soziokulturelle Aspekte und Selbstlernstrategien gelegt. Auch auf die Verwendung audiovisueller Ressourcen ist fester Bestandteil unseres Sprachunterrichts<\/span><span style=\"font-weight: 400\">.<\/span>[\/vc_column_text][vc_empty_space height=&#8221;30&#8243;][\/vc_column][vc_column width=&#8221;1\/2&#8243;][vc_tta_accordion style=&#8221;flat&#8221; shape=&#8221;square&#8221; c_icon=&#8221;chevron&#8221; c_position=&#8221;right&#8221; active_section=&#8221;A&#8221; no_fill=&#8221;true&#8221; collapsible_all=&#8221;true&#8221; css=&#8221;.vc_custom_1501145379718{margin-top: 0px !important;margin-right: 0px !important;margin-bottom: 0px !important;margin-left: 0px !important;border-top-width: 0px !important;border-right-width: 0px !important;border-bottom-width: 0px !important;border-left-width: 0px !important;padding-top: 0px !important;padding-right: 0px !important;padding-bottom: 0px !important;padding-left: 0px !important;}&#8221;][vc_tta_section title=&#8221;WARUM BEI UNS&#8221; tab_id=&#8221;warum-bei-uns&#8221;][vc_row_inner][vc_column_inner][vc_column_text]<span style=\"font-weight: 400\">Mit <strong>mehr als 25 Jahren Erfahrung im Unterricht von Fremdsprachen<\/strong> sowohl f\u00fcr die Universit\u00e4tsgemeinschaft als auch f\u00fcr die kanarische Gesellschaft im Allgemeinen bieten die Kurse des Sprachendienstes <strong><a href=\"https:\/\/fg.ull.es\/idiomas\/\" target=\"_blank\" rel=\"noopener\">\u201eServicio de Idiomas\u201c<\/a><\/strong>\u00a0die Qualit\u00e4tsgarantie der Universit\u00e4t. Dar\u00fcber hinaus geh\u00f6rt <strong>Spanisch<\/strong> zu den Sprachen, die bereits <strong>seit 1994<\/strong> in unserem Sprachendienst angeboten werden<\/span><span style=\"font-weight: 400\">.<\/span><\/p>\n<p><span style=\"font-weight: 400\">Wir bieten <em>4-Wochen-Kurse, Fachkurse, Intensivkurse im Sommer, Vorbereitungskurse f\u00fcr internationale Zertifizierungen, Konversationskurse, Sprachaustausch, Akkreditierungen nach dem GER&#8230; und vieles mehr<\/em> unter der Anleitung von <strong>Muttersprachlern<\/strong>, die auf eine <strong>langj\u00e4hrige Unterrichtserfahrung<\/strong> zur\u00fcckblicken und sich in ihrem akademischen und p\u00e4dagogischen Werdegung <strong>auf den Unterricht von Spanisch als Fremdsprache spezialisiert<\/strong> haben<\/span><span style=\"font-weight: 400\">.<\/span>[\/vc_column_text][\/vc_column_inner][\/vc_row_inner][\/vc_tta_section][vc_tta_section title=&#8221;ECTS&#8221; tab_id=&#8221;ects&#8221;][vc_row_inner][vc_column_inner][vc_column_text]<span style=\"font-weight: 400\">Sie k\u00f6nnen Ihren Spanischunterricht beim Servicio de Idiomas der ULL durch <strong>ECTS-Credits anrechnen lassen<\/strong>, wenn Sie eine der beiden folgenden Optionen erf\u00fcllen<\/span><span style=\"font-weight: 400\">:<\/span><\/p>\n<ul>\n<li><b>Ein Spanischkurs + Akkreditierungspr\u00fcfung: <\/b>validiert mit 3 ECTS<span style=\"font-weight: 400\">.<\/span><\/li>\n<li><b>Zwei Spanischkurse + Akkreditierungspr\u00fcfung: <\/b>validiert mit 5 ECTS.<\/li>\n<\/ul>\n<p>[\/vc_column_text][\/vc_column_inner][\/vc_row_inner][\/vc_tta_section][vc_tta_section title=&#8221;WIE SIND DIE NIVEAUSTUFEN AUFGEBAUT&#8221; tab_id=&#8221;wie-sind-die-niveaustufen-aufgebaut&#8221;][vc_row_inner][vc_column_inner][vc_column_text]<span style=\"font-weight: 400\">Die Spanischkurse im <a href=\"https:\/\/fg.ull.es\/idiomas\/\" target=\"_blank\" rel=\"noopener\">Sprachendienst<\/a> sind nach Sprachniveaus unterteilt, angefangen vom Kurs \u201e<strong>Inicial\u201c<\/strong>\u00a0f\u00fcr Anf\u00e4nger, bis hin zu \u201e<strong>Superior\u201c<\/strong>\u00a0(Oberstufe)&#8221; f\u00fcr diejenigen, die die Sprache bereits sehr gut beherrschen. <\/span><\/p>\n<p><span style=\"font-weight: 400\">Die 4-Wochen-Kurse umfassen 24 Unterrichtsstunden, wobei jede Stufe des GER in verschiedene, aufeinander aufbauende Kurse unterteilt ist und die Teilnehmer\/innen eine Niveaustufe des GER entsprechend ihren Kenntnissen und Fortschritten abschlie\u00dfen k\u00f6nnen<\/span><span style=\"font-weight: 400\">. <\/span>[\/vc_column_text][\/vc_column_inner][\/vc_row_inner][\/vc_tta_section][vc_tta_section title=&#8221;WER KANN BEI UNS SPANISCH LERNEN&#8221; tab_id=&#8221;wer-kann-bei-uns-spanisch-lernen&#8221;][vc_row_inner][vc_column_inner][vc_column_text]<span style=\"font-weight: 400\"><strong>Jede Person kann am Spanischunterricht<\/strong> und an allen Kursen des <a href=\"https:\/\/fg.ull.es\/idiomas\/\" target=\"_blank\" rel=\"noopener\">Sprachendienstes der Universit\u00e4t La Laguna<\/a> teilnehmen.<\/span><\/p>\n<p><span style=\"font-weight: 400\">Es ist nicht erforderlich, Mitglied der Universit\u00e4tsgemeinschaft (Studierende, Lehr- und Forschungspersonal oder Verwaltung und Dienstleistungen) zu sein. Alle Interessenten haben unabh\u00e4ngig von ihrem Alter, T\u00e4tigkeit oder Beruf Zugang auf unsere Ausbildungsangebote.<\/span>[\/vc_column_text][\/vc_column_inner][\/vc_row_inner][\/vc_tta_section][vc_tta_section title=&#8221;WIE KANN ICH MICH ANMELDEN&#8221; tab_id=&#8221;wie-kann-ich-mich-anmelden&#8221;][vc_row_inner][vc_column_inner][vc_column_text]<span style=\"font-weight: 400\"><strong>Wenn Sie bei Null* anfangen<\/strong> und keine Vorkenntnisse haben, <strong>k\u00f6nnen Sie sich direkt in den<\/strong> Anf\u00e4ngerkurs <strong>einschreiben<\/strong> (auf der Website als <strong>&#8220;Espa\u00f1ol como lengua extranjera &#8211; Inicial I&#8221;<\/strong> angegeben). <\/span><\/p>\n<p><span style=\"font-weight: 400\">Wenn Sie jedoch <strong>Vorkenntnisse besitzen*<\/strong>, m\u00fcssen Sie einen <a href=\"https:\/\/fg.ull.es\/idiomas\/spanischkurse\/einstufungstest\/\" target=\"_blank\" rel=\"noopener\"><strong>Einstufungstest<\/strong> online <strong>(schriftlicher Teil)<\/strong><\/a> machen. <\/span><\/p>\n<p><span style=\"font-weight: 400\"><strong>Nach dessen Abschluss<\/strong> wird sich unsere Professorin f\u00fcr Spanisch als Fremdsprache, Frau Dr. Beatriz Hern\u00e1ndez (bhernan@fg.ull.es) <strong>mit Ihnen in Verbindung setzen<\/strong>, um einen Termin f\u00fcr die Durchf\u00fchrung des <strong>m\u00fcndlichen Teils zu vereinbaren<\/strong>, den Sie pers\u00f6nlich in den R\u00e4umen des Servcio de Idiomas oder \u00fcber Skype durchf\u00fchren k\u00f6nnen.<\/span><\/p>\n<p><em><span style=\"font-weight: 400\">*Wir empfehlen immer, den Einstufungstest zu absolvieren, auch wenn Sie der Meinung sind, dass Sie kaum \u00fcber Sprachkenntnisse verf\u00fcgen, da in vielen F\u00e4llen die vorhandenen Sprachkenntnisse untersch\u00e4tzt werden. Es ist ein sehr einfacher, schnell durchzuf\u00fchrender Test, dessen Ziel es ist festzustellen, auf welchem Kenntnisstand Sie sich befinden, bevor Sie mit dem Kurs beginnen.<\/span><\/em><\/p>\n<p><span style=\"font-weight: 400\"><strong>Nach dem m\u00fcndlichen Einstufungstest<\/strong> wird Ihnen Ihr Sprachniveau mitgeteilt und Sie erhalten eine E-Mail, die Sie \u00fcber die Unterrichtszeiten und Termine der\/des angebotenen Kurse(s) Ihrer Niveaustufe, sowie die Geb\u00fchren und Zahlungsmethoden informiert.<\/span>[\/vc_column_text][\/vc_column_inner][\/vc_row_inner][\/vc_tta_section][vc_tta_section title=&#8221;WIE VIEL KOSTET DER KURS&#8221; tab_id=&#8221;wie-viel-kostet-der-kurs&#8221;][vc_row_inner][vc_column_inner][vc_column_text]<b>Es h\u00e4ngt von dem jeweiligen Kurs ab.<\/b><\/p>\n<p><span style=\"font-weight: 400\">Sie k\u00f6nnen die jeweiligen Kursgeb\u00fchren, sowie die verschiedenen verf\u00fcgbaren Erm\u00e4\u00dfigungen (ULL-Hochschulgemeinschaft, Erasmus-Studenten, registrierte Arbeitslose, usw.), sowie die Zahlungsmethoden in den Beschreibungen des jeweiligen Kurses auf unserer Webseite nachschauen.<\/span>[\/vc_column_text][\/vc_column_inner][\/vc_row_inner][\/vc_tta_section][\/vc_tta_accordion][vc_empty_space height=&#8221;10&#8243;][vc_tta_accordion style=&#8221;flat&#8221; shape=&#8221;square&#8221; color=&#8221;vista-blue&#8221; c_icon=&#8221;chevron&#8221; c_position=&#8221;right&#8221; active_section=&#8221;A&#8221; no_fill=&#8221;true&#8221; collapsible_all=&#8221;true&#8221; css=&#8221;.vc_custom_1689946525216{margin-top: 0px !important;margin-right: 0px !important;margin-bottom: 0px !important;margin-left: 0px !important;border-top-width: 0px !important;border-right-width: 0px !important;border-bottom-width: 0px !important;border-left-width: 0px !important;padding-top: 0px !important;padding-right: 0px !important;padding-bottom: 0px !important;padding-left: 0px !important;}&#8221;][vc_tta_section title=&#8221;WEITERE INFORMATIONEN&#8221; tab_id=&#8221;weitere-informationen&#8221;][vc_column_text]Sie verf\u00fcgen \u00fcber alle diese Informationen, Anleitungen zum Einstufungstest und Vieles mehr auch auf \u201c<strong><a href=\"https:\/\/fg.ull.es\/idiomas\/espanol\/\" target=\"_blank\" rel=\"noopener\">espa\u00f1ol<\/a><\/strong>\u201d, \u201c<a href=\"https:\/\/fg.ull.es\/idiomas\/spanish\/\" target=\"_blank\" rel=\"noopener\"><strong>English<\/strong><\/a>\u201d und \u201c<strong><a href=\"https:\/\/fg.ull.es\/idiomas\/espagnol\/\" target=\"_blank\" rel=\"noopener\">fran\u00e7ais<\/a><\/strong>\u201d.[\/vc_column_text][\/vc_tta_section][\/vc_tta_accordion][vc_empty_space height=&#8221;16&#8243;][\/vc_column][\/vc_row][vc_row full_width=&#8221;stretch_row&#8221; css=&#8221;.vc_custom_1572518010608{margin-top: 60px !important;background-color: #f8f8f8 !important;}&#8221;][vc_column][vc_row_inner css=&#8221;.vc_custom_1572518017213{padding-top: 20px !important;}&#8221;][vc_column_inner][vc_custom_heading text=&#8221;UNSERE LEHRKR\u00c4FTE UND MITARBEITER\/INNEN&#8221; font_container=&#8221;tag:h1|font_size:36|text_align:left|color:%23000000|line_height:1.15&#8243; google_fonts=&#8221;font_family:Roboto%20Condensed%3A300%2C300italic%2Cregular%2Citalic%2C700%2C700italic|font_style:700%20bold%20regular%3A700%3Anormal&#8221; css=&#8221;.vc_custom_1574159145568{border-top-width: 4px !important;padding-top: 20px !important;border-top-color: #000000 !important;border-top-style: solid !important;}&#8221;][\/vc_column_inner][\/vc_row_inner][\/vc_column][\/vc_row][vc_row full_width=&#8221;stretch_row&#8221; css=&#8221;.vc_custom_1572531225817{margin-bottom: 0px !important;padding-bottom: 30px !important;background-color: #f8f8f8 !important;}&#8221;][vc_column width=&#8221;1\/4&#8243;][vc_single_image image=&#8221;4649&#8243; img_size=&#8221;240&#215;240&#8243; alignment=&#8221;center&#8221; css_animation=&#8221;none&#8221;][vc_tta_accordion style=&#8221;flat&#8221; shape=&#8221;square&#8221; c_icon=&#8221;&#8221; active_section=&#8221;&#8221; no_fill=&#8221;true&#8221; collapsible_all=&#8221;true&#8221; css=&#8221;.vc_custom_1498050656923{margin-top: 0px !important;margin-right: 0px !important;margin-bottom: 0px !important;margin-left: -7px !important;border-top-width: 0px !important;border-right-width: 0px !important;border-bottom-width: 0px !important;border-left-width: 0px !important;padding-top: 10px !important;padding-right: 0px !important;padding-bottom: 0px !important;padding-left: 0px !important;}&#8221;][vc_tta_section tab_id=&#8221;1498039556317-8e6f0729-e6d1441b-18b4&#8243; title=&#8221;Beatriz Hern\u00e1ndez&#8221;][vc_custom_heading text=&#8221;Cuando termin\u00e9 mi carrera, Filolog\u00eda Espa\u00f1ola, me interes\u00e9 por la ense\u00f1anza de mi propio idioma como lengua extranjera, para prepararme me fui a Barcelona donde hice un M\u00e1ster de especializaci\u00f3n en este campo. Desde entonces doy clases de espa\u00f1ol en el Servicio de Idiomas a extranjeros de distintos pa\u00edses y niveles en diferentes puntos de la isla.&#8221; font_container=&#8221;tag:p|font_size:13|text_align:left|color:%23000000|line_height:1.75&#8243; google_fonts=&#8221;font_family:Roboto%20Slab%3A100%2C300%2Cregular%2C700|font_style:300%20light%20regular%3A300%3Anormal&#8221; css=&#8221;.vc_custom_1498215680489{margin-top: -10px !important;}&#8221;][vc_empty_space height=&#8221;13&#8243;][vc_custom_heading text=&#8221;Adem\u00e1s de la ense\u00f1anza de ELE, he impartido cursos de metodolog\u00eda para la formaci\u00f3n de futuros profesores de espa\u00f1ol. Recientemente, para el desarrollo de mi Tesis Doctoral, me he especializado en la ense\u00f1anza de la Competencia Conversacional. Durante estos 22 a\u00f1os de experiencia he aprendido mucho sobre mi propia lengua y sobre todo me ha permitido conocer m\u00e1s sobre las diferentes lenguas y culturas del mundo. En mis clases me preocupa que los alumnos sean capaces de comunicarse en las distintas situaciones de la vida cotidiana. El aula es el lugar de entrenamiento para la vida real.&#8221; font_container=&#8221;tag:p|font_size:13|text_align:left|color:%23000000|line_height:1.75&#8243; google_fonts=&#8221;font_family:Roboto%20Slab%3A100%2C300%2Cregular%2C700|font_style:300%20light%20regular%3A300%3Anormal&#8221;][vc_empty_space height=&#8221;13&#8243;][vc_custom_heading text=&#8221;Adem\u00e1s, es fundamental el desarrollo equilibrado de las destrezas, la activaci\u00f3n de estrategias de autoaprendizaje, una aproximaci\u00f3n deductiva e inductiva a la gram\u00e1tica. Otros elementos clave son las din\u00e1micas de trabajo en grupo, el uso de materiales audiovisuales y l\u00fadicos, para potenciar un ambiente distendido y familiar. Sin olvidar el acercamiento a la cultura del mundo hisp\u00e1nico, as\u00ed como el desarrollo de la interculturalidad en el aula.&#8221; font_container=&#8221;tag:p|font_size:13|text_align:left|color:%23000000|line_height:1.75&#8243; google_fonts=&#8221;font_family:Roboto%20Slab%3A100%2C300%2Cregular%2C700|font_style:300%20light%20regular%3A300%3Anormal&#8221;][\/vc_tta_section][\/vc_tta_accordion][\/vc_column][vc_column width=&#8221;1\/4&#8243;][vc_single_image image=&#8221;7041&#8243; img_size=&#8221;240&#215;240&#8243; alignment=&#8221;center&#8221; css_animation=&#8221;none&#8221;][vc_tta_accordion style=&#8221;flat&#8221; shape=&#8221;square&#8221; c_icon=&#8221;&#8221; active_section=&#8221;&#8221; no_fill=&#8221;true&#8221; collapsible_all=&#8221;true&#8221; css=&#8221;.vc_custom_1498050736043{margin-top: 0px !important;margin-right: 0px !important;margin-bottom: 0px !important;margin-left: -7px !important;border-top-width: 0px !important;border-right-width: 0px !important;border-bottom-width: 0px !important;border-left-width: 0px !important;padding-top: 10px !important;padding-right: 0px !important;padding-bottom: 0px !important;padding-left: 0px !important;}&#8221;][vc_tta_section tab_id=&#8221;1557319847703-0f6deaf1-6be8&#8243; title=&#8221;Rosemary Acosta&#8221;][vc_custom_heading text=&#8221;Durante mis estudios en la Georg-August- Universidad de G\u00f6ttingen (Alemania) tuve un profesor de alem\u00e1n como lengua extranjera que logr\u00f3 que me enamorara de esta profesi\u00f3n, fue en ese momento, mientras aprend\u00eda alem\u00e1n, cuando decid\u00ed que quer\u00eda dedicarme a la ense\u00f1anza de idiomas. Y eso es lo que hice, empec\u00e9 a impartir espa\u00f1ol en la Volkshochschule VHS de G\u00f6ttingen.<br \/>\nUna vez volv\u00ed a Espa\u00f1a en 1998 empez\u00f3 mi trayectoria como profesora de Espa\u00f1ol y alem\u00e1n&#8221; font_container=&#8221;tag:p|font_size:13|text_align:left|color:%23000000|line_height:1.75&#8243; google_fonts=&#8221;font_family:Roboto%20Slab%3A100%2C300%2Cregular%2C700|font_style:300%20light%20regular%3A300%3Anormal&#8221; css=&#8221;.vc_custom_1557320646352{margin-top: -10px !important;}&#8221;][vc_empty_space height=&#8221;13&#8243;][vc_custom_heading text=&#8221;A lo largo de todos estos a\u00f1os, he impartido numerosos cursos de espa\u00f1ol en una escuela Acreditada por el Instituto Cervantes, donde he sido Directora Acad\u00e9mica hasta 2010.<br \/>\nHe impartido diversos cursos de metodolog\u00eda a profesores no nativos de espa\u00f1ol (ELE) Proyecto Grundtvig. Cursos de preparaci\u00f3n del DELE (Diploma de Espa\u00f1ol como Lengua Extranjera) y cursos ELE con fines espec\u00edficos, as\u00ed como, ponencias y talleres de formaci\u00f3n.<br \/>\nHe formado parte de tribunal de examinadores DELE en varias ocasiones.<br \/>\nEn cuanto al alem\u00e1n, he impartido cursos variados para el SCE.&#8221; font_container=&#8221;tag:p|font_size:13|text_align:left|color:%23000000|line_height:1.75&#8243; google_fonts=&#8221;font_family:Roboto%20Slab%3A100%2C300%2Cregular%2C700|font_style:300%20light%20regular%3A300%3Anormal&#8221;][vc_empty_space height=&#8221;13&#8243;][vc_custom_heading text=&#8221;Realic\u00e9 el m\u00e1ster de especializaci\u00f3n de Espa\u00f1ol como Lengua Extranjera y otras Lenguas as\u00ed como diversos cursos de formaci\u00f3n y especializaci\u00f3n del Instituto Cervantes.<br \/>\nSoy Examinadora DELE de todos los niveles y preparadora del examen SIELE.<br \/>\nActualmente sigo form\u00e1ndome, compagino mi labor docente con el Grado de Lengua y Literatura y el Certificado de Docencia de la Formaci\u00f3n para el empleo del CRN.&#8221; font_container=&#8221;tag:p|font_size:13|text_align:left|color:%23000000|line_height:1.75&#8243; google_fonts=&#8221;font_family:Roboto%20Slab%3A100%2C300%2Cregular%2C700|font_style:300%20light%20regular%3A300%3Anormal&#8221;][vc_empty_space height=&#8221;13&#8243;][vc_custom_heading text=&#8221;En mis clases soy consciente de las competencias ling\u00fc\u00edsticas, socioling\u00fc\u00edsticas y pragm\u00e1ticas que debe alcanzar el estudiante para lograr el objetivo de la comunicaci\u00f3n.&#8221; font_container=&#8221;tag:p|font_size:13|text_align:left|color:%23000000|line_height:1.75&#8243; google_fonts=&#8221;font_family:Roboto%20Slab%3A100%2C300%2Cregular%2C700|font_style:300%20light%20regular%3A300%3Anormal&#8221;][\/vc_tta_section][\/vc_tta_accordion][\/vc_column][vc_column width=&#8221;1\/4&#8243;][\/vc_column][vc_column width=&#8221;1\/4&#8243;][\/vc_column][\/vc_row][vc_row disable_element=&#8221;yes&#8221;][vc_column][vc_single_image image=&#8221;6346&#8243; img_size=&#8221;240&#215;240&#8243; alignment=&#8221;center&#8221; css_animation=&#8221;none&#8221;][vc_tta_accordion style=&#8221;flat&#8221; shape=&#8221;square&#8221; c_icon=&#8221;&#8221; active_section=&#8221;&#8221; no_fill=&#8221;true&#8221; collapsible_all=&#8221;true&#8221; css=&#8221;.vc_custom_1498050736043{margin-top: 0px !important;margin-right: 0px !important;margin-bottom: 0px !important;margin-left: -7px !important;border-top-width: 0px !important;border-right-width: 0px !important;border-bottom-width: 0px !important;border-left-width: 0px !important;padding-top: 10px !important;padding-right: 0px !important;padding-bottom: 0px !important;padding-left: 0px !important;}&#8221;][vc_tta_section tab_id=&#8221;1557319839945-5a801d23-8ca0&#8243; title=&#8221;Laura E. Gonz\u00e1lez&#8221;][vc_custom_heading text=&#8221;Natural de Tenerife. Licenciatura en Filolog\u00eda Francesa y M\u00e1ster en Formaci\u00f3n del profesorado por la ULL.<br \/>\nDespu\u00e9s de terminar un proyecto del Servicio de Voluntariado Europeo en Sicilia (del cual no puedo hablar puesto que pondr\u00eda en peligro mi integridad f\u00edsica) me mudo a Francia, donde tengo la oportunidad de trabajar como asistente de conversaci\u00f3n de espa\u00f1ol para alumnos franceses. Un d\u00eda recibo en sue\u00f1os la visita de la mism\u00edsima Jeanne D&#8217;Arc quien me revela que mi misi\u00f3n en la vida es volver a mi isla para dedicarme a la ense\u00f1anza del franc\u00e9s como lengua extranjera y organizar el rearme de la resistencia francesa.&#8221; font_container=&#8221;tag:p|font_size:13|text_align:left|color:%23000000|line_height:1.75&#8243; google_fonts=&#8221;font_family:Roboto%20Slab%3A100%2C300%2Cregular%2C700|font_style:300%20light%20regular%3A300%3Anormal&#8221; css=&#8221;.vc_custom_1557320635416{margin-top: -10px !important;}&#8221;][vc_empty_space height=&#8221;13&#8243;][vc_custom_heading text=&#8221;De vuelta a Tenerife, despu\u00e9s de trabajar en varias academias y colegios, entro en el Servicio de Idiomas de la ULL en el a\u00f1o 2016.<br \/>\nIntento siempre que las clases sean din\u00e1micas y divertidas, no quiero aburrirles ni aburrirme yo tampoco. Tal y como siempre se ha hecho en el Servicio de Idiomas sigo el enfoque comunicativo, tratando la lengua desde un punto de vista m\u00e1s pr\u00e1ctico que te\u00f3rico, intentando que haya equilibrio entre gram\u00e1tica y vocabulario, comprensi\u00f3n y expresi\u00f3n, lengua y cultura, dando un lugar primordial a la expresi\u00f3n oral y, sobre todo, atendiendo esguinces de laringe cuando los alumnos intentan pronunciar \u00abje ne regrette rien\u00bb. Tambi\u00e9n, siempre que puedo, intento compartir mis amplios conocimientos como catadora amateur de quesos y vinos franceses.&#8221; font_container=&#8221;tag:p|font_size:13|text_align:left|color:%23000000|line_height:1.75&#8243; google_fonts=&#8221;font_family:Roboto%20Slab%3A100%2C300%2Cregular%2C700|font_style:300%20light%20regular%3A300%3Anormal&#8221;][vc_empty_space height=&#8221;13&#8243;][vc_custom_heading text=&#8221;Gracias al sistema de grupos reducidos que ofrece el Servicio de Idiomas intento dar una atenci\u00f3n personalizada, adapt\u00e1ndome en la medida de lo posible a las circunstancias personales de los alumnos.<br \/>\nAparte de profesora de franc\u00e9s tambi\u00e9n doy clases de Espa\u00f1ol para Extranjeros y hago de modelo para cat\u00e1logos de boinas.&#8221; font_container=&#8221;tag:p|font_size:13|text_align:left|color:%23000000|line_height:1.75&#8243; google_fonts=&#8221;font_family:Roboto%20Slab%3A100%2C300%2Cregular%2C700|font_style:300%20light%20regular%3A300%3Anormal&#8221;][\/vc_tta_section][\/vc_tta_accordion][\/vc_column][\/vc_row][vc_row full_width=&#8221;stretch_row&#8221; css=&#8221;.vc_custom_1689946488965{background-color: #04a163 !important;}&#8221;][vc_column][vc_row_inner css=&#8221;.vc_custom_1590398821368{padding-top: 0px !important;}&#8221;][vc_column_inner offset=&#8221;vc_hidden-sm vc_hidden-xs&#8221;][vc_empty_space height=&#8221;40&#8243;][vc_custom_heading text=&#8221;SPRACHEN&#8221; font_container=&#8221;tag:h1|font_size:42|text_align:center|color:%23000000|line_height:1.15&#8243; google_fonts=&#8221;font_family:Roboto%20Condensed%3A300%2C300italic%2Cregular%2Citalic%2C700%2C700italic|font_style:700%20bold%20regular%3A700%3Anormal&#8221;][vc_custom_heading text=&#8221;Erfahren Sie mehr \u00fcber unser \u00fcbriges Kursangebot&#8221; font_container=&#8221;tag:p|font_size:27|text_align:center|color:%23000000|line_height:1.25&#8243; google_fonts=&#8221;font_family:Roboto%3A100%2C100italic%2C300%2C300italic%2Cregular%2Citalic%2C500%2C500italic%2C700%2C700italic%2C900%2C900italic|font_style:300%20light%20regular%3A300%3Anormal&#8221; css=&#8221;.vc_custom_1689946304997{margin-top: -10px !important;}&#8221;][\/vc_column_inner][\/vc_row_inner][vc_row_inner css=&#8221;.vc_custom_1498042822406{padding-top: 40px !important;}&#8221;][vc_column_inner offset=&#8221;vc_hidden-lg vc_hidden-md&#8221;][vc_custom_heading text=&#8221;SPRACHEN&#8221; font_container=&#8221;tag:h3|font_size:3rem|text_align:center|color:%23000000|line_height:1.15&#8243; google_fonts=&#8221;font_family:Roboto%20Condensed%3A300%2C300italic%2Cregular%2Citalic%2C700%2C700italic|font_style:700%20bold%20regular%3A700%3Anormal&#8221;][vc_custom_heading text=&#8221;Erfahren Sie mehr \u00fcber unser \u00fcbriges Kursangebot&#8221; font_container=&#8221;tag:p|font_size:2rem|text_align:center|color:%23000000|line_height:1.25&#8243; google_fonts=&#8221;font_family:Roboto%3A100%2C100italic%2C300%2C300italic%2Cregular%2Citalic%2C500%2C500italic%2C700%2C700italic%2C900%2C900italic|font_style:300%20light%20regular%3A300%3Anormal&#8221; css=&#8221;.vc_custom_1689946315445{margin-top: -10px !important;}&#8221;][\/vc_column_inner][\/vc_row_inner][\/vc_column][\/vc_row][vc_row full_width=&#8221;stretch_row&#8221; css=&#8221;.vc_custom_1689946496200{margin-bottom: 0px !important;padding-top: 20px !important;background-color: #04a163 !important;}&#8221;][vc_column width=&#8221;1\/2&#8243; offset=&#8221;vc_col-lg-offset-0 vc_col-xs-offset-1 vc_col-xs-2\/5&#8243;][vc_row_inner][vc_column_inner width=&#8221;1\/4&#8243;][vc_single_image image=&#8221;4484&#8243; img_size=&#8221;100&#215;100&#8243; alignment=&#8221;center&#8221; onclick=&#8221;custom_link&#8221; img_link_target=&#8221;_blank&#8221; link=&#8221;\/idiomas\/ingles\/&#8221;][vc_empty_space height=&#8221;15&#8243;][vc_custom_heading text=&#8221;ENGLISCH&#8221; font_container=&#8221;tag:p|font_size:15|text_align:center|color:%23000000|line_height:1.75&#8243; google_fonts=&#8221;font_family:Roboto%20Condensed%3A300%2C300italic%2Cregular%2Citalic%2C700%2C700italic|font_style:700%20bold%20regular%3A700%3Anormal&#8221; css=&#8221;.vc_custom_1689946328732{margin-top: -10px !important;}&#8221; link=&#8221;url:%2Fidiomas%2Fingles%2F|||&#8221;][\/vc_column_inner][vc_column_inner width=&#8221;1\/4&#8243;][vc_single_image image=&#8221;4485&#8243; img_size=&#8221;100&#215;100&#8243; alignment=&#8221;center&#8221; onclick=&#8221;custom_link&#8221; img_link_target=&#8221;_blank&#8221; link=&#8221;\/idiomas\/aleman\/&#8221;][vc_empty_space height=&#8221;15&#8243;][vc_custom_heading text=&#8221;DEUTSCH&#8221; font_container=&#8221;tag:p|font_size:15|text_align:center|color:%23000000|line_height:1.75&#8243; google_fonts=&#8221;font_family:Roboto%20Condensed%3A300%2C300italic%2Cregular%2Citalic%2C700%2C700italic|font_style:700%20bold%20regular%3A700%3Anormal&#8221; css=&#8221;.vc_custom_1689946334400{margin-top: -10px !important;}&#8221; link=&#8221;url:%2Fidiomas%2Faleman%2F|||&#8221;][\/vc_column_inner][vc_column_inner width=&#8221;1\/4&#8243;][vc_single_image image=&#8221;4487&#8243; img_size=&#8221;100&#215;100&#8243; alignment=&#8221;center&#8221; onclick=&#8221;custom_link&#8221; img_link_target=&#8221;_blank&#8221; link=&#8221;\/idiomas\/frances\/&#8221;][vc_empty_space height=&#8221;15&#8243;][vc_custom_heading text=&#8221;FRANZ\u00d6SISCH&#8221; font_container=&#8221;tag:p|font_size:15|text_align:center|color:%23000000|line_height:1.75&#8243; google_fonts=&#8221;font_family:Roboto%20Condensed%3A300%2C300italic%2Cregular%2Citalic%2C700%2C700italic|font_style:700%20bold%20regular%3A700%3Anormal&#8221; css=&#8221;.vc_custom_1689946341846{margin-top: -10px !important;}&#8221; link=&#8221;url:%2Fidiomas%2Ffrances%2F|||&#8221;][\/vc_column_inner][vc_column_inner width=&#8221;1\/4&#8243;][vc_single_image image=&#8221;4496&#8243; img_size=&#8221;100&#215;100&#8243; alignment=&#8221;center&#8221; onclick=&#8221;custom_link&#8221; img_link_target=&#8221;_blank&#8221; link=&#8221;\/idiomas\/italiano\/&#8221;][vc_empty_space height=&#8221;15&#8243;][vc_custom_heading text=&#8221;ITALIENISCH&#8221; font_container=&#8221;tag:p|font_size:15|text_align:center|color:%23000000|line_height:1.75&#8243; google_fonts=&#8221;font_family:Roboto%20Condensed%3A300%2C300italic%2Cregular%2Citalic%2C700%2C700italic|font_style:700%20bold%20regular%3A700%3Anormal&#8221; css=&#8221;.vc_custom_1689946347727{margin-top: -10px !important;}&#8221; link=&#8221;url:%2Fidiomas%2Fitaliano%2F|||&#8221;][\/vc_column_inner][\/vc_row_inner][\/vc_column][vc_column width=&#8221;1\/2&#8243; offset=&#8221;vc_col-xs-2\/5&#8243;][vc_row_inner][vc_column_inner width=&#8221;1\/4&#8243;][vc_single_image image=&#8221;9463&#8243; img_size=&#8221;100&#215;100&#8243; alignment=&#8221;center&#8221; onclick=&#8221;custom_link&#8221; img_link_target=&#8221;_blank&#8221; link=&#8221;\/idiomas\/portugues\/&#8221;][vc_empty_space height=&#8221;15&#8243;][vc_custom_heading text=&#8221;PORTUGIESISCH&#8221; font_container=&#8221;tag:p|font_size:15|text_align:center|color:%23000000|line_height:1.75&#8243; google_fonts=&#8221;font_family:Roboto%20Condensed%3A300%2C300italic%2Cregular%2Citalic%2C700%2C700italic|font_style:700%20bold%20regular%3A700%3Anormal&#8221; css=&#8221;.vc_custom_1689946352948{margin-top: -10px !important;}&#8221; link=&#8221;url:%2Fidiomas%2Fportugues%2F|||&#8221;][\/vc_column_inner][vc_column_inner width=&#8221;1\/4&#8243;][vc_single_image image=&#8221;9457&#8243; img_size=&#8221;100&#215;100&#8243; alignment=&#8221;center&#8221; onclick=&#8221;custom_link&#8221; img_link_target=&#8221;_blank&#8221; link=&#8221;\/idiomas\/espanol\/&#8221;][vc_empty_space height=&#8221;15&#8243;][vc_custom_heading text=&#8221;SPANISCH&#8221; font_container=&#8221;tag:p|font_size:15|text_align:center|color:%23000000|line_height:1.75&#8243; google_fonts=&#8221;font_family:Roboto%20Condensed%3A300%2C300italic%2Cregular%2Citalic%2C700%2C700italic|font_style:700%20bold%20regular%3A700%3Anormal&#8221; css=&#8221;.vc_custom_1689946358187{margin-top: -10px !important;}&#8221; link=&#8221;url:%2Fidiomas%2Fespanol%2F|||&#8221;][\/vc_column_inner][vc_column_inner width=&#8221;1\/4&#8243;][vc_single_image image=&#8221;9679&#8243; img_size=&#8221;100&#215;100&#8243; alignment=&#8221;center&#8221; onclick=&#8221;custom_link&#8221; img_link_target=&#8221;_blank&#8221; link=&#8221;https:\/\/fg.ull.es\/idiomas\/japones\/&#8221;][vc_empty_space height=&#8221;15&#8243;][vc_custom_heading text=&#8221;JAPANISCH&#8221; font_container=&#8221;tag:p|font_size:15|text_align:center|color:%23000000|line_height:1.75&#8243; google_fonts=&#8221;font_family:Roboto%20Condensed%3A300%2C300italic%2Cregular%2Citalic%2C700%2C700italic|font_style:700%20bold%20regular%3A700%3Anormal&#8221; css=&#8221;.vc_custom_1739541319940{margin-top: -10px !important;}&#8221; link=&#8221;url:https%3A%2F%2Ffg.ull.es%2Fidiomas%2Fjapones%2F&#8221;][\/vc_column_inner][vc_column_inner width=&#8221;1\/4&#8243;][vc_single_image image=&#8221;8602&#8243; img_size=&#8221;100&#215;100&#8243; alignment=&#8221;center&#8221; onclick=&#8221;custom_link&#8221; img_link_target=&#8221;_blank&#8221; link=&#8221;\/idiomas\/griego\/&#8221;][vc_empty_space height=&#8221;15&#8243;][vc_custom_heading text=&#8221;GRIECHISCH&#8221; font_container=&#8221;tag:p|font_size:15|text_align:center|color:%23000000|line_height:1.75&#8243; google_fonts=&#8221;font_family:Roboto%20Condensed%3A300%2C300italic%2Cregular%2Citalic%2C700%2C700italic|font_style:700%20bold%20regular%3A700%3Anormal&#8221; css=&#8221;.vc_custom_1689946397956{margin-top: -10px !important;}&#8221; link=&#8221;url:%2Fidiomas%2Fgriego%2F&#8221;][\/vc_column_inner][\/vc_row_inner][\/vc_column][\/vc_row][vc_row full_width=&#8221;stretch_row&#8221; css=&#8221;.vc_custom_1689946502364{margin-bottom: 0px !important;padding-top: 20px !important;background-color: #04a163 !important;}&#8221;][vc_column width=&#8221;1\/2&#8243; offset=&#8221;vc_col-lg-offset-0 vc_col-md-offset-0 vc_col-xs-offset-1 vc_col-xs-2\/5&#8243;][vc_row_inner][vc_column_inner width=&#8221;1\/3&#8243;][vc_single_image image=&#8221;4495&#8243; img_size=&#8221;100&#215;100&#8243; alignment=&#8221;center&#8221; onclick=&#8221;custom_link&#8221; img_link_target=&#8221;_blank&#8221; link=&#8221;\/idiomas\/lse\/&#8221;][vc_empty_space height=&#8221;15&#8243;][vc_custom_heading text=&#8221;SPANISCHE GEB\u00c4RDENSPRACHE&#8221; font_container=&#8221;tag:p|font_size:15|text_align:center|color:%23000000|line_height:1.75&#8243; google_fonts=&#8221;font_family:Roboto%20Condensed%3A300%2C300italic%2Cregular%2Citalic%2C700%2C700italic|font_style:700%20bold%20regular%3A700%3Anormal&#8221; css=&#8221;.vc_custom_1689946404884{margin-top: -10px !important;}&#8221; link=&#8221;url:%2Fidiomas%2Flse%2F|||&#8221;][\/vc_column_inner][vc_column_inner width=&#8221;1\/3&#8243;][vc_single_image image=&#8221;9461&#8243; img_size=&#8221;100&#215;100&#8243; alignment=&#8221;center&#8221; onclick=&#8221;custom_link&#8221; img_link_target=&#8221;_blank&#8221; link=&#8221;https:\/\/fg.ull.es\/idiomas\/catalan&#8221;][vc_empty_space height=&#8221;15&#8243;][vc_custom_heading text=&#8221;KATALISCH&#8221; font_container=&#8221;tag:p|font_size:15|text_align:center|color:%23000000|line_height:1.75&#8243; google_fonts=&#8221;font_family:Roboto%20Condensed%3A300%2C300italic%2Cregular%2Citalic%2C700%2C700italic|font_style:700%20bold%20regular%3A700%3Anormal&#8221; css=&#8221;.vc_custom_1689946454282{margin-top: -10px !important;}&#8221; link=&#8221;url:https%3A%2F%2Ffg.ull.es%2Fidiomas%2Fcatalan|||&#8221;][\/vc_column_inner][vc_column_inner width=&#8221;1\/3&#8243;][vc_single_image image=&#8221;8532&#8243; img_size=&#8221;100&#215;100&#8243; alignment=&#8221;center&#8221; onclick=&#8221;custom_link&#8221; img_link_target=&#8221;_blank&#8221; link=&#8221;\/idiomas\/chino\/&#8221;][vc_empty_space height=&#8221;15&#8243;][vc_custom_heading text=&#8221;CHINESISCH&#8221; font_container=&#8221;tag:p|font_size:15|text_align:center|color:%23000000|line_height:1.75&#8243; google_fonts=&#8221;font_family:Roboto%20Condensed%3A300%2C300italic%2Cregular%2Citalic%2C700%2C700italic|font_style:700%20bold%20regular%3A700%3Anormal&#8221; css=&#8221;.vc_custom_1689946444961{margin-top: -10px !important;}&#8221; link=&#8221;url:%2Fidiomas%2Fchino%2F&#8221;][\/vc_column_inner][\/vc_row_inner][\/vc_column][vc_column width=&#8221;1\/2&#8243; offset=&#8221;vc_col-xs-2\/5&#8243;][vc_row_inner][vc_column_inner width=&#8221;1\/3&#8243;][vc_single_image image=&#8221;8603&#8243; img_size=&#8221;100&#215;100&#8243; alignment=&#8221;center&#8221; onclick=&#8221;custom_link&#8221; img_link_target=&#8221;_blank&#8221; link=&#8221;\/idiomas\/coreano\/&#8221;][vc_empty_space height=&#8221;15&#8243;][vc_custom_heading text=&#8221;KOREANISCH&#8221; font_container=&#8221;tag:p|font_size:15|text_align:center|color:%23000000|line_height:1.75&#8243; google_fonts=&#8221;font_family:Roboto%20Condensed%3A300%2C300italic%2Cregular%2Citalic%2C700%2C700italic|font_style:700%20bold%20regular%3A700%3Anormal&#8221; css=&#8221;.vc_custom_1689946461507{margin-top: -10px !important;}&#8221; link=&#8221;url:%2Fidiomas%2Fcoreano%2F&#8221;][\/vc_column_inner][vc_column_inner width=&#8221;1\/3&#8243;][vc_single_image image=&#8221;9459&#8243; img_size=&#8221;100&#215;100&#8243; alignment=&#8221;center&#8221; onclick=&#8221;custom_link&#8221; img_link_target=&#8221;_blank&#8221; link=&#8221;https:\/\/fg.ull.es\/idiomas\/ruso\/&#8221;][vc_empty_space height=&#8221;15&#8243;][vc_custom_heading text=&#8221;RUSSISCH&#8221; font_container=&#8221;tag:p|font_size:15|text_align:center|color:%23000000|line_height:1.75&#8243; google_fonts=&#8221;font_family:Roboto%20Condensed%3A300%2C300italic%2Cregular%2Citalic%2C700%2C700italic|font_style:700%20bold%20regular%3A700%3Anormal&#8221; css=&#8221;.vc_custom_1689946368068{margin-top: -10px !important;}&#8221; link=&#8221;url:%2Fidiomas%2Fruso%2F&#8221;][\/vc_column_inner][vc_column_inner width=&#8221;1\/3&#8243;][vc_single_image image=&#8221;9460&#8243; img_size=&#8221;100&#215;100&#8243; alignment=&#8221;center&#8221; onclick=&#8221;custom_link&#8221; img_link_target=&#8221;_blank&#8221; link=&#8221;https:\/\/fg.ull.es\/idiomas\/arabe\/&#8221;][vc_empty_space height=&#8221;15&#8243;][vc_custom_heading text=&#8221;ARABISCH&#8221; font_container=&#8221;tag:p|font_size:15|text_align:center|color:%23000000|line_height:1.75&#8243; google_fonts=&#8221;font_family:Roboto%20Condensed%3A300%2C300italic%2Cregular%2Citalic%2C700%2C700italic|font_style:700%20bold%20regular%3A700%3Anormal&#8221; css=&#8221;.vc_custom_1689946474325{margin-top: -10px !important;}&#8221; link=&#8221;url:https%3A%2F%2Ffg.ull.es%2Fidiomas%2Farabe%2F&#8221;][\/vc_column_inner][\/vc_row_inner][\/vc_column][\/vc_row][vc_row full_width=&#8221;stretch_row&#8221; css=&#8221;.vc_custom_1689946507234{margin-bottom: 0px !important;padding-top: 0px !important;padding-bottom: 0px !important;background-color: #04a163 !important;}&#8221;][vc_column][vc_empty_space height=&#8221;24px&#8221;][\/vc_column][\/vc_row]<\/p>\n<\/section>","protected":false},"excerpt":{"rendered":"<p>[vc_row full_width=&#8221;stretch_row_content_no_spaces&#8221; css=&#8221;.vc_custom_1570706555694{margin-top: -20px !important;}&#8221;][vc_column][vc_row_inner css=&#8221;.vc_custom_1586769181238{margin-top: 0px !important;margin-right: 0px !important;margin-bottom: 0px !important;margin-left: 0px !important;border-top-width: 0px !important;border-right-width: 0px !important;border-bottom-width: 0px !important;border-left-width: 0px !important;padding-top: 0px !important;padding-right: 0px !important;padding-bottom: 0px !important;padding-left: 0px !important;background-image: url(https:\/\/fg.ull.es\/idiomas\/wp-content\/uploads\/sites\/13\/2020\/04\/Cursos-de-Espanol-Tenerife.jpg?id=7827) !important;background-position: center !important;background-repeat: no-repeat !important;background-size: cover !important;}&#8221;][vc_column_inner offset=&#8221;vc_hidden-md vc_hidden-sm vc_hidden-xs&#8221;][vc_custom_heading text=&#8221;Spanisch&#8221; font_container=&#8221;tag:h2|font_size:120|text_align:center|color:%23ffffff&#8221; use_theme_fonts=&#8221;yes&#8221; css=&#8221;.vc_custom_1570707159506{padding-top: 220px !important;}&#8221;][vc_empty_space height=&#8221;330px&#8221;][\/vc_column_inner][\/vc_row_inner][vc_row_inner css=&#8221;.vc_custom_1586769192850{margin-top: 0px !important;margin-right: 0px !important;margin-bottom: 0px !important;margin-left:&#8230;<\/p>\n","protected":false},"author":1,"featured_media":7827,"parent":0,"menu_order":0,"comment_status":"closed","ping_status":"closed","template":"templates\/template-frontpage.php","meta":{"footnotes":""},"_links":{"self":[{"href":"https:\/\/fg.ull.es\/idiomas\/wp-json\/wp\/v2\/pages\/6078"}],"collection":[{"href":"https:\/\/fg.ull.es\/idiomas\/wp-json\/wp\/v2\/pages"}],"about":[{"href":"https:\/\/fg.ull.es\/idiomas\/wp-json\/wp\/v2\/types\/page"}],"author":[{"embeddable":true,"href":"https:\/\/fg.ull.es\/idiomas\/wp-json\/wp\/v2\/users\/1"}],"replies":[{"embeddable":true,"href":"https:\/\/fg.ull.es\/idiomas\/wp-json\/wp\/v2\/comments?post=6078"}],"version-history":[{"count":10,"href":"https:\/\/fg.ull.es\/idiomas\/wp-json\/wp\/v2\/pages\/6078\/revisions"}],"predecessor-version":[{"id":10838,"href":"https:\/\/fg.ull.es\/idiomas\/wp-json\/wp\/v2\/pages\/6078\/revisions\/10838"}],"wp:featuredmedia":[{"embeddable":true,"href":"https:\/\/fg.ull.es\/idiomas\/wp-json\/wp\/v2\/media\/7827"}],"wp:attachment":[{"href":"https:\/\/fg.ull.es\/idiomas\/wp-json\/wp\/v2\/media?parent=6078"}],"curies":[{"name":"wp","href":"https:\/\/api.w.org\/{rel}","templated":true}]}}