{"id":1585,"date":"2014-02-05T13:30:49","date_gmt":"2014-02-05T13:30:49","guid":{"rendered":"https:\/\/fg.ull.es\/idiomas\/?page_id=1585"},"modified":"2025-11-18T14:19:08","modified_gmt":"2025-11-18T14:19:08","slug":"donde-estamos","status":"publish","type":"page","link":"https:\/\/fg.ull.es\/idiomas\/donde-estamos\/","title":{"rendered":"\u00bfD\u00f3nde estamos?"},"content":{"rendered":"<section class=\"wpb-content-wrapper\"><p>[vc_row][vc_column][\/vc_column][\/vc_row][vc_row][vc_column width=&#8221;1\/2&#8243;][vc_column_text]<\/p>\n<h2><span style=\"font-size: 1.5em;line-height: 1.5em\">Sede principal<\/span><\/h2>\n<p><span style=\"font-weight: 400\">Situada <\/span><b>en el coraz\u00f3n de la Universidad de La Laguna<\/b><span style=\"font-weight: 400\">, en la isla de Tenerife, la sede principal del <a href=\"https:\/\/fg.ull.es\/idiomas\/\" target=\"_blank\" rel=\"noopener\">Servicio de Idiomas<\/a> se encuentra en la Planta 0 del Aulario de la Torre Profesor Agust\u00edn Ar\u00e9valo.\u00a0<\/span><\/p>\n<p><span style=\"font-weight: 400\">Adem\u00e1s, el <a href=\"https:\/\/fg.ull.es\/idiomas\/\" target=\"_blank\" rel=\"noopener\">Servicio de Idiomas<\/a> de la ULL cuenta con presencia en el <a href=\"https:\/\/fg.ull.es\/idiomas\/campusadeje\/\" target=\"_blank\" rel=\"noopener\">Campus Universitario del Sur<\/a>, localizado en el municipio de Adeje.<\/span><\/p>\n<h3><span style=\"color: #ff6600\">Campus Central Universidad de La Laguna<\/span><\/h3>\n<ul>\n<li><strong>Direcci\u00f3n<\/strong>: Fundaci\u00f3n General de la Universidad de La Laguna \u00a0-|Avenida de la Trinidad, 61. Aulario Torre Profesor Agust\u00edn Ar\u00e9valo, Planta 0 | Campus Central Universidad de la Laguna, 38204 San Crist\u00f3bal de La Laguna<\/li>\n<li><strong>Tel\u00e9fono<\/strong>:\u00a0+34 922 319 200 \u00a0\u00b7 \u00a0<strong>Fax<\/strong>: 922 319 197 \u00a0\u00b7 \u00a0<strong>E-mail:<\/strong>\u00a0<a href=\"mailto:info@fg.ull.es\">info@fg.ull.es<\/a><\/li>\n<\/ul>\n<p>[\/vc_column_text][vc_empty_space height=&#8221;15px&#8221;][vc_single_image image=&#8221;5878&#8243; img_size=&#8221;full&#8221;][\/vc_column][vc_column width=&#8221;1\/2&#8243;][vc_column_text]<\/p>\n<h2><span style=\"font-size: 1.5em;line-height: 1.5em\">Mapa<\/span><\/h2>\n<div><small><a style=\"color: #0000ff;text-align: left\" href=\"https:\/\/maps.google.es\/maps?f=q&amp;source=embed&amp;hl=es&amp;geocode=&amp;q=Fundaci%C3%B3n+General+de+la+Universidad+de+La+Laguna,+San+Crist%C3%B3bal+de+La+Laguna&amp;aq=0&amp;oq=Fundacion+general+&amp;sll=28.495926,-16.311264&amp;sspn=0.069473,0.132093&amp;t=h&amp;ie=UTF8&amp;hq=Fundaci%C3%B3n+General+de+la&amp;hnear=Universidad+de+la+Laguna,+Calle+Molinos+de+Agua,+38207+San+Crist%C3%B3bal+de+La+Laguna,+Santa+Cruz+de+Tenerife&amp;ll=28.484101,-16.315985&amp;spn=0.00943,0.012853&amp;z=16&amp;iwloc=A\">Ver mapa m\u00e1s grande<\/a><\/small><\/div>\n<p>[\/vc_column_text][vc_gmaps link=&#8221;#E-8_JTNDaWZyYW1lJTIwc3JjJTNEJTIyaHR0cHMlM0ElMkYlMkZ3d3cuZ29vZ2xlLmNvbSUyRm1hcHMlMkZlbWJlZCUzRnBiJTNEJTIxMW0xNCUyMTFtOCUyMTFtMyUyMTFkMzUwNi45MTk3OTA5Nzk3MiUyMTJkLTE2LjMxNzQ5MTklMjEzZDI4LjQ4MTk2MjElMjEzbTIlMjExaTEwMjQlMjEyaTc2OCUyMTRmMTMuMSUyMTNtMyUyMTFtMiUyMTFzMHhjNDFjZGJjNzJkNTE3NzUlMjUzQTB4M2Q1OGUyYzVmYTlkOTBlYSUyMTJzRnVuZGFjaSUyNUMzJTI1QjNuJTJCR2VuZXJhbCUyQmRlJTJCbGElMkJVbml2ZXJzaWRhZCUyQmRlJTJCTGElMkJMYWd1bmElMjE1ZTAlMjEzbTIlMjExc2VzJTIxMnNlcyUyMTR2MTU2NDY2MTA5NDM5NiUyMTVtMiUyMTFzZXMlMjEyc2VzJTIyJTIwd2lkdGglM0QlMjI2MDAlMjIlMjBoZWlnaHQlM0QlMjI0NTAlMjIlMjBmcmFtZWJvcmRlciUzRCUyMjAlMjIlMjBzdHlsZSUzRCUyMmJvcmRlciUzQTAlMjIlMjBhbGxvd2Z1bGxzY3JlZW4lM0UlM0MlMkZpZnJhbWUlM0U=&#8221; size=&#8221;&#8221;][vc_empty_space height=&#8221;15px&#8221;][vc_single_image image=&#8221;10231&#8243; img_size=&#8221;large&#8221; css_animation=&#8221;bounceInRight&#8221;][vc_empty_space height=&#8221;15px&#8221;][\/vc_column][\/vc_row]<\/p>\n<\/section>","protected":false},"excerpt":{"rendered":"<p>[vc_row][vc_column][\/vc_column][\/vc_row][vc_row][vc_column width=&#8221;1\/2&#8243;][vc_column_text] Sede principal Situada en el coraz\u00f3n de la Universidad de La Laguna, en la isla de Tenerife, la sede principal del Servicio de Idiomas se encuentra en la Planta 0 del Aulario de la Torre Profesor Agust\u00edn Ar\u00e9valo.\u00a0 Adem\u00e1s, el Servicio de Idiomas de la ULL cuenta con presencia en el Campus Universitario&#8230;<\/p>\n","protected":false},"author":1,"featured_media":0,"parent":0,"menu_order":0,"comment_status":"closed","ping_status":"closed","template":"templates\/template-frontpage.php","meta":{"footnotes":""},"_links":{"self":[{"href":"https:\/\/fg.ull.es\/idiomas\/wp-json\/wp\/v2\/pages\/1585"}],"collection":[{"href":"https:\/\/fg.ull.es\/idiomas\/wp-json\/wp\/v2\/pages"}],"about":[{"href":"https:\/\/fg.ull.es\/idiomas\/wp-json\/wp\/v2\/types\/page"}],"author":[{"embeddable":true,"href":"https:\/\/fg.ull.es\/idiomas\/wp-json\/wp\/v2\/users\/1"}],"replies":[{"embeddable":true,"href":"https:\/\/fg.ull.es\/idiomas\/wp-json\/wp\/v2\/comments?post=1585"}],"version-history":[{"count":11,"href":"https:\/\/fg.ull.es\/idiomas\/wp-json\/wp\/v2\/pages\/1585\/revisions"}],"predecessor-version":[{"id":11171,"href":"https:\/\/fg.ull.es\/idiomas\/wp-json\/wp\/v2\/pages\/1585\/revisions\/11171"}],"wp:attachment":[{"href":"https:\/\/fg.ull.es\/idiomas\/wp-json\/wp\/v2\/media?parent=1585"}],"curies":[{"name":"wp","href":"https:\/\/api.w.org\/{rel}","templated":true}]}}