{"id":146,"date":"2013-07-16T10:03:48","date_gmt":"2013-07-16T10:03:48","guid":{"rendered":"https:\/\/fg.ull.es\/idiomas\/?page_id=22"},"modified":"2025-02-14T13:37:26","modified_gmt":"2025-02-14T13:37:26","slug":"frances","status":"publish","type":"page","link":"https:\/\/fg.ull.es\/idiomas\/frances\/","title":{"rendered":"Franc\u00e9s"},"content":{"rendered":"<section class=\"wpb-content-wrapper\"><p>[vc_row full_width=&#8221;stretch_row&#8221; content_placement=&#8221;middle&#8221; css=&#8221;.vc_custom_1516179367662{margin-top: -20px !important;border-bottom-width: -8px !important;padding-bottom: 240px !important;background-image: url(https:\/\/fg.ull.es\/idiomas\/wp-content\/uploads\/sites\/13\/2018\/01\/FRENCH-compressor.png?id=4662) !important;background-position: center !important;background-repeat: no-repeat !important;background-size: cover !important;border-bottom-color: rgba(0,0,0,0.1) !important;border-bottom-style: solid !important;}&#8221;][vc_column][vc_custom_heading text=&#8221;Franc\u00e9s&#8221; font_container=&#8221;tag:h2|font_size:120|text_align:center|color:%23ffffff&#8221; use_theme_fonts=&#8221;yes&#8221; css=&#8221;.vc_custom_1498052862791{padding-top: 220px !important;}&#8221;][\/vc_column][\/vc_row][vc_row full_width=&#8221;stretch_row&#8221; disable_element=&#8221;yes&#8221; css=&#8221;.vc_custom_1695019694158{background-color: #ff6eb0 !important;}&#8221;][vc_column][vc_custom_heading text=&#8221;<b>PRONTO PAGO<\/b><br \/>\nSi te inscribes y pagas hasta el 15 de SEPTIEMBRE para cursos cuatrimestrales o talleres de m\u00e1s de 10 horas, te ahorras un 30% sobre el precio de matr\u00edcula.&#8221; font_container=&#8221;tag:p|text_align:center|color:%23000000&#8243; google_fonts=&#8221;font_family:Roboto%3A100%2C100italic%2C300%2C300italic%2Cregular%2Citalic%2C500%2C500italic%2C700%2C700italic%2C900%2C900italic|font_style:300%20light%20regular%3A300%3Anormal&#8221;][vc_empty_space][\/vc_column][\/vc_row][vc_row full_width=&#8221;stretch_row&#8221; css=&#8221;.vc_custom_1498037438597{border-bottom-width: 1px !important;padding-top: 24px !important;padding-bottom: px !important;background-color: #f8f8f8 !important;border-bottom-color: #e4e4e4 !important;border-bottom-style: solid !important;}&#8221;][vc_column][vc_tta_tabs style=&#8221;flat&#8221; spacing=&#8221;10&#8243; active_section=&#8221;&#8221; no_fill_content_area=&#8221;true&#8221; css=&#8221;.vc_custom_1501075242109{padding-bottom: 30px !important;}&#8221;][vc_tta_section title=&#8221;Oferta formativa&#8221; tab_id=&#8221;oferta-formativa-por-zonas&#8221;][vc_column_text css=&#8221;.vc_custom_1618924446288{padding-bottom: 30px !important;}&#8221;]<!-- xelso - May 2020 -->\n<!-- ccruz - May 2017 -->\n<link rel=\"stylesheet\" href=\" https:\/\/fg.ull.es\/idiomas\/wp-content\/plugins\/shortcodesidiomas\/includes\/css.css \">\n<link rel=\"stylesheet\" type=\"text\/css\" href=\"https:\/\/cdn.datatables.net\/1.10.21\/css\/jquery.dataTables.min.css\"\/>\n\n<script type=\"text\/javascript\" charset=\"utf8\" src=\"https:\/\/code.jquery.com\/jquery-3.5.1.js\"><\/script>\n<script type=\"text\/javascript\" charset=\"utf8\" src=\"https:\/\/cdn.datatables.net\/1.10.21\/js\/jquery.dataTables.min.js\"><\/script>\n<script type=\"text\/javascript\" charset=\"utf8\" src=\"https:\/\/cdnjs.cloudflare.com\/ajax\/libs\/moment.js\/2.18.1\/moment.min.js\"><\/script>\n<script type=\"text\/javascript\" charset=\"utf8\" src=\"https:\/\/cdn.datatables.net\/plug-ins\/1.10.21\/sorting\/datetime-moment.js\"><\/script>\n<script type=\"text\/javascript\" charset=\"utf8\" src=\"https:\/\/cdn.datatables.net\/buttons\/1.6.2\/js\/dataTables.buttons.min.js\"><\/script>\n\n\n<table id=\"\"  class=\"supertabla table table-responsive b_form\">\n    <thead>\n    <th>Idioma<\/th>\n    <th>Modalidad<\/th>\n    <th>Inicio<\/th>\n    <th>Fin<\/th>\n    <th>Horario<\/th>\n    <\/thead>\n    <tfoot>\n    <th>Idioma<\/th>\n    <th>Modalidad<\/th>\n    <th>Inicio<\/th>\n    <th>Fin<\/th>\n    <th>Horario<\/th>\n    <\/tfoot>\n    <tbody>\n\t\n\t<tr>\n\t\t<td><a class=\"url-curso\" href=\"https:\/\/sede.fg.ull.es\/es\/idioma\/detalle\/A26050100\/frances-a2\">Franc\u00e9s - A2 <\/a><\/td>\n        <td>Acreditaci\u00f3n Servicio de Idiomas ULL <\/td>\n                <td>\n            <p>15\/05\/26<\/p>\n        <\/td>\n        <td>\n            <p>15\/05\/26<\/p>\n        <\/td>\n\n\n        <td>\n                        V de 18:00 - 20:00                                                                                                    <\/td>\n\t<\/tr>\n\n\t<tr>\n\t\t<td><a class=\"url-curso\" href=\"https:\/\/sede.fg.ull.es\/es\/idioma\/detalle\/A26050105\/frances-a2\">Franc\u00e9s - A2 <\/a><\/td>\n        <td>Acreditaci\u00f3n Servicio de Idiomas ULL <\/td>\n                <td>\n            <p>18\/09\/26<\/p>\n        <\/td>\n        <td>\n            <p>18\/09\/26<\/p>\n        <\/td>\n\n\n        <td>\n                        J de 18:00 - 20:00                                                                                                    <\/td>\n\t<\/tr>\n\n\t<tr>\n\t\t<td><a class=\"url-curso\" href=\"https:\/\/sede.fg.ull.es\/es\/idioma\/detalle\/A26050106\/frances-a2\">Franc\u00e9s - A2 <\/a><\/td>\n        <td>Acreditaci\u00f3n Servicio de Idiomas ULL <\/td>\n                <td>\n            <p>20\/11\/26<\/p>\n        <\/td>\n        <td>\n            <p>20\/11\/26<\/p>\n        <\/td>\n\n\n        <td>\n                        V de 18:00 - 20:00                                                                                                    <\/td>\n\t<\/tr>\n\n\t<tr>\n\t\t<td><a class=\"url-curso\" href=\"https:\/\/sede.fg.ull.es\/es\/idioma\/detalle\/A26050104\/frances-a2\">Franc\u00e9s - A2 <\/a><\/td>\n        <td>Acreditaci\u00f3n Servicio de Idiomas ULL <\/td>\n                <td>\n            <p>17\/07\/26<\/p>\n        <\/td>\n        <td>\n            <p>17\/07\/26<\/p>\n        <\/td>\n\n\n        <td>\n                        J de 18:00 - 20:00                                                                                                    <\/td>\n\t<\/tr>\n\n\t<tr>\n\t\t<td><a class=\"url-curso\" href=\"https:\/\/sede.fg.ull.es\/es\/idioma\/detalle\/A26050108\/frances-b1\">Franc\u00e9s - B1 <\/a><\/td>\n        <td>Acreditaci\u00f3n Servicio de Idiomas ULL <\/td>\n                <td>\n            <p>17\/07\/26<\/p>\n        <\/td>\n        <td>\n            <p>17\/07\/26<\/p>\n        <\/td>\n\n\n        <td>\n                        V de 9:00 - 11:00                                                                                                    <\/td>\n\t<\/tr>\n\n\t<tr>\n\t\t<td><a class=\"url-curso\" href=\"https:\/\/sede.fg.ull.es\/es\/idioma\/detalle\/A26050110\/frances-b1\">Franc\u00e9s - B1 <\/a><\/td>\n        <td>Acreditaci\u00f3n Servicio de Idiomas ULL <\/td>\n                <td>\n            <p>20\/11\/26<\/p>\n        <\/td>\n        <td>\n            <p>20\/11\/26<\/p>\n        <\/td>\n\n\n        <td>\n                        V de 9:00 - 11:00                                                                                                    <\/td>\n\t<\/tr>\n\n\t<tr>\n\t\t<td><a class=\"url-curso\" href=\"https:\/\/sede.fg.ull.es\/es\/idioma\/detalle\/A26050109\/frances-b1\">Franc\u00e9s - B1 <\/a><\/td>\n        <td>Acreditaci\u00f3n Servicio de Idiomas ULL <\/td>\n                <td>\n            <p>18\/09\/26<\/p>\n        <\/td>\n        <td>\n            <p>18\/09\/26<\/p>\n        <\/td>\n\n\n        <td>\n                        V de 9:00 - 11:00                                                                                                    <\/td>\n\t<\/tr>\n\n\t<tr>\n\t\t<td><a class=\"url-curso\" href=\"https:\/\/sede.fg.ull.es\/es\/idioma\/detalle\/A26050107\/frances-b1\">Franc\u00e9s - B1 <\/a><\/td>\n        <td>Acreditaci\u00f3n Servicio de Idiomas ULL <\/td>\n                <td>\n            <p>15\/05\/26<\/p>\n        <\/td>\n        <td>\n            <p>15\/05\/26<\/p>\n        <\/td>\n\n\n        <td>\n                        V de 9:00 - 11:00                                                                                                    <\/td>\n\t<\/tr>\n\n\t<tr>\n\t\t<td><a class=\"url-curso\" href=\"https:\/\/sede.fg.ull.es\/es\/idioma\/detalle\/A26050113\/frances-b2\">Franc\u00e9s - B2 <\/a><\/td>\n        <td>Acreditaci\u00f3n Servicio de Idiomas ULL <\/td>\n                <td>\n            <p>15\/05\/26<\/p>\n        <\/td>\n        <td>\n            <p>15\/05\/26<\/p>\n        <\/td>\n\n\n        <td>\n                        V de 15:00 - 18:00                                                                                                    <\/td>\n\t<\/tr>\n\n\t<tr>\n\t\t<td><a class=\"url-curso\" href=\"https:\/\/sede.fg.ull.es\/es\/idioma\/detalle\/A26050114\/frances-b2\">Franc\u00e9s - B2 <\/a><\/td>\n        <td>Acreditaci\u00f3n Servicio de Idiomas ULL <\/td>\n                <td>\n            <p>18\/09\/26<\/p>\n        <\/td>\n        <td>\n            <p>18\/09\/26<\/p>\n        <\/td>\n\n\n        <td>\n                        V de 15:00 - 18:00                                                                                                    <\/td>\n\t<\/tr>\n\n\t<tr>\n\t\t<td><a class=\"url-curso\" href=\"https:\/\/sede.fg.ull.es\/es\/idioma\/detalle\/A26050117\/frances-b2\">Franc\u00e9s - B2 <\/a><\/td>\n        <td>Acreditaci\u00f3n Servicio de Idiomas ULL <\/td>\n                <td>\n            <p>20\/11\/26<\/p>\n        <\/td>\n        <td>\n            <p>20\/11\/26<\/p>\n        <\/td>\n\n\n        <td>\n                        V de 9:00 - 12:00                                                                                                    <\/td>\n\t<\/tr>\n\n\t<tr>\n\t\t<td><a class=\"url-curso\" href=\"https:\/\/sede.fg.ull.es\/es\/idioma\/detalle\/A26050116\/frances-b2\">Franc\u00e9s - B2 <\/a><\/td>\n        <td>Acreditaci\u00f3n Servicio de Idiomas ULL <\/td>\n                <td>\n            <p>17\/07\/26<\/p>\n        <\/td>\n        <td>\n            <p>17\/07\/26<\/p>\n        <\/td>\n\n\n        <td>\n                        V de 15:00 - 18:00                                                                                                    <\/td>\n\t<\/tr>\n\n\t<tr>\n\t\t<td><a class=\"url-curso\" href=\"https:\/\/sede.fg.ull.es\/es\/idioma\/detalle\/A26050112\/frances-c1\">Franc\u00e9s - C1 <\/a><\/td>\n        <td>Acreditaci\u00f3n Servicio de Idiomas ULL <\/td>\n                <td>\n            <p>17\/07\/26<\/p>\n        <\/td>\n        <td>\n            <p>17\/07\/26<\/p>\n        <\/td>\n\n\n        <td>\n                        V de 9:00 - 12:00                                                                                                    <\/td>\n\t<\/tr>\n\n\t<tr>\n\t\t<td><a class=\"url-curso\" href=\"https:\/\/sede.fg.ull.es\/es\/idioma\/detalle\/A26050120\/frances-c1\">Franc\u00e9s - C1 <\/a><\/td>\n        <td>Acreditaci\u00f3n Servicio de Idiomas ULL <\/td>\n                <td>\n            <p>20\/11\/26<\/p>\n        <\/td>\n        <td>\n            <p>20\/11\/26<\/p>\n        <\/td>\n\n\n        <td>\n                        V de 15:00 - 18:00                                                                                                    <\/td>\n\t<\/tr>\n\n\t<tr>\n\t\t<td><a class=\"url-curso\" href=\"https:\/\/sede.fg.ull.es\/es\/idioma\/detalle\/A26050119\/frances-c1\">Franc\u00e9s - C1 <\/a><\/td>\n        <td>Acreditaci\u00f3n Servicio de Idiomas ULL <\/td>\n                <td>\n            <p>18\/09\/26<\/p>\n        <\/td>\n        <td>\n            <p>18\/09\/26<\/p>\n        <\/td>\n\n\n        <td>\n                        V de 9:00 - 12:00                                                                                                    <\/td>\n\t<\/tr>\n\n\t<tr>\n\t\t<td><a class=\"url-curso\" href=\"https:\/\/sede.fg.ull.es\/es\/idioma\/detalle\/A26050118\/frances-c1\">Franc\u00e9s - C1 <\/a><\/td>\n        <td>Acreditaci\u00f3n Servicio de Idiomas ULL <\/td>\n                <td>\n            <p>15\/05\/26<\/p>\n        <\/td>\n        <td>\n            <p>15\/05\/26<\/p>\n        <\/td>\n\n\n        <td>\n                        V de 9:00 - 12:00                                                                                                    <\/td>\n\t<\/tr>\n\n\t<tr>\n\t\t<td><a class=\"url-curso\" href=\"https:\/\/sede.fg.ull.es\/es\/idioma\/detalle\/A26050080\/frances-preparatorio-online-a1\">Franc\u00e9s - Preparatorio Online A1 <\/a><\/td>\n        <td>Curso <\/td>\n                <td>\n            <p>06\/04\/26<\/p>\n        <\/td>\n        <td>\n            <p>31\/05\/26<\/p>\n        <\/td>\n\n\n        <td>\n        Consultar en la sede o pr\u00f3ximamente        <\/td>\n\t<\/tr>\n\t<\/tbody>\n<\/table>\n<script>\n    $(document).ready(function() {\n        $.fn.dataTable.moment( 'DD\/MM\/YY' );\n\n        $('table.supertabla').DataTable( {\n            retrieve:true,\n            \"paging\":   true,\n            \"ordering\": true,\n            \"order\": [[ 2, 'asc' ]],\n            \"info\":     true,\n            \"language\": {\n                \"lengthMenu\": \"Mostrar _MENU_ elementos por p\u00e1gina\",\n                \"zeroRecords\": \"En estemos momentos no hay oferta disponible. Revisa nuestra web.\",\n                \"info\": \"Mostrando _PAGE_ de _PAGES_\",\n                \"infoEmpty\": \"No hay registros\",\n                \"infoFiltered\": \"(Filtrado from _MAX_ total records)\",\n                \"loadingRecords\": \"Cargando... elementos :D \",\n                \"search\": \"Buscar\",\n                \"paginate\": {\n                    first:      \"Primera\",\n                    previous:   \"Anterior\",\n                    next:       \"Siguiente\",\n                    last:       \"\u00daltima\"\n                }\n            }\n        } );\n\n    } );\n<\/script>\n\n[\/vc_column_text][\/vc_tta_section][vc_tta_section title=&#8221;Acreditaciones de nivel&#8221; tab_id=&#8221;acreditaciones-de-nivel&#8221;][vc_column_text]<!-- ccruz - May 2017 -->\n<link rel=\"stylesheet\" href=\" https:\/\/fg.ull.es\/idiomas\/wp-content\/plugins\/shortcodesidiomas\/includes\/css.css \">\n<link rel=\"stylesheet\" type=\"text\/css\" href=\"https:\/\/cdn.datatables.net\/1.10.21\/css\/jquery.dataTables.min.css\"\/>\n\n\n<script type=\"text\/javascript\" charset=\"utf8\" src=\"https:\/\/code.jquery.com\/jquery-3.5.1.js\"><\/script>\n<script type=\"text\/javascript\" charset=\"utf8\" src=\"https:\/\/cdn.datatables.net\/1.10.21\/js\/jquery.dataTables.min.js\"><\/script>\n<script type=\"text\/javascript\" src=\"https:\/\/cdnjs.cloudflare.com\/ajax\/libs\/moment.js\/2.18.1\/moment.min.js\"><\/script>\n<script type=\"text\/javascript\" charset=\"utf8\" src=\"https:\/\/cdn.datatables.net\/plug-ins\/1.10.21\/sorting\/datetime-moment.js\"><\/script>\n<script type=\"text\/javascript\" charset=\"utf8\" src=\"https:\/\/cdn.datatables.net\/responsive\/2.2.4\/js\/dataTables.responsive.min.js\"><\/script>\n<script type=\"text\/javascript\" charset=\"utf8\" src=\"https:\/\/cdn.datatables.net\/responsive\/2.2.4\/js\/responsive.bootstrap.min.js\"><\/script>\n\n\n<table id=\"\" class=\"supertabla\" class=\"table table-responsive\">\n\t<thead>\n\t\t<th>Acreditaci\u00f3n<\/th>\n\t\t<th>Modalidad<\/th>\n\t\t<th data-orderable=\"true\">Fecha<\/th>\n\t\t<th>Horario<\/th>\n\t<\/thead>\n\t<tfoot>\n\t    <th>Acreditaci\u00f3n<\/th>\n\t    <th>Modalidad<\/th>\n\t    <th>Fecha<\/th>\n\t    <th>Horario<\/th>\n\t <\/tfoot>\n\t<tbody>\n\t\n    <tr>\n        <td><a class=\"url-curso\" href=\"https:\/\/sede.fg.ull.es\/es\/idioma\/detalle\/A26050100\/frances-a2\">Franc\u00e9s - A2 <\/a> <\/td>\n        <!--            <td>A2 <\/td>-->\n        <td>Online (Teleformaci\u00f3n)<\/td>\n\n                <td>15\/05\/2026 <\/td>\n        <td>\n                            <!--V -  de  18:00 - 20:00-->\n               \n                     V - \n                       de  \n                      18:00 - \n                      20:00                        <\/td>\n    <\/tr>\n\n\n    <tr>\n        <td><a class=\"url-curso\" href=\"https:\/\/sede.fg.ull.es\/es\/idioma\/detalle\/A26050105\/frances-a2\">Franc\u00e9s - A2 <\/a> <\/td>\n        <!--            <td>A2 <\/td>-->\n        <td>Online (Teleformaci\u00f3n)<\/td>\n\n                <td>18\/09\/2026 <\/td>\n        <td>\n                            <!--J -  de  18:00 - 20:00-->\n               \n                     J - \n                       de  \n                      18:00 - \n                      20:00                        <\/td>\n    <\/tr>\n\n\n    <tr>\n        <td><a class=\"url-curso\" href=\"https:\/\/sede.fg.ull.es\/es\/idioma\/detalle\/A26050106\/frances-a2\">Franc\u00e9s - A2 <\/a> <\/td>\n        <!--            <td>A2 <\/td>-->\n        <td>Online (Teleformaci\u00f3n)<\/td>\n\n                <td>20\/11\/2026 <\/td>\n        <td>\n                            <!--V -  de  18:00 - 20:00-->\n               \n                     V - \n                       de  \n                      18:00 - \n                      20:00                        <\/td>\n    <\/tr>\n\n\n    <tr>\n        <td><a class=\"url-curso\" href=\"https:\/\/sede.fg.ull.es\/es\/idioma\/detalle\/A26050104\/frances-a2\">Franc\u00e9s - A2 <\/a> <\/td>\n        <!--            <td>A2 <\/td>-->\n        <td>Online (Teleformaci\u00f3n)<\/td>\n\n                <td>17\/07\/2026 <\/td>\n        <td>\n                            <!--J -  de  18:00 - 20:00-->\n               \n                     J - \n                       de  \n                      18:00 - \n                      20:00                        <\/td>\n    <\/tr>\n\n\n    <tr>\n        <td><a class=\"url-curso\" href=\"https:\/\/sede.fg.ull.es\/es\/idioma\/detalle\/A26050108\/frances-b1\">Franc\u00e9s - B1 <\/a> <\/td>\n        <!--            <td>B1 <\/td>-->\n        <td>Online (Teleformaci\u00f3n)<\/td>\n\n                <td>17\/07\/2026 <\/td>\n        <td>\n                            <!--V -  de  9:00 - 11:00-->\n               \n                     V - \n                       de  \n                      9:00 - \n                      11:00                        <\/td>\n    <\/tr>\n\n\n    <tr>\n        <td><a class=\"url-curso\" href=\"https:\/\/sede.fg.ull.es\/es\/idioma\/detalle\/A26050110\/frances-b1\">Franc\u00e9s - B1 <\/a> <\/td>\n        <!--            <td>B1 <\/td>-->\n        <td>Online (Teleformaci\u00f3n)<\/td>\n\n                <td>20\/11\/2026 <\/td>\n        <td>\n                            <!--V -  de  9:00 - 11:00-->\n               \n                     V - \n                       de  \n                      9:00 - \n                      11:00                        <\/td>\n    <\/tr>\n\n\n    <tr>\n        <td><a class=\"url-curso\" href=\"https:\/\/sede.fg.ull.es\/es\/idioma\/detalle\/A26050109\/frances-b1\">Franc\u00e9s - B1 <\/a> <\/td>\n        <!--            <td>B1 <\/td>-->\n        <td>Online (Teleformaci\u00f3n)<\/td>\n\n                <td>18\/09\/2026 <\/td>\n        <td>\n                            <!--V -  de  9:00 - 11:00-->\n               \n                     V - \n                       de  \n                      9:00 - \n                      11:00                        <\/td>\n    <\/tr>\n\n\n    <tr>\n        <td><a class=\"url-curso\" href=\"https:\/\/sede.fg.ull.es\/es\/idioma\/detalle\/A26050107\/frances-b1\">Franc\u00e9s - B1 <\/a> <\/td>\n        <!--            <td>B1 <\/td>-->\n        <td>Online (Teleformaci\u00f3n)<\/td>\n\n                <td>15\/05\/2026 <\/td>\n        <td>\n                            <!--V -  de  9:00 - 11:00-->\n               \n                     V - \n                       de  \n                      9:00 - \n                      11:00                        <\/td>\n    <\/tr>\n\n\n    <tr>\n        <td><a class=\"url-curso\" href=\"https:\/\/sede.fg.ull.es\/es\/idioma\/detalle\/A26050113\/frances-b2\">Franc\u00e9s - B2 <\/a> <\/td>\n        <!--            <td>B2 <\/td>-->\n        <td>Online (Teleformaci\u00f3n)<\/td>\n\n                <td>15\/05\/2026 <\/td>\n        <td>\n                            <!--V -  de  15:00 - 18:00-->\n               \n                     V - \n                       de  \n                      15:00 - \n                      18:00                        <\/td>\n    <\/tr>\n\n\n    <tr>\n        <td><a class=\"url-curso\" href=\"https:\/\/sede.fg.ull.es\/es\/idioma\/detalle\/A26050114\/frances-b2\">Franc\u00e9s - B2 <\/a> <\/td>\n        <!--            <td>B2 <\/td>-->\n        <td>Online (Teleformaci\u00f3n)<\/td>\n\n                <td>18\/09\/2026 <\/td>\n        <td>\n                            <!--V -  de  15:00 - 18:00-->\n               \n                     V - \n                       de  \n                      15:00 - \n                      18:00                        <\/td>\n    <\/tr>\n\n\n    <tr>\n        <td><a class=\"url-curso\" href=\"https:\/\/sede.fg.ull.es\/es\/idioma\/detalle\/A26050117\/frances-b2\">Franc\u00e9s - B2 <\/a> <\/td>\n        <!--            <td>B2 <\/td>-->\n        <td>Online (Teleformaci\u00f3n)<\/td>\n\n                <td>20\/11\/2026 <\/td>\n        <td>\n                            <!--V -  de  9:00 - 12:00-->\n               \n                     V - \n                       de  \n                      9:00 - \n                      12:00                        <\/td>\n    <\/tr>\n\n\n    <tr>\n        <td><a class=\"url-curso\" href=\"https:\/\/sede.fg.ull.es\/es\/idioma\/detalle\/A26050116\/frances-b2\">Franc\u00e9s - B2 <\/a> <\/td>\n        <!--            <td>B2 <\/td>-->\n        <td>Online (Teleformaci\u00f3n)<\/td>\n\n                <td>17\/07\/2026 <\/td>\n        <td>\n                            <!--V -  de  15:00 - 18:00-->\n               \n                     V - \n                       de  \n                      15:00 - \n                      18:00                        <\/td>\n    <\/tr>\n\n\n    <tr>\n        <td><a class=\"url-curso\" href=\"https:\/\/sede.fg.ull.es\/es\/idioma\/detalle\/A26050112\/frances-c1\">Franc\u00e9s - C1 <\/a> <\/td>\n        <!--            <td>C1 <\/td>-->\n        <td>Online (Teleformaci\u00f3n)<\/td>\n\n                <td>17\/07\/2026 <\/td>\n        <td>\n                            <!--V -  de  9:00 - 12:00-->\n               \n                     V - \n                       de  \n                      9:00 - \n                      12:00                        <\/td>\n    <\/tr>\n\n\n    <tr>\n        <td><a class=\"url-curso\" href=\"https:\/\/sede.fg.ull.es\/es\/idioma\/detalle\/A26050120\/frances-c1\">Franc\u00e9s - C1 <\/a> <\/td>\n        <!--            <td>C1 <\/td>-->\n        <td>Online (Teleformaci\u00f3n)<\/td>\n\n                <td>20\/11\/2026 <\/td>\n        <td>\n                            <!--V -  de  15:00 - 18:00-->\n               \n                     V - \n                       de  \n                      15:00 - \n                      18:00                        <\/td>\n    <\/tr>\n\n\n    <tr>\n        <td><a class=\"url-curso\" href=\"https:\/\/sede.fg.ull.es\/es\/idioma\/detalle\/A26050119\/frances-c1\">Franc\u00e9s - C1 <\/a> <\/td>\n        <!--            <td>C1 <\/td>-->\n        <td>Online (Teleformaci\u00f3n)<\/td>\n\n                <td>18\/09\/2026 <\/td>\n        <td>\n                            <!--V -  de  9:00 - 12:00-->\n               \n                     V - \n                       de  \n                      9:00 - \n                      12:00                        <\/td>\n    <\/tr>\n\n\n    <tr>\n        <td><a class=\"url-curso\" href=\"https:\/\/sede.fg.ull.es\/es\/idioma\/detalle\/A26050118\/frances-c1\">Franc\u00e9s - C1 <\/a> <\/td>\n        <!--            <td>C1 <\/td>-->\n        <td>Online (Teleformaci\u00f3n)<\/td>\n\n                <td>15\/05\/2026 <\/td>\n        <td>\n                            <!--V -  de  9:00 - 12:00-->\n               \n                     V - \n                       de  \n                      9:00 - \n                      12:00                        <\/td>\n    <\/tr>\n\n<tbody>\n<\/table>\n\n\n<script>\n    $(document).ready(function() {\n\t$.fn.dataTable.moment('DD\/MM\/YYYY');\n\n        $('table.supertabla').DataTable( {\n           retrieve:true, \n\t   \"paging\":   true,\n            \"ordering\": true,\n            \"order\": [[ 2, 'asc' ]],\n            \"info\":     true,\n            \"language\": {\n                \"lengthMenu\": \"Mostrar _MENU_ elementos por p\u00e1gina\",\n                \"zeroRecords\": \"En estemos momentos no hay oferta disponible. Revisa nuestra web.\",\n                \"info\": \"Mostrando _PAGE_ de _PAGES_\",\n                \"infoEmpty\": \"No hay registros\",\n                \"infoFiltered\": \"(Filtrado from _MAX_ total records)\",\n                \"loadingRecords\": \"Cargando... elementos :D \",\n                \"search\": \"Buscar\",\n                \"paginate\": {\n                    first:      \"Primera\",\n                    previous:   \"Anterior\",\n                    next:       \"Siguiente\",\n                    last:       \"\u00daltima\"\n                },\n            }\n        } );\n\n    } );\n<\/script>\n\n[\/vc_column_text][\/vc_tta_section][\/vc_tta_tabs][\/vc_column][\/vc_row][vc_row css=&#8221;.vc_custom_1572519672951{margin-top: 0px !important;margin-right: 0px !important;margin-bottom: 0px !important;margin-left: 0px !important;border-top-width: 0px !important;border-right-width: 0px !important;border-bottom-width: 0px !important;border-left-width: 0px !important;padding-top: 40px !important;padding-right: 0px !important;padding-bottom: 0px !important;padding-left: 0px !important;}&#8221;][vc_column width=&#8221;1\/2&#8243; css=&#8221;.vc_custom_1498039327857{padding-right: 40px !important;}&#8221;][vc_custom_heading text=&#8221;POR QU\u00c9 ESTUDIAR FRANC\u00c9S&#8221; font_container=&#8221;tag:h1|font_size:36|text_align:left|color:%23000000|line_height:1.15&#8243; google_fonts=&#8221;font_family:Roboto%20Condensed%3A300%2C300italic%2Cregular%2Citalic%2C700%2C700italic|font_style:700%20bold%20regular%3A700%3Anormal&#8221;][vc_empty_space height=&#8221;15&#8243;][vc_custom_heading text=&#8221;El franc\u00e9s es hablado por m\u00e1s de 220 millones de personas, y a parte de Francia, es lengua oficial o co-oficial en la Uni\u00f3n Europea, de trabajo en las Naciones Unidas, en los Juegos Ol\u00edmpicos e incluso en Eurovisi\u00f3n.&#8221; font_container=&#8221;tag:p|font_size:19|text_align:left|color:%23000000|line_height:1.6&#8243; google_fonts=&#8221;font_family:Roboto%3A100%2C100italic%2C300%2C300italic%2Cregular%2Citalic%2C500%2C500italic%2C700%2C700italic%2C900%2C900italic|font_style:300%20light%20regular%3A300%3Anormal&#8221;][vc_empty_space height=&#8221;15&#8243;][vc_column_text]Las ventajas de <strong>poder expresarte en franc\u00e9s incluyen poder viajar a todos los pa\u00edses franc\u00f3fonos<\/strong>, buscar un empleo, desarrollar tu carrera profesional, abrir nuevos horizontes a tu empresa, estudiar fuera o entender algunos aspectos claves de la Historia europea y mundial.<\/p>\n<p>A todo esto, hay que a\u00f1adir que podr\u00e1s entrar en un <strong>mundo cultural muy rico tanto a nivel literario como art\u00edstico, cinematogr\u00e1fico o musical<\/strong>.<\/p>\n<p>Por tanto, <strong>aprender franc\u00e9s puede abrirnos a un nuevo mundo de experiencias<\/strong> laborales, acad\u00e9micas o simplemente culturales, d\u00e1ndonos la oportunidad de visitar diferentes pa\u00edses, de hacer nuevas amistades, de conocer otras culturas o de ver, escuchar y leer contenido en su idioma original, entre otras tantas otras cosas m\u00e1s.[\/vc_column_text][vc_empty_space height=&#8221;32&#8243;][\/vc_column][vc_column width=&#8221;1\/2&#8243;][vc_tta_accordion style=&#8221;flat&#8221; shape=&#8221;square&#8221; c_icon=&#8221;chevron&#8221; c_position=&#8221;right&#8221; active_section=&#8221;A&#8221; no_fill=&#8221;true&#8221; collapsible_all=&#8221;true&#8221; css=&#8221;.vc_custom_1571406596378{margin-top: 0px !important;margin-right: 0px !important;margin-bottom: 0px !important;margin-left: 0px !important;border-top-width: 0px !important;border-right-width: 0px !important;border-bottom-width: 0px !important;border-left-width: 0px !important;padding-top: 0px !important;padding-right: 0px !important;padding-bottom: 0px !important;padding-left: 0px !important;}&#8221;][vc_tta_section title=&#8221;POR QU\u00c9 CON NOSOTROS&#8221; tab_id=&#8221;por-que-con-nosotros&#8221;][vc_row_inner][vc_column_inner][vc_column_text]<strong>M\u00e1s de 25 a\u00f1os de dedicaci\u00f3n a la formaci\u00f3n en idiomas<\/strong>\u00a0avalan al\u00a0<a href=\"https:\/\/fg.ull.es\/idiomas\/\" target=\"_blank\" rel=\"noopener\"><strong>Servicio de Idiomas<\/strong><\/a>\u00a0como referente en la ense\u00f1anza de idiomas en Canarias.<\/p>\n<p><span style=\"color: #000000\"><strong>Si quieres aprender franc\u00e9s<\/strong> desde cero o seguir avanzando en el conocimiento del idioma, ver\u00e1s que ir\u00e1s progresando y ganando fluidez en un corto lapso de tiempo. Desde el primer momento impartimos las clases en franc\u00e9s.<\/span><\/p>\n<p><span style=\"color: #000000\">El <a href=\"https:\/\/fg.ull.es\/idiomas\/\" target=\"_blank\" rel=\"noopener\"><strong>Servicio de Idiomas<\/strong><\/a> cuenta con\u00a0<em>una amplia oferta formativa<\/em> de la mano de un <strong>profesorado nativo o biling\u00fce, preparado y con una amplia experiencia,\u00a0<\/strong>junto a la garant\u00eda y seguridad que ofrece la universidad.<\/span>[\/vc_column_text][\/vc_column_inner][\/vc_row_inner][\/vc_tta_section][vc_tta_section title=&#8221;C\u00d3MO SE REALIZAN LOS CURSOS&#8221; tab_id=&#8221;como-se-realizan-los-cursos&#8221;][vc_row_inner][vc_column_inner][vc_column_text]<span style=\"color: #000000\">Los cursos de <strong>franc\u00e9s<\/strong> en el <a href=\"https:\/\/fg.ull.es\/idiomas\/\" target=\"_blank\" rel=\"noopener\">Servicio de Idiomas<\/a> se dividen por niveles referenciados por el <a href=\"https:\/\/fg.ull.es\/idiomas\/servicio-de-idiomas\/#marco-comun-europeo\" target=\"_blank\" rel=\"noopener\">Marco Com\u00fan Europeo de Referencia de las Lenguas<\/a>, partiendo desde el \u201c<strong>A1<\/strong>\u201d de los principiantes y hasta llegar al \u201c<strong>C1<\/strong>\u201d de aquellos que llegan a dominar la lengua.<\/span><\/p>\n<p><span style=\"color: #000000\"><strong>Estos niveles<\/strong>, a su vez, <strong>se pueden dividir en 2 o 4 subniveles<\/strong>, dependiendo del curso, para facilitar su aprendizaje<\/span><span style=\"font-weight: 400\">.<\/span><\/p>\n<p><a href=\"https:\/\/fg.ull.es\/idiomas\/lenguas-y-niveles\/\" target=\"_blank\" rel=\"noopener\">Conoce m\u00e1s sobre nuestros niveles<\/a>.[\/vc_column_text][\/vc_column_inner][\/vc_row_inner][\/vc_tta_section][vc_tta_section title=&#8221;QUI\u00c9N PUEDE&#8221; tab_id=&#8221;quien-puede&#8221;][vc_row_inner][vc_column_inner][vc_column_text]<strong><span style=\"color: black\">Cualquier persona mayor de 16 a\u00f1os que desee aprender, <\/span><\/strong><span style=\"color: black\">independientemente de si es parte de la comunidad universitaria,<\/span><strong><span style=\"color: black\"> puede recibir clases <\/span><\/strong><span style=\"color: black\">y participar en cualquier idioma.<\/span>[\/vc_column_text][\/vc_column_inner][\/vc_row_inner][\/vc_tta_section][vc_tta_section title=&#8221;C\u00d3MO SE REALIZA LA MATR\u00cdCULA&#8221; tab_id=&#8221;como-se-realiza-la-matricula&#8221;][vc_row_inner][vc_column_inner][vc_column_text]<b>Si comienzas desde cero*<\/b>\u00a0o\u00a0<b>ya has cursado un nivel previo<\/b>\u00a0del idioma en nuestro centro, puedes formalizar tu matr\u00edcula directamente a trav\u00e9s de\u00a0nuestra\u00a0<a href=\"https:\/\/sede.fg.ull.es\/es\/idioma\">sede electr\u00f3nica<\/a>\u00a0o en la\u00a0<a href=\"https:\/\/fg.ull.es\/idiomas\/donde-estamos\/\">secretar\u00eda de la Fundaci\u00f3n<\/a>.<\/p>\n<p>En cambio,\u00a0<b>si tienes alg\u00fan conocimiento del idioma<\/b>, puedes realizar una\u00a0<a href=\"https:\/\/fg.ull.es\/idiomas\/pruebas-nivel\/\"><b>prueba de nivel<\/b><\/a>\u00a0totalmente gratuita para determinar qu\u00e9 nivel te corresponde realizar, o bien, adjuntar la documentaci\u00f3n acreditativa de tu nivel en el apartado \u201cDocumentaci\u00f3n\u201d en la sede electr\u00f3nica. Una vez se compruebe que dispones del nivel requerido, se te formalizar\u00e1 la matr\u00edcula y te enviaremos la carta de pago.<\/p>\n<p><em>*Recomendamos siempre realizar la prueba de nivel, incluso cuando creas que apenas tienes conocimiento del idioma, ya que en muchas ocasiones se tiende a infravalorar el conocimiento que se tiene sobre algo.<\/em><\/p>\n<p><a href=\"https:\/\/fg.ull.es\/idiomas\/como-matricularse-servicio-idiomas-la-universidad-la-laguna\/\">M\u00e1s informaci\u00f3n sobre c\u00f3mo se realiza la matr\u00edcula<\/a>[\/vc_column_text][\/vc_column_inner][\/vc_row_inner][\/vc_tta_section][vc_tta_section title=&#8221;CU\u00c1NTO CUESTA&#8221; tab_id=&#8221;cuanto-cuesta&#8221;][vc_row_inner][vc_column_inner][vc_column_text]<b>Depender\u00e1 de cada curso.<\/b><\/p>\n<p><span style=\"font-weight: 400\">Puedes consultar su precio, al igual que los diferentes descuentos disponibles (Comunidad universitaria ULL, demandante de empleo, etc.) y modalidades de pago en la ficha de cada curso.<\/span><\/p>\n<p><span style=\"font-weight: 400\">Adem\u00e1s, tambi\u00e9n puedes contar con las <a href=\"https:\/\/fg.ull.es\/idiomas\/becas\/#1580733300740-5501d2bf-ae65\" target=\"_blank\" rel=\"noopener\">Becas Prolingua<\/a> o, si est\u00e1s trabajando, con la <a href=\"https:\/\/fg.ull.es\/formacion\/fundacion-estatal-para-la-formacion-en-el-empleo-fundae\/\" target=\"_blank\" rel=\"noopener\">bonificaci\u00f3n a trav\u00e9s de la FUNDAE<\/a><\/span>.[\/vc_column_text][\/vc_column_inner][\/vc_row_inner][\/vc_tta_section][vc_tta_section title=&#8221;PREGUNTAS FRECUENTES &#8211; F.A.Q.&#8221; tab_id=&#8221;preguntas-frecuentes&#8221;][vc_column_text]<span style=\"color: #000000\">Hemos preparado una lista con las preguntas o dudas mas habituales.\u00a0<\/span><\/p>\n<p>Puedes consultarlas en el siguiente enlace.[\/vc_column_text][vc_btn title=&#8221;Ver el listado de preguntas frecuentes &#8211; F.A.Q.&#8221; style=&#8221;custom&#8221; custom_background=&#8221;#5c068c&#8221; custom_text=&#8221;#ffffff&#8221; link=&#8221;url:https%3A%2F%2Ffg.ull.es%2Fidiomas%2Fpreguntas-frecuentes-faq%2F||target:%20_blank|&#8221;][\/vc_tta_section][\/vc_tta_accordion][vc_empty_space height=&#8221;10&#8243;][vc_tta_accordion style=&#8221;flat&#8221; shape=&#8221;square&#8221; color=&#8221;black&#8221; c_icon=&#8221;chevron&#8221; c_position=&#8221;right&#8221; active_section=&#8221;a&#8221; no_fill=&#8221;true&#8221; collapsible_all=&#8221;true&#8221; css=&#8221;.vc_custom_1516705765711{margin-top: -12px !important;margin-right: 0px !important;margin-bottom: 0px !important;margin-left: 0px !important;border-top-width: 0px !important;border-right-width: 0px !important;border-bottom-width: 0px !important;border-left-width: 0px !important;padding-top: 0px !important;padding-right: 0px !important;padding-bottom: 0px !important;padding-left: 0px !important;}&#8221;][vc_tta_section title=&#8221;\u00bfDUDAS?, ESCR\u00cdBENOS&#8221; tab_id=&#8221;escribenos&#8221;][vc_raw_html]JTNDZGl2JTIwaWQlM0QlMjJmZ3VsbF81Njk4MzkwMjcyNzcwMDQ4JTIyJTIwY2xhc3MlM0QlMjJhZ2lsZV9jcm1fZm9ybV9lbWJlZCUyMiUzRSUzQ3NwYW4lMjBzdHlsZSUzRCUyMmRpc3BsYXklM0Fub25lJTIyJTNFRmlsbCUyMG91dCUyMG15JTIwJTNDYSUyMGhyZWYlM0QlMjJodHRwcyUzQSUyRiUyRmZndWxsLmFnaWxlY3JtLmNvbSUyRmZvcm1zJTJGNTY5ODM5MDI3Mjc3MDA0OCUyMiUzRW9ubGluZSUyMGZvcm0lM0MlMkZhJTNFJTNDJTJGc3BhbiUzRSUzQyUyRmRpdiUzRQ==[\/vc_raw_html][\/vc_tta_section][\/vc_tta_accordion][vc_empty_space][vc_row_inner disable_element=&#8221;yes&#8221; css=&#8221;.vc_custom_1658326199387{margin-top: 4px !important;margin-right: 4px !important;margin-bottom: 4px !important;margin-left: 4px !important;padding-right: 10px !important;padding-bottom: 20px !important;padding-left: 10px !important;background-color: #f963a9 !important;}&#8221;][vc_column_inner][vc_custom_heading text=&#8221;SAB\u00cdAS QUE&#8230;&#8221; font_container=&#8221;tag:h1|font_size:32|text_align:left|color:%23000000|line_height:1.15&#8243; google_fonts=&#8221;font_family:Roboto%20Condensed%3A300%2C300italic%2Cregular%2Citalic%2C700%2C700italic|font_style:700%20bold%20regular%3A700%3Anormal&#8221;][vc_empty_space height=&#8221;6&#8243;][vc_custom_heading text=&#8221;Con la entrada en el Espacio Europeo de Educaci\u00f3n Superior, una de las competencias que se incluye en todos los planes de estudios es el conocimiento de una lengua extranjera. Certificar el nivel de idiomas es necesario para acceder a oposiciones, posgrados, doctorados o programas de movilidad internacional.&#8221; font_container=&#8221;tag:p|font_size:15|text_align:left|color:%23000000|line_height:1.75&#8243; google_fonts=&#8221;font_family:Roboto%20Slab%3A100%2C300%2Cregular%2C700|font_style:300%20light%20regular%3A300%3Anormal&#8221;][vc_custom_heading text=&#8221;Nuestras certificaciones de idiomas se encuentran recogidas en el \u201cBOC 191, ORDEN de 21 de septiembre de 2016\u201d, por el que se regula el reconocimiento de la acreditaci\u00f3n de la competencia ling\u00fc\u00edstica conforme al MCERL en Canarias.&#8221; font_container=&#8221;tag:p|font_size:15|text_align:left|color:%23000000|line_height:1.75&#8243; google_fonts=&#8221;font_family:Roboto%20Slab%3A100%2C300%2Cregular%2C700|font_style:300%20light%20regular%3A300%3Anormal&#8221;][\/vc_column_inner][\/vc_row_inner][vc_empty_space height=&#8221;32&#8243;][\/vc_column][\/vc_row][vc_row full_width=&#8221;stretch_row&#8221; css=&#8221;.vc_custom_1618924476216{margin-top: 60px !important;}&#8221;][vc_column][vc_row_inner css=&#8221;.vc_custom_1572518275450{padding-top: 20px !important;}&#8221;][vc_column_inner][vc_custom_heading text=&#8221;OFERTA FORMATIVA DE FR\u00c1NCES&#8221; font_container=&#8221;tag:h1|font_size:36|text_align:left|color:%23000000|line_height:1.15&#8243; google_fonts=&#8221;font_family:Roboto%20Condensed%3A300%2C300italic%2Cregular%2Citalic%2C700%2C700italic|font_style:700%20bold%20regular%3A700%3Anormal&#8221; css=&#8221;.vc_custom_1618924573235{border-top-width: 4px !important;padding-top: 20px !important;border-top-color: #000000 !important;border-top-style: solid !important;}&#8221;][\/vc_column_inner][\/vc_row_inner][vc_empty_space][vc_row_inner][vc_column_inner][vc_column_text]<!-- xelso - May 2020 -->\n<!-- ccruz - May 2017 -->\n<link rel=\"stylesheet\" href=\" https:\/\/fg.ull.es\/idiomas\/wp-content\/plugins\/shortcodesidiomas\/includes\/css.css \">\n<link rel=\"stylesheet\" type=\"text\/css\" href=\"https:\/\/cdn.datatables.net\/1.10.21\/css\/jquery.dataTables.min.css\"\/>\n\n<script type=\"text\/javascript\" charset=\"utf8\" src=\"https:\/\/code.jquery.com\/jquery-3.5.1.js\"><\/script>\n<script type=\"text\/javascript\" charset=\"utf8\" src=\"https:\/\/cdn.datatables.net\/1.10.21\/js\/jquery.dataTables.min.js\"><\/script>\n<script type=\"text\/javascript\" charset=\"utf8\" src=\"https:\/\/cdnjs.cloudflare.com\/ajax\/libs\/moment.js\/2.18.1\/moment.min.js\"><\/script>\n<script type=\"text\/javascript\" charset=\"utf8\" src=\"https:\/\/cdn.datatables.net\/plug-ins\/1.10.21\/sorting\/datetime-moment.js\"><\/script>\n<script type=\"text\/javascript\" charset=\"utf8\" src=\"https:\/\/cdn.datatables.net\/buttons\/1.6.2\/js\/dataTables.buttons.min.js\"><\/script>\n\n\n<table id=\"\"  class=\"supertabla table table-responsive b_form\">\n    <thead>\n    <th>Idioma<\/th>\n    <th>Modalidad<\/th>\n    <th>Inicio<\/th>\n    <th>Fin<\/th>\n    <th>Horario<\/th>\n    <\/thead>\n    <tfoot>\n    <th>Idioma<\/th>\n    <th>Modalidad<\/th>\n    <th>Inicio<\/th>\n    <th>Fin<\/th>\n    <th>Horario<\/th>\n    <\/tfoot>\n    <tbody>\n\t\n\t<tr>\n\t\t<td><a class=\"url-curso\" href=\"https:\/\/sede.fg.ull.es\/es\/idioma\/detalle\/A26050100\/frances-a2\">Franc\u00e9s - A2 <\/a><\/td>\n        <td>Acreditaci\u00f3n Servicio de Idiomas ULL <\/td>\n                <td>\n            <p>15\/05\/26<\/p>\n        <\/td>\n        <td>\n            <p>15\/05\/26<\/p>\n        <\/td>\n\n\n        <td>\n                        V de 18:00 - 20:00                                                                                                    <\/td>\n\t<\/tr>\n\n\t<tr>\n\t\t<td><a class=\"url-curso\" href=\"https:\/\/sede.fg.ull.es\/es\/idioma\/detalle\/A26050104\/frances-a2\">Franc\u00e9s - A2 <\/a><\/td>\n        <td>Acreditaci\u00f3n Servicio de Idiomas ULL <\/td>\n                <td>\n            <p>17\/07\/26<\/p>\n        <\/td>\n        <td>\n            <p>17\/07\/26<\/p>\n        <\/td>\n\n\n        <td>\n                        J de 18:00 - 20:00                                                                                                    <\/td>\n\t<\/tr>\n\n\t<tr>\n\t\t<td><a class=\"url-curso\" href=\"https:\/\/sede.fg.ull.es\/es\/idioma\/detalle\/A26050105\/frances-a2\">Franc\u00e9s - A2 <\/a><\/td>\n        <td>Acreditaci\u00f3n Servicio de Idiomas ULL <\/td>\n                <td>\n            <p>18\/09\/26<\/p>\n        <\/td>\n        <td>\n            <p>18\/09\/26<\/p>\n        <\/td>\n\n\n        <td>\n                        J de 18:00 - 20:00                                                                                                    <\/td>\n\t<\/tr>\n\n\t<tr>\n\t\t<td><a class=\"url-curso\" href=\"https:\/\/sede.fg.ull.es\/es\/idioma\/detalle\/A26050106\/frances-a2\">Franc\u00e9s - A2 <\/a><\/td>\n        <td>Acreditaci\u00f3n Servicio de Idiomas ULL <\/td>\n                <td>\n            <p>20\/11\/26<\/p>\n        <\/td>\n        <td>\n            <p>20\/11\/26<\/p>\n        <\/td>\n\n\n        <td>\n                        V de 18:00 - 20:00                                                                                                    <\/td>\n\t<\/tr>\n\n\t<tr>\n\t\t<td><a class=\"url-curso\" href=\"https:\/\/sede.fg.ull.es\/es\/idioma\/detalle\/A26050110\/frances-b1\">Franc\u00e9s - B1 <\/a><\/td>\n        <td>Acreditaci\u00f3n Servicio de Idiomas ULL <\/td>\n                <td>\n            <p>20\/11\/26<\/p>\n        <\/td>\n        <td>\n            <p>20\/11\/26<\/p>\n        <\/td>\n\n\n        <td>\n                        V de 9:00 - 11:00                                                                                                    <\/td>\n\t<\/tr>\n\n\t<tr>\n\t\t<td><a class=\"url-curso\" href=\"https:\/\/sede.fg.ull.es\/es\/idioma\/detalle\/A26050109\/frances-b1\">Franc\u00e9s - B1 <\/a><\/td>\n        <td>Acreditaci\u00f3n Servicio de Idiomas ULL <\/td>\n                <td>\n            <p>18\/09\/26<\/p>\n        <\/td>\n        <td>\n            <p>18\/09\/26<\/p>\n        <\/td>\n\n\n        <td>\n                        V de 9:00 - 11:00                                                                                                    <\/td>\n\t<\/tr>\n\n\t<tr>\n\t\t<td><a class=\"url-curso\" href=\"https:\/\/sede.fg.ull.es\/es\/idioma\/detalle\/A26050108\/frances-b1\">Franc\u00e9s - B1 <\/a><\/td>\n        <td>Acreditaci\u00f3n Servicio de Idiomas ULL <\/td>\n                <td>\n            <p>17\/07\/26<\/p>\n        <\/td>\n        <td>\n            <p>17\/07\/26<\/p>\n        <\/td>\n\n\n        <td>\n                        V de 9:00 - 11:00                                                                                                    <\/td>\n\t<\/tr>\n\n\t<tr>\n\t\t<td><a class=\"url-curso\" href=\"https:\/\/sede.fg.ull.es\/es\/idioma\/detalle\/A26050107\/frances-b1\">Franc\u00e9s - B1 <\/a><\/td>\n        <td>Acreditaci\u00f3n Servicio de Idiomas ULL <\/td>\n                <td>\n            <p>15\/05\/26<\/p>\n        <\/td>\n        <td>\n            <p>15\/05\/26<\/p>\n        <\/td>\n\n\n        <td>\n                        V de 9:00 - 11:00                                                                                                    <\/td>\n\t<\/tr>\n\n\t<tr>\n\t\t<td><a class=\"url-curso\" href=\"https:\/\/sede.fg.ull.es\/es\/idioma\/detalle\/A26050113\/frances-b2\">Franc\u00e9s - B2 <\/a><\/td>\n        <td>Acreditaci\u00f3n Servicio de Idiomas ULL <\/td>\n                <td>\n            <p>15\/05\/26<\/p>\n        <\/td>\n        <td>\n            <p>15\/05\/26<\/p>\n        <\/td>\n\n\n        <td>\n                        V de 15:00 - 18:00                                                                                                    <\/td>\n\t<\/tr>\n\n\t<tr>\n\t\t<td><a class=\"url-curso\" href=\"https:\/\/sede.fg.ull.es\/es\/idioma\/detalle\/A26050116\/frances-b2\">Franc\u00e9s - B2 <\/a><\/td>\n        <td>Acreditaci\u00f3n Servicio de Idiomas ULL <\/td>\n                <td>\n            <p>17\/07\/26<\/p>\n        <\/td>\n        <td>\n            <p>17\/07\/26<\/p>\n        <\/td>\n\n\n        <td>\n                        V de 15:00 - 18:00                                                                                                    <\/td>\n\t<\/tr>\n\n\t<tr>\n\t\t<td><a class=\"url-curso\" href=\"https:\/\/sede.fg.ull.es\/es\/idioma\/detalle\/A26050114\/frances-b2\">Franc\u00e9s - B2 <\/a><\/td>\n        <td>Acreditaci\u00f3n Servicio de Idiomas ULL <\/td>\n                <td>\n            <p>18\/09\/26<\/p>\n        <\/td>\n        <td>\n            <p>18\/09\/26<\/p>\n        <\/td>\n\n\n        <td>\n                        V de 15:00 - 18:00                                                                                                    <\/td>\n\t<\/tr>\n\n\t<tr>\n\t\t<td><a class=\"url-curso\" href=\"https:\/\/sede.fg.ull.es\/es\/idioma\/detalle\/A26050117\/frances-b2\">Franc\u00e9s - B2 <\/a><\/td>\n        <td>Acreditaci\u00f3n Servicio de Idiomas ULL <\/td>\n                <td>\n            <p>20\/11\/26<\/p>\n        <\/td>\n        <td>\n            <p>20\/11\/26<\/p>\n        <\/td>\n\n\n        <td>\n                        V de 9:00 - 12:00                                                                                                    <\/td>\n\t<\/tr>\n\n\t<tr>\n\t\t<td><a class=\"url-curso\" href=\"https:\/\/sede.fg.ull.es\/es\/idioma\/detalle\/A26050120\/frances-c1\">Franc\u00e9s - C1 <\/a><\/td>\n        <td>Acreditaci\u00f3n Servicio de Idiomas ULL <\/td>\n                <td>\n            <p>20\/11\/26<\/p>\n        <\/td>\n        <td>\n            <p>20\/11\/26<\/p>\n        <\/td>\n\n\n        <td>\n                        V de 15:00 - 18:00                                                                                                    <\/td>\n\t<\/tr>\n\n\t<tr>\n\t\t<td><a class=\"url-curso\" href=\"https:\/\/sede.fg.ull.es\/es\/idioma\/detalle\/A26050119\/frances-c1\">Franc\u00e9s - C1 <\/a><\/td>\n        <td>Acreditaci\u00f3n Servicio de Idiomas ULL <\/td>\n                <td>\n            <p>18\/09\/26<\/p>\n        <\/td>\n        <td>\n            <p>18\/09\/26<\/p>\n        <\/td>\n\n\n        <td>\n                        V de 9:00 - 12:00                                                                                                    <\/td>\n\t<\/tr>\n\n\t<tr>\n\t\t<td><a class=\"url-curso\" href=\"https:\/\/sede.fg.ull.es\/es\/idioma\/detalle\/A26050112\/frances-c1\">Franc\u00e9s - C1 <\/a><\/td>\n        <td>Acreditaci\u00f3n Servicio de Idiomas ULL <\/td>\n                <td>\n            <p>17\/07\/26<\/p>\n        <\/td>\n        <td>\n            <p>17\/07\/26<\/p>\n        <\/td>\n\n\n        <td>\n                        V de 9:00 - 12:00                                                                                                    <\/td>\n\t<\/tr>\n\n\t<tr>\n\t\t<td><a class=\"url-curso\" href=\"https:\/\/sede.fg.ull.es\/es\/idioma\/detalle\/A26050118\/frances-c1\">Franc\u00e9s - C1 <\/a><\/td>\n        <td>Acreditaci\u00f3n Servicio de Idiomas ULL <\/td>\n                <td>\n            <p>15\/05\/26<\/p>\n        <\/td>\n        <td>\n            <p>15\/05\/26<\/p>\n        <\/td>\n\n\n        <td>\n                        V de 9:00 - 12:00                                                                                                    <\/td>\n\t<\/tr>\n\n\t<tr>\n\t\t<td><a class=\"url-curso\" href=\"https:\/\/sede.fg.ull.es\/es\/idioma\/detalle\/A26050080\/frances-preparatorio-online-a1\">Franc\u00e9s - Preparatorio Online A1 <\/a><\/td>\n        <td>Curso <\/td>\n                <td>\n            <p>06\/04\/26<\/p>\n        <\/td>\n        <td>\n            <p>31\/05\/26<\/p>\n        <\/td>\n\n\n        <td>\n        Consultar en la sede o pr\u00f3ximamente        <\/td>\n\t<\/tr>\n\t<\/tbody>\n<\/table>\n<script>\n    $(document).ready(function() {\n        $.fn.dataTable.moment( 'DD\/MM\/YY' );\n\n        $('table.supertabla').DataTable( {\n            retrieve:true,\n            \"paging\":   true,\n            \"ordering\": true,\n            \"order\": [[ 2, 'asc' ]],\n            \"info\":     true,\n            \"language\": {\n                \"lengthMenu\": \"Mostrar _MENU_ elementos por p\u00e1gina\",\n                \"zeroRecords\": \"En estemos momentos no hay oferta disponible. Revisa nuestra web.\",\n                \"info\": \"Mostrando _PAGE_ de _PAGES_\",\n                \"infoEmpty\": \"No hay registros\",\n                \"infoFiltered\": \"(Filtrado from _MAX_ total records)\",\n                \"loadingRecords\": \"Cargando... elementos :D \",\n                \"search\": \"Buscar\",\n                \"paginate\": {\n                    first:      \"Primera\",\n                    previous:   \"Anterior\",\n                    next:       \"Siguiente\",\n                    last:       \"\u00daltima\"\n                }\n            }\n        } );\n\n    } );\n<\/script>\n\n[\/vc_column_text][\/vc_column_inner][\/vc_row_inner][\/vc_column][\/vc_row][vc_row full_width=&#8221;stretch_row&#8221; css=&#8221;.vc_custom_1572518270718{margin-top: 60px !important;background-color: #f8f8f8 !important;}&#8221;][vc_column][vc_row_inner css=&#8221;.vc_custom_1572518275450{padding-top: 20px !important;}&#8221;][vc_column_inner][vc_custom_heading text=&#8221;NUESTROS DOCENTES Y COLABORADORES&#8221; font_container=&#8221;tag:h2|font_size:36|text_align:left|color:%23000000|line_height:1.15&#8243; google_fonts=&#8221;font_family:Roboto%20Condensed%3A300%2C300italic%2Cregular%2Citalic%2C700%2C700italic|font_style:700%20bold%20regular%3A700%3Anormal&#8221; css=&#8221;.vc_custom_1618924582874{border-top-width: 4px !important;padding-top: 20px !important;border-top-color: #000000 !important;border-top-style: solid !important;}&#8221;][\/vc_column_inner][\/vc_row_inner][\/vc_column][\/vc_row][vc_row full_width=&#8221;stretch_row&#8221; css=&#8221;.vc_custom_1572518280669{margin-bottom: 0px !important;padding-bottom: 30px !important;background-color: #f8f8f8 !important;}&#8221;][vc_column width=&#8221;1\/4&#8243;][vc_single_image image=&#8221;8760&#8243; img_size=&#8221;240&#215;240&#8243;][vc_tta_accordion style=&#8221;flat&#8221; shape=&#8221;square&#8221; c_icon=&#8221;&#8221; active_section=&#8221;&#8221; no_fill=&#8221;true&#8221; collapsible_all=&#8221;true&#8221; css=&#8221;.vc_custom_1557311217291{margin-top: 0px !important;margin-right: 0px !important;margin-bottom: 0px !important;margin-left: -7px !important;border-top-width: 0px !important;border-right-width: 0px !important;border-bottom-width: 0px !important;border-left-width: 0px !important;padding-top: 10px !important;padding-right: 0px !important;padding-bottom: 0px !important;padding-left: 0px !important;}&#8221;][vc_tta_section title=&#8221;Alexandra Garc\u00eda&#8221; tab_id=&#8221;alexandra-garcia&#8221;][vc_custom_heading text=&#8221;Tras terminar en 2017 el Doble Grado en Traducci\u00f3n e Interpretaci\u00f3n (ingl\u00e9s, franc\u00e9s, alem\u00e1n) en la Universidad de Las Palmas de Gran Canaria, decid\u00ed optar por un recorrido profesional dual: en 2018, hice el M\u00e1ster en Interpretaci\u00f3n de Conferencias (ingl\u00e9s, franc\u00e9s, italiano) en la Universidad de La Laguna y en 2020 el M\u00e1ster en Formaci\u00f3n del Profesorado por la UNED, al mismo tiempo que trabajaba como profesora de ingl\u00e9s para ni\u00f1os en programas de inmersi\u00f3n ling\u00fc\u00edstica. As\u00ed, siempre he compaginado mi trabajo como traductora e int\u00e9rprete aut\u00f3noma con la docencia, tanto en formaci\u00f3n reglada (ULPGC, ULL, academias, cursos formativos) como no reglada (clases particulares).&#8221; font_container=&#8221;tag:p|font_size:13|text_align:left|line_height:1.75&#8243; google_fonts=&#8221;font_family:Roboto%20Slab%3A100%2C300%2Cregular%2C700|font_style:300%20light%20regular%3A300%3Anormal&#8221;][vc_empty_space height=&#8221;13&#8243;][vc_custom_heading text=&#8221;Dar clases, en contrapartida a la traducci\u00f3n y la interpretaci\u00f3n, aporta un aspecto mucho m\u00e1s humano y din\u00e1mico a mi vida laboral: el trato con los alumnos es muy enriquecedor en todos los sentidos y favorece la creatividad y el desarrollo de actividades con un toque l\u00fadico. Pretendo que mis clases sean un lugar en el que los alumnos se sientan lo suficientemente c\u00f3modos para cometer errores y comunicar, sea cual sea el mensaje, en franc\u00e9s. La modalidad en l\u00ednea, adem\u00e1s, no es un problema. Con un ordenador con conexi\u00f3n estable a internet y unos auriculares est\u00e1 todo resuelto. Lo importante para m\u00ed es conseguir que el alumnado, a pesar de la gram\u00e1tica, de la fon\u00e9tica y de las peculiaridades del franc\u00e9s, disfrute de las clases y logre &#8216;vivir&#8217; el idioma.&#8221; font_container=&#8221;tag:p|font_size:13|text_align:left|line_height:1.75&#8243; google_fonts=&#8221;font_family:Roboto%20Slab%3A100%2C300%2Cregular%2C700|font_style:300%20light%20regular%3A300%3Anormal&#8221;][vc_empty_space height=&#8221;13&#8243;][vc_custom_heading text=&#8221;Desde 2020 trabajo como docente colaboradora de franc\u00e9s con el Servicio de Idiomas en distinto niveles con un objetivo muy claro: que mis alumnos no se den por vencidos con las nasales.&#8221; font_container=&#8221;tag:p|font_size:13|text_align:left|line_height:1.75&#8243; google_fonts=&#8221;font_family:Roboto%20Slab%3A100%2C300%2Cregular%2C700|font_style:300%20light%20regular%3A300%3Anormal&#8221;][vc_empty_space height=&#8221;13&#8243;][\/vc_tta_section][\/vc_tta_accordion][\/vc_column][vc_column width=&#8221;1\/4&#8243;][vc_single_image image=&#8221;10152&#8243; img_size=&#8221;240&#215;240&#8243;][vc_tta_accordion style=&#8221;flat&#8221; shape=&#8221;square&#8221; c_icon=&#8221;&#8221; active_section=&#8221;&#8221; no_fill=&#8221;true&#8221; collapsible_all=&#8221;true&#8221; css=&#8221;.vc_custom_1557311217291{margin-top: 0px !important;margin-right: 0px !important;margin-bottom: 0px !important;margin-left: -7px !important;border-top-width: 0px !important;border-right-width: 0px !important;border-bottom-width: 0px !important;border-left-width: 0px !important;padding-top: 10px !important;padding-right: 0px !important;padding-bottom: 0px !important;padding-left: 0px !important;}&#8221;][vc_tta_section title=&#8221;Agnes Louart&#8221; tab_id=&#8221;agnes-louart&#8221;][vc_custom_heading text=&#8221;Nac\u00ed en Francia, pero vivo en Canarias desde el 2000 y he pasado muchos a\u00f1os estudiando, viajando y trabajando en el extranjero. Esta experiencia me ha llevado a considerar las lenguas como una herramienta indispensable para el conocimiento y el desarrollo personal, una base esencial en la formaci\u00f3n y una manera de abrir nuevos horizontes y posibilidades.&#8221; font_container=&#8221;tag:p|font_size:13|text_align:left|line_height:1.75&#8243; google_fonts=&#8221;font_family:Roboto%20Slab%3A100%2C300%2Cregular%2C700|font_style:300%20light%20regular%3A300%3Anormal&#8221;][vc_empty_space height=&#8221;13&#8243;][vc_custom_heading text=&#8221;Combino mi actividad de traductora profesional con la formaci\u00f3n en franc\u00e9s, por un lado, en el M\u00e1ster de Interpretaci\u00f3n de Conferencias de la Universidad de La Laguna desde hace m\u00e1s de 10 a\u00f1os, y, tambi\u00e9n en contextos muy diversos, tanto para organizaciones privadas como p\u00fablicas.&#8221; font_container=&#8221;tag:p|font_size:13|text_align:left|line_height:1.75&#8243; google_fonts=&#8221;font_family:Roboto%20Slab%3A100%2C300%2Cregular%2C700|font_style:300%20light%20regular%3A300%3Anormal&#8221;][vc_empty_space height=&#8221;13&#8243;][vc_custom_heading text=&#8221;Ser profesora de franc\u00e9s en el Servicio de Idiomas de la Universidad de La Laguna me brinda el entusiasmo, la creatividad y la satisfacci\u00f3n de ver el alumnado evolucionar poco a poco.&#8221; font_container=&#8221;tag:p|font_size:13|text_align:left|line_height:1.75&#8243; google_fonts=&#8221;font_family:Roboto%20Slab%3A100%2C300%2Cregular%2C700|font_style:300%20light%20regular%3A300%3Anormal&#8221;][vc_empty_space height=&#8221;13&#8243;][\/vc_tta_section][\/vc_tta_accordion][\/vc_column][vc_column width=&#8221;1\/4&#8243;][vc_single_image image=&#8221;8757&#8243; img_size=&#8221;240&#215;240&#8243;][vc_tta_accordion style=&#8221;flat&#8221; shape=&#8221;square&#8221; c_icon=&#8221;&#8221; active_section=&#8221;&#8221; no_fill=&#8221;true&#8221; collapsible_all=&#8221;true&#8221; css=&#8221;.vc_custom_1557311217291{margin-top: 0px !important;margin-right: 0px !important;margin-bottom: 0px !important;margin-left: -7px !important;border-top-width: 0px !important;border-right-width: 0px !important;border-bottom-width: 0px !important;border-left-width: 0px !important;padding-top: 10px !important;padding-right: 0px !important;padding-bottom: 0px !important;padding-left: 0px !important;}&#8221;][vc_tta_section title=&#8221;Tania Toste&#8221; tab_id=&#8221;tania-toste&#8221;][vc_custom_heading text=&#8221;No fue hasta hacer un intercambio a la isla de Cerde\u00f1a, con el proyecto Europeo Comenius, que descubr\u00ed &#8220;lo que quer\u00eda ser de mayor&#8220;. Dicho proyecto, conformado por estudiantes italianos, alemanes, franceses y espa\u00f1oles, ten\u00eda como lengua com\u00fan el franc\u00e9s, por lo que, tras esta experiencia, con apenas 15 a\u00f1os empec\u00e9 a estudiar franc\u00e9s en la EOI hasta terminarlo, teniendo clara una cosa: quer\u00eda estudiar en el extranjero y empaparme de toda la cultura e idiomas posibles.&#8221; font_container=&#8221;tag:p|font_size:13|text_align:left|line_height:1.75&#8243; google_fonts=&#8221;font_family:Roboto%20Slab%3A100%2C300%2Cregular%2C700|font_style:300%20light%20regular%3A300%3Anormal&#8221;][vc_empty_space height=&#8221;13&#8243;][vc_custom_heading text=&#8221;Finalmente me gradu\u00e9 en Estudios Ingleses en la Universidad de La Laguna y m\u00e1s tarde hice un m\u00e1ster en Comunicaci\u00f3n Intercultural, Traducci\u00f3n e Interpretaci\u00f3n en la Universidad de Alcal\u00e1, Madrid.&#8221; font_container=&#8221;tag:p|font_size:13|text_align:left|line_height:1.75&#8243; google_fonts=&#8221;font_family:Roboto%20Slab%3A100%2C300%2Cregular%2C700|font_style:300%20light%20regular%3A300%3Anormal&#8221;][vc_empty_space height=&#8221;13&#8243;][vc_custom_heading text=&#8221;Tras tantos a\u00f1os aprendiendo idiomas tengo clara una cosa: todos podemos aprender idiomas y los m\u00e9todos y trucos que he aplicado con mis alumnos llevan siempre al \u00e9xito. Intento que pierdan el miedo a expresarse, con confianza, paciencia y mucho humor.&#8221; font_container=&#8221;tag:p|font_size:13|text_align:left|line_height:1.75&#8243; google_fonts=&#8221;font_family:Roboto%20Slab%3A100%2C300%2Cregular%2C700|font_style:300%20light%20regular%3A300%3Anormal&#8221;][vc_empty_space height=&#8221;13&#8243;][vc_custom_heading text=&#8221;\u00a1El ver lo lejos que puede llegar uno con los idiomas, las experiencias, amistades y culturas es un tema recurrente en mis clases, as\u00ed como una frase que repito sin parar; petit a petit l&#8217;oiseau fait son nid!&#8221; font_container=&#8221;tag:p|font_size:13|text_align:left|line_height:1.75&#8243; google_fonts=&#8221;font_family:Roboto%20Slab%3A100%2C300%2Cregular%2C700|font_style:300%20light%20regular%3A300%3Anormal&#8221;][vc_empty_space height=&#8221;13&#8243;][\/vc_tta_section][\/vc_tta_accordion][\/vc_column][vc_column width=&#8221;1\/4&#8243;][vc_single_image image=&#8221;9750&#8243; img_size=&#8221;240&#215;240&#8243;][vc_tta_accordion style=&#8221;flat&#8221; shape=&#8221;square&#8221; c_icon=&#8221;&#8221; active_section=&#8221;&#8221; no_fill=&#8221;true&#8221; collapsible_all=&#8221;true&#8221; css=&#8221;.vc_custom_1557311217291{margin-top: 0px !important;margin-right: 0px !important;margin-bottom: 0px !important;margin-left: -7px !important;border-top-width: 0px !important;border-right-width: 0px !important;border-bottom-width: 0px !important;border-left-width: 0px !important;padding-top: 10px !important;padding-right: 0px !important;padding-bottom: 0px !important;padding-left: 0px !important;}&#8221;][vc_tta_section title=&#8221;Alice Lecerf&#8221; tab_id=&#8221;alice-lecerf&#8221;][vc_custom_heading text=&#8221;Apasionada por las lenguas, me licencie\u0301 de Lenguas Extranjeras Aplicadas (LEA, ingle\u0301s- espan\u0303ol-france\u0301s) en la Universidad de la Sorbonne-Nouvelle de Pari\u0301s. El segundo a\u00f1o de mi carrera lo curse\u0301 en el Instituto France\u0301s de Madrid, en el marco del convenio de la Universidad Jean- Jaure\u0300s de Tolosa con dicho instituto. Esta experiencia de movilidad ha sido culturalmente muy enriquecedora para m\u00ed, pues me dio la oportunidad de mejorar considerablemente mi espan\u0303ol y estar en contacto con personas de diversas nacionalidades, lenguas y costumbres, tan necesario para la ense\u00f1anza de un idioma. En ese contexto he desarrollado competencias para responder a situaciones complejas de docencia en contextos multiculturales.&#8221; font_container=&#8221;tag:p|font_size:13|text_align:left|line_height:1.75&#8243; google_fonts=&#8221;font_family:Roboto%20Slab%3A100%2C300%2Cregular%2C700|font_style:300%20light%20regular%3A300%3Anormal&#8221;][vc_empty_space height=&#8221;13&#8243;][vc_custom_heading text=&#8221;Luego de licenciarme comenc\u00e9 a trabajar como asistente de idiomas en colegios p\u00fablicos de Madrid y Barcelona, y mientras trabajaba como auxiliar de conversaci\u00f3n de franc\u00e9s decid\u00ed especializarme mediante el M\u00e1ster de Franc\u00e9s como Lengua Extranjera en la Universidad Artois.&#8221; font_container=&#8221;tag:p|font_size:13|text_align:left|line_height:1.75&#8243; google_fonts=&#8221;font_family:Roboto%20Slab%3A100%2C300%2Cregular%2C700|font_style:300%20light%20regular%3A300%3Anormal&#8221;][vc_empty_space height=&#8221;13&#8243;][vc_custom_heading text=&#8221;El estudio de idiomas junto con las experiencias antes narradas, me han brindado la oportunidad de definir un proyecto personal y profesional. Me encanta ense\u00f1ar porque desde siempre he tenido vocacio\u0301n pedago\u0301gica: soy paciente, dina\u0301mica y preocupada por el aprendizaje de mis estudiantes. Adem\u00e1s, mi formacio\u0301n me ha permitido adquirir las competencias necesarias para dirigir y animar actividades con responsabilidad, lo que he venido desarrollando desde mis pra\u0301cticas acade\u0301micas, en el marco del M\u00e1ster.&#8221; font_container=&#8221;tag:p|font_size:13|text_align:left|line_height:1.75&#8243; google_fonts=&#8221;font_family:Roboto%20Slab%3A100%2C300%2Cregular%2C700|font_style:300%20light%20regular%3A300%3Anormal&#8221;][vc_empty_space height=&#8221;13&#8243;][vc_custom_heading text=&#8221;Ser profesora de france\u0301s en el extranjero me apasiona, y pienso que es una experiencia profesional u\u0301nica e indispensable para consolidar mis conocimientos junto a las pra\u0301cticas pedago\u0301gicas que desarrollo en mis clases. Cada d\u00eda me convenzo m\u00e1s de que deseo seguir transmitiendo entre mis alumnos mi idioma para ayudarlos a acercarse a otros mundos y culturas.&#8221; font_container=&#8221;tag:p|font_size:13|text_align:left|line_height:1.75&#8243; google_fonts=&#8221;font_family:Roboto%20Slab%3A100%2C300%2Cregular%2C700|font_style:300%20light%20regular%3A300%3Anormal&#8221;][vc_empty_space height=&#8221;13&#8243;][\/vc_tta_section][\/vc_tta_accordion][\/vc_column][\/vc_row][vc_row full_width=&#8221;stretch_row&#8221; css=&#8221;.vc_custom_1689255324202{background-color: #ff6eb0 !important;}&#8221;][vc_column][vc_row_inner css=&#8221;.vc_custom_1590398821368{padding-top: 0px !important;}&#8221;][vc_column_inner offset=&#8221;vc_hidden-sm vc_hidden-xs&#8221;][vc_empty_space height=&#8221;40&#8243;][vc_custom_heading text=&#8221;IDIOMAS&#8221; font_container=&#8221;tag:h1|font_size:42|text_align:center|color:%23000000|line_height:1.15&#8243; google_fonts=&#8221;font_family:Roboto%20Condensed%3A300%2C300italic%2Cregular%2Citalic%2C700%2C700italic|font_style:700%20bold%20regular%3A700%3Anormal&#8221;][vc_custom_heading text=&#8221;Aqu\u00ed puedes consultar la informaci\u00f3n general y los horarios del idioma que te interesa&#8221; font_container=&#8221;tag:p|font_size:27|text_align:center|color:%23000000|line_height:1.25&#8243; google_fonts=&#8221;font_family:Roboto%3A100%2C100italic%2C300%2C300italic%2Cregular%2Citalic%2C500%2C500italic%2C700%2C700italic%2C900%2C900italic|font_style:300%20light%20regular%3A300%3Anormal&#8221; css=&#8221;.vc_custom_1629974062254{margin-top: -10px !important;}&#8221;][\/vc_column_inner][\/vc_row_inner][vc_row_inner css=&#8221;.vc_custom_1498042822406{padding-top: 40px !important;}&#8221;][vc_column_inner offset=&#8221;vc_hidden-lg vc_hidden-md&#8221;][vc_custom_heading text=&#8221;IDIOMAS&#8221; font_container=&#8221;tag:h3|font_size:3rem|text_align:center|color:%23000000|line_height:1.15&#8243; google_fonts=&#8221;font_family:Roboto%20Condensed%3A300%2C300italic%2Cregular%2Citalic%2C700%2C700italic|font_style:700%20bold%20regular%3A700%3Anormal&#8221;][vc_custom_heading text=&#8221;Aqu\u00ed puedes consultar la informaci\u00f3n general y los horarios del idioma que te interesa&#8221; font_container=&#8221;tag:p|font_size:2rem|text_align:center|color:%23000000|line_height:1.25&#8243; google_fonts=&#8221;font_family:Roboto%3A100%2C100italic%2C300%2C300italic%2Cregular%2Citalic%2C500%2C500italic%2C700%2C700italic%2C900%2C900italic|font_style:300%20light%20regular%3A300%3Anormal&#8221; css=&#8221;.vc_custom_1688648717652{margin-top: -10px !important;}&#8221;][\/vc_column_inner][\/vc_row_inner][\/vc_column][\/vc_row][vc_row full_width=&#8221;stretch_row&#8221; css=&#8221;.vc_custom_1689255328940{margin-bottom: 0px !important;padding-top: 20px !important;background-color: #ff6eb0 !important;}&#8221;][vc_column width=&#8221;1\/2&#8243; offset=&#8221;vc_col-lg-offset-0 vc_col-xs-offset-1 vc_col-xs-2\/5&#8243;][vc_row_inner][vc_column_inner width=&#8221;1\/4&#8243;][vc_single_image image=&#8221;4484&#8243; img_size=&#8221;100&#215;100&#8243; alignment=&#8221;center&#8221; onclick=&#8221;custom_link&#8221; img_link_target=&#8221;_blank&#8221; link=&#8221;\/idiomas\/ingles\/&#8221;][vc_empty_space height=&#8221;15&#8243;][vc_custom_heading text=&#8221;INGL\u00c9S&#8221; font_container=&#8221;tag:p|font_size:15|text_align:center|color:%23000000|line_height:1.75&#8243; google_fonts=&#8221;font_family:Roboto%20Condensed%3A300%2C300italic%2Cregular%2Citalic%2C700%2C700italic|font_style:700%20bold%20regular%3A700%3Anormal&#8221; css=&#8221;.vc_custom_1659355169409{margin-top: -10px !important;}&#8221; link=&#8221;url:%2Fidiomas%2Fingles%2F|||&#8221;][\/vc_column_inner][vc_column_inner width=&#8221;1\/4&#8243;][vc_single_image image=&#8221;4485&#8243; img_size=&#8221;100&#215;100&#8243; alignment=&#8221;center&#8221; onclick=&#8221;custom_link&#8221; img_link_target=&#8221;_blank&#8221; link=&#8221;\/idiomas\/aleman\/&#8221;][vc_empty_space height=&#8221;15&#8243;][vc_custom_heading text=&#8221;ALEM\u00c1N&#8221; font_container=&#8221;tag:p|font_size:15|text_align:center|color:%23000000|line_height:1.75&#8243; google_fonts=&#8221;font_family:Roboto%20Condensed%3A300%2C300italic%2Cregular%2Citalic%2C700%2C700italic|font_style:700%20bold%20regular%3A700%3Anormal&#8221; css=&#8221;.vc_custom_1659355255931{margin-top: -10px !important;}&#8221; link=&#8221;url:%2Fidiomas%2Faleman%2F|||&#8221;][\/vc_column_inner][vc_column_inner width=&#8221;1\/4&#8243;][vc_single_image image=&#8221;4487&#8243; img_size=&#8221;100&#215;100&#8243; alignment=&#8221;center&#8221; onclick=&#8221;custom_link&#8221; img_link_target=&#8221;_blank&#8221; link=&#8221;\/idiomas\/frances\/&#8221;][vc_empty_space height=&#8221;15&#8243;][vc_custom_heading text=&#8221;FRANC\u00c9S&#8221; font_container=&#8221;tag:p|font_size:15|text_align:center|color:%23000000|line_height:1.75&#8243; google_fonts=&#8221;font_family:Roboto%20Condensed%3A300%2C300italic%2Cregular%2Citalic%2C700%2C700italic|font_style:700%20bold%20regular%3A700%3Anormal&#8221; css=&#8221;.vc_custom_1659355178735{margin-top: -10px !important;}&#8221; link=&#8221;url:%2Fidiomas%2Ffrances%2F|||&#8221;][\/vc_column_inner][vc_column_inner width=&#8221;1\/4&#8243;][vc_single_image image=&#8221;4496&#8243; img_size=&#8221;100&#215;100&#8243; alignment=&#8221;center&#8221; onclick=&#8221;custom_link&#8221; img_link_target=&#8221;_blank&#8221; link=&#8221;\/idiomas\/italiano\/&#8221;][vc_empty_space height=&#8221;15&#8243;][vc_custom_heading text=&#8221;ITALIANO&#8221; font_container=&#8221;tag:p|font_size:15|text_align:center|color:%23000000|line_height:1.75&#8243; google_fonts=&#8221;font_family:Roboto%20Condensed%3A300%2C300italic%2Cregular%2Citalic%2C700%2C700italic|font_style:700%20bold%20regular%3A700%3Anormal&#8221; css=&#8221;.vc_custom_1659355189366{margin-top: -10px !important;}&#8221; link=&#8221;url:%2Fidiomas%2Fitaliano%2F|||&#8221;][\/vc_column_inner][\/vc_row_inner][\/vc_column][vc_column width=&#8221;1\/2&#8243; offset=&#8221;vc_col-xs-2\/5&#8243;][vc_row_inner][vc_column_inner width=&#8221;1\/4&#8243;][vc_single_image image=&#8221;9463&#8243; img_size=&#8221;100&#215;100&#8243; alignment=&#8221;center&#8221; onclick=&#8221;custom_link&#8221; img_link_target=&#8221;_blank&#8221; link=&#8221;\/idiomas\/portugues\/&#8221;][vc_empty_space height=&#8221;15&#8243;][vc_custom_heading text=&#8221;PORTUGU\u00c9S&#8221; font_container=&#8221;tag:p|font_size:15|text_align:center|color:%23000000|line_height:1.75&#8243; google_fonts=&#8221;font_family:Roboto%20Condensed%3A300%2C300italic%2Cregular%2Citalic%2C700%2C700italic|font_style:700%20bold%20regular%3A700%3Anormal&#8221; css=&#8221;.vc_custom_1659355285243{margin-top: -10px !important;}&#8221; link=&#8221;url:%2Fidiomas%2Fportugues%2F|||&#8221;][\/vc_column_inner][vc_column_inner width=&#8221;1\/4&#8243;][vc_single_image image=&#8221;9457&#8243; img_size=&#8221;100&#215;100&#8243; alignment=&#8221;center&#8221; onclick=&#8221;custom_link&#8221; img_link_target=&#8221;_blank&#8221; link=&#8221;\/idiomas\/espanol\/&#8221;][vc_empty_space height=&#8221;15&#8243;][vc_custom_heading text=&#8221;ESPA\u00d1OL&#8221; font_container=&#8221;tag:p|font_size:15|text_align:center|color:%23000000|line_height:1.75&#8243; google_fonts=&#8221;font_family:Roboto%20Condensed%3A300%2C300italic%2Cregular%2Citalic%2C700%2C700italic|font_style:700%20bold%20regular%3A700%3Anormal&#8221; css=&#8221;.vc_custom_1659355198833{margin-top: -10px !important;}&#8221; link=&#8221;url:%2Fidiomas%2Fespanol%2F|||&#8221;][\/vc_column_inner][vc_column_inner width=&#8221;1\/4&#8243;][vc_single_image image=&#8221;9679&#8243; img_size=&#8221;100&#215;100&#8243; alignment=&#8221;center&#8221; onclick=&#8221;custom_link&#8221; img_link_target=&#8221;_blank&#8221; link=&#8221;https:\/\/fg.ull.es\/idiomas\/japones\/&#8221;][vc_empty_space height=&#8221;15&#8243;][vc_custom_heading text=&#8221;JAPON\u00c9S&#8221; font_container=&#8221;tag:p|font_size:15|text_align:center|color:%23000000|line_height:1.75&#8243; google_fonts=&#8221;font_family:Roboto%20Condensed%3A300%2C300italic%2Cregular%2Citalic%2C700%2C700italic|font_style:700%20bold%20regular%3A700%3Anormal&#8221; css=&#8221;.vc_custom_1739540245202{margin-top: -10px !important;}&#8221; link=&#8221;url:https%3A%2F%2Ffg.ull.es%2Fidiomas%2Fjapones%2F&#8221;][\/vc_column_inner][vc_column_inner width=&#8221;1\/4&#8243;][vc_single_image image=&#8221;8602&#8243; img_size=&#8221;100&#215;100&#8243; alignment=&#8221;center&#8221; onclick=&#8221;custom_link&#8221; img_link_target=&#8221;_blank&#8221; link=&#8221;\/idiomas\/griego\/&#8221;][vc_empty_space height=&#8221;15&#8243;][vc_custom_heading text=&#8221;GRIEGO&#8221; font_container=&#8221;tag:p|font_size:15|text_align:center|color:%23000000|line_height:1.75&#8243; google_fonts=&#8221;font_family:Roboto%20Condensed%3A300%2C300italic%2Cregular%2Citalic%2C700%2C700italic|font_style:700%20bold%20regular%3A700%3Anormal&#8221; css=&#8221;.vc_custom_1659355208281{margin-top: -10px !important;}&#8221; link=&#8221;url:%2Fidiomas%2Fgriego%2F&#8221;][\/vc_column_inner][\/vc_row_inner][\/vc_column][\/vc_row][vc_row full_width=&#8221;stretch_row&#8221; css=&#8221;.vc_custom_1689255333376{margin-bottom: 0px !important;padding-top: 20px !important;background-color: #ff6eb0 !important;}&#8221;][vc_column width=&#8221;1\/2&#8243; offset=&#8221;vc_col-lg-offset-0 vc_col-md-offset-0 vc_col-xs-offset-1 vc_col-xs-2\/5&#8243;][vc_row_inner][vc_column_inner width=&#8221;1\/3&#8243;][vc_single_image image=&#8221;4495&#8243; img_size=&#8221;100&#215;100&#8243; alignment=&#8221;center&#8221; onclick=&#8221;custom_link&#8221; img_link_target=&#8221;_blank&#8221; link=&#8221;\/idiomas\/lse\/&#8221;][vc_empty_space height=&#8221;15&#8243;][vc_custom_heading text=&#8221;LENGUA SIGNOS&#8221; font_container=&#8221;tag:p|font_size:15|text_align:center|color:%23000000|line_height:1.75&#8243; google_fonts=&#8221;font_family:Roboto%20Condensed%3A300%2C300italic%2Cregular%2Citalic%2C700%2C700italic|font_style:700%20bold%20regular%3A700%3Anormal&#8221; css=&#8221;.vc_custom_1659355213191{margin-top: -10px !important;}&#8221; link=&#8221;url:%2Fidiomas%2Flse%2F|||&#8221;][\/vc_column_inner][vc_column_inner width=&#8221;1\/3&#8243;][vc_single_image image=&#8221;9461&#8243; img_size=&#8221;100&#215;100&#8243; alignment=&#8221;center&#8221; onclick=&#8221;custom_link&#8221; img_link_target=&#8221;_blank&#8221; link=&#8221;https:\/\/fg.ull.es\/idiomas\/catalan&#8221;][vc_empty_space height=&#8221;15&#8243;][vc_custom_heading text=&#8221;CATAL\u00c1N&#8221; font_container=&#8221;tag:p|font_size:15|text_align:center|color:%23000000|line_height:1.75&#8243; google_fonts=&#8221;font_family:Roboto%20Condensed%3A300%2C300italic%2Cregular%2Citalic%2C700%2C700italic|font_style:700%20bold%20regular%3A700%3Anormal&#8221; css=&#8221;.vc_custom_1659355218561{margin-top: -10px !important;}&#8221; link=&#8221;url:https%3A%2F%2Ffg.ull.es%2Fidiomas%2Fcatalan|||&#8221;][\/vc_column_inner][vc_column_inner width=&#8221;1\/3&#8243;][vc_single_image image=&#8221;8532&#8243; img_size=&#8221;100&#215;100&#8243; alignment=&#8221;center&#8221; onclick=&#8221;custom_link&#8221; img_link_target=&#8221;_blank&#8221; link=&#8221;\/idiomas\/chino\/&#8221;][vc_empty_space height=&#8221;15&#8243;][vc_custom_heading text=&#8221;CHINO&#8221; font_container=&#8221;tag:p|font_size:15|text_align:center|color:%23000000|line_height:1.75&#8243; google_fonts=&#8221;font_family:Roboto%20Condensed%3A300%2C300italic%2Cregular%2Citalic%2C700%2C700italic|font_style:700%20bold%20regular%3A700%3Anormal&#8221; css=&#8221;.vc_custom_1659355223220{margin-top: -10px !important;}&#8221; link=&#8221;url:%2Fidiomas%2Fchino%2F&#8221;][\/vc_column_inner][\/vc_row_inner][\/vc_column][vc_column width=&#8221;1\/2&#8243; offset=&#8221;vc_col-xs-2\/5&#8243;][vc_row_inner][vc_column_inner width=&#8221;1\/3&#8243;][vc_single_image image=&#8221;8603&#8243; img_size=&#8221;100&#215;100&#8243; alignment=&#8221;center&#8221; onclick=&#8221;custom_link&#8221; img_link_target=&#8221;_blank&#8221; link=&#8221;\/idiomas\/coreano\/&#8221;][vc_empty_space height=&#8221;15&#8243;][vc_custom_heading text=&#8221;COREANO&#8221; font_container=&#8221;tag:p|font_size:15|text_align:center|color:%23000000|line_height:1.75&#8243; google_fonts=&#8221;font_family:Roboto%20Condensed%3A300%2C300italic%2Cregular%2Citalic%2C700%2C700italic|font_style:700%20bold%20regular%3A700%3Anormal&#8221; css=&#8221;.vc_custom_1659355228526{margin-top: -10px !important;}&#8221; link=&#8221;url:%2Fidiomas%2Fcoreano%2F&#8221;][\/vc_column_inner][vc_column_inner width=&#8221;1\/3&#8243;][vc_single_image image=&#8221;9459&#8243; img_size=&#8221;100&#215;100&#8243; alignment=&#8221;center&#8221; onclick=&#8221;custom_link&#8221; img_link_target=&#8221;_blank&#8221; link=&#8221;https:\/\/fg.ull.es\/idiomas\/ruso\/&#8221;][vc_empty_space height=&#8221;15&#8243;][vc_custom_heading text=&#8221;RUSO&#8221; font_container=&#8221;tag:p|font_size:15|text_align:center|color:%23000000|line_height:1.75&#8243; google_fonts=&#8221;font_family:Roboto%20Condensed%3A300%2C300italic%2Cregular%2Citalic%2C700%2C700italic|font_style:700%20bold%20regular%3A700%3Anormal&#8221; css=&#8221;.vc_custom_1671455697917{margin-top: -10px !important;}&#8221; link=&#8221;url:%2Fidiomas%2Fruso%2F&#8221;][\/vc_column_inner][vc_column_inner width=&#8221;1\/3&#8243;][vc_single_image image=&#8221;9460&#8243; img_size=&#8221;100&#215;100&#8243; alignment=&#8221;center&#8221; onclick=&#8221;custom_link&#8221; img_link_target=&#8221;_blank&#8221; link=&#8221;https:\/\/fg.ull.es\/idiomas\/arabe\/&#8221;][vc_empty_space height=&#8221;15&#8243;][vc_custom_heading text=&#8221;\u00c1RABE&#8221; font_container=&#8221;tag:p|font_size:15|text_align:center|color:%23000000|line_height:1.75&#8243; google_fonts=&#8221;font_family:Roboto%20Condensed%3A300%2C300italic%2Cregular%2Citalic%2C700%2C700italic|font_style:700%20bold%20regular%3A700%3Anormal&#8221; css=&#8221;.vc_custom_1671455706950{margin-top: -10px !important;}&#8221; link=&#8221;url:https%3A%2F%2Ffg.ull.es%2Fidiomas%2Farabe%2F&#8221;][\/vc_column_inner][\/vc_row_inner][\/vc_column][\/vc_row][vc_row full_width=&#8221;stretch_row&#8221; css=&#8221;.vc_custom_1689255337840{margin-bottom: 0px !important;padding-top: 0px !important;padding-bottom: 0px !important;background-color: #ff6eb0 !important;}&#8221;][vc_column][vc_empty_space height=&#8221;24px&#8221;][\/vc_column][\/vc_row]<\/p>\n<\/section>","protected":false},"excerpt":{"rendered":"<p>[vc_row full_width=&#8221;stretch_row&#8221; content_placement=&#8221;middle&#8221; css=&#8221;.vc_custom_1516179367662{margin-top: -20px !important;border-bottom-width: -8px !important;padding-bottom: 240px !important;background-image: url(https:\/\/fg.ull.es\/idiomas\/wp-content\/uploads\/sites\/13\/2018\/01\/FRENCH-compressor.png?id=4662) !important;background-position: center !important;background-repeat: no-repeat !important;background-size: cover !important;border-bottom-color: rgba(0,0,0,0.1) !important;border-bottom-style: solid !important;}&#8221;][vc_column][vc_custom_heading text=&#8221;Franc\u00e9s&#8221; font_container=&#8221;tag:h2|font_size:120|text_align:center|color:%23ffffff&#8221; use_theme_fonts=&#8221;yes&#8221; css=&#8221;.vc_custom_1498052862791{padding-top: 220px !important;}&#8221;][\/vc_column][\/vc_row][vc_row full_width=&#8221;stretch_row&#8221; disable_element=&#8221;yes&#8221; css=&#8221;.vc_custom_1695019694158{background-color: #ff6eb0 !important;}&#8221;][vc_column][vc_custom_heading text=&#8221;PRONTO PAGO Si te inscribes y pagas hasta el 15 de SEPTIEMBRE para cursos cuatrimestrales o talleres de m\u00e1s de 10 horas,&#8230;<\/p>\n","protected":false},"author":1,"featured_media":4662,"parent":0,"menu_order":0,"comment_status":"closed","ping_status":"closed","template":"templates\/template-frontpage.php","meta":{"footnotes":""},"_links":{"self":[{"href":"https:\/\/fg.ull.es\/idiomas\/wp-json\/wp\/v2\/pages\/146"}],"collection":[{"href":"https:\/\/fg.ull.es\/idiomas\/wp-json\/wp\/v2\/pages"}],"about":[{"href":"https:\/\/fg.ull.es\/idiomas\/wp-json\/wp\/v2\/types\/page"}],"author":[{"embeddable":true,"href":"https:\/\/fg.ull.es\/idiomas\/wp-json\/wp\/v2\/users\/1"}],"replies":[{"embeddable":true,"href":"https:\/\/fg.ull.es\/idiomas\/wp-json\/wp\/v2\/comments?post=146"}],"version-history":[{"count":19,"href":"https:\/\/fg.ull.es\/idiomas\/wp-json\/wp\/v2\/pages\/146\/revisions"}],"predecessor-version":[{"id":10811,"href":"https:\/\/fg.ull.es\/idiomas\/wp-json\/wp\/v2\/pages\/146\/revisions\/10811"}],"wp:featuredmedia":[{"embeddable":true,"href":"https:\/\/fg.ull.es\/idiomas\/wp-json\/wp\/v2\/media\/4662"}],"wp:attachment":[{"href":"https:\/\/fg.ull.es\/idiomas\/wp-json\/wp\/v2\/media?parent=146"}],"curies":[{"name":"wp","href":"https:\/\/api.w.org\/{rel}","templated":true}]}}