{"id":18497,"date":"2015-07-02T15:17:10","date_gmt":"2015-07-02T15:17:10","guid":{"rendered":"http:\/\/www.fg.ull.es\/?page_id=18497"},"modified":"2025-01-20T13:52:28","modified_gmt":"2025-01-20T13:52:28","slug":"cursos","status":"publish","type":"page","link":"https:\/\/fg.ull.es\/formacion\/catalogo-de-oferta-formativa\/cursos\/","title":{"rendered":"Cursos"},"content":{"rendered":"<section class=\"wpb-content-wrapper\"><p>[vc_row css=&#8221;.vc_custom_1495614707428{padding-top: 0px !important;}&#8221;][vc_column css=&#8221;.vc_custom_1436170632506{padding-right: 46px !important;}&#8221;][vc_custom_heading text=&#8221;Cursos&#8221; font_container=&#8221;tag:div|font_size:28|text_align:left|color:%23212422&#8243; google_fonts=&#8221;font_family:Merriweather%3A300%2C300italic%2Cregular%2Citalic%2C700%2C700italic%2C900%2C900italic|font_style:900%20bold%20regular%3A900%3Anormal&#8221;][vc_empty_space height=&#8221;32&#8243;][vc_column_text 0=&#8221;&#8221;]<span style=\"color: #333333\">Te invitamos a conocer la <strong>oferta formativa<\/strong> de la Fundaci\u00f3n General de la Universidad de La Laguna.<\/span><\/p>\n<p><span style=\"color: #333333\">Buscamos\u00a0que nuestros cursos est\u00e9n en <strong>sinton\u00eda con la realidad del mercado laboral<\/strong>, adapt\u00e1ndonos continuamente a las nuevas necesidades de especializaci\u00f3n.<\/span><\/p>\n<p><span style=\"color: #333333\">Intentamos, adem\u00e1s, que nuestros entornos de aprendizaje, presenciales y virtuales, incluyan las <strong>\u00faltimas tendencias<\/strong> del panorama educativo, introduciendo al m\u00e1ximo las <strong>nuevas tecnolog\u00edas<\/strong>.<\/span><\/p>\n<p><span style=\"color: #333333\">Nuestros cursos se distribuyen en las <strong>siguientes especialidades<\/strong>:<\/span>[\/vc_column_text][vc_tta_accordion 0=&#8221;&#8221; active_section=&#8221;&#8221; collapsible_all=&#8221;true&#8221;][vc_tta_section title=&#8221;Gesti\u00f3n empresarial, administraciones p\u00fablicas y derecho&#8221; tab_id=&#8221;gestion-empresarial-administraciones-publicas-y-derecho&#8221;][vc_column_text 0=&#8221;&#8221;]<span style=\"color: #333333\"><img decoding=\"async\" loading=\"lazy\" class=\"size-full wp-image-32453 aligncenter\" src=\"https:\/\/fg.ull.es\/formacion\/wp-content\/uploads\/sites\/4\/2015\/07\/tiraempresa.jpg\" alt=\"\" width=\"1003\" height=\"50\" srcset=\"https:\/\/fg.ull.es\/formacion\/wp-content\/uploads\/sites\/4\/2015\/07\/tiraempresa.jpg 1003w, https:\/\/fg.ull.es\/formacion\/wp-content\/uploads\/sites\/4\/2015\/07\/tiraempresa-300x15.jpg 300w, https:\/\/fg.ull.es\/formacion\/wp-content\/uploads\/sites\/4\/2015\/07\/tiraempresa-768x38.jpg 768w, https:\/\/fg.ull.es\/formacion\/wp-content\/uploads\/sites\/4\/2015\/07\/tiraempresa-375x19.jpg 375w, https:\/\/fg.ull.es\/formacion\/wp-content\/uploads\/sites\/4\/2015\/07\/tiraempresa-750x37.jpg 750w\" sizes=\"(max-width: 1003px) 100vw, 1003px\" \/><\/span><\/p>\n<p>En esta secci\u00f3n encontrar\u00e1s acciones orientadas para las personas entusiastas del mundo de la empresa, para las que tengan inquietudes de car\u00e1cter jur\u00eddico y\/o dispongan de una visi\u00f3n dirigida al \u00e1mbito de las administraciones p\u00fablicas.<\/p>\n<p>Organizamos cursos de gesti\u00f3n administrativa y financiera, derecho, estad\u00edstica, econom\u00eda, contabilidad, recursos humanos o direcci\u00f3n y planificaci\u00f3n de organizaciones. Est\u00e1n orientados tanto a la empresa privada como a la p\u00fablica.<\/p>\n<p>A continuaci\u00f3n se detallan todos los cursos que est\u00e1n en per\u00edodo de matr\u00edcula:<\/p>\n<p><!-- ccruz - May 2017 -->\n\n<table class=\"table table-responsive\">\n\t<th>Curso<\/th>\n\t<th>Profesor\/a<\/th>\n\t<th>Fecha<\/th>\n\n\t\t<tr>\n\t\t<td><a href=\"https:\/\/sede.fg.ull.es\/es\/curso\/detalle\/A26030131\/tributacion-indirecta-y-la-financiacion-de-las-haciendas-territoriales-de-canarias-igic-aiem-y-otros-impuestos-propios\">Tributaci\u00f3n indirecta y la financiaci\u00f3n de las haciendas territoriales de Canarias: IGIC, AIEM y otros impuestos propios <\/a><\/td>\n\t\t<td>Mar\u00eda Belen Hern\u00e1ndez Garde <\/td>\n\t\t<td>2026-05-18 <\/td>\n\n\t<\/tr>\n\t<\/pre>\n<\/table>\n[\/vc_column_text][\/vc_tta_section][vc_tta_section title=&#8221;Habilidades personales y profesionales&#8221; tab_id=&#8221;habilidades-personales-y-profesionales&#8221;][vc_column_text 0=&#8221;&#8221;]<img decoding=\"async\" loading=\"lazy\" class=\"size-full wp-image-32454 aligncenter\" src=\"https:\/\/fg.ull.es\/formacion\/wp-content\/uploads\/sites\/4\/2015\/07\/iconos-catalogo-formativo-tiras-4jpg.jpg\" alt=\"\" width=\"1003\" height=\"50\" srcset=\"https:\/\/fg.ull.es\/formacion\/wp-content\/uploads\/sites\/4\/2015\/07\/iconos-catalogo-formativo-tiras-4jpg.jpg 1003w, https:\/\/fg.ull.es\/formacion\/wp-content\/uploads\/sites\/4\/2015\/07\/iconos-catalogo-formativo-tiras-4jpg-300x15.jpg 300w, https:\/\/fg.ull.es\/formacion\/wp-content\/uploads\/sites\/4\/2015\/07\/iconos-catalogo-formativo-tiras-4jpg-768x38.jpg 768w, https:\/\/fg.ull.es\/formacion\/wp-content\/uploads\/sites\/4\/2015\/07\/iconos-catalogo-formativo-tiras-4jpg-375x19.jpg 375w, https:\/\/fg.ull.es\/formacion\/wp-content\/uploads\/sites\/4\/2015\/07\/iconos-catalogo-formativo-tiras-4jpg-750x37.jpg 750w\" sizes=\"(max-width: 1003px) 100vw, 1003px\" \/><\/p>\n<p>Organizamos cursos en el \u00e1mbito de la mejora de habilidades y actitudes, en dos vertientes: en el mundo laboral y en el personal.<\/p>\n<p>Se ofertan cursos de materias como la toma de decisiones, negociaci\u00f3n, pensamiento estrat\u00e9gico, comunicaci\u00f3n, coaching, empat\u00eda, liderazgo, escucha activa, trabajo en equipo, control del estr\u00e9s, capacidad anal\u00edtica, innovaci\u00f3n o creatividad.<\/p>\n<p>A continuaci\u00f3n se detallan todos los cursos que est\u00e1n en per\u00edodo de matr\u00edcula:<\/p>\n<p><!-- ccruz - May 2017 -->\n\n<table class=\"table table-responsive\">\n\t<th>Curso<\/th>\n\t<th>Profesor\/a<\/th>\n\t<th>Fecha<\/th>\n\n\t\t<tr>\n\t\t<td><a href=\"https:\/\/sede.fg.ull.es\/es\/curso\/detalle\/A26030190\/gestion-de-equipos-y-cohesion-grupal\">Gesti\u00f3n de equipos y cohesi\u00f3n grupal <\/a><\/td>\n\t\t<td>Ricardo Jos\u00e9 M\u00e1rquez Ravelo <\/td>\n\t\t<td>2026-02-02 <\/td>\n\n\t<\/tr>\n\t<tr>\n\t\t<td><a href=\"https:\/\/sede.fg.ull.es\/es\/curso\/detalle\/A26030192\/gestion-de-proyectos-con-metodologias-agiles-en-equipos-de-trabajo\">Gesti\u00f3n de proyectos con metodolog\u00edas \u00e1giles en equipos de trabajo <\/a><\/td>\n\t\t<td>Ricardo Jos\u00e9 M\u00e1rquez Ravelo <\/td>\n\t\t<td>2026-02-26 <\/td>\n\n\t<\/tr>\n\t<tr>\n\t\t<td><a href=\"https:\/\/sede.fg.ull.es\/es\/curso\/detalle\/A26030189\/competencias-blandas-habilidades-personales-e-interpersonales\">Competencias blandas, habilidades personales e interpersonales <\/a><\/td>\n\t\t<td>Ricardo Jos\u00e9 M\u00e1rquez Ravelo <\/td>\n\t\t<td>2026-03-02 <\/td>\n\n\t<\/tr>\n\t<tr>\n\t\t<td><a href=\"https:\/\/sede.fg.ull.es\/es\/curso\/detalle\/A26030191\/gestion-del-tiempo-y-productividad-personal-y-profesional\">Gesti\u00f3n del tiempo y productividad personal y profesional <\/a><\/td>\n\t\t<td>Ricardo Jos\u00e9 M\u00e1rquez Ravelo <\/td>\n\t\t<td>2026-03-02 <\/td>\n\n\t<\/tr>\n\t<tr>\n\t\t<td><a href=\"https:\/\/sede.fg.ull.es\/es\/curso\/detalle\/A26030219\/adquisicion-de-destreza-digital-en-el-quirofano-capacidades-y-recursos-exclusivos-del-sistema-da-vinci\">Adquisici\u00f3n de destreza digital en el quir\u00f3fano: capacidades y recursos exclusivos del sistema Da Vinci <\/a><\/td>\n\t\t<td>Tamara Timanfaya Rodr\u00edguez Rufino <\/td>\n\t\t<td>2026-04-20 <\/td>\n\n\t<\/tr>\n\t<tr>\n\t\t<td><a href=\"https:\/\/sede.fg.ull.es\/es\/curso\/detalle\/A26030222\/competencias-en-el-cuidado-humanizado-liderazgo-de-enfermeria-y-estrategias-de-acompa-amiento-en-entornos-roboticos\">Competencias en el cuidado humanizado: liderazgo de enfermer\u00eda y estrategias de acompa\u00f1amiento en entornos rob\u00f3ticos <\/a><\/td>\n\t\t<td>Francisco Javier Castro Molina <\/td>\n\t\t<td>2026-04-20 <\/td>\n\n\t<\/tr>\n\t<tr>\n\t\t<td><a href=\"https:\/\/sede.fg.ull.es\/es\/curso\/detalle\/A26030221\/gestion-de-la-complejidad-quirurgica-integracion-de-la-robotica-frente-a-los-modelos-de-laparotomia-y-laparoscopia\">Gesti\u00f3n de la complejidad quir\u00fargica: integraci\u00f3n de la rob\u00f3tica frente a los modelos de laparotom\u00eda y laparoscopia <\/a><\/td>\n\t\t<td>Tamara Timanfaya Rodr\u00edguez Rufino <\/td>\n\t\t<td>2026-04-20 <\/td>\n\n\t<\/tr>\n\t<tr>\n\t\t<td><a href=\"https:\/\/sede.fg.ull.es\/es\/curso\/detalle\/A26030220\/instrumentacion-avanzada-en-especialidades-roboticas-y-protocolos-de-actuacion-en-urgencias-de-alta-complejidad\">Instrumentaci\u00f3n avanzada en especialidades rob\u00f3ticas y protocolos de actuaci\u00f3n en urgencias de alta complejidad <\/a><\/td>\n\t\t<td>Tamara Timanfaya Rodr\u00edguez Rufino <\/td>\n\t\t<td>2026-04-20 <\/td>\n\n\t<\/tr>\n\t<tr>\n\t\t<td><a href=\"https:\/\/sede.fg.ull.es\/es\/curso\/detalle\/A26030336\/dise-o-implementacion-y-evaluacion-de-la-simulacion-clinica\">Dise\u00f1o, implementaci\u00f3n y evaluaci\u00f3n de la simulaci\u00f3n cl\u00ednica <\/a><\/td>\n\t\t<td>Maria Candelaria Mart\u00edn Gonz\u00e1lez <\/td>\n\t\t<td>2026-04-29 <\/td>\n\n\t<\/tr>\n\t<tr>\n\t\t<td><a href=\"https:\/\/sede.fg.ull.es\/es\/curso\/detalle\/A26030289\/inteligencia-artificial-para-la-ciudadania\">Inteligencia Artificial para la Ciudadan\u00eda <\/a><\/td>\n\t\t<td>Mar\u00eda Bel\u00e9n Meli\u00e1n Batista <\/td>\n\t\t<td>2026-04-30 <\/td>\n\n\t<\/tr>\n\t<tr>\n\t\t<td><a href=\"https:\/\/sede.fg.ull.es\/es\/curso\/detalle\/A26030186\/fundamentos-y-aplicaciones-practicas-de-la-estimulacion-magnetica-transcraneal\">Fundamentos y aplicaciones pr\u00e1cticas de la estimulaci\u00f3n magn\u00e9tica transcraneal <\/a><\/td>\n\t\t<td>Francesca Vitale <\/td>\n\t\t<td>2026-05-04 <\/td>\n\n\t<\/tr>\n\t<tr>\n\t\t<td><a href=\"https:\/\/sede.fg.ull.es\/es\/curso\/detalle\/A26030183\/manejo-de-la-aplicacion-hec-ras\">Manejo de la aplicaci\u00f3n HEC-RAS <\/a><\/td>\n\t\t<td>Manuel Dami\u00e1n Garc\u00eda Rom\u00e1n <\/td>\n\t\t<td>2026-05-04 <\/td>\n\n\t<\/tr>\n\t<tr>\n\t\t<td><a href=\"https:\/\/sede.fg.ull.es\/es\/curso\/detalle\/A26030315\/neuroestetica-aplicada-percepcion-multisensorial-y-dise-o-de-experiencias-culturales\">Neuroest\u00e9tica aplicada, percepci\u00f3n multisensorial y dise\u00f1o de experiencias culturales <\/a><\/td>\n\t\t<td>Almudena Gonz\u00e1lez Brito <\/td>\n\t\t<td>2026-05-04 <\/td>\n\n\t<\/tr>\n\t<tr>\n\t\t<td><a href=\"https:\/\/sede.fg.ull.es\/es\/curso\/detalle\/A26030319\/mercado-del-arte-mecenazgo-e-innovacion-digital-tokenizacion-trazabilidad-y-redes-de-legitimacion\">Mercado del arte, mecenazgo e innovaci\u00f3n digital: tokenizaci\u00f3n, trazabilidad y redes de legitimaci\u00f3n <\/a><\/td>\n\t\t<td>Almudena Gonz\u00e1lez Brito <\/td>\n\t\t<td>2026-05-05 <\/td>\n\n\t<\/tr>\n\t<tr>\n\t\t<td><a href=\"https:\/\/sede.fg.ull.es\/es\/curso\/detalle\/A26030335\/marketing-y-venta-directa-en-proyectos-agricolas\">Marketing y Venta Directa en Proyectos Agr\u00edcolas <\/a><\/td>\n\t\t<td>Ricardo Jes\u00fas D\u00edaz Armas <\/td>\n\t\t<td>2026-05-05 <\/td>\n\n\t<\/tr>\n\t<tr>\n\t\t<td><a href=\"https:\/\/sede.fg.ull.es\/es\/curso\/detalle\/A26030184\/hidraulica-de-redes-con-epanet\">Hidr\u00e1ulica de redes con EPANET <\/a><\/td>\n\t\t<td>Manuel Dami\u00e1n Garc\u00eda Rom\u00e1n <\/td>\n\t\t<td>2026-05-06 <\/td>\n\n\t<\/tr>\n\t<tr>\n\t\t<td><a href=\"https:\/\/sede.fg.ull.es\/es\/curso\/detalle\/A26030247\/terapia-manual-en-cancer-de-mama\">Terapia manual en c\u00e1ncer de mama <\/a><\/td>\n\t\t<td>Juan Elicio Hern\u00e1ndez Xumet <\/td>\n\t\t<td>2026-05-07 <\/td>\n\n\t<\/tr>\n\t<tr>\n\t\t<td><a href=\"https:\/\/sede.fg.ull.es\/es\/curso\/detalle\/A26030331\/reeducacion-y-readaptacion-fisica-en-el-medio-acuatico\">Reeducaci\u00f3n y readaptaci\u00f3n f\u00edsica en el medio acu\u00e1tico <\/a><\/td>\n\t\t<td>Pablo Jos\u00e9 Borges Hern\u00e1ndez <\/td>\n\t\t<td>2026-05-08 <\/td>\n\n\t<\/tr>\n\t<tr>\n\t\t<td><a href=\"https:\/\/sede.fg.ull.es\/es\/curso\/detalle\/A26030353\/competencias-en-la-gestion-de-la-sobrecarga-el-estres-y-la-regulacion-emocional-en-cuidadoras-y-cuidadores\">Competencias en la gesti\u00f3n de la sobrecarga, el estr\u00e9s y la regulaci\u00f3n emocional en cuidadoras y cuidadores <\/a><\/td>\n\t\t<td>Yurena Mar\u00eda Rodriguez Novo <\/td>\n\t\t<td>2026-05-11 <\/td>\n\n\t<\/tr>\n\t<tr>\n\t\t<td><a href=\"https:\/\/sede.fg.ull.es\/es\/curso\/detalle\/A26030201\/estrategias-para-el-abordaje-integral-de-los-pacientes-polimedicados\">Estrategias para el abordaje integral de los pacientes polimedicados <\/a><\/td>\n\t\t<td>Sandra D\u00e9vora Guti\u00e9rrez <\/td>\n\t\t<td>2026-05-11 <\/td>\n\n\t<\/tr>\n\t<tr>\n\t\t<td><a href=\"https:\/\/sede.fg.ull.es\/es\/curso\/detalle\/A26030261\/evidencias-y-estrategias-practicas-en-la-seguridad-del-paciente-con-el-uso-de-medicamentos\">Evidencias y Estrategias Pr\u00e1cticas en la Seguridad del Paciente con el Uso de Medicamentos <\/a><\/td>\n\t\t<td>Sandra D\u00e9vora Guti\u00e9rrez <\/td>\n\t\t<td>2026-05-11 <\/td>\n\n\t<\/tr>\n\t<tr>\n\t\t<td><a href=\"https:\/\/sede.fg.ull.es\/es\/curso\/detalle\/A26030202\/la-farmacia-como-catalizadora-de-salud-comunitaria\">La Farmacia como Catalizadora de Salud Comunitaria <\/a><\/td>\n\t\t<td>Sandra D\u00e9vora Guti\u00e9rrez <\/td>\n\t\t<td>2026-05-11 <\/td>\n\n\t<\/tr>\n\t<tr>\n\t\t<td><a href=\"https:\/\/sede.fg.ull.es\/es\/curso\/detalle\/A26030248\/psicooncologia-en-el-cancer-de-mama\">Psicooncolog\u00eda en el C\u00e1ncer de Mama <\/a><\/td>\n\t\t<td>Mar\u00eda del Rosario Cejas M\u00e9ndez <\/td>\n\t\t<td>2026-05-11 <\/td>\n\n\t<\/tr>\n\t<tr>\n\t\t<td><a href=\"https:\/\/sede.fg.ull.es\/es\/curso\/detalle\/A26030341\/atencion-inicial-a-emergencias-primeros-auxilios-soporte-vital-basico-y-desa\">Atenci\u00f3n Inicial a Emergencias: Primeros Auxilios, Soporte Vital B\u00e1sico y DESA <\/a><\/td>\n\t\t<td>Francisco Javier Castro Molina <\/td>\n\t\t<td>2026-05-11 <\/td>\n\n\t<\/tr>\n\t<tr>\n\t\t<td><a href=\"https:\/\/sede.fg.ull.es\/es\/curso\/detalle\/A26030338\/iniciacion-a-la-multiplicacion-de-plantas-canarias-y-agricolas\">Iniciaci\u00f3n a la multiplicaci\u00f3n de plantas canarias y agr\u00edcolas <\/a><\/td>\n\t\t<td>Manuel Hern\u00e1ndez Medina <\/td>\n\t\t<td>2026-05-13 <\/td>\n\n\t<\/tr>\n\t<tr>\n\t\t<td><a href=\"https:\/\/sede.fg.ull.es\/es\/curso\/detalle\/A26030333\/dinamizacion-de-actividades-fisicas\">Dinamizaci\u00f3n de Actividades F\u00edsicas <\/a><\/td>\n\t\t<td>Adelto Francisco de Borja Hern\u00e1ndez Alvarez <\/td>\n\t\t<td>2026-05-13 <\/td>\n\n\t<\/tr>\n\t<tr>\n\t\t<td><a href=\"https:\/\/sede.fg.ull.es\/es\/curso\/detalle\/A26030198\/participacion-comunitaria-en-salud\">Participaci\u00f3n Comunitaria en Salud <\/a><\/td>\n\t\t<td>Daniel Buraschi <\/td>\n\t\t<td>2026-05-13 <\/td>\n\n\t<\/tr>\n\t<tr>\n\t\t<td><a href=\"https:\/\/sede.fg.ull.es\/es\/curso\/detalle\/A26030200\/habilidades-de-comunicacion-farmaceutico-paciente\">Habilidades de comunicaci\u00f3n farmac\u00e9utico-paciente <\/a><\/td>\n\t\t<td>Naira Delgado Rodr\u00edguez <\/td>\n\t\t<td>2026-05-15 <\/td>\n\n\t<\/tr>\n\t<tr>\n\t\t<td><a href=\"https:\/\/sede.fg.ull.es\/es\/curso\/detalle\/A26030199\/procesos-psicosociales-implicados-en-la-salud-la-enfermedad-y-los-cuidados\">Procesos Psicosociales implicados en la Salud, la Enfermedad y los Cuidados <\/a><\/td>\n\t\t<td>Naira Delgado Rodr\u00edguez <\/td>\n\t\t<td>2026-05-15 <\/td>\n\n\t<\/tr>\n\t<tr>\n\t\t<td><a href=\"https:\/\/sede.fg.ull.es\/es\/curso\/detalle\/A26030273\/inteligencia-emocional-y-gestion-del-estres-en-el-trabajo\">Inteligencia emocional y gesti\u00f3n del estr\u00e9s en el trabajo <\/a><\/td>\n\t\t<td>Alicia Correa Rodr\u00edguez <\/td>\n\t\t<td>2026-05-17 <\/td>\n\n\t<\/tr>\n\t<tr>\n\t\t<td><a href=\"https:\/\/sede.fg.ull.es\/es\/curso\/detalle\/A26030334\/iniciacion-a-la-apicultura-y-gestion-del-colmenar\">Iniciaci\u00f3n a la Apicultura y Gesti\u00f3n del Colmenar <\/a><\/td>\n\t\t<td>Mar\u00eda de los \u00c1ngeles Camacho P\u00e9rez <\/td>\n\t\t<td>2026-05-18 <\/td>\n\n\t<\/tr>\n\t<tr>\n\t\t<td><a href=\"https:\/\/sede.fg.ull.es\/es\/curso\/detalle\/A26030260\/intervencion-con-menores-con-trastornos-de-conducta\">Intervenci\u00f3n con menores con trastornos de conducta <\/a><\/td>\n\t\t<td>Ricardo Jos\u00e9 M\u00e1rquez Ravelo <\/td>\n\t\t<td>2026-05-18 <\/td>\n\n\t<\/tr>\n\t<tr>\n\t\t<td><a href=\"https:\/\/sede.fg.ull.es\/es\/curso\/detalle\/A26030300\/introduccion-al-reglamento-europeo-de-inteligencia-artificial\">Introducci\u00f3n al Reglamento europeo de Inteligencia Artificial <\/a><\/td>\n\t\t<td>Carlos Trujillo Cabrera <\/td>\n\t\t<td>2026-05-29 <\/td>\n\n\t<\/tr>\n\t<tr>\n\t\t<td><a href=\"https:\/\/sede.fg.ull.es\/es\/curso\/detalle\/A26030038\/estrategias-de-creatividad-e-innovacion-en-la-empresa-y-las-organizaciones\">Estrategias de creatividad e innovaci\u00f3n en la empresa y las organizaciones <\/a><\/td>\n\t\t<td>Alicia Correa Rodr\u00edguez <\/td>\n\t\t<td>2026-06-01 <\/td>\n\n\t<\/tr>\n\t<tr>\n\t\t<td><a href=\"https:\/\/sede.fg.ull.es\/es\/curso\/detalle\/A26030269\/gestion-de-recursos-humanos\">Gesti\u00f3n de recursos humanos <\/a><\/td>\n\t\t<td>Wenceslao Augusto Fuentes L\u00f3pez <\/td>\n\t\t<td>2026-06-08 <\/td>\n\n\t<\/tr>\n\t<tr>\n\t\t<td><a href=\"https:\/\/sede.fg.ull.es\/es\/curso\/detalle\/A26030259\/apoyo-psicologico-en-situaciones-de-emergencias\">Apoyo psicol\u00f3gico en situaciones de emergencias <\/a><\/td>\n\t\t<td>Ricardo Jos\u00e9 M\u00e1rquez Ravelo <\/td>\n\t\t<td>2026-06-15 <\/td>\n\n\t<\/tr>\n\t<tr>\n\t\t<td><a href=\"https:\/\/sede.fg.ull.es\/es\/curso\/detalle\/A26030267\/formador-a-3-0-educacion-a-distancia\">Formador\/a 3.0: Educaci\u00f3n a distancia <\/a><\/td>\n\t\t<td>Ricardo Jos\u00e9 M\u00e1rquez Ravelo <\/td>\n\t\t<td>2026-06-15 <\/td>\n\n\t<\/tr>\n\t<tr>\n\t\t<td><a href=\"https:\/\/sede.fg.ull.es\/es\/curso\/detalle\/A26030340\/introduccion-al-reglamento-europeo-de-inteligencia-artificial\">Introducci\u00f3n al Reglamento europeo de Inteligencia Artificial <\/a><\/td>\n\t\t<td>Carlos Trujillo Cabrera <\/td>\n\t\t<td>2026-07-15 <\/td>\n\n\t<\/tr>\n\t<tr>\n\t\t<td><a href=\"https:\/\/sede.fg.ull.es\/es\/curso\/detalle\/A26030339\/introduccion-al-reglamento-europeo-de-inteligencia-artificial\">Introducci\u00f3n al Reglamento europeo de Inteligencia Artificial <\/a><\/td>\n\t\t<td>Carlos Trujillo Cabrera <\/td>\n\t\t<td>2026-10-09 <\/td>\n\n\t<\/tr>\n\t<\/pre>\n<\/table>\n[\/vc_column_text][\/vc_tta_section][vc_tta_section title=&#8221;Marketing y comercio&#8221; tab_id=&#8221;marketing-y-comercio&#8221;][vc_column_text 0=&#8221;&#8221;]<img decoding=\"async\" loading=\"lazy\" class=\"aligncenter size-full wp-image-32455\" src=\"https:\/\/fg.ull.es\/formacion\/wp-content\/uploads\/sites\/4\/2015\/07\/iconos-catalogo-formativo-tiras-6.jpg\" alt=\"\" width=\"1003\" height=\"50\" srcset=\"https:\/\/fg.ull.es\/formacion\/wp-content\/uploads\/sites\/4\/2015\/07\/iconos-catalogo-formativo-tiras-6.jpg 1003w, https:\/\/fg.ull.es\/formacion\/wp-content\/uploads\/sites\/4\/2015\/07\/iconos-catalogo-formativo-tiras-6-300x15.jpg 300w, https:\/\/fg.ull.es\/formacion\/wp-content\/uploads\/sites\/4\/2015\/07\/iconos-catalogo-formativo-tiras-6-768x38.jpg 768w, https:\/\/fg.ull.es\/formacion\/wp-content\/uploads\/sites\/4\/2015\/07\/iconos-catalogo-formativo-tiras-6-375x19.jpg 375w, https:\/\/fg.ull.es\/formacion\/wp-content\/uploads\/sites\/4\/2015\/07\/iconos-catalogo-formativo-tiras-6-750x37.jpg 750w\" sizes=\"(max-width: 1003px) 100vw, 1003px\" \/><\/p>\n<p>En esta secci\u00f3n encontrar\u00e1s diferentes acciones orientadas a desarrollar la actividad profesional en el \u00e1rea comercial de cualquier empresa. Se imparten, entre otros, cursos de comercial y ventas, marketing directo, marketing m\u00f3vil, marketing online y posicionamiento, protocolo y relaciones p\u00fablicas o comercio exterior.<\/p>\n<p>A continuaci\u00f3n se detallan todos los cursos que est\u00e1n en per\u00edodo de matr\u00edcula:<\/p>\n<p><!-- ccruz - May 2017 -->\n\n<table class=\"table table-responsive\">\n\t<th>Curso<\/th>\n\t<th>Profesor\/a<\/th>\n\t<th>Fecha<\/th>\n\n\t\t<tr>\n\t\t<td><a href=\"https:\/\/sede.fg.ull.es\/es\/curso\/detalle\/A26030350\/dise-o-y-desarrollo-de-modelos-de-negocio-mediante-business-model-canvas\">Dise\u00f1o y desarrollo de modelos de negocio mediante Business Model Canvas <\/a><\/td>\n\t\t<td>Maria Isabel Hern\u00e1ndez Trujillo <\/td>\n\t\t<td>2026-05-11 <\/td>\n\n\t<\/tr>\n\t<\/pre>\n<\/table>\n[\/vc_column_text][\/vc_tta_section][vc_tta_section title=&#8221;Inform\u00e1tica, dise\u00f1o, web y audiovisuales&#8221; tab_id=&#8221;informatica-dise\u00f1o-web-y-audiovisuales&#8221;][vc_column_text 0=&#8221;&#8221;]<img decoding=\"async\" loading=\"lazy\" class=\"aligncenter size-full wp-image-32456\" src=\"https:\/\/fg.ull.es\/formacion\/wp-content\/uploads\/sites\/4\/2015\/07\/iconos-catalogo-formativo-tiras-1.jpg\" alt=\"\" width=\"1003\" height=\"50\" srcset=\"https:\/\/fg.ull.es\/formacion\/wp-content\/uploads\/sites\/4\/2015\/07\/iconos-catalogo-formativo-tiras-1.jpg 1003w, https:\/\/fg.ull.es\/formacion\/wp-content\/uploads\/sites\/4\/2015\/07\/iconos-catalogo-formativo-tiras-1-300x15.jpg 300w, https:\/\/fg.ull.es\/formacion\/wp-content\/uploads\/sites\/4\/2015\/07\/iconos-catalogo-formativo-tiras-1-768x38.jpg 768w, https:\/\/fg.ull.es\/formacion\/wp-content\/uploads\/sites\/4\/2015\/07\/iconos-catalogo-formativo-tiras-1-375x19.jpg 375w, https:\/\/fg.ull.es\/formacion\/wp-content\/uploads\/sites\/4\/2015\/07\/iconos-catalogo-formativo-tiras-1-750x37.jpg 750w\" sizes=\"(max-width: 1003px) 100vw, 1003px\" \/><\/p>\n<p>En esta secci\u00f3n encontrar\u00e1s diferentes acciones formativas orientadas al desarrollo profesional en inform\u00e1tica, dise\u00f1o, gesti\u00f3n y desarrollo web, arte digital y audiovisual.<\/p>\n<p>Se imparten, entre otros, cursos de alfabetizaci\u00f3n inform\u00e1tica, administrador de bases de datos, seguridad en redes y sistemas, seguridad de la informaci\u00f3n, aplicaciones web para la empresa, redes sociales, creaci\u00f3n de reportajes, Adobe Photoshop, Adobe Illustrator, Adobe Flash, Adobe Indesing, Adobe Premiere, creaci\u00f3n y gesti\u00f3n web, fotograf\u00eda digital y realizaci\u00f3n de cine.<\/p>\n<p>A continuaci\u00f3n se detallan todos los cursos que est\u00e1n en per\u00edodo de matr\u00edcula:<\/p>\n<p><!-- ccruz - May 2017 -->\n\n<table class=\"table table-responsive\">\n\t<th>Curso<\/th>\n\t<th>Profesor\/a<\/th>\n\t<th>Fecha<\/th>\n\n\t\t<tr>\n\t\t<td><a href=\"https:\/\/sede.fg.ull.es\/es\/curso\/detalle\/A26030212\/financiacion-presupuestos-y-justificacion-de-proyectos-cinematograficos\">Financiaci\u00f3n, presupuestos y justificaci\u00f3n de proyectos cinematogr\u00e1ficos <\/a><\/td>\n\t\t<td>Jos\u00e9 Miguel Vi\u00f1a Hern\u00e1ndez <\/td>\n\t\t<td>2026-04-30 <\/td>\n\n\t<\/tr>\n\t<tr>\n\t\t<td><a href=\"https:\/\/sede.fg.ull.es\/es\/curso\/detalle\/A26030210\/produccion-ejecutiva-y-desarrollo-de-proyectos-cinematograficos\">Producci\u00f3n ejecutiva y desarrollo de proyectos cinematogr\u00e1ficos <\/a><\/td>\n\t\t<td>Jose \u00c1ngel Alay\u00f3n D\u00e9vora <\/td>\n\t\t<td>2026-05-11 <\/td>\n\n\t<\/tr>\n\t<tr>\n\t\t<td><a href=\"https:\/\/sede.fg.ull.es\/es\/curso\/detalle\/A26030209\/responsable-de-localizaciones\">Responsable de localizaciones <\/a><\/td>\n\t\t<td>Yanira De Armas Tosco <\/td>\n\t\t<td>2026-05-18 <\/td>\n\n\t<\/tr>\n\t<tr>\n\t\t<td><a href=\"https:\/\/sede.fg.ull.es\/es\/curso\/detalle\/A26030213\/distribucion-y-ventas-internacionales-de-obras-cinematograficas\">Distribuci\u00f3n y ventas internacionales de obras cinematogr\u00e1ficas <\/a><\/td>\n\t\t<td>Luis Renart Mart\u00edn <\/td>\n\t\t<td>2026-05-25 <\/td>\n\n\t<\/tr>\n\t<\/pre>\n<\/table>\n[\/vc_column_text][\/vc_tta_section][vc_tta_section title=&#8221;Calidad, medioambiente y PRL&#8221; tab_id=&#8221;calidad-medioambiente-y-prl&#8221;][vc_column_text 0=&#8221;&#8221;]<img decoding=\"async\" loading=\"lazy\" class=\"aligncenter size-full wp-image-32457\" src=\"https:\/\/fg.ull.es\/formacion\/wp-content\/uploads\/sites\/4\/2015\/07\/iconos-catalogo-formativo-tiras-5.jpg\" alt=\"\" width=\"1003\" height=\"50\" srcset=\"https:\/\/fg.ull.es\/formacion\/wp-content\/uploads\/sites\/4\/2015\/07\/iconos-catalogo-formativo-tiras-5.jpg 1003w, https:\/\/fg.ull.es\/formacion\/wp-content\/uploads\/sites\/4\/2015\/07\/iconos-catalogo-formativo-tiras-5-300x15.jpg 300w, https:\/\/fg.ull.es\/formacion\/wp-content\/uploads\/sites\/4\/2015\/07\/iconos-catalogo-formativo-tiras-5-768x38.jpg 768w, https:\/\/fg.ull.es\/formacion\/wp-content\/uploads\/sites\/4\/2015\/07\/iconos-catalogo-formativo-tiras-5-375x19.jpg 375w, https:\/\/fg.ull.es\/formacion\/wp-content\/uploads\/sites\/4\/2015\/07\/iconos-catalogo-formativo-tiras-5-750x37.jpg 750w\" sizes=\"(max-width: 1003px) 100vw, 1003px\" \/><\/p>\n<p>En esta secci\u00f3n encontrar\u00e1s formaci\u00f3n enfocada al conocimiento de las \u00faltimas t\u00e9cnicas, procesos, normativas de protecci\u00f3n y desarrollo del Medioambiente. Tambi\u00e9n organizamos cursos que pretenden incrementar una cultura verde tanto a nivel personal como empresarial. Se imparten cursos, entre otros, de calidad, seguridad y medioambiente, sostenibilidad ambiental y responsabilidad empresarial con el medioambiente, prevenci\u00f3n de riesgos laborales, seguridad, higiene, ergonom\u00eda y psicosociolog\u00eda aplicada.<\/p>\n<p>A continuaci\u00f3n se detallan todos los cursos que est\u00e1n en per\u00edodo de matr\u00edcula:<\/p>\n<p><!-- ccruz - May 2017 -->\n\n<table class=\"table table-responsive\">\n\t<th>Curso<\/th>\n\t<th>Profesor\/a<\/th>\n\t<th>Fecha<\/th>\n\n\t\t<tr>\n\t\t<td><a href=\"https:\/\/sede.fg.ull.es\/es\/curso\/detalle\/A26030371\/descarbonizacion-y-electrificacion-del-transporte-maritimo\">Descarbonizaci\u00f3n y Electrificaci\u00f3n del Transporte Mar\u00edtimo <\/a><\/td>\n\t\t<td>Carlos Efr\u00e9n Mora Luis <\/td>\n\t\t<td>2026-05-07 <\/td>\n\n\t<\/tr>\n\t<tr>\n\t\t<td><a href=\"https:\/\/sede.fg.ull.es\/es\/curso\/detalle\/A26030276\/prevencion-y-buenas-practicas-en-la-cocina-profesional\">Prevenci\u00f3n y buenas pr\u00e1cticas en la cocina profesional <\/a><\/td>\n\t\t<td>Sara Vi\u00f1a Cruz <\/td>\n\t\t<td>2026-05-11 <\/td>\n\n\t<\/tr>\n\t<\/pre>\n<\/table>\n[\/vc_column_text][\/vc_tta_section][vc_tta_section title=&#8221;Industria y edificaci\u00f3n&#8221; tab_id=&#8221;industria-y-edificacion&#8221;][vc_column_text 0=&#8221;&#8221;]<img decoding=\"async\" loading=\"lazy\" class=\"aligncenter size-full wp-image-32458\" src=\"https:\/\/fg.ull.es\/formacion\/wp-content\/uploads\/sites\/4\/2015\/07\/iconos-catalogo-formativo-tiras-2.jpg\" alt=\"\" width=\"1003\" height=\"50\" srcset=\"https:\/\/fg.ull.es\/formacion\/wp-content\/uploads\/sites\/4\/2015\/07\/iconos-catalogo-formativo-tiras-2.jpg 1003w, https:\/\/fg.ull.es\/formacion\/wp-content\/uploads\/sites\/4\/2015\/07\/iconos-catalogo-formativo-tiras-2-300x15.jpg 300w, https:\/\/fg.ull.es\/formacion\/wp-content\/uploads\/sites\/4\/2015\/07\/iconos-catalogo-formativo-tiras-2-768x38.jpg 768w, https:\/\/fg.ull.es\/formacion\/wp-content\/uploads\/sites\/4\/2015\/07\/iconos-catalogo-formativo-tiras-2-375x19.jpg 375w, https:\/\/fg.ull.es\/formacion\/wp-content\/uploads\/sites\/4\/2015\/07\/iconos-catalogo-formativo-tiras-2-750x37.jpg 750w\" sizes=\"(max-width: 1003px) 100vw, 1003px\" \/><\/p>\n<p>En esta secci\u00f3n encontrar\u00e1s acciones orientadas, mayoritariamente, a personas tituladas en arquitectura e ingenier\u00edas de la edificaci\u00f3n.<\/p>\n<p>Se aporta una variada oferta formativa que les ayudar\u00e1 a complementar sus conocimientos. Se imparten curso de certificaci\u00f3n energ\u00e9tica, Autocad, Presto, Cype, Epanet, Hecras y dem\u00e1s herramientas y procesos de utilidad.<\/p>\n<p>A continuaci\u00f3n se detallan todos los cursos que est\u00e1n en per\u00edodo de matr\u00edcula:<\/p>\n<p><!-- ccruz - May 2017 -->\n\n<table class=\"table table-responsive\">\n\t<th>Curso<\/th>\n\t<th>Profesor\/a<\/th>\n\t<th>Fecha<\/th>\n\n\t\t<tr>\n\t\t<td><a href=\"https:\/\/sede.fg.ull.es\/es\/curso\/detalle\/A26030180\/presto-26-modulo-ii-planificacion-contratacion-y-control-de-costes\">PRESTO 26. M\u00f3dulo II: Planificaci\u00f3n, Contrataci\u00f3n y Control de Costes <\/a><\/td>\n\t\t<td>Carlos Alberto Ramos Delgado <\/td>\n\t\t<td>2026-05-12 <\/td>\n\n\t<\/tr>\n\t<\/pre>\n<\/table>\n[\/vc_column_text][\/vc_tta_section][vc_tta_section title=&#8221;Energ\u00edas renovables&#8221; tab_id=&#8221;energias-renovables&#8221;][vc_column_text 0=&#8221;&#8221;]<img decoding=\"async\" loading=\"lazy\" class=\"aligncenter size-full wp-image-32459\" src=\"https:\/\/fg.ull.es\/formacion\/wp-content\/uploads\/sites\/4\/2015\/07\/iconos-catalogo-formativo-tiras-3.jpg\" alt=\"\" width=\"1003\" height=\"50\" srcset=\"https:\/\/fg.ull.es\/formacion\/wp-content\/uploads\/sites\/4\/2015\/07\/iconos-catalogo-formativo-tiras-3.jpg 1003w, https:\/\/fg.ull.es\/formacion\/wp-content\/uploads\/sites\/4\/2015\/07\/iconos-catalogo-formativo-tiras-3-300x15.jpg 300w, https:\/\/fg.ull.es\/formacion\/wp-content\/uploads\/sites\/4\/2015\/07\/iconos-catalogo-formativo-tiras-3-768x38.jpg 768w, https:\/\/fg.ull.es\/formacion\/wp-content\/uploads\/sites\/4\/2015\/07\/iconos-catalogo-formativo-tiras-3-375x19.jpg 375w, https:\/\/fg.ull.es\/formacion\/wp-content\/uploads\/sites\/4\/2015\/07\/iconos-catalogo-formativo-tiras-3-750x37.jpg 750w\" sizes=\"(max-width: 1003px) 100vw, 1003px\" \/><\/p>\n<p>En esta secci\u00f3n encontrar\u00e1s acciones orientadas a adquirir los conocimientos y desarrollar las estrategias adecuadas para dise\u00f1ar y gestionar proyectos de energ\u00edas renovables. Se imparten cursos, entre otros, de energ\u00eda solar, e\u00f3lica e hidr\u00e1ulica.<\/p>\n<p>A continuaci\u00f3n se detallan todos los cursos que est\u00e1n en per\u00edodo de matr\u00edcula:<\/p>\n<p><!-- ccruz - May 2017 -->\n<h2>No hay cursos en esta categor&iacute; en este momento<\/h2>\n\t\t\t\t<p>Recomendamos que visites esta p&aacute;gina peri&oacute;dicamente o te suscribas a nuestro bolet&iacute;n semanal\n\t\t\t\tpara recibir informaci&oacute;n peri&oacute;dica sobre cursos.<\/p>\n\t\t\t<\/pre>\n<\/table>\n[\/vc_column_text][\/vc_tta_section][vc_tta_section title=&#8221;N\u00e1utica&#8221; tab_id=&#8221;nautica&#8221;][vc_column_text 0=&#8221;&#8221;]En esta secci\u00f3n encontrar\u00e1s diferentes acciones orientadas a desarrollar la actividad profesional en el puerto y el mar.<\/p>\n<p>A continuaci\u00f3n se detallan todos los cursos que est\u00e1n en per\u00edodo de matr\u00edcula:<\/p>\n<p><!-- ccruz - May 2017 -->\n<h2>No hay cursos en esta categor&iacute; en este momento<\/h2>\n\t\t\t\t<p>Recomendamos que visites esta p&aacute;gina peri&oacute;dicamente o te suscribas a nuestro bolet&iacute;n semanal\n\t\t\t\tpara recibir informaci&oacute;n peri&oacute;dica sobre cursos.<\/p>\n\t\t\t<\/pre>\n<\/table>\n[\/vc_column_text][\/vc_tta_section][vc_tta_section title=&#8221;Emprendimiento&#8221; tab_id=&#8221;emprendimiento&#8221;][vc_column_text]Acceder al <b><a href=\"https:\/\/fg.ull.es\/gestionaue\/formularios\/index.php\/851944?newtest=Y&amp;lang=es\">Cat\u00e1logo de Emprendimiento<\/a>.<\/b>[\/vc_column_text][\/vc_tta_section][\/vc_tta_accordion][vc_column_text 0=&#8221;&#8221;]<\/p>\n<p><span style=\"color: #333333\">La <strong>matr\u00edcula y pago<\/strong> se puede realizar a trav\u00e9s de la <span style=\"text-decoration: underline\"><span style=\"color: #005689;text-decoration: underline\"><a style=\"color: #005689;text-decoration: underline\" href=\"https:\/\/sede.fg.ull.es\/\">sede electr\u00f3nica<\/a><\/span><\/span> de la Fundaci\u00f3n<\/span><\/p>\n<p><span style=\"color: #333333\">El cat\u00e1logo de cursos se actualiza continuamente por lo que te invitamos a que nos visites de forma peri\u00f3dica.<\/span>[\/vc_column_text][vc_btn title=&#8221;Acceder al la inscripci\u00f3n de cat\u00e1logo de cursos en sede&#8221; style=&#8221;classic&#8221; shape=&#8221;square&#8221; size=&#8221;lg&#8221; align=&#8221;center&#8221; button_block=&#8221;true&#8221; link=&#8221;url:https%3A%2F%2Fsede.fg.ull.es%2Fes%2Fcurso||target:%20_blank|&#8221;][\/vc_column][\/vc_row][vc_row 0=&#8221;&#8221;][vc_column 0=&#8221;&#8221;][\/vc_column][\/vc_row]<\/p>\n<\/section>","protected":false},"excerpt":{"rendered":"<p>[vc_row css=&#8221;.vc_custom_1495614707428{padding-top: 0px !important;}&#8221;][vc_column css=&#8221;.vc_custom_1436170632506{padding-right: 46px !important;}&#8221;][vc_custom_heading text=&#8221;Cursos&#8221; font_container=&#8221;tag:div|font_size:28|text_align:left|color:%23212422&#8243; google_fonts=&#8221;font_family:Merriweather%3A300%2C300italic%2Cregular%2Citalic%2C700%2C700italic%2C900%2C900italic|font_style:900%20bold%20regular%3A900%3Anormal&#8221;][vc_empty_space height=&#8221;32&#8243;][vc_column_text 0=&#8221;&#8221;]Te invitamos a conocer la oferta formativa de la Fundaci\u00f3n General de la Universidad de La Laguna. Buscamos\u00a0que nuestros cursos est\u00e9n en sinton\u00eda con la realidad del mercado laboral, adapt\u00e1ndonos continuamente a las nuevas necesidades de especializaci\u00f3n. Intentamos, adem\u00e1s, que nuestros entornos de aprendizaje,&#8230;<\/p>\n","protected":false},"author":1,"featured_media":0,"parent":8081,"menu_order":0,"comment_status":"closed","ping_status":"closed","template":"","meta":{"footnotes":""},"_links":{"self":[{"href":"https:\/\/fg.ull.es\/formacion\/wp-json\/wp\/v2\/pages\/18497"}],"collection":[{"href":"https:\/\/fg.ull.es\/formacion\/wp-json\/wp\/v2\/pages"}],"about":[{"href":"https:\/\/fg.ull.es\/formacion\/wp-json\/wp\/v2\/types\/page"}],"author":[{"embeddable":true,"href":"https:\/\/fg.ull.es\/formacion\/wp-json\/wp\/v2\/users\/1"}],"replies":[{"embeddable":true,"href":"https:\/\/fg.ull.es\/formacion\/wp-json\/wp\/v2\/comments?post=18497"}],"version-history":[{"count":24,"href":"https:\/\/fg.ull.es\/formacion\/wp-json\/wp\/v2\/pages\/18497\/revisions"}],"predecessor-version":[{"id":32761,"href":"https:\/\/fg.ull.es\/formacion\/wp-json\/wp\/v2\/pages\/18497\/revisions\/32761"}],"up":[{"embeddable":true,"href":"https:\/\/fg.ull.es\/formacion\/wp-json\/wp\/v2\/pages\/8081"}],"wp:attachment":[{"href":"https:\/\/fg.ull.es\/formacion\/wp-json\/wp\/v2\/media?parent=18497"}],"curies":[{"name":"wp","href":"https:\/\/api.w.org\/{rel}","templated":true}]}}