{"id":43685,"date":"2026-02-25T13:01:46","date_gmt":"2026-02-25T13:01:46","guid":{"rendered":"https:\/\/fg.ull.es\/empleo\/?page_id=43685"},"modified":"2026-04-29T13:20:50","modified_gmt":"2026-04-29T13:20:50","slug":"programa-agentes-de-transformacion-digital-de-los-servicios-publicos","status":"publish","type":"page","link":"https:\/\/fg.ull.es\/empleo\/programa-agentes-de-transformacion-digital-de-los-servicios-publicos\/","title":{"rendered":"Programa Agentes de Transformaci\u00f3n Digital de los Servicios P\u00fablicos"},"content":{"rendered":"<section class=\"wpb-content-wrapper\"><p>[vc_row full_width=&#8221;stretch_row&#8221; css=&#8221;.vc_custom_1772106654096{margin-top: 0px !important;border-top-width: 0px !important;padding-top: 0px !important;background-image: url(https:\/\/fg.ull.es\/empleo\/wp-content\/uploads\/sites\/6\/2026\/02\/PROGRAMA-DE-FORMACION-AGENTES-DE-TRANSFORMACION-DIGITAL-DE-LOS-SERVICIOS-PUBLICOS.png?id=43694) !important;background-position: center !important;background-repeat: no-repeat !important;background-size: cover !important;}&#8221;][vc_column offset=&#8221;vc_hidden-sm vc_hidden-xs&#8221;][vc_row_inner css=&#8221;.vc_custom_1662728639256{margin-top: 0px !important;border-top-width: 0px !important;padding-top: 0px !important;}&#8221;][vc_column_inner width=&#8221;5\/6&#8243;][vc_single_image image=&#8221;32706&#8243; img_size=&#8221;full&#8221;][vc_custom_heading text=&#8221;PROGRAMA AGENTES DE TRANSFORMACI\u00d3N DIGITAL DE LOS SERVICIOS P\u00daBLICOS&#8221; font_container=&#8221;tag:h1|font_size:4rem|text_align:left|color:%23ffffff|line_height:6rem&#8221; google_fonts=&#8221;font_family:Montserrat%3Aregular%2C700|font_style:400%20regular%3A400%3Anormal&#8221; css_animation=&#8221;fadeInUp&#8221; css=&#8221;.vc_custom_1774447429631{padding-left: 24px !important;border-radius: 3px !important;}&#8221;][vc_custom_heading text=&#8221;<b>FORMACI\u00d3N UNIVERSITARIA CON CONTRATO LABORAL EN ALTERNANCIA PARA IMPULSAR LA TRANSFORMACI\u00d3N DIGITAL DE LA ADMINISTRACI\u00d3N P\u00daBLICA EN CANARIAS. <\/b>&#8221; font_container=&#8221;tag:h1|font_size:2rem|text_align:left|color:%23ffffff|line_height:4rem&#8221; use_theme_fonts=&#8221;yes&#8221; css_animation=&#8221;fadeInUp&#8221; css=&#8221;.vc_custom_1775565229148{padding-left: 24px !important;border-radius: 3px !important;}&#8221;][\/vc_column_inner][vc_column_inner width=&#8221;1\/6&#8243;][\/vc_column_inner][\/vc_row_inner][vc_row_inner][vc_column_inner width=&#8221;1\/3&#8243;][vc_btn title=&#8221;PRIMER LISTADO PROVISIONAL DE ACEPTADOS\/AS Y EXCLUIDOS\/AS&#8221; style=&#8221;gradient&#8221; gradient_color_1=&#8221;violet&#8221; gradient_color_2=&#8221;white&#8221; shape=&#8221;square&#8221; size=&#8221;lg&#8221; align=&#8221;center&#8221; i_align=&#8221;right&#8221; i_icon_fontawesome=&#8221;fab fa-wpforms&#8221; css_animation=&#8221;bounceInLeft&#8221; button_block=&#8221;true&#8221; add_icon=&#8221;true&#8221; link=&#8221;url:https%3A%2F%2Fdrive.google.com%2Ffile%2Fd%2F1S-UT0wj9B5iYqEq2T96TfkVgtgqtPaz2%2Fview%3Fusp%3Dsharing|target:_blank&#8221;][\/vc_column_inner][vc_column_inner width=&#8221;1\/3&#8243;][\/vc_column_inner][\/vc_row_inner][vc_empty_space height=&#8221;100px&#8221;][vc_empty_space height=&#8221;100px&#8221;][\/vc_column][\/vc_row][vc_row full_width=&#8221;stretch_row&#8221; css=&#8221;.vc_custom_1772107336468{margin-top: 0px !important;border-top-width: 0px !important;padding-top: 0px !important;background-image: url(https:\/\/fg.ull.es\/empleo\/wp-content\/uploads\/sites\/6\/2026\/02\/mobile.jpg?id=43695) !important;background-position: center !important;background-repeat: no-repeat !important;background-size: cover !important;}&#8221;][vc_column offset=&#8221;vc_hidden-lg vc_hidden-md&#8221;][vc_row_inner css=&#8221;.vc_custom_1662728639256{margin-top: 0px !important;border-top-width: 0px !important;padding-top: 0px !important;}&#8221;][vc_column_inner width=&#8221;2\/3&#8243;][vc_single_image image=&#8221;32706&#8243; img_size=&#8221;full&#8221;][vc_custom_heading text=&#8221;PROGRAMA&#8221; font_container=&#8221;tag:h1|font_size:4rem|text_align:left|color:%23ffffff|line_height:6rem&#8221; google_fonts=&#8221;font_family:Montserrat%3Aregular%2C700|font_style:400%20regular%3A400%3Anormal&#8221; css_animation=&#8221;fadeInUp&#8221; css=&#8221;.vc_custom_1772106797612{padding-left: 24px !important;border-radius: 3px !important;}&#8221;][vc_custom_heading text=&#8221;<b>AGENTES DE TRANSFORMACI\u00d3N DIGITAL<\/b> DE LOS <b>SERVICIOS P\u00daBLICOS<\/b>&#8221; font_container=&#8221;tag:h1|font_size:3rem|text_align:left|color:%23ffffff|line_height:4rem&#8221; google_fonts=&#8221;font_family:Montserrat%3Aregular%2C700|font_style:700%20bold%20regular%3A700%3Anormal&#8221; css_animation=&#8221;fadeInUp&#8221; css=&#8221;.vc_custom_1775651700645{padding-left: 24px !important;border-radius: 3px !important;}&#8221;][\/vc_column_inner][vc_column_inner width=&#8221;1\/3&#8243;][\/vc_column_inner][\/vc_row_inner][vc_empty_space height=&#8221;150px&#8221;][\/vc_column][\/vc_row][vc_row][vc_column css=&#8221;.vc_custom_1486130498896{margin-top: -80px !important;}&#8221;][vc_empty_space height=&#8221;100 px&#8221;][\/vc_column][\/vc_row][vc_row][vc_column][vc_empty_space height=&#8221;30px&#8221;][vc_row_inner][vc_column_inner width=&#8221;1\/2&#8243;][vc_custom_heading text=&#8221;\u00bfQu\u00e9 es este Programa?&#8221; font_container=&#8221;tag:h2|font_size:4rem|text_align:left|color:%231b2143|line_height:6rem&#8221; google_fonts=&#8221;font_family:Montserrat%3Aregular%2C700|font_style:700%20bold%20regular%3A700%3Anormal&#8221; css=&#8221;.vc_custom_1775650427565{border-radius: 3px !important;}&#8221;][vc_separator color=&#8221;custom&#8221; align=&#8221;align_left&#8221; border_width=&#8221;4&#8243; el_width=&#8221;20&#8243; css_animation=&#8221;slideInLeft&#8221; accent_color=&#8221;#461a79&#8243; css=&#8221;.vc_custom_1772438687094{margin-top: 15px !important;border-bottom-width: 40px !important;}&#8221;][vc_empty_space height=&#8221;10px&#8221;][vc_column_text]<b>Formaci\u00f3n Universitaria con contrato laboral en alternancia para impulsar la transformaci\u00f3n digital de la Administraci\u00f3n P\u00fablica en Canarias.<\/b><\/p>\n<p><span style=\"font-weight: 400\">Este programa de <strong>Agentes de transformaci\u00f3n digital de los servicios p\u00fablicos<\/strong> ofrece <strong>formaci\u00f3n gratuita<\/strong> con<strong> contrato formativo de 10 meses<\/strong> de duraci\u00f3n, combinando aprendizaje y experiencia profesional desde el primer d\u00eda. <\/span><\/p>\n<p><span style=\"font-weight: 400\">Comienza con un mes de formaci\u00f3n te\u00f3rica intensiva y contin\u00faa con nueve meses de formaci\u00f3n te\u00f3rico-pr\u00e1ctica en entornos reales de trabajo.<\/span>[\/vc_column_text][vc_empty_space height=&#8221;30px&#8221;][vc_custom_heading text=&#8221;\u00bfQu\u00e9 te ofrece este programa formativo?&#8221; font_container=&#8221;tag:h2|font_size:4rem|text_align:left|color:%231b2143|line_height:6rem&#8221; google_fonts=&#8221;font_family:Montserrat%3Aregular%2C700|font_style:700%20bold%20regular%3A700%3Anormal&#8221; css=&#8221;.vc_custom_1772438642230{border-radius: 3px !important;}&#8221;][vc_separator color=&#8221;custom&#8221; align=&#8221;align_left&#8221; border_width=&#8221;4&#8243; el_width=&#8221;20&#8243; css_animation=&#8221;slideInLeft&#8221; accent_color=&#8221;#461a79&#8243; css=&#8221;.vc_custom_1772626588145{margin-top: 15px !important;border-bottom-width: 40px !important;}&#8221;][vc_empty_space height=&#8221;10px&#8221;][vc_column_text]<\/p>\n<p data-start=\"77\" data-end=\"454\"><strong data-start=\"91\" data-end=\"136\">Formaci\u00f3n gratuita con contrato formativo<\/strong> de 10 meses de duraci\u00f3n, dise\u00f1ada para combinar aprendizaje y experiencia profesional desde el primer d\u00eda.<\/p>\n<p data-start=\"77\" data-end=\"454\">El programa comienza con un mes de formaci\u00f3n te\u00f3rica intensiva y contin\u00faa con nueve meses de formaci\u00f3n te\u00f3rico-pr\u00e1ctica, en los que el alumnado aplica los conocimientos adquiridos en entornos reales de trabajo.<\/p>\n<p data-start=\"456\" data-end=\"768\">La formaci\u00f3n tiene una duraci\u00f3n total de <strong>1.175 horas<\/strong>, distribuidas en <strong>470 horas te\u00f3ricas<\/strong> y <strong>705 horas pr\u00e1cticas<\/strong>.<\/p>\n<p data-start=\"456\" data-end=\"768\">Adem\u00e1s, incluye la participaci\u00f3n en proyectos reales con entidades p\u00fablicas, lo que permite adquirir experiencia profesional y desarrollar competencias clave altamente valoradas en el mercado laboral.<\/p>\n<p>[\/vc_column_text][\/vc_column_inner][vc_column_inner width=&#8221;1\/2&#8243;][vc_empty_space height=&#8221;30px&#8221;][vc_single_image image=&#8221;43734&#8243; img_size=&#8221;full&#8221;][vc_empty_space height=&#8221;30px&#8221;][vc_column_text]Revisa las <strong>bases<\/strong> para ver los <strong>criterios de selecci\u00f3n<\/strong> y las <strong>fechas clave del proceso<\/strong> de admisi\u00f3n.[\/vc_column_text][vc_empty_space height=&#8221;30px&#8221;][vc_btn title=&#8221;BASES&#8221; style=&#8221;outline&#8221; shape=&#8221;square&#8221; color=&#8221;violet&#8221; align=&#8221;center&#8221; i_icon_fontawesome=&#8221;fab fa-wpforms&#8221; css_animation=&#8221;bounceInLeft&#8221; button_block=&#8221;true&#8221; add_icon=&#8221;true&#8221; link=&#8221;url:https%3A%2F%2Fdrive.google.com%2Ffile%2Fd%2F1-xdaxrILJmd3Vm6apYi_abQNHaRy96lS%2Fview%3Fusp%3Dsharing|target:_blank&#8221;][vc_btn title=&#8221;PRIMER LISTADO PROVISIONAL DE ACEPTADOS\/AS Y EXCLUIDOS\/AS&#8221; style=&#8221;outline&#8221; shape=&#8221;square&#8221; color=&#8221;violet&#8221; align=&#8221;center&#8221; i_icon_fontawesome=&#8221;fab fa-wpforms&#8221; css_animation=&#8221;bounceInLeft&#8221; button_block=&#8221;true&#8221; add_icon=&#8221;true&#8221; link=&#8221;url:https%3A%2F%2Fdrive.google.com%2Ffile%2Fd%2F1S-UT0wj9B5iYqEq2T96TfkVgtgqtPaz2%2Fview%3Fusp%3Dsharing|target:_blank&#8221;][vc_empty_space height=&#8221;30px&#8221;][\/vc_column_inner][\/vc_row_inner][vc_empty_space height=&#8221;50 px&#8221;][\/vc_column][\/vc_row][vc_row full_width=&#8221;stretch_row&#8221; css=&#8221;.vc_custom_1662729709606{background-color: #dddddd !important;}&#8221;][vc_column css=&#8221;.vc_custom_1486130498896{margin-top: -80px !important;}&#8221;][vc_empty_space height=&#8221;100 px&#8221;][vc_custom_heading text=&#8221;\u00bfQu\u00e9 te ofrecemos?&#8221; font_container=&#8221;tag:h2|font_size:4rem|text_align:left|color:%231b2143|line_height:6rem&#8221; google_fonts=&#8221;font_family:Montserrat%3Aregular%2C700|font_style:700%20bold%20regular%3A700%3Anormal&#8221; css=&#8221;.vc_custom_1774609244381{border-radius: 3px !important;}&#8221;][vc_separator color=&#8221;custom&#8221; align=&#8221;align_left&#8221; border_width=&#8221;4&#8243; el_width=&#8221;20&#8243; css_animation=&#8221;slideInLeft&#8221; accent_color=&#8221;#461a79&#8243; css=&#8221;.vc_custom_1772438711008{margin-top: 15px !important;border-bottom-width: 40px !important;}&#8221;][vc_single_image image=&#8221;43803&#8243; img_size=&#8221;full&#8221;][vc_empty_space height=&#8221;50 px&#8221;][vc_custom_heading text=&#8221;\u00bfQui\u00e9n puede participar?&#8221; font_container=&#8221;tag:h2|font_size:4rem|text_align:left|color:%231b2143|line_height:6rem&#8221; google_fonts=&#8221;font_family:Montserrat%3Aregular%2C700|font_style:700%20bold%20regular%3A700%3Anormal&#8221; css=&#8221;.vc_custom_1772438009603{border-radius: 3px !important;}&#8221;][vc_separator color=&#8221;custom&#8221; align=&#8221;align_left&#8221; border_width=&#8221;4&#8243; el_width=&#8221;20&#8243; css_animation=&#8221;slideInLeft&#8221; accent_color=&#8221;#461a79&#8243; css=&#8221;.vc_custom_1772438711008{margin-top: 15px !important;border-bottom-width: 40px !important;}&#8221;][vc_empty_space][vc_column_text]Podr\u00e1n ser beneficiarias las <strong>p<span class=\"\" data-slate-leaf=\"true\">ersonas <\/span><span class=\"font-[600]\" data-slate-leaf=\"true\">desempleadas<\/span><\/strong><span data-slate-node=\"text\"><span class=\"\" data-slate-leaf=\"true\"> que cuenten con alguna de las siguientes titulaciones:<\/span><\/span><\/p>\n<div class=\"ps-[28px] w-full\" data-slate-node=\"element\" data-slate-fragment=\"JTVCJTdCJTIydHlwZSUyMiUzQSUyMmdyb3VwJTIyJTJDJTIyaXNSb290JTIyJTNBdHJ1ZSUyQyUyMmNoaWxkcmVuJTIyJTNBJTVCJTdCJTIydHlwZSUyMiUzQSUyMmxpc3RJdGVtJTIyJTJDJTIyb3JkZXJlZCUyMiUzQWZhbHNlJTJDJTIyY2hpbGRyZW4lMjIlM0ElNUIlN0IlMjJ0ZXh0JTIyJTNBJTIyUGVyc29uYXMlMjAlMjIlN0QlMkMlN0IlMjJ0ZXh0JTIyJTNBJTIyZGVzZW1wbGVhZGFzJTIyJTJDJTIyYm9sZCUyMiUzQXRydWUlN0QlMkMlN0IlMjJ0ZXh0JTIyJTNBJTIyJTIwcXVlJTIwY3VlbnRlbiUyMGNvbiUyMGFsZ3VuYSUyMGRlJTIwbGFzJTIwc2lndWllbnRlcyUyMHRpdHVsYWNpb25lcyUzQSUyMiU3RCU1RCU3RCUyQyU3QiUyMnR5cGUlMjIlM0ElMjJncm91cCUyMiUyQyUyMmNoaWxkcmVuJTIyJTNBJTVCJTdCJTIydHlwZSUyMiUzQSUyMmxpc3RJdGVtJTIyJTJDJTIyb3JkZXJlZCUyMiUzQWZhbHNlJTJDJTIyY2hpbGRyZW4lMjIlM0ElNUIlN0IlMjJ0ZXh0JTIyJTNBJTIyVGl0dWxhY2klQzMlQjNuJTIwdW5pdmVyc2l0YXJpYS4lMjIlN0QlNUQlN0QlMkMlN0IlMjJ0eXBlJTIyJTNBJTIybGlzdEl0ZW0lMjIlMkMlMjJvcmRlcmVkJTIyJTNBZmFsc2UlMkMlMjJjaGlsZHJlbiUyMiUzQSU1QiU3QiUyMnRleHQlMjIlM0ElMjJCYWNoaWxsZXJhdG8uJTIyJTdEJTVEJTdEJTJDJTdCJTIydHlwZSUyMiUzQSUyMmxpc3RJdGVtJTIyJTJDJTIyb3JkZXJlZCUyMiUzQWZhbHNlJTJDJTIyY2hpbGRyZW4lMjIlM0ElNUIlN0IlMjJ0ZXh0JTIyJTNBJTIyRm9ybWFjaSVDMyVCM24lMjBQcm9mZXNpb25hbCUyMGRlJTIwR3JhZG8lMjBTdXBlcmlvci4lMjIlN0QlNUQlN0QlMkMlN0IlMjJ0eXBlJTIyJTNBJTIybGlzdEl0ZW0lMjIlMkMlMjJvcmRlcmVkJTIyJTNBZmFsc2UlMkMlMjJjaGlsZHJlbiUyMiUzQSU1QiU3QiUyMnRleHQlMjIlM0ElMjJDZXJ0aWZpY2FkbyUyMGRlJTIwUHJvZmVzaW9uYWxpZGFkJTIwZGUlMjBOaXZlbCUyMDMuJTIyJTdEJTVEJTdEJTVEJTdEJTVEJTdEJTVE\">\n<div class=\"w-full my-[1px]\">\n<ul>\n<li class=\"flex flex-row ps-[2px]\" data-slate-node=\"element\"><span class=\"flex-1 py-[3px] font-normal text-[16px] text-[var(--text-primary)]\"><span data-slate-node=\"text\"><span class=\"\" data-slate-leaf=\"true\">Titulaci\u00f3n universitaria.<\/span><\/span><\/span><\/li>\n<li class=\"flex flex-row ps-[2px]\" data-slate-node=\"element\">Bachillerato.<\/li>\n<li class=\"flex flex-row ps-[2px]\" data-slate-node=\"element\">Formaci\u00f3n Profesional de Grado Superior.<\/li>\n<li class=\"flex flex-row ps-[2px]\" data-slate-node=\"element\">Certificado de Profesionalidad de Nivel 3.<\/li>\n<\/ul>\n<\/div>\n<\/div>\n<p>[\/vc_column_text][vc_empty_space][vc_row_inner content_placement=&#8221;top&#8221;][vc_column_inner width=&#8221;1\/2&#8243;][vc_single_image image=&#8221;43753&#8243; img_size=&#8221;500&#215;500&#8243; css_animation=&#8221;bounceIn&#8221;][vc_empty_space][vc_custom_heading text=&#8221;M\u00e1s informaci\u00f3n&#8221; font_container=&#8221;tag:h2|font_size:4rem|text_align:left|color:%231b2143|line_height:6rem&#8221; google_fonts=&#8221;font_family:Montserrat%3Aregular%2C700|font_style:700%20bold%20regular%3A700%3Anormal&#8221; css=&#8221;.vc_custom_1772438317050{border-radius: 3px !important;}&#8221;][vc_column_text]<\/p>\n<ul>\n<li><a href=\"mailto:info@fg.ull.es\">info@fg.ull.es<\/a><\/li>\n<li>Whatsapp:\u00a0<a href=\"https:\/\/api.whatsapp.com\/send?phone=34922319200&amp;text=%C2%A1Hola%20Fundaci%C3%B3n!\">(+34) 922 31 92 00<\/a><\/li>\n<li>Avenida de la Trinidad, 61 Aulario Torre Profesor Agust\u00edn Ar\u00e9valo, planta 0 Campus Central de la Universidad de La Laguna<\/li>\n<\/ul>\n<p>[\/vc_column_text][vc_empty_space][vc_btn title=&#8221;Contacto&#8221; style=&#8221;outline&#8221; shape=&#8221;square&#8221; color=&#8221;violet&#8221; size=&#8221;lg&#8221; align=&#8221;center&#8221; button_block=&#8221;true&#8221; link=&#8221;url:https%3A%2F%2Fshare.hsforms.com%2F1KOl-3fi9Suy7JzmM-86Fwwc29k2|target:_blank&#8221;][vc_empty_space][\/vc_column_inner][vc_column_inner width=&#8221;1\/2&#8243;][vc_custom_heading text=&#8221;\u00bfQu\u00e9 documentaci\u00f3n debo aportar para inscribirme?&#8221; font_container=&#8221;tag:h2|font_size:4rem|text_align:left|color:%231b2143|line_height:6rem&#8221; google_fonts=&#8221;font_family:Montserrat%3Aregular%2C700|font_style:700%20bold%20regular%3A700%3Anormal&#8221; css=&#8221;.vc_custom_1772438253436{border-radius: 3px !important;}&#8221;][vc_separator color=&#8221;custom&#8221; align=&#8221;align_left&#8221; border_width=&#8221;4&#8243; el_width=&#8221;20&#8243; css_animation=&#8221;slideInLeft&#8221; accent_color=&#8221;#461a79&#8243; css=&#8221;.vc_custom_1772438725846{margin-top: 15px !important;border-bottom-width: 40px !important;}&#8221;][vc_empty_space][vc_column_text]<\/p>\n<ul>\n<li>Documento de identidad (DNI, NIE o pasaporte en vigor).<\/li>\n<li>Certificado de inscripci\u00f3n como demandante de empleo en el Servicio Canario de Empleo (DARDE en vigor).<\/li>\n<li>Curr\u00edculum actualizado (para valorar perfil competencial).<\/li>\n<li>T\u00edtulo o (recibo de pago de las tasas acad\u00e9micas) que acredite el requisito acad\u00e9mico.<\/li>\n<\/ul>\n<p>[\/vc_column_text][vc_separator color=&#8221;custom&#8221; align=&#8221;align_left&#8221; border_width=&#8221;4&#8243; el_width=&#8221;20&#8243; css_animation=&#8221;slideInLeft&#8221; accent_color=&#8221;#461a79&#8243; css=&#8221;.vc_custom_1772438737790{margin-top: 15px !important;border-bottom-width: 40px !important;}&#8221;][vc_empty_space][vc_btn title=&#8221;INSCRIPCI\u00d3N (hasta 26\/04)&#8221; style=&#8221;outline&#8221; shape=&#8221;square&#8221; color=&#8221;violet&#8221; align=&#8221;center&#8221; i_icon_fontawesome=&#8221;fab fa-wpforms&#8221; css_animation=&#8221;bounceInLeft&#8221; button_block=&#8221;true&#8221; add_icon=&#8221;true&#8221; link=&#8221;url:https%3A%2F%2Ffg.ull.es%2Fgestionaue%2Fformularios%2Findex.php%2F678381%3Flang%3Des|target:_blank&#8221;][vc_empty_space][\/vc_column_inner][\/vc_row_inner][\/vc_column][\/vc_row][vc_row][vc_column][vc_custom_heading text=&#8221;FAQS&#8221; font_container=&#8221;tag:h3|font_size:4rem|text_align:left|color:%231b2143|line_height:6rem&#8221; google_fonts=&#8221;font_family:Montserrat%3Aregular%2C700|font_style:700%20bold%20regular%3A700%3Anormal&#8221; css=&#8221;.vc_custom_1775803624803{border-radius: 3px !important;}&#8221;][vc_separator color=&#8221;custom&#8221; align=&#8221;align_left&#8221; border_width=&#8221;4&#8243; el_width=&#8221;20&#8243; css_animation=&#8221;slideInLeft&#8221; accent_color=&#8221;#461a79&#8243; css=&#8221;.vc_custom_1772609985866{margin-top: 15px !important;border-bottom-width: 40px !important;}&#8221;][vc_tta_accordion style=&#8221;outline&#8221; shape=&#8221;square&#8221; color=&#8221;violet&#8221; active_section=&#8221;0123&#8243; collapsible_all=&#8221;true&#8221;][vc_tta_section i_icon_fontawesome=&#8221;far fa-question-circle&#8221; add_icon=&#8221;true&#8221; title=&#8221;FAQS&#8221; tab_id=&#8221;1775804139388-2ac600a6-d6fc&#8221;][vc_column_text]<b>\u00bfEs compatible con otros programas como DIGINOVA?<\/b><span style=\"font-weight: 400\"><br \/>\n<\/span><span style=\"font-weight: 400\">S\u00ed. El programa es compatible con iniciativas formativas previas como DIGINOVA y puede cursarse de forma simult\u00e1nea.<\/span><\/p>\n<p><b>\u00bfLos 47 cr\u00e9ditos se pueden convalidar? <\/b>No. Al tratarse de un t\u00edtulo propio universitario, los cr\u00e9ditos no son convalidables en titulaciones oficiales ni tienen reconocimiento autom\u00e1tico en otros estudios.<\/p>\n<p><b>\u00bfEs un programa de posgrado? <\/b>S\u00ed. Se trata de un programa de posgrado. No obstante, su reconocimiento acad\u00e9mico en otras titulaciones depender\u00e1 de cada universidad.<\/p>\n<p><b>\u00bfSe facilita el temario de la prueba de acceso? <\/b>No. La prueba de acceso tiene como objetivo valorar los conocimientos de los\/as candidatos\/as<\/p>\n<p><b>\u00bfLa formaci\u00f3n es online o presencial? <\/b>La formaci\u00f3n es principalmente presencial. Incluye sesiones te\u00f3ricas de 2 a 3 d\u00edas en aula universitaria y una fase pr\u00e1ctica en una instituci\u00f3n p\u00fablica. La duraci\u00f3n total del programa es de aproximadamente 10 meses, con disponibilidad completa requerida.<\/p>\n<p><b>\u00bfExisten modalidades seg\u00fan la isla de residencia? <\/b>S\u00ed. El programa se adapta a la isla de residencia del alumnado.<\/p>\n<ul>\n<li style=\"font-weight: 400\"><span style=\"font-weight: 400\">En islas no capitalinas (La Gomera, La Palma y El Hierro), la formaci\u00f3n te\u00f3rica se imparte en modalidad online y las pr\u00e1cticas se realizan en instituciones p\u00fablicas de la isla.\u00a0<\/span><\/li>\n<li style=\"font-weight: 400\"><span style=\"font-weight: 400\">En Gran Canaria, la parte te\u00f3rica se desarrolla en la Universidad de Las Palmas de Gran Canaria y las pr\u00e1cticas en entidades locales.\u00a0<\/span><\/li>\n<li style=\"font-weight: 400\"><span style=\"font-weight: 400\">En Lanzarote y Fuerteventura, se sigue un esquema adaptado a cada isla.<\/span><\/li>\n<\/ul>\n<p><b>\u00bfCu\u00e1ndo recibir\u00e9 mi confirmaci\u00f3n de la inscripci\u00f3n?<\/b><\/p>\n<p><span style=\"font-weight: 400\">La confirmaci\u00f3n de la recepci\u00f3n de su solicitud se enviar\u00e1 autom\u00e1ticamente por correo electr\u00f3nico una vez completado el proceso de inscripci\u00f3n.<\/span><\/p>\n<p><b>\u00bfCu\u00e1ndo empieza el Programa?<\/b><\/p>\n<p><span style=\"font-weight: 400\">Dado que la fecha de publicaci\u00f3n del listado definitivo de personas seleccionadas es el 10 de mayo de 2026, est\u00e1 previsto que el proyecto d\u00e9 comienzo durante la segunda quincena del mes de mayo.<\/span><\/p>\n<p><b>\u00bfEs compatible si estoy cobrando alguna prestaci\u00f3n\/subsidio?<\/b><\/p>\n<p><span style=\"font-weight: 400\">En principio, no es compatible, ya que se trata de un contrato de formaci\u00f3n. No obstante, dado que cada situaci\u00f3n personal puede presentar particularidades, se <\/span><span style=\"font-weight: 400\">recomienda consultar con la oficina del SEPE que le corresponda para recibir asesoramiento espec\u00edfico.<\/span>[\/vc_column_text][\/vc_tta_section][\/vc_tta_accordion][\/vc_column][\/vc_row][vc_row full_width=&#8221;stretch_row&#8221; css=&#8221;.vc_custom_1772438904201{padding-top: 20px !important;padding-right: 20px !important;padding-bottom: 20px !important;padding-left: 20px !important;background-color: #ffffff !important;}&#8221; el_id=&#8221;fases&#8221;][vc_column][vc_row_inner el_class=&#8221;quien-va-dirigido&#8221;][vc_column_inner width=&#8221;1\/6&#8243;][\/vc_column_inner][vc_column_inner width=&#8221;2\/3&#8243;][vc_custom_heading text=&#8221;Plan formativo&#8221; font_container=&#8221;tag:h2|font_size:4rem|text_align:left|color:%231b2143|line_height:6rem&#8221; google_fonts=&#8221;font_family:Montserrat%3Aregular%2C700|font_style:700%20bold%20regular%3A700%3Anormal&#8221; css=&#8221;.vc_custom_1772439350690{border-radius: 3px !important;}&#8221;][vc_separator color=&#8221;custom&#8221; align=&#8221;align_left&#8221; border_width=&#8221;4&#8243; el_width=&#8221;20&#8243; css_animation=&#8221;slideInLeft&#8221; accent_color=&#8221;#461a79&#8243; css=&#8221;.vc_custom_1772447579771{margin-top: 15px !important;border-bottom-width: 40px !important;}&#8221;][vc_empty_space][vc_column_text]Descrubre los m\u00f3dulos del programa.[\/vc_column_text][\/vc_column_inner][vc_column_inner width=&#8221;1\/6&#8243;][\/vc_column_inner][\/vc_row_inner][\/vc_column][\/vc_row][vc_row][vc_column width=&#8221;1\/2&#8243;][vc_tta_tour style=&#8221;outline&#8221; color=&#8221;violet&#8221; controls_size=&#8221;sm&#8221; active_section=&#8221;1&#8243; pagination_style=&#8221;outline-round&#8221; pagination_color=&#8221;violet&#8221; no_fill_content_area=&#8221;true&#8221; css=&#8221;.vc_custom_1775651893771{margin: 0px !important;padding: 0px !important;border: 0px initial !important;}&#8221;][vc_tta_section title=&#8221;I&#8221; tab_id=&#8221;modulo-1&#8243;][vc_custom_heading text=&#8221;Transformaci\u00f3n Digital&#8221; font_container=&#8221;tag:h4|font_size:2.5rem|text_align:left|color:%231b2143|line_height:4rem&#8221; google_fonts=&#8221;font_family:Montserrat%3Aregular%2C700|font_style:700%20bold%20regular%3A700%3Anormal&#8221; css_animation=&#8221;fadeIn&#8221; css=&#8221;.vc_custom_1775651975434{border-radius: 3px !important;}&#8221;][vc_separator color=&#8221;custom&#8221; align=&#8221;align_left&#8221; border_width=&#8221;4&#8243; el_width=&#8221;20&#8243; css_animation=&#8221;slideInLeft&#8221; accent_color=&#8221;#461a79&#8243; css=&#8221;.vc_custom_1772799000845{margin-top: 15px !important;border-bottom-width: 40px !important;}&#8221;][vc_empty_space height=&#8221;20px&#8221;][vc_row_inner][vc_column_inner][vc_column_text]<\/p>\n<ul type=\"disc\">\n<li>Fundamentos, beneficios y desaf\u00edos.<\/li>\n<li>Cultura del cambio, estrategias institucionales.<\/li>\n<li>Espa\u00f1a Digital 2026, PRTR, IA aplicada.<\/li>\n<\/ul>\n<p>Marco INAP V3: 6.1, 5.2 (niveles A-B).[\/vc_column_text][\/vc_column_inner][\/vc_row_inner][\/vc_tta_section][vc_tta_section title=&#8221;II&#8221; tab_id=&#8221;modulo-2&#8243;][vc_custom_heading text=&#8221;Normativa y Estado de Implantaci\u00f3n&#8221; font_container=&#8221;tag:h4|font_size:2.5rem|text_align:left|color:%231b2143|line_height:4rem&#8221; google_fonts=&#8221;font_family:Montserrat%3Aregular%2C700|font_style:700%20bold%20regular%3A700%3Anormal&#8221; css_animation=&#8221;fadeIn&#8221; css=&#8221;.vc_custom_1772455501183{border-radius: 3px !important;}&#8221;][vc_separator color=&#8221;custom&#8221; align=&#8221;align_left&#8221; border_width=&#8221;4&#8243; el_width=&#8221;20&#8243; css_animation=&#8221;slideInLeft&#8221; accent_color=&#8221;#461a79&#8243; css=&#8221;.vc_custom_1772455453110{margin-top: 15px !important;border-bottom-width: 40px !important;}&#8221;][vc_empty_space height=&#8221;20px&#8221;][vc_row_inner][vc_column_inner][vc_column_text]<\/p>\n<ul type=\"disc\">\n<li>Leyes 39\/2015 y 40\/2015.<\/li>\n<li>Sede electr\u00f3nica, firma digital, interoperabilidad.<\/li>\n<li>Sistema SIR, normas t\u00e9cnicas, IA aplicada.<\/li>\n<\/ul>\n<p>Marco INAP V3: 6.1, 2.1, 2.2 (niveles A-B).[\/vc_column_text][\/vc_column_inner][\/vc_row_inner][\/vc_tta_section][vc_tta_section title=&#8221;III&#8221; tab_id=&#8221;modulo-3&#8243;][vc_custom_heading text=&#8221;Innovaci\u00f3n Digital&#8221; font_container=&#8221;tag:h4|font_size:2.5rem|text_align:left|color:%231b2143|line_height:1rem&#8221; google_fonts=&#8221;font_family:Montserrat%3Aregular%2C700|font_style:700%20bold%20regular%3A700%3Anormal&#8221; css_animation=&#8221;fadeIn&#8221; css=&#8221;.vc_custom_1772543539608{border-radius: 3px !important;}&#8221;][vc_separator color=&#8221;custom&#8221; align=&#8221;align_left&#8221; border_width=&#8221;4&#8243; el_width=&#8221;20&#8243; css_animation=&#8221;slideInLeft&#8221; accent_color=&#8221;#461a79&#8243; css=&#8221;.vc_custom_1772455618545{margin-top: 15px !important;border-bottom-width: 40px !important;}&#8221;][vc_empty_space height=&#8221;20px&#8221;][vc_row_inner][vc_column_inner][vc_column_text]<\/p>\n<ul type=\"disc\">\n<li>Tecnolog\u00edas disruptivas: IA, blockchain, RPA.<\/li>\n<li>Dise\u00f1o de soluciones innovadoras.<\/li>\n<li>Riesgos \u00e9ticos y gobernanza, IA aplicada.<\/li>\n<\/ul>\n<p>Marco INAP V3: 6.2, 1.5, 3.1 (niveles A-B).[\/vc_column_text][\/vc_column_inner][\/vc_row_inner][\/vc_tta_section][vc_tta_section title=&#8221;IV&#8221; tab_id=&#8221;modulo-4&#8243;][vc_custom_heading text=&#8221;Servicios P\u00fablicos Digitales&#8221; font_container=&#8221;tag:h4|font_size:2.5rem|text_align:left|color:%231b2143|line_height:4rem&#8221; google_fonts=&#8221;font_family:Montserrat%3Aregular%2C700|font_style:700%20bold%20regular%3A700%3Anormal&#8221; css_animation=&#8221;fadeIn&#8221; css=&#8221;.vc_custom_1772543568967{border-radius: 3px !important;}&#8221;][vc_separator color=&#8221;custom&#8221; align=&#8221;align_left&#8221; border_width=&#8221;4&#8243; el_width=&#8221;20&#8243; css_animation=&#8221;slideInLeft&#8221; accent_color=&#8221;#461a79&#8243; css=&#8221;.vc_custom_1772799039203{margin-top: 15px !important;border-bottom-width: 40px !important;}&#8221;][vc_empty_space height=&#8221;20px&#8221;][vc_row_inner][vc_column_inner][vc_column_text]<\/p>\n<ul>\n<li>Experiencia de usuario, accesibilidad, transparencia.<\/li>\n<li>Interacci\u00f3n multicanal, gobierno abierto, IA aplicada.<\/li>\n<\/ul>\n<p>Marco INAP V3: 2.2, 3.1, 1.3 (niveles A-B).[\/vc_column_text][\/vc_column_inner][\/vc_row_inner][\/vc_tta_section][vc_tta_section title=&#8221;V&#8221; tab_id=&#8221;modulo-5&#8243;][vc_custom_heading text=&#8221;Habilidades T\u00e9cnicas&#8221; font_container=&#8221;tag:h4|font_size:2.5rem|text_align:left|color:%231b2143|line_height:4rem&#8221; google_fonts=&#8221;font_family:Montserrat%3Aregular%2C700|font_style:700%20bold%20regular%3A700%3Anormal&#8221; css_animation=&#8221;fadeIn&#8221; css=&#8221;.vc_custom_1772543582267{border-radius: 3px !important;}&#8221;][vc_separator color=&#8221;custom&#8221; align=&#8221;align_left&#8221; border_width=&#8221;4&#8243; el_width=&#8221;20&#8243; css_animation=&#8221;slideInLeft&#8221; accent_color=&#8221;#461a79&#8243; css=&#8221;.vc_custom_1772626603895{margin-top: 15px !important;border-bottom-width: 40px !important;}&#8221;][vc_empty_space height=&#8221;20px&#8221;][vc_row_inner][vc_column_inner][vc_column_text]<\/p>\n<ul type=\"disc\">\n<li>IA, ciberseguridad, anal\u00edtica de datos.<\/li>\n<li>Cloud computing, automatizaci\u00f3n (RPA), IA aplicada.<\/li>\n<\/ul>\n<p>Marco INAP V3: 1.1, 1.5, 4.1, 4.2 (niveles A-B).[\/vc_column_text][\/vc_column_inner][\/vc_row_inner][\/vc_tta_section][vc_tta_section title=&#8221;VI&#8221; tab_id=&#8221;modulo-6&#8243;][vc_custom_heading text=&#8221;Dise\u00f1o y Gesti\u00f3n de Proyectos&#8221; font_container=&#8221;tag:h4|font_size:2.5rem|text_align:left|color:%231b2143|line_height:4rem&#8221; google_fonts=&#8221;font_family:Montserrat%3Aregular%2C700|font_style:700%20bold%20regular%3A700%3Anormal&#8221; css_animation=&#8221;fadeIn&#8221; css=&#8221;.vc_custom_1775651749874{border-radius: 3px !important;}&#8221;][vc_separator color=&#8221;custom&#8221; align=&#8221;align_left&#8221; border_width=&#8221;4&#8243; el_width=&#8221;20&#8243; css_animation=&#8221;slideInLeft&#8221; accent_color=&#8221;#461a79&#8243; css=&#8221;.vc_custom_1773052035079{margin-top: 15px !important;border-bottom-width: 40px !important;}&#8221;][vc_empty_space height=&#8221;20px&#8221;][vc_row_inner][vc_column_inner][vc_column_text]<\/p>\n<ul type=\"disc\">\n<li>Metodolog\u00edas \u00e1giles, Design Thinking.<\/li>\n<li>Planificaci\u00f3n, indicadores, herramientas colaborativas, IA aplicada.<\/li>\n<\/ul>\n<p>Marco INAP V3: 6.1, 6.2, 5.1 (niveles A-B.[\/vc_column_text][\/vc_column_inner][\/vc_row_inner][\/vc_tta_section][\/vc_tta_tour][\/vc_column][vc_column width=&#8221;1\/2&#8243;][vc_tta_tour style=&#8221;outline&#8221; color=&#8221;violet&#8221; controls_size=&#8221;sm&#8221; active_section=&#8221;1&#8243; pagination_style=&#8221;outline-round&#8221; pagination_color=&#8221;violet&#8221; no_fill_content_area=&#8221;true&#8221; css=&#8221;.vc_custom_1775651901733{margin: 0px !important;padding: 0px !important;border: 0px initial !important;}&#8221;][vc_tta_section title=&#8221;VII&#8221; tab_id=&#8221;modulo-7&#8243;][vc_custom_heading text=&#8221;Habilidades Transversales&#8221; font_container=&#8221;tag:h4|font_size:2.5rem|text_align:left|color:%231b2143|line_height:4rem&#8221; google_fonts=&#8221;font_family:Montserrat%3Aregular%2C700|font_style:700%20bold%20regular%3A700%3Anormal&#8221; css_animation=&#8221;fadeIn&#8221; css=&#8221;.vc_custom_1775651758735{border-radius: 3px !important;}&#8221;][vc_separator color=&#8221;custom&#8221; align=&#8221;align_left&#8221; border_width=&#8221;4&#8243; el_width=&#8221;20&#8243; css_animation=&#8221;slideInLeft&#8221; accent_color=&#8221;#461a79&#8243; css=&#8221;.vc_custom_1773052046537{margin-top: 15px !important;border-bottom-width: 40px !important;}&#8221;][vc_empty_space height=&#8221;20px&#8221;][vc_row_inner][vc_column_inner][vc_column_text]<\/p>\n<ul type=\"disc\">\n<li>Liderazgo, gesti\u00f3n del cambio, comunicaci\u00f3n.<\/li>\n<li>Trabajo colaborativo, inteligencia emocional.<\/li>\n<\/ul>\n<p>Marco INAP V3: 2.1, 5.2, 6.1 (niveles A-B).[\/vc_column_text][\/vc_column_inner][\/vc_row_inner][\/vc_tta_section][vc_tta_section title=&#8221;VIII&#8221; tab_id=&#8221;modulo-8&#8243;][vc_custom_heading text=&#8221;Orientaci\u00f3n Laboral&#8221; font_container=&#8221;tag:h4|font_size:2.5rem|text_align:left|color:%231b2143|line_height:4rem&#8221; google_fonts=&#8221;font_family:Montserrat%3Aregular%2C700|font_style:700%20bold%20regular%3A700%3Anormal&#8221; css_animation=&#8221;fadeIn&#8221; css=&#8221;.vc_custom_1772544869660{border-radius: 3px !important;}&#8221;][vc_separator color=&#8221;custom&#8221; align=&#8221;align_left&#8221; border_width=&#8221;4&#8243; el_width=&#8221;20&#8243; css_animation=&#8221;slideInLeft&#8221; accent_color=&#8221;#461a79&#8243; css=&#8221;.vc_custom_1773052052077{margin-top: 15px !important;border-bottom-width: 40px !important;}&#8221;][vc_empty_space height=&#8221;20px&#8221;][vc_row_inner][vc_column_inner][vc_column_text]<\/p>\n<ul type=\"disc\">\n<li>Mercado laboral digital y p\u00fablico.<\/li>\n<li>CV, carta de presentaci\u00f3n, entrevistas.<\/li>\n<li>Marca personal y recursos p\u00fablicos.<\/li>\n<\/ul>\n<p>[\/vc_column_text][\/vc_column_inner][\/vc_row_inner][\/vc_tta_section][vc_tta_section title=&#8221;IX&#8221; tab_id=&#8221;modulo-9&#8243;][vc_custom_heading text=&#8221;Prevenci\u00f3n de Riesgos Laborales&#8221; font_container=&#8221;tag:h4|font_size:2.5rem|text_align:left|color:%231b2143|line_height:4rem&#8221; google_fonts=&#8221;font_family:Montserrat%3Aregular%2C700|font_style:700%20bold%20regular%3A700%3Anormal&#8221; css_animation=&#8221;fadeIn&#8221; css=&#8221;.vc_custom_1772543650068{border-radius: 3px !important;}&#8221;][vc_separator color=&#8221;custom&#8221; align=&#8221;align_left&#8221; border_width=&#8221;4&#8243; el_width=&#8221;20&#8243; css_animation=&#8221;slideInLeft&#8221; accent_color=&#8221;#461a79&#8243; css=&#8221;.vc_custom_1773052057131{margin-top: 15px !important;border-bottom-width: 40px !important;}&#8221;][vc_empty_space height=&#8221;20px&#8221;][vc_row_inner][vc_column_inner][vc_column_text]<\/p>\n<ul type=\"disc\">\n<li>Seguridad en entornos TIC.<\/li>\n<li>Ergonom\u00eda, riesgos psicosociales.<\/li>\n<li>Normativa legal, primeros auxilios.<\/li>\n<\/ul>\n<p>[\/vc_column_text][\/vc_column_inner][\/vc_row_inner][\/vc_tta_section][vc_tta_section title=&#8221;X&#8221; tab_id=&#8221;modulo-10&#8243;][vc_custom_heading text=&#8221;\u00c9tica en los Servicios P\u00fablicos&#8221; font_container=&#8221;tag:h4|font_size:2.5%20rem|text_align:left|color:%231b2143|line_height:4%20rem&#8221; google_fonts=&#8221;font_family:Montserrat%3Aregular%2C700|font_style:700%20bold%20regular%3A700%3Anormal&#8221; css_animation=&#8221;fadeIn&#8221;][vc_separator color=&#8221;custom&#8221; align=&#8221;align_left&#8221; border_width=&#8221;4&#8243; el_width=&#8221;20&#8243; css_animation=&#8221;slideInLeft&#8221; accent_color=&#8221;#461a79&#8243;][vc_empty_space][vc_row_inner][vc_column_inner][vc_column_text]<\/p>\n<ul type=\"disc\">\n<li>Principios \u00e9ticos, transparencia, inclusi\u00f3n.<\/li>\n<li>Responsabilidad social, dilemas \u00e9ticos.<\/li>\n<li>C\u00f3digo de conducta.<\/li>\n<\/ul>\n<p>[\/vc_column_text][\/vc_column_inner][\/vc_row_inner][\/vc_tta_section][vc_tta_section title=&#8221;XI&#8221; tab_id=&#8221;modulo-11&#8243;][vc_custom_heading text=&#8221;Aprendizaje Basado en Proyectos (ABP)&#8221; font_container=&#8221;tag:h4|font_size:2.5%20rem|text_align:left|color:%231b2143|line_height:4%20rem&#8221; google_fonts=&#8221;font_family:Montserrat%3Aregular%2C700|font_style:700%20bold%20regular%3A700%3Anormal&#8221;][vc_separator color=&#8221;custom&#8221; align=&#8221;align_left&#8221; border_width=&#8221;4&#8243; el_width=&#8221;20&#8243; css_animation=&#8221;slideInLeft&#8221; accent_color=&#8221;#461a79&#8243;][vc_empty_space][vc_row_inner][vc_column_inner][vc_column_text]<\/p>\n<ul type=\"disc\">\n<li>Evaluaci\u00f3n sumativa.<\/li>\n<li>Aplicaci\u00f3n pr\u00e1ctica de contenidos.<\/li>\n<li>Modalidad presencial o s\u00edncrona virtual.<\/li>\n<li>Realizaci\u00f3n de un Trabajo Final de Curso (TFC).<\/li>\n<\/ul>\n<p>[\/vc_column_text][\/vc_column_inner][\/vc_row_inner][\/vc_tta_section][\/vc_tta_tour][\/vc_column][\/vc_row][vc_row disable_element=&#8221;yes&#8221;][vc_column][vc_empty_space height=&#8221;64px&#8221;][vc_btn title=&#8221;EQUIPO DOCENTE&#8221; style=&#8221;outline&#8221; shape=&#8221;square&#8221; color=&#8221;violet&#8221; align=&#8221;center&#8221; i_icon_fontawesome=&#8221;far fa-user&#8221; css_animation=&#8221;bounceInLeft&#8221; button_block=&#8221;true&#8221; add_icon=&#8221;true&#8221; link=&#8221;target:_blank&#8221;][vc_empty_space height=&#8221;64px&#8221;][\/vc_column][\/vc_row][vc_row full_width=&#8221;stretch_row&#8221; css=&#8221;.vc_custom_1772107245204{padding-top: 20px !important;padding-right: 20px !important;padding-bottom: 20px !important;padding-left: 20px !important;background-color: #eaeaea !important;}&#8221;][vc_column][vc_empty_space height=&#8221;64px&#8221;][vc_row_inner el_class=&#8221;quien-va-dirigido&#8221;][vc_column_inner width=&#8221;1\/6&#8243;][\/vc_column_inner][vc_column_inner width=&#8221;2\/3&#8243;][vc_custom_heading text=&#8221;Agentes implicados&#8221; font_container=&#8221;tag:h3|font_size:4rem|text_align:left|color:%231b2143|line_height:6rem&#8221; google_fonts=&#8221;font_family:Montserrat%3Aregular%2C700|font_style:700%20bold%20regular%3A700%3Anormal&#8221; css=&#8221;.vc_custom_1662986085478{border-radius: 3px !important;}&#8221;][vc_separator color=&#8221;custom&#8221; align=&#8221;align_left&#8221; border_width=&#8221;4&#8243; el_width=&#8221;20&#8243; css_animation=&#8221;slideInLeft&#8221; accent_color=&#8221;#461a79&#8243; css=&#8221;.vc_custom_1772609985866{margin-top: 15px !important;border-bottom-width: 40px !important;}&#8221;][vc_empty_space][vc_column_text]<\/p>\n<div>Proyecto subvencionado al 100% por el Servicio Canario de Empleo (SCE), con cargo a fondos del Servicio P\u00fablico de Empleo Estatal (SEPE), en el marco del convenio suscrito para el desarrollo del Programa de Formaci\u00f3n\u00a0<em><strong>\u2018Agentes de Transformaci\u00f3n Digital de los Servicios P\u00fablicos\u2019<\/strong><\/em> y en colaboraci\u00f3n con la Direcci\u00f3n General de Transformaci\u00f3n Digital de los Servicios P\u00fablicos del Gobierno de Canarias.<\/div>\n<p>[\/vc_column_text][\/vc_column_inner][vc_column_inner width=&#8221;1\/6&#8243;][\/vc_column_inner][\/vc_row_inner][vc_empty_space][\/vc_column][\/vc_row][vc_row][vc_column width=&#8221;1\/4&#8243;][\/vc_column][vc_column width=&#8221;1\/4&#8243;][\/vc_column][vc_column width=&#8221;1\/4&#8243;][\/vc_column][vc_column width=&#8221;1\/4&#8243;][\/vc_column][\/vc_row][vc_row][vc_column][vc_separator style=&#8221;dotted&#8221;][vc_single_image image=&#8221;43735&#8243; img_size=&#8221;full&#8221; alignment=&#8221;center&#8221; onclick=&#8221;custom_link&#8221; css_animation=&#8221;fadeInRightBig&#8221;][vc_empty_space height=&#8221;90px&#8221;][\/vc_column][\/vc_row]<\/p>\n<\/section>","protected":false},"excerpt":{"rendered":"<p>[vc_row full_width=&#8221;stretch_row&#8221; css=&#8221;.vc_custom_1772106654096{margin-top: 0px !important;border-top-width: 0px !important;padding-top: 0px !important;background-image: url(https:\/\/fg.ull.es\/empleo\/wp-content\/uploads\/sites\/6\/2026\/02\/PROGRAMA-DE-FORMACION-AGENTES-DE-TRANSFORMACION-DIGITAL-DE-LOS-SERVICIOS-PUBLICOS.png?id=43694) !important;background-position: center !important;background-repeat: no-repeat !important;background-size: cover !important;}&#8221;][vc_column offset=&#8221;vc_hidden-sm vc_hidden-xs&#8221;][vc_row_inner css=&#8221;.vc_custom_1662728639256{margin-top: 0px !important;border-top-width: 0px !important;padding-top: 0px !important;}&#8221;][vc_column_inner width=&#8221;5\/6&#8243;][vc_single_image image=&#8221;32706&#8243; img_size=&#8221;full&#8221;][vc_custom_heading text=&#8221;PROGRAMA AGENTES DE TRANSFORMACI\u00d3N DIGITAL DE LOS SERVICIOS P\u00daBLICOS&#8221; font_container=&#8221;tag:h1|font_size:4rem|text_align:left|color:%23ffffff|line_height:6rem&#8221; google_fonts=&#8221;font_family:Montserrat%3Aregular%2C700|font_style:400%20regular%3A400%3Anormal&#8221; css_animation=&#8221;fadeInUp&#8221; css=&#8221;.vc_custom_1774447429631{padding-left: 24px !important;border-radius: 3px !important;}&#8221;][vc_custom_heading text=&#8221;FORMACI\u00d3N UNIVERSITARIA CON CONTRATO LABORAL EN ALTERNANCIA PARA IMPULSAR&#8230;<\/p>\n","protected":false},"author":10,"featured_media":0,"parent":0,"menu_order":0,"comment_status":"closed","ping_status":"closed","template":"templates\/template-frontpage.php","meta":{"footnotes":""},"_links":{"self":[{"href":"https:\/\/fg.ull.es\/empleo\/wp-json\/wp\/v2\/pages\/43685"}],"collection":[{"href":"https:\/\/fg.ull.es\/empleo\/wp-json\/wp\/v2\/pages"}],"about":[{"href":"https:\/\/fg.ull.es\/empleo\/wp-json\/wp\/v2\/types\/page"}],"author":[{"embeddable":true,"href":"https:\/\/fg.ull.es\/empleo\/wp-json\/wp\/v2\/users\/10"}],"replies":[{"embeddable":true,"href":"https:\/\/fg.ull.es\/empleo\/wp-json\/wp\/v2\/comments?post=43685"}],"version-history":[{"count":85,"href":"https:\/\/fg.ull.es\/empleo\/wp-json\/wp\/v2\/pages\/43685\/revisions"}],"predecessor-version":[{"id":43844,"href":"https:\/\/fg.ull.es\/empleo\/wp-json\/wp\/v2\/pages\/43685\/revisions\/43844"}],"wp:attachment":[{"href":"https:\/\/fg.ull.es\/empleo\/wp-json\/wp\/v2\/media?parent=43685"}],"curies":[{"name":"wp","href":"https:\/\/api.w.org\/{rel}","templated":true}]}}