{"id":42971,"date":"2024-08-05T11:03:34","date_gmt":"2024-08-05T11:03:34","guid":{"rendered":"https:\/\/fg.ull.es\/empleo\/?page_id=42971"},"modified":"2025-05-06T11:36:47","modified_gmt":"2025-05-06T11:36:47","slug":"soal","status":"publish","type":"page","link":"https:\/\/fg.ull.es\/empleo\/soal\/","title":{"rendered":"SOAL &#8211; Servicio de Orientaci\u00f3n y Acompa\u00f1amiento Laboral de la ULL"},"content":{"rendered":"<section class=\"wpb-content-wrapper\"><p>[vc_row][vc_column]\n\t\t\t<!-- START SOAL  Online REVOLUTION SLIDER 6.6.15 --><p class=\"rs-p-wp-fix\"><\/p>\n\t\t\t<rs-module-wrap id=\"rev_slider_11_1_wrapper\" data-source=\"gallery\" style=\"visibility:hidden;background:transparent;padding:0;margin:0px auto;margin-top:0;margin-bottom:0;\">\n\t\t\t\t<rs-module id=\"rev_slider_11_1\" style=\"\" data-version=\"6.6.15\">\n\t\t\t\t\t<rs-slides style=\"overflow: hidden; position: absolute;\">\n\t\t\t\t\t\t<rs-slide style=\"position: absolute;\" data-key=\"rs-26\" data-title=\"Slide\" data-in=\"o:0;\" data-out=\"a:false;\">\n\t\t\t\t\t\t\t<img src=\"\/\/fg.ull.es\/empleo\/wp-content\/plugins\/revslider\/public\/assets\/assets\/dummy.png\" alt=\"Slide\" title=\"Elementos_Header Orientaci\u00f3n\" width=\"1931\" height=\"841\" class=\"rev-slidebg tp-rs-img rs-lazyload\" data-lazyload=\"\/\/fg.ull.es\/empleo\/wp-content\/plugins\/revslider\/public\/assets\/assets\/transparent.png\" data-bg=\"c:#eaeaea;\" data-no-retina>\n<!--\n\t\t\t\t\t\t\t--><rs-layer\n\t\t\t\t\t\t\t\tid=\"slider-11-slide-26-layer-0\" \n\t\t\t\t\t\t\t\tdata-type=\"image\"\n\t\t\t\t\t\t\t\tdata-rsp_ch=\"on\"\n\t\t\t\t\t\t\t\tdata-xy=\"xo:52px,42px,34px,41px;yo:92px,75px,71px,90px;\"\n\t\t\t\t\t\t\t\tdata-text=\"w:normal;s:20,16,12,7;l:0,20,15,9;\"\n\t\t\t\t\t\t\t\tdata-dim=\"w:434px,358px,271px,417px;h:98px,80px,60px,94px;\"\n\t\t\t\t\t\t\t\tdata-frame_1=\"st:530;sR:530;\"\n\t\t\t\t\t\t\t\tdata-frame_999=\"o:0;st:w;sR:8170;\"\n\t\t\t\t\t\t\t\tstyle=\"z-index:5;\"\n\t\t\t\t\t\t\t><img src=\"\/\/fg.ull.es\/empleo\/wp-content\/plugins\/revslider\/public\/assets\/assets\/dummy.png\" alt=\"\" class=\"tp-rs-img rs-lazyload\" width=\"434\" height=\"98\" data-lazyload=\"\/\/fg.ull.es\/empleo\/wp-content\/uploads\/sites\/6\/2024\/08\/1-Elementos_Logo soal.png\" data-no-retina> \n\t\t\t\t\t\t\t<\/rs-layer><!--\n\n\t\t\t\t\t\t\t--><rs-layer\n\t\t\t\t\t\t\t\tid=\"slider-11-slide-26-layer-2\" \n\t\t\t\t\t\t\t\tdata-type=\"text\"\n\t\t\t\t\t\t\t\tdata-color=\"#321d57\"\n\t\t\t\t\t\t\t\tdata-rsp_ch=\"on\"\n\t\t\t\t\t\t\t\tdata-xy=\"xo:638px,526px,409px,44px;yo:87px,71px,70px,238px;\"\n\t\t\t\t\t\t\t\tdata-text=\"w:normal;s:44,36,27,37;l:55,45,34,46;\"\n\t\t\t\t\t\t\t\tdata-dim=\"w:585,483,366,529;h:114,94,71,102;\"\n\t\t\t\t\t\t\t\tdata-frame_1=\"st:1450;sR:1450;\"\n\t\t\t\t\t\t\t\tdata-frame_999=\"o:0;st:w;sR:7250;\"\n\t\t\t\t\t\t\t\tstyle=\"z-index:6;font-family:'Impact', 'Charcoal', 'sans-serif';\"\n\t\t\t\t\t\t\t>Te ayudamos* a mejorar tu empleabilidad \n\t\t\t\t\t\t\t<\/rs-layer><!--\n\n\t\t\t\t\t\t\t--><rs-layer\n\t\t\t\t\t\t\t\tid=\"slider-11-slide-26-layer-3\" \n\t\t\t\t\t\t\t\tdata-type=\"text\"\n\t\t\t\t\t\t\t\tdata-color=\"#eb4547\"\n\t\t\t\t\t\t\t\tdata-rsp_ch=\"on\"\n\t\t\t\t\t\t\t\tdata-xy=\"xo:638px,526px,412px,43px;yo:212px,175px,164px,338px;\"\n\t\t\t\t\t\t\t\tdata-text=\"w:normal;s:25,20,15,22;l:32,26,19,27;\"\n\t\t\t\t\t\t\t\tdata-dim=\"w:339,279,211,322;h:66,54,41,62;\"\n\t\t\t\t\t\t\t\tdata-frame_1=\"st:2240;sR:2240;\"\n\t\t\t\t\t\t\t\tdata-frame_999=\"o:0;st:w;sR:6460;\"\n\t\t\t\t\t\t\t\tstyle=\"z-index:6;font-family:'Impact', 'Charcoal', 'sans-serif';\"\n\t\t\t\t\t\t\t>*Asesoramiento gratuito.<br \/>\nS\u00ed, gratis gratis. \n\t\t\t\t\t\t\t<\/rs-layer><!--\n-->\t\t\t\t\t\t<\/rs-slide>\n\t\t\t\t\t<\/rs-slides>\n\t\t\t\t<\/rs-module>\n\t\t\t\t<script>\n\t\t\t\t\tsetREVStartSize({c: 'rev_slider_11_1',rl:[1240,1024,778,480],el:[400,330,251,720],gw:[1240,1024,778,480],gh:[400,330,251,720],type:'standard',justify:'',layout:'fullwidth',mh:\"0\"});if (window.RS_MODULES!==undefined && window.RS_MODULES.modules!==undefined && window.RS_MODULES.modules[\"revslider111\"]!==undefined) {window.RS_MODULES.modules[\"revslider111\"].once = false;window.revapi11 = undefined;if (window.RS_MODULES.checkMinimal!==undefined) window.RS_MODULES.checkMinimal()}\n\t\t\t\t<\/script>\n\t\t\t<\/rs-module-wrap>\n\t\t\t<!-- END REVOLUTION SLIDER -->\n[\/vc_column][\/vc_row][vc_row][vc_column][vc_empty_space height=&#8221;64px&#8221;][vc_custom_heading text=&#8221;<b>SERVICIO DE ORIENTACI\u00d3N Y ACOMPA\u00d1AMIENTO<br \/>\nLABORAL<\/b> DE LA UNIVERSIDAD DE LA LAGUNA&#8221; font_container=&#8221;tag:h1|text_align:center|color:%23321d57&#8243; use_theme_fonts=&#8221;yes&#8221; css_animation=&#8221;bounceIn&#8221;][vc_empty_space height=&#8221;64px&#8221;][\/vc_column][\/vc_row][vc_row css=&#8221;.vc_custom_1496749424125{padding-top: 0px !important;padding-left: px !important;}&#8221;][vc_column width=&#8221;2\/3&#8243; css=&#8221;.vc_custom_1434106613641{padding-right: 46px !important;}&#8221;][vc_empty_space][vc_video link=&#8221;https:\/\/www.youtube.com\/watch?v=duzfE3UWpEQ&#8221; align=&#8221;center&#8221; css_animation=&#8221;bounceIn&#8221;][vc_empty_space][vc_column_text]<\/p>\n<p data-start=\"542\" data-end=\"857\">Te ofrecemos un <strong data-start=\"558\" data-end=\"584\">diagn\u00f3stico individual<\/strong> para dise\u00f1ar un <strong data-start=\"601\" data-end=\"629\">itinerario personalizado<\/strong> sobre:<\/p>\n<ul>\n<li data-start=\"542\" data-end=\"857\"><strong data-start=\"682\" data-end=\"725\">Mercado laboral y salidas profesionales<\/strong><\/li>\n<li data-start=\"542\" data-end=\"857\"><strong data-start=\"730\" data-end=\"773\">B\u00fasqueda de empleo y herramientas clave: CV, carta presentaci\u00f3n, agenda<\/strong><\/li>\n<li data-start=\"542\" data-end=\"857\"><strong data-start=\"778\" data-end=\"812\">Procesos de selecci\u00f3n actuales y preparaci\u00f3n de entrevistas<\/strong><\/li>\n<li data-start=\"542\" data-end=\"857\"><strong data-start=\"817\" data-end=\"855\">Actualizaci\u00f3n de demanda de empleo<\/strong><\/li>\n<\/ul>\n<p data-start=\"1019\" data-end=\"1190\" data-is-last-node=\"\" data-is-only-node=\"\">Este servicio es financiado por el <strong data-start=\"1054\" data-end=\"1092\">Servicio P\u00fablico de Empleo Estatal<\/strong> y el <strong data-start=\"1098\" data-end=\"1128\">Servicio Canario de Empleo<\/strong>, dependiente del <strong data-start=\"1146\" data-end=\"1189\">Ministerio de Trabajo y Econom\u00eda Social<\/strong>.<\/p>\n<p>[\/vc_column_text][vc_empty_space][\/vc_column][vc_column width=&#8221;1\/3&#8243; css=&#8221;.vc_custom_1434106622666{padding-top: 42px !important;}&#8221;][vc_single_image image=&#8221;42980&#8243; img_size=&#8221;full&#8221; alignment=&#8221;center&#8221; onclick=&#8221;custom_link&#8221; img_link_target=&#8221;_blank&#8221; css_animation=&#8221;slideInRight&#8221; link=&#8221;https:\/\/fg.ull.es\/gestionaue\/formularios\/index.php\/433893?lang=es&#8221;][vc_empty_space height=&#8221;10px&#8221;][vc_single_image image=&#8221;42981&#8243; img_size=&#8221;full&#8221; css_animation=&#8221;bounceInDown&#8221;][vc_empty_space][vc_column_text]<\/p>\n<h5 class=\"vc_custom_heading vc_custom_1495044535539\">M\u00c1S INFORMACI\u00d3N<\/h5>\n<div class=\"uavc-list-icon uavc-list-icon-wrapper ult-adjust-bottom-margin vc_custom_1495044441247 vc_custom_1495044441247\">\n<div id=\"list-icon-wrap-5498\" class=\"uavc-list-content\">\n<p><span class=\"uavc-list-desc ult-responsive\"><a href=\"mailto:orientate@fg.ull.es\">orientate@fg.ull.es<\/a><\/span><\/p>\n<\/div>\n<\/div>\n<p>[\/vc_column_text][\/vc_column][\/vc_row][vc_row disable_element=&#8221;yes&#8221; css=&#8221;.vc_custom_1741689155978{padding-top: 0px !important;padding-left: px !important;}&#8221;][vc_column css=&#8221;.vc_custom_1434106613641{padding-right: 46px !important;}&#8221;][vc_column_text]Si est\u00e1s estudiando o tienes titulaci\u00f3n en estudios superiores (titulaci\u00f3n universitaria, ciclos superiores y certificados de profesionalidad nivel 3), el equipo de <strong>Orientaci\u00f3n Laboral de la Fundaci\u00f3n General de la Universidad de La Laguna<\/strong>, te ayudar\u00e1 de manera personalizada. Para acceder a este <strong>servicio gratuito<\/strong> tienes que <strong>estar inscrito\/a como demandante de empleo<\/strong>. En caso de estar ocupado, <strong>estar inscrito\/a como \u201cMejora de empleo\u201d<\/strong>. Si est\u00e1s estudiando o reci\u00e9n has finalizado tus estudios superiores y <strong>nunca te has inscrito como demandante de empleo, no te preocupes<\/strong>, tambi\u00e9n puedes pedir cita, y el equipo SOAL te inscribir\u00e1 como demandante.<\/p>\n<p>Analizaremos juntos tu nivel de empleabilidad mediante un diagn\u00f3stico individual que nos permitir\u00e1 adaptar nuestro apoyo a tus necesidades, dise\u00f1aremos un itinerario de sesiones de trabajo individuales y grupales donde te entrenar\u00e1s en competencias para la b\u00fasqueda de empleo.[\/vc_column_text][vc_column_text]Podemos trabajar los siguientes puntos:<\/p>\n<ul>\n<li>El mercado laboral y las salidas profesionales.<\/li>\n<li>Herramientas para la b\u00fasqueda de empleo.<\/li>\n<li>Los procesos de selecci\u00f3n actuales.<\/li>\n<li>Actualizar tu demandad de empleo.<\/li>\n<\/ul>\n<p>Las <strong>sesiones individuales<\/strong> tienen como objetivo realizar un seguimiento personalizado de las acciones de tu itinerario de empleo y de los avances hacia tu inserci\u00f3n laboral.<\/p>\n<p>Por su parte, las <strong>sesiones grupales<\/strong> te proporcionar\u00e1n estrategias para afrontar con \u00e9xito la b\u00fasqueda de empleo, dot\u00e1ndote de herramientas para conseguirlo y mantenerlo.<\/p>\n<p>La financiaci\u00f3n de este servicio se realiza con cargo a los fondos recibidos del Servicio P\u00fablico de Empleo Estatal del <strong>Ministerios de Trabajo y Econom\u00eda Social<\/strong> mediante la subvenci\u00f3n concedida por el <strong>Servicio Canario de Empleo<\/strong>.[\/vc_column_text][\/vc_column][\/vc_row][vc_row][vc_column width=&#8221;1\/6&#8243;][\/vc_column][vc_column width=&#8221;4\/6&#8243;][vc_empty_space height=&#8221;70px&#8221;][vc_custom_heading text=&#8221;\u00bfQu\u00e9 tem\u00e1ticas trabajamos?&#8221; font_container=&#8221;tag:h2|font_size:40|text_align:center|color:%23321d57&#8243; use_theme_fonts=&#8221;yes&#8221; css_animation=&#8221;bounceInDown&#8221;][\/vc_column][vc_column width=&#8221;1\/6&#8243;][\/vc_column][\/vc_row][vc_row gap=&#8221;20&#8243; equal_height=&#8221;yes&#8221; css=&#8221;.vc_custom_1722857386443{background-position: center !important;background-repeat: no-repeat !important;background-size: cover !important;}&#8221;][vc_column width=&#8221;1\/3&#8243;][vc_single_image image=&#8221;42986&#8243; img_size=&#8221;medium&#8221; alignment=&#8221;center&#8221; css_animation=&#8221;bounceIn&#8221;][vc_custom_heading text=&#8221;Herramientas para la<br \/>\nb\u00fasqueda de empleo&#8221; font_container=&#8221;tag:h2|font_size:30|text_align:center|color:%23321d57&#8243; use_theme_fonts=&#8221;yes&#8221; css_animation=&#8221;bounceIn&#8221;][vc_empty_space][\/vc_column][vc_column width=&#8221;1\/3&#8243;][vc_single_image image=&#8221;42987&#8243; img_size=&#8221;medium&#8221; alignment=&#8221;center&#8221; css_animation=&#8221;bounceIn&#8221;][vc_custom_heading text=&#8221;Informaci\u00f3n&#8221; font_container=&#8221;tag:h2|font_size:30|text_align:center|color:%23321d57&#8243; use_theme_fonts=&#8221;yes&#8221; css_animation=&#8221;bounceIn&#8221;][vc_empty_space height=&#8221;70px&#8221;][\/vc_column][vc_column width=&#8221;1\/3&#8243;][vc_single_image image=&#8221;42985&#8243; img_size=&#8221;medium&#8221; alignment=&#8221;center&#8221; css_animation=&#8221;bounceIn&#8221;][vc_custom_heading text=&#8221;Entrevistas de<br \/>\nselecci\u00f3n&#8221; font_container=&#8221;tag:h2|font_size:30|text_align:center|color:%23321d57&#8243; use_theme_fonts=&#8221;yes&#8221; css_animation=&#8221;bounceIn&#8221;][vc_empty_space][\/vc_column][\/vc_row][vc_row][vc_column][vc_empty_space][vc_single_image image=&#8221;40342&#8243; img_size=&#8221;full&#8221; alignment=&#8221;center&#8221;][\/vc_column][\/vc_row][vc_row][vc_column][vc_empty_space height=&#8221;100&#8243;][\/vc_column][\/vc_row][vc_row][vc_column width=&#8221;1\/3&#8243;][\/vc_column][vc_column width=&#8221;1\/3&#8243;][\/vc_column][vc_column width=&#8221;1\/3&#8243;][\/vc_column][\/vc_row]<\/p>\n<\/section>","protected":false},"excerpt":{"rendered":"<p>[vc_row][vc_column][\/vc_column][\/vc_row][vc_row][vc_column][vc_empty_space height=&#8221;64px&#8221;][vc_custom_heading text=&#8221;SERVICIO DE ORIENTACI\u00d3N Y ACOMPA\u00d1AMIENTO LABORAL DE LA UNIVERSIDAD DE LA LAGUNA&#8221; font_container=&#8221;tag:h1|text_align:center|color:%23321d57&#8243; use_theme_fonts=&#8221;yes&#8221; css_animation=&#8221;bounceIn&#8221;][vc_empty_space height=&#8221;64px&#8221;][\/vc_column][\/vc_row][vc_row css=&#8221;.vc_custom_1496749424125{padding-top: 0px !important;padding-left: px !important;}&#8221;][vc_column width=&#8221;2\/3&#8243; css=&#8221;.vc_custom_1434106613641{padding-right: 46px !important;}&#8221;][vc_empty_space][vc_video link=&#8221;https:\/\/www.youtube.com\/watch?v=duzfE3UWpEQ&#8221; align=&#8221;center&#8221; css_animation=&#8221;bounceIn&#8221;][vc_empty_space][vc_column_text] Te ofrecemos un diagn\u00f3stico individual para dise\u00f1ar un itinerario personalizado sobre: Mercado laboral y salidas profesionales B\u00fasqueda de empleo y herramientas clave: CV, carta presentaci\u00f3n,&#8230;<\/p>\n","protected":false},"author":46,"featured_media":42998,"parent":0,"menu_order":0,"comment_status":"closed","ping_status":"closed","template":"templates\/template-frontpage.php","meta":{"footnotes":""},"_links":{"self":[{"href":"https:\/\/fg.ull.es\/empleo\/wp-json\/wp\/v2\/pages\/42971"}],"collection":[{"href":"https:\/\/fg.ull.es\/empleo\/wp-json\/wp\/v2\/pages"}],"about":[{"href":"https:\/\/fg.ull.es\/empleo\/wp-json\/wp\/v2\/types\/page"}],"author":[{"embeddable":true,"href":"https:\/\/fg.ull.es\/empleo\/wp-json\/wp\/v2\/users\/46"}],"replies":[{"embeddable":true,"href":"https:\/\/fg.ull.es\/empleo\/wp-json\/wp\/v2\/comments?post=42971"}],"version-history":[{"count":28,"href":"https:\/\/fg.ull.es\/empleo\/wp-json\/wp\/v2\/pages\/42971\/revisions"}],"predecessor-version":[{"id":43469,"href":"https:\/\/fg.ull.es\/empleo\/wp-json\/wp\/v2\/pages\/42971\/revisions\/43469"}],"wp:featuredmedia":[{"embeddable":true,"href":"https:\/\/fg.ull.es\/empleo\/wp-json\/wp\/v2\/media\/42998"}],"wp:attachment":[{"href":"https:\/\/fg.ull.es\/empleo\/wp-json\/wp\/v2\/media?parent=42971"}],"curies":[{"name":"wp","href":"https:\/\/api.w.org\/{rel}","templated":true}]}}