{"id":39474,"date":"2020-04-15T11:42:35","date_gmt":"2020-04-15T11:42:35","guid":{"rendered":"https:\/\/fg.ull.es\/empleo\/?page_id=39474"},"modified":"2025-02-18T12:31:29","modified_gmt":"2025-02-18T12:31:29","slug":"capacita-objetivos","status":"publish","type":"page","link":"https:\/\/fg.ull.es\/empleo\/capacita-objetivos\/","title":{"rendered":"Capacita &#8211; Objetivos"},"content":{"rendered":"<section class=\"wpb-content-wrapper\"><p>[vc_row][vc_column]\t\t\t<script src=\"\/\/fg.ull.es\/empleo\/wp-content\/plugins\/revslider\/public\/assets\/js\/rbtools.min.js?rev=6.6.15\"><\/script>\t\t\t<script src=\"\/\/fg.ull.es\/empleo\/wp-content\/plugins\/revslider\/public\/assets\/js\/rs6.min.js?rev=6.6.15\"><\/script>\t\t\t<!-- START Capacita 6 REVOLUTION SLIDER 6.6.15 --><p class=\"rs-p-wp-fix\"><\/p>\t\t\t<rs-module-wrap id=\"rev_slider_24_1_wrapper\" data-source=\"gallery\" style=\"visibility:hidden;background:transparent;padding:0;margin:0px auto;margin-top:0;margin-bottom:0;\">\t\t\t\t<rs-module id=\"rev_slider_24_1\" style=\"\" data-version=\"6.6.15\">\t\t\t\t\t<rs-slides style=\"overflow: hidden; position: absolute;\">\t\t\t\t\t\t<rs-slide style=\"position: absolute;\" data-key=\"rs-100\" data-title=\"Slide\" data-in=\"o:0;\" data-out=\"a:false;\">\t\t\t\t\t\t\t<img src=\"\/\/fg.ull.es\/empleo\/wp-content\/plugins\/revslider\/public\/assets\/assets\/dummy.png\" alt=\"\" title=\"Header Capacita_Fondo\" width=\"1921\" height=\"401\" class=\"rev-slidebg tp-rs-img rs-lazyload\" data-lazyload=\"\/\/fg.ull.es\/empleo\/wp-content\/uploads\/sites\/6\/2025\/02\/Header-Capacita_Fondo.png\" data-no-retina><!--\t\t\t\t\t\t\t--><rs-layer\t\t\t\t\t\t\t\tid=\"slider-24-slide-100-layer-3\" \t\t\t\t\t\t\t\tdata-type=\"image\"\t\t\t\t\t\t\t\tdata-rsp_ch=\"on\"\t\t\t\t\t\t\t\tdata-xy=\"xo:104px,104px,104px,31px;yo:51px,51px,51px,49px;\"\t\t\t\t\t\t\t\tdata-text=\"w:normal;s:20,20,20,7;l:0,0,0,9;\"\t\t\t\t\t\t\t\tdata-dim=\"w:476px,476px,476px,413px;h:219px,219px,219px,190px;\"\t\t\t\t\t\t\t\tdata-frame_1=\"st:1360;sR:1360;\"\t\t\t\t\t\t\t\tdata-frame_999=\"o:0;st:w;sR:7340;\"\t\t\t\t\t\t\t\tstyle=\"z-index:8;\"\t\t\t\t\t\t\t><img src=\"\/\/fg.ull.es\/empleo\/wp-content\/plugins\/revslider\/public\/assets\/assets\/dummy.png\" alt=\"\" class=\"tp-rs-img rs-lazyload\" width=\"640\" height=\"295\" data-lazyload=\"\/\/fg.ull.es\/empleo\/wp-content\/uploads\/sites\/6\/2025\/02\/1-Header Capacita_Texto.png\" data-no-retina> \t\t\t\t\t\t\t<\/rs-layer><!--\t\t\t\t\t\t\t--><rs-layer\t\t\t\t\t\t\t\tid=\"slider-24-slide-100-layer-4\" \t\t\t\t\t\t\t\tdata-type=\"image\"\t\t\t\t\t\t\t\tdata-rsp_ch=\"on\"\t\t\t\t\t\t\t\tdata-xy=\"xo:612px,612px,612px,140px;yo:100px,100px,100px,264px;\"\t\t\t\t\t\t\t\tdata-text=\"w:normal;s:20,20,20,7;l:0,0,0,9;\"\t\t\t\t\t\t\t\tdata-dim=\"w:505px,505px,505px,344px;h:264px,264px,264px,180px;\"\t\t\t\t\t\t\t\tdata-frame_1=\"st:670;sR:670;\"\t\t\t\t\t\t\t\tdata-frame_999=\"o:0;st:w;sR:8030;\"\t\t\t\t\t\t\t\tstyle=\"z-index:9;\"\t\t\t\t\t\t\t><img src=\"\/\/fg.ull.es\/empleo\/wp-content\/plugins\/revslider\/public\/assets\/assets\/dummy.png\" alt=\"\" class=\"tp-rs-img rs-lazyload\" width=\"608\" height=\"318\" data-lazyload=\"\/\/fg.ull.es\/empleo\/wp-content\/uploads\/sites\/6\/2025\/02\/1-Header Capacita_Imagen.png\" data-no-retina> \t\t\t\t\t\t\t<\/rs-layer><!---->\t\t\t\t\t\t<\/rs-slide>\t\t\t\t\t<\/rs-slides>\t\t\t\t<\/rs-module>\t\t\t\t<script>\t\t\t\t\tsetREVStartSize({c: 'rev_slider_24_1',rl:[1240,1240,1240,480],el:[400,400,400,480],gw:[1240,1240,1240,480],gh:[400,400,400,480],type:'standard',justify:'',layout:'fullwidth',mh:\"0\"});if (window.RS_MODULES!==undefined && window.RS_MODULES.modules!==undefined && window.RS_MODULES.modules[\"revslider241\"]!==undefined) {window.RS_MODULES.modules[\"revslider241\"].once = false;window.revapi24 = undefined;if (window.RS_MODULES.checkMinimal!==undefined) window.RS_MODULES.checkMinimal()}\t\t\t\t<\/script>\t\t\t<\/rs-module-wrap>\t\t\t<!-- END REVOLUTION SLIDER -->[vc_empty_space height=&#8221;60px&#8221;][\/vc_column][\/vc_row][vc_row][vc_column][\/vc_column][\/vc_row][vc_row full_width=&#8221;stretch_row&#8221; parallax=&#8221;content-moving&#8221; parallax_image=&#8221;39623&#8243; css=&#8221;.vc_custom_1706107637008{background-image: url(https:\/\/fg.ull.es\/empleo\/wp-content\/uploads\/sites\/6\/2024\/01\/adrian-infernus-GLf7bAwCdYg-unsplash-scaled.jpg?id=42110) !important;}&#8221;][vc_column][vc_empty_space height=&#8221;20px&#8221;][vc_custom_heading text=&#8221;Objetivos&#8221; font_container=&#8221;tag:h2|font_size:36|text_align:left|color:%23000000|line_height:1.15&#8243; google_fonts=&#8221;font_family:Roboto%20Condensed%3A300%2C300italic%2Cregular%2Citalic%2C700%2C700italic|font_style:700%20bold%20regular%3A700%3Anormal&#8221;][vc_empty_space height=&#8221;20px&#8221;][vc_column_text css=&#8221;.vc_custom_1587989214996{padding-top: 20px !important;padding-right: 20px !important;padding-bottom: 20px !important;padding-left: 20px !important;background-color: rgba(255,255,255,0.7) !important;*background-color: rgb(255,255,255) !important;}&#8221;]Capacita persigue tres objetivos fundamentales:<\/p>\n<ul>\n<li>Complementar la formaci\u00f3n superior con las competencias y los conocimientos necesarios para el desarrollo profesional y facilitar la formaci\u00f3n que est\u00e1 siendo demandada o que se prev\u00e9 que va a ser necesaria por el tejido empresarial a corto plazo.<\/li>\n<li>Mejorar la empleabilidad de las personas reci\u00e9n tituladas y el empleo ajustado a su nivel de cualificaci\u00f3n<\/li>\n<li>Promover una mejora del tejido productivo por medio de la generaci\u00f3n de empleo altamente cualificado<\/li>\n<\/ul>\n<p>[\/vc_column_text][vc_empty_space height=&#8221;200px&#8221;][vc_custom_heading text=&#8221;Acceso r\u00e1pido a los contenidos de Capacita&#8221; font_container=&#8221;tag:h3|font_size:20|text_align:left|color:%23ffffff|line_height:1.15&#8243; google_fonts=&#8221;font_family:Roboto%20Condensed%3A300%2C300italic%2Cregular%2Citalic%2C700%2C700italic|font_style:700%20bold%20regular%3A700%3Anormal&#8221;][vc_empty_space height=&#8221;10px&#8221;][vc_row_inner][vc_column_inner width=&#8221;1\/4&#8243;][vc_icon icon_fontawesome=&#8221;fas fa-home&#8221; color=&#8221;custom&#8221; align=&#8221;center&#8221; css_animation=&#8221;bounceIn&#8221; custom_color=&#8221;#3f55ff&#8221; link=&#8221;url:https%3A%2F%2Ffg.ull.es%2Fempleo%2Fcapacita%2F|||&#8221;][\/vc_column_inner][vc_column_inner width=&#8221;1\/4&#8243;][vc_btn title=&#8221;Capacita: formaci\u00f3n y empleo&#8221; style=&#8221;custom&#8221; custom_background=&#8221;#3f55ff&#8221; custom_text=&#8221;#ffffff&#8221; align=&#8221;center&#8221; button_block=&#8221;true&#8221; link=&#8221;url:https%3A%2F%2Ffg.ull.es%2Fempleo%2Fcapacitaull%2Fcapacita-intro%2F|||&#8221;][\/vc_column_inner][vc_column_inner width=&#8221;1\/4&#8243;][vc_btn title=&#8221;Requisitos&#8221; style=&#8221;custom&#8221; custom_background=&#8221;#3f55ff&#8221; custom_text=&#8221;#ffffff&#8221; align=&#8221;center&#8221; button_block=&#8221;true&#8221; link=&#8221;url:https%3A%2F%2Ffg.ull.es%2Fempleo%2Fcapacita-requisitos%2F|||&#8221;][\/vc_column_inner][\/vc_row_inner][\/vc_column][\/vc_row][vc_row][vc_column][vc_empty_space height=&#8221;10px&#8221;][\/vc_column][\/vc_row][vc_row][vc_column width=&#8221;1\/4&#8243;][\/vc_column][vc_column width=&#8221;1\/4&#8243;][\/vc_column][vc_column width=&#8221;1\/4&#8243;][\/vc_column][vc_column width=&#8221;1\/4&#8243;][\/vc_column][\/vc_row][vc_row][vc_column][\/vc_column][\/vc_row][vc_row][vc_column][vc_empty_space height=&#8221;20px&#8221;][vc_single_image image=&#8221;43333&#8243; img_size=&#8221;large&#8221; alignment=&#8221;center&#8221;][\/vc_column][\/vc_row]<\/p>\n<\/section>","protected":false},"excerpt":{"rendered":"<p>[vc_row][vc_column][vc_empty_space height=&#8221;60px&#8221;][\/vc_column][\/vc_row][vc_row][vc_column][\/vc_column][\/vc_row][vc_row full_width=&#8221;stretch_row&#8221; parallax=&#8221;content-moving&#8221; parallax_image=&#8221;39623&#8243; css=&#8221;.vc_custom_1706107637008{background-image: url(https:\/\/fg.ull.es\/empleo\/wp-content\/uploads\/sites\/6\/2024\/01\/adrian-infernus-GLf7bAwCdYg-unsplash-scaled.jpg?id=42110) !important;}&#8221;][vc_column][vc_empty_space height=&#8221;20px&#8221;][vc_custom_heading text=&#8221;Objetivos&#8221; font_container=&#8221;tag:h2|font_size:36|text_align:left|color:%23000000|line_height:1.15&#8243; google_fonts=&#8221;font_family:Roboto%20Condensed%3A300%2C300italic%2Cregular%2Citalic%2C700%2C700italic|font_style:700%20bold%20regular%3A700%3Anormal&#8221;][vc_empty_space height=&#8221;20px&#8221;][vc_column_text css=&#8221;.vc_custom_1587989214996{padding-top: 20px !important;padding-right: 20px !important;padding-bottom: 20px !important;padding-left: 20px !important;background-color: rgba(255,255,255,0.7) !important;*background-color: rgb(255,255,255) !important;}&#8221;]Capacita persigue tres objetivos fundamentales: Complementar la formaci\u00f3n superior con las competencias y los conocimientos necesarios para el desarrollo profesional y facilitar la formaci\u00f3n que est\u00e1 siendo demandada o que&#8230;<\/p>\n","protected":false},"author":9,"featured_media":42147,"parent":0,"menu_order":0,"comment_status":"closed","ping_status":"closed","template":"templates\/template-frontpage.php","meta":{"footnotes":""},"_links":{"self":[{"href":"https:\/\/fg.ull.es\/empleo\/wp-json\/wp\/v2\/pages\/39474"}],"collection":[{"href":"https:\/\/fg.ull.es\/empleo\/wp-json\/wp\/v2\/pages"}],"about":[{"href":"https:\/\/fg.ull.es\/empleo\/wp-json\/wp\/v2\/types\/page"}],"author":[{"embeddable":true,"href":"https:\/\/fg.ull.es\/empleo\/wp-json\/wp\/v2\/users\/9"}],"replies":[{"embeddable":true,"href":"https:\/\/fg.ull.es\/empleo\/wp-json\/wp\/v2\/comments?post=39474"}],"version-history":[{"count":13,"href":"https:\/\/fg.ull.es\/empleo\/wp-json\/wp\/v2\/pages\/39474\/revisions"}],"predecessor-version":[{"id":43346,"href":"https:\/\/fg.ull.es\/empleo\/wp-json\/wp\/v2\/pages\/39474\/revisions\/43346"}],"wp:featuredmedia":[{"embeddable":true,"href":"https:\/\/fg.ull.es\/empleo\/wp-json\/wp\/v2\/media\/42147"}],"wp:attachment":[{"href":"https:\/\/fg.ull.es\/empleo\/wp-json\/wp\/v2\/media?parent=39474"}],"curies":[{"name":"wp","href":"https:\/\/api.w.org\/{rel}","templated":true}]}}