{"id":39309,"date":"2020-03-03T11:56:24","date_gmt":"2020-03-03T11:56:24","guid":{"rendered":"https:\/\/fg.ull.es\/empleo\/?page_id=39309"},"modified":"2025-02-19T07:54:32","modified_gmt":"2025-02-19T07:54:32","slug":"capacita-intro","status":"publish","type":"page","link":"https:\/\/fg.ull.es\/empleo\/capacita-intro\/","title":{"rendered":"Capacita Intro"},"content":{"rendered":"<section class=\"wpb-content-wrapper\"><p>[vc_row][vc_column]\t\t\t<script src=\"\/\/fg.ull.es\/empleo\/wp-content\/plugins\/revslider\/public\/assets\/js\/rbtools.min.js?rev=6.6.15\"><\/script>\t\t\t<script src=\"\/\/fg.ull.es\/empleo\/wp-content\/plugins\/revslider\/public\/assets\/js\/rs6.min.js?rev=6.6.15\"><\/script>\t\t\t<!-- START Capacita 6 REVOLUTION SLIDER 6.6.15 --><p class=\"rs-p-wp-fix\"><\/p>\t\t\t<rs-module-wrap id=\"rev_slider_24_1_wrapper\" data-source=\"gallery\" style=\"visibility:hidden;background:transparent;padding:0;margin:0px auto;margin-top:0;margin-bottom:0;\">\t\t\t\t<rs-module id=\"rev_slider_24_1\" style=\"\" data-version=\"6.6.15\">\t\t\t\t\t<rs-slides style=\"overflow: hidden; position: absolute;\">\t\t\t\t\t\t<rs-slide style=\"position: absolute;\" data-key=\"rs-100\" data-title=\"Slide\" data-in=\"o:0;\" data-out=\"a:false;\">\t\t\t\t\t\t\t<img src=\"\/\/fg.ull.es\/empleo\/wp-content\/plugins\/revslider\/public\/assets\/assets\/dummy.png\" alt=\"\" title=\"Header Capacita_Fondo\" width=\"1921\" height=\"401\" class=\"rev-slidebg tp-rs-img rs-lazyload\" data-lazyload=\"\/\/fg.ull.es\/empleo\/wp-content\/uploads\/sites\/6\/2025\/02\/Header-Capacita_Fondo.png\" data-no-retina><!--\t\t\t\t\t\t\t--><rs-layer\t\t\t\t\t\t\t\tid=\"slider-24-slide-100-layer-3\" \t\t\t\t\t\t\t\tdata-type=\"image\"\t\t\t\t\t\t\t\tdata-rsp_ch=\"on\"\t\t\t\t\t\t\t\tdata-xy=\"xo:104px,104px,104px,31px;yo:51px,51px,51px,49px;\"\t\t\t\t\t\t\t\tdata-text=\"w:normal;s:20,20,20,7;l:0,0,0,9;\"\t\t\t\t\t\t\t\tdata-dim=\"w:476px,476px,476px,413px;h:219px,219px,219px,190px;\"\t\t\t\t\t\t\t\tdata-frame_1=\"st:1360;sR:1360;\"\t\t\t\t\t\t\t\tdata-frame_999=\"o:0;st:w;sR:7340;\"\t\t\t\t\t\t\t\tstyle=\"z-index:8;\"\t\t\t\t\t\t\t><img src=\"\/\/fg.ull.es\/empleo\/wp-content\/plugins\/revslider\/public\/assets\/assets\/dummy.png\" alt=\"\" class=\"tp-rs-img rs-lazyload\" width=\"640\" height=\"295\" data-lazyload=\"\/\/fg.ull.es\/empleo\/wp-content\/uploads\/sites\/6\/2025\/02\/1-Header Capacita_Texto.png\" data-no-retina> \t\t\t\t\t\t\t<\/rs-layer><!--\t\t\t\t\t\t\t--><rs-layer\t\t\t\t\t\t\t\tid=\"slider-24-slide-100-layer-4\" \t\t\t\t\t\t\t\tdata-type=\"image\"\t\t\t\t\t\t\t\tdata-rsp_ch=\"on\"\t\t\t\t\t\t\t\tdata-xy=\"xo:612px,612px,612px,140px;yo:100px,100px,100px,264px;\"\t\t\t\t\t\t\t\tdata-text=\"w:normal;s:20,20,20,7;l:0,0,0,9;\"\t\t\t\t\t\t\t\tdata-dim=\"w:505px,505px,505px,344px;h:264px,264px,264px,180px;\"\t\t\t\t\t\t\t\tdata-frame_1=\"st:670;sR:670;\"\t\t\t\t\t\t\t\tdata-frame_999=\"o:0;st:w;sR:8030;\"\t\t\t\t\t\t\t\tstyle=\"z-index:9;\"\t\t\t\t\t\t\t><img src=\"\/\/fg.ull.es\/empleo\/wp-content\/plugins\/revslider\/public\/assets\/assets\/dummy.png\" alt=\"\" class=\"tp-rs-img rs-lazyload\" width=\"608\" height=\"318\" data-lazyload=\"\/\/fg.ull.es\/empleo\/wp-content\/uploads\/sites\/6\/2025\/02\/1-Header Capacita_Imagen.png\" data-no-retina> \t\t\t\t\t\t\t<\/rs-layer><!---->\t\t\t\t\t\t<\/rs-slide>\t\t\t\t\t<\/rs-slides>\t\t\t\t<\/rs-module>\t\t\t\t<script>\t\t\t\t\tsetREVStartSize({c: 'rev_slider_24_1',rl:[1240,1240,1240,480],el:[400,400,400,480],gw:[1240,1240,1240,480],gh:[400,400,400,480],type:'standard',justify:'',layout:'fullwidth',mh:\"0\"});if (window.RS_MODULES!==undefined && window.RS_MODULES.modules!==undefined && window.RS_MODULES.modules[\"revslider241\"]!==undefined) {window.RS_MODULES.modules[\"revslider241\"].once = false;window.revapi24 = undefined;if (window.RS_MODULES.checkMinimal!==undefined) window.RS_MODULES.checkMinimal()}\t\t\t\t<\/script>\t\t\t<\/rs-module-wrap>\t\t\t<!-- END REVOLUTION SLIDER -->[vc_empty_space height=&#8221;60px&#8221;][\/vc_column][\/vc_row][vc_row full_width=&#8221;stretch_row&#8221; parallax=&#8221;content-moving&#8221; parallax_image=&#8221;39622&#8243; parallax_speed_bg=&#8221;1.8&#8243;][vc_column][vc_custom_heading text=&#8221;Capacita: formaci\u00f3n y empleo&#8221; font_container=&#8221;tag:h2|font_size:36|text_align:left|color:%23000000|line_height:1.15&#8243; google_fonts=&#8221;font_family:Roboto%20Condensed%3A300%2C300italic%2Cregular%2Citalic%2C700%2C700italic|font_style:700%20bold%20regular%3A700%3Anormal&#8221;][vc_row_inner][vc_column_inner css=&#8221;.vc_custom_1587648349836{padding-top: 20px !important;padding-right: 20px !important;padding-bottom: 20px !important;padding-left: 20px !important;background-color: rgba(255,255,255,0.71) !important;*background-color: rgb(255,255,255) !important;}&#8221;][vc_column_text]La formaci\u00f3n es clave para la empleabilidad de las personas y, por tanto, es el eje fundamental de los planes estrat\u00e9gicos de empleo. Los estudios socio-econ\u00f3micos afirman que las personas con mayor nivel formativo acceden a mejores puestos de trabajo con mejor salario y estabilidad, por lo que la formaci\u00f3n superior es un garante del desarrollo social y econ\u00f3mico del pa\u00eds.<\/p>\n<p>M\u00e1s de un tercio de la poblaci\u00f3n activa de Espa\u00f1a posee estudios superiores, sin embargo, un considerable segmento se enfrenta a una situaci\u00f3n cr\u00f3nica de inestabilidad y precariedad laboral. Este hecho es negativo para el tejido econ\u00f3mico y para la sociedad en su conjunto, dado que este talento y nivel de cualificaci\u00f3n podr\u00eda ser, en otras condiciones, una fuente de innovaci\u00f3n y mejora en las diferentes \u00e1reas de las organizaciones empresariales de los distintos sectores econ\u00f3micos.[\/vc_column_text][vc_column_text]El <a href=\"https:\/\/www.exceltur.org\/monitur\/\" target=\"_blank\" rel=\"noopener noreferrer\">informe MoniTUR<\/a> elaborado por la Alianza para la Excelencia Tur\u00edstica (Exceltur) situ\u00f3 a Canarias en el segundo lugar respecto a competitividad tur\u00edstica en Espa\u00f1a en 2018. Sin embargo, pone de manifiesto que el sector tur\u00edstico canario, el principal motor econ\u00f3mico de las islas, se caracteriza por tener una escasa capacidad para atraer talento y una considerable inestabilidad en el empleo que genera.<\/p>\n<p><img decoding=\"async\" loading=\"lazy\" class=\"wp-image-42086 alignright\" src=\"https:\/\/fg.ull.es\/empleo\/wp-content\/uploads\/sites\/6\/2025\/02\/Icono-Capacita_21.png\" alt=\"\" width=\"150\" height=\"140\" \/><\/p>\n<p>Seg\u00fan datos de la <a href=\"http:\/\/www.gobiernodecanarias.org\/istac\/estadisticas\/empleo\/empleo\/actividadeconomica\/E30308B.html\" target=\"_blank\" rel=\"noopener noreferrer\">Encuesta de Poblaci\u00f3n Activa<\/a>, ocho de cada diez canarios con estudios superiores se encuentran activos, es decir, son personas de 16 a\u00f1os o m\u00e1s que trabajan o est\u00e1n en condiciones de trabajar. Con m\u00e1s detalle, de entre los canarios con estudios superiores, siete de cada diez se encuentran ocupados, dos se pueden considerar inactivos, es decir, ni est\u00e1n trabajando ni est\u00e1n en disposici\u00f3n de buscar empleo y uno de cada diez se encuentra en situaci\u00f3n de desempleo y buscando activamente empleo.<\/p>\n<p>Estos datos son m\u00e1s preocupantes si se comparan con el resto del territorio nacional, la tasa de ocupados de la poblaci\u00f3n con estudios superiores es cuatro puntos porcentuales m\u00e1s baja en Canarias que la media nacional. Adem\u00e1s, la tasa de desempleo en educaci\u00f3n superior en Canarias es la quinta m\u00e1s alta del pa\u00eds, con cuatro puntos porcentuales por encima de la media nacional y dos puntos por debajo de la m\u00e1xima del pa\u00eds correspondiente a Andaluc\u00eda.[\/vc_column_text][vc_column_text]Las diferentes administraciones invierten un importante volumen de recursos p\u00fablicos en la formaci\u00f3n de las personas. En un momento determinado de este proceso, esa formaci\u00f3n se dirige hacia una rama profesional concreta. Por esta raz\u00f3n se incrementa la inversi\u00f3n de los recursos p\u00fablicos que se emplean en su cualificaci\u00f3n.<\/p>\n<p>Si todos esos recursos invertidos no fueran empleados de manera adecuada en la creaci\u00f3n de riqueza y progreso para la sociedad ser\u00eda una pol\u00edtica ineficiente, dado que no se estar\u00eda concediendo la importancia necesaria al proceso de incorporaci\u00f3n laboral de las personas con educaci\u00f3n superior, a pesar de que el Estado ha destinado dinero p\u00fablico para que el proceso finalice con \u00e9xito.<\/p>\n<p><img decoding=\"async\" loading=\"lazy\" class=\"wp-image-42082 alignleft\" src=\"https:\/\/fg.ull.es\/empleo\/wp-content\/uploads\/sites\/6\/2025\/02\/Icono-Capacita_23-1.png\" alt=\"\" width=\"166\" height=\"155\" \/>Esta intervenci\u00f3n no ha de contemplarse exclusivamente desde la \u00f3ptica cuantitativa, sino tambi\u00e9n desde la cualitativa. La incorporaci\u00f3n a las empresas ha de realizarse de tal manera que se puedan aprovechar al m\u00e1ximo las fortalezas y los aspectos positivos de la cualificaci\u00f3n adquirida. No obstante, esa cualificaci\u00f3n puede contar con desajustes, derivados del entorno cambiante o de rigideces del sistema, por lo que se requiere corregir estas debilidades.<\/p>\n<p>Esto nos lleva a la necesidad de buscar mecanismos que complementen a los tradicionales para mejorar este proceso. Por ello, es preciso desarrollar v\u00edas alternativas que enriquezcan el abanico de herramientas utilizadas para favorecer la inserci\u00f3n laboral.<\/p>\n<p>Capacita es un programa que se centra en dotar a las personas inscritas, personas desempleadas con educaci\u00f3n superior, de habilidades espec\u00edficas para la b\u00fasqueda de empleo y el desarrollo de la carrera profesional. Subvencionado por el Cabildo Insular de Tenerife y financiado por el Fondo de Desarrollo de Canarias (FDCAN), Capacita tiene entre sus objetivos la formaci\u00f3n en tecnolog\u00edas de la informaci\u00f3n y la comunicaci\u00f3n, as\u00ed como en complementos curriculares de profesionalizaci\u00f3n.[\/vc_column_text][\/vc_column_inner][\/vc_row_inner][vc_row_inner][vc_column_inner][vc_empty_space height=&#8221;10px&#8221;][vc_custom_heading text=&#8221;Acceso r\u00e1pido a los contenidos de Capacita&#8221; font_container=&#8221;tag:h3|font_size:20|text_align:right|color:%23ffffff|line_height:1.15&#8243; google_fonts=&#8221;font_family:Roboto%20Condensed%3A300%2C300italic%2Cregular%2Citalic%2C700%2C700italic|font_style:700%20bold%20regular%3A700%3Anormal&#8221;][vc_empty_space height=&#8221;10px&#8221;][\/vc_column_inner][\/vc_row_inner][vc_row_inner][vc_column_inner width=&#8221;1\/4&#8243;][vc_btn title=&#8221;Requisitos&#8221; style=&#8221;custom&#8221; custom_background=&#8221;#3f55ff&#8221; custom_text=&#8221;#ffffff&#8221; align=&#8221;center&#8221; button_block=&#8221;true&#8221; link=&#8221;url:https%3A%2F%2Ffg.ull.es%2Fempleo%2Fcapacita-requisitos%2F|||&#8221;][\/vc_column_inner][vc_column_inner width=&#8221;1\/4&#8243;][vc_btn title=&#8221;Objetivos&#8221; style=&#8221;custom&#8221; custom_background=&#8221;#3f55ff&#8221; custom_text=&#8221;#ffffff&#8221; align=&#8221;center&#8221; button_block=&#8221;true&#8221; link=&#8221;url:https%3A%2F%2Ffg.ull.es%2Fempleo%2Fcapacita-objetivos%2F|||&#8221;][\/vc_column_inner][vc_column_inner width=&#8221;1\/4&#8243;][vc_btn title=&#8221;Actividades&#8221; style=&#8221;custom&#8221; custom_background=&#8221;#3f55ff&#8221; custom_text=&#8221;#ffffff&#8221; shape=&#8221;square&#8221; align=&#8221;center&#8221; button_block=&#8221;true&#8221; link=&#8221;url:https%3A%2F%2Ffg.ull.es%2Fempleo%2Fcapacita-actividades%2F|||&#8221;][\/vc_column_inner][vc_column_inner width=&#8221;1\/4&#8243;][vc_icon icon_fontawesome=&#8221;fas fa-home&#8221; color=&#8221;custom&#8221; align=&#8221;center&#8221; css_animation=&#8221;bounceIn&#8221; custom_color=&#8221;#3f55ff&#8221; link=&#8221;url:https%3A%2F%2Ffg.ull.es%2Fempleo%2Fcapacita%2F|||&#8221;][\/vc_column_inner][\/vc_row_inner][vc_empty_space height=&#8221;60px&#8221;][\/vc_column][\/vc_row][vc_row][vc_column][vc_empty_space height=&#8221;20px&#8221;][vc_single_image image=&#8221;43333&#8243; img_size=&#8221;large&#8221; alignment=&#8221;center&#8221;][\/vc_column][\/vc_row]<\/p>\n<\/section>","protected":false},"excerpt":{"rendered":"<p>[vc_row][vc_column][vc_empty_space height=&#8221;60px&#8221;][\/vc_column][\/vc_row][vc_row full_width=&#8221;stretch_row&#8221; parallax=&#8221;content-moving&#8221; parallax_image=&#8221;39622&#8243; parallax_speed_bg=&#8221;1.8&#8243;][vc_column][vc_custom_heading text=&#8221;Capacita: formaci\u00f3n y empleo&#8221; font_container=&#8221;tag:h2|font_size:36|text_align:left|color:%23000000|line_height:1.15&#8243; google_fonts=&#8221;font_family:Roboto%20Condensed%3A300%2C300italic%2Cregular%2Citalic%2C700%2C700italic|font_style:700%20bold%20regular%3A700%3Anormal&#8221;][vc_row_inner][vc_column_inner css=&#8221;.vc_custom_1587648349836{padding-top: 20px !important;padding-right: 20px !important;padding-bottom: 20px !important;padding-left: 20px !important;background-color: rgba(255,255,255,0.71) !important;*background-color: rgb(255,255,255) !important;}&#8221;][vc_column_text]La formaci\u00f3n es clave para la empleabilidad de las personas y, por tanto, es el eje fundamental de los planes estrat\u00e9gicos de empleo. Los estudios socio-econ\u00f3micos afirman que las personas con&#8230;<\/p>\n","protected":false},"author":9,"featured_media":0,"parent":0,"menu_order":0,"comment_status":"closed","ping_status":"closed","template":"templates\/template-frontpage.php","meta":{"footnotes":""},"_links":{"self":[{"href":"https:\/\/fg.ull.es\/empleo\/wp-json\/wp\/v2\/pages\/39309"}],"collection":[{"href":"https:\/\/fg.ull.es\/empleo\/wp-json\/wp\/v2\/pages"}],"about":[{"href":"https:\/\/fg.ull.es\/empleo\/wp-json\/wp\/v2\/types\/page"}],"author":[{"embeddable":true,"href":"https:\/\/fg.ull.es\/empleo\/wp-json\/wp\/v2\/users\/9"}],"replies":[{"embeddable":true,"href":"https:\/\/fg.ull.es\/empleo\/wp-json\/wp\/v2\/comments?post=39309"}],"version-history":[{"count":11,"href":"https:\/\/fg.ull.es\/empleo\/wp-json\/wp\/v2\/pages\/39309\/revisions"}],"predecessor-version":[{"id":43351,"href":"https:\/\/fg.ull.es\/empleo\/wp-json\/wp\/v2\/pages\/39309\/revisions\/43351"}],"wp:attachment":[{"href":"https:\/\/fg.ull.es\/empleo\/wp-json\/wp\/v2\/media?parent=39309"}],"curies":[{"name":"wp","href":"https:\/\/api.w.org\/{rel}","templated":true}]}}