{"id":38882,"date":"2020-02-04T12:00:13","date_gmt":"2020-02-04T12:00:13","guid":{"rendered":"https:\/\/fg.ull.es\/empleo\/?page_id=38882"},"modified":"2026-03-26T15:13:57","modified_gmt":"2026-03-26T15:13:57","slug":"capacita","status":"publish","type":"page","link":"https:\/\/fg.ull.es\/empleo\/capacita\/","title":{"rendered":"Capacita"},"content":{"rendered":"<section class=\"wpb-content-wrapper\"><p>[vc_row full_width=&#8221;stretch_row_content&#8221;][vc_column]\t\t\t<script src=\"\/\/fg.ull.es\/empleo\/wp-content\/plugins\/revslider\/public\/assets\/js\/rbtools.min.js?rev=6.6.15\"><\/script>\t\t\t<script src=\"\/\/fg.ull.es\/empleo\/wp-content\/plugins\/revslider\/public\/assets\/js\/rs6.min.js?rev=6.6.15\"><\/script>\t\t\t<!-- START Capacita 6 REVOLUTION SLIDER 6.6.15 --><p class=\"rs-p-wp-fix\"><\/p>\t\t\t<rs-module-wrap id=\"rev_slider_24_1_wrapper\" data-source=\"gallery\" style=\"visibility:hidden;background:transparent;padding:0;margin:0px auto;margin-top:0;margin-bottom:0;\">\t\t\t\t<rs-module id=\"rev_slider_24_1\" style=\"\" data-version=\"6.6.15\">\t\t\t\t\t<rs-slides style=\"overflow: hidden; position: absolute;\">\t\t\t\t\t\t<rs-slide style=\"position: absolute;\" data-key=\"rs-100\" data-title=\"Slide\" data-in=\"o:0;\" data-out=\"a:false;\">\t\t\t\t\t\t\t<img src=\"\/\/fg.ull.es\/empleo\/wp-content\/plugins\/revslider\/public\/assets\/assets\/dummy.png\" alt=\"\" title=\"Header Capacita_Fondo\" width=\"1921\" height=\"401\" class=\"rev-slidebg tp-rs-img rs-lazyload\" data-lazyload=\"\/\/fg.ull.es\/empleo\/wp-content\/uploads\/sites\/6\/2025\/02\/Header-Capacita_Fondo.png\" data-no-retina><!--\t\t\t\t\t\t\t--><rs-layer\t\t\t\t\t\t\t\tid=\"slider-24-slide-100-layer-3\" \t\t\t\t\t\t\t\tdata-type=\"image\"\t\t\t\t\t\t\t\tdata-rsp_ch=\"on\"\t\t\t\t\t\t\t\tdata-xy=\"xo:104px,104px,104px,31px;yo:51px,51px,51px,49px;\"\t\t\t\t\t\t\t\tdata-text=\"w:normal;s:20,20,20,7;l:0,0,0,9;\"\t\t\t\t\t\t\t\tdata-dim=\"w:476px,476px,476px,413px;h:219px,219px,219px,190px;\"\t\t\t\t\t\t\t\tdata-frame_1=\"st:1360;sR:1360;\"\t\t\t\t\t\t\t\tdata-frame_999=\"o:0;st:w;sR:7340;\"\t\t\t\t\t\t\t\tstyle=\"z-index:8;\"\t\t\t\t\t\t\t><img src=\"\/\/fg.ull.es\/empleo\/wp-content\/plugins\/revslider\/public\/assets\/assets\/dummy.png\" alt=\"\" class=\"tp-rs-img rs-lazyload\" width=\"640\" height=\"295\" data-lazyload=\"\/\/fg.ull.es\/empleo\/wp-content\/uploads\/sites\/6\/2025\/02\/1-Header Capacita_Texto.png\" data-no-retina> \t\t\t\t\t\t\t<\/rs-layer><!--\t\t\t\t\t\t\t--><rs-layer\t\t\t\t\t\t\t\tid=\"slider-24-slide-100-layer-4\" \t\t\t\t\t\t\t\tdata-type=\"image\"\t\t\t\t\t\t\t\tdata-rsp_ch=\"on\"\t\t\t\t\t\t\t\tdata-xy=\"xo:612px,612px,612px,140px;yo:100px,100px,100px,264px;\"\t\t\t\t\t\t\t\tdata-text=\"w:normal;s:20,20,20,7;l:0,0,0,9;\"\t\t\t\t\t\t\t\tdata-dim=\"w:505px,505px,505px,344px;h:264px,264px,264px,180px;\"\t\t\t\t\t\t\t\tdata-frame_1=\"st:670;sR:670;\"\t\t\t\t\t\t\t\tdata-frame_999=\"o:0;st:w;sR:8030;\"\t\t\t\t\t\t\t\tstyle=\"z-index:9;\"\t\t\t\t\t\t\t><img src=\"\/\/fg.ull.es\/empleo\/wp-content\/plugins\/revslider\/public\/assets\/assets\/dummy.png\" alt=\"\" class=\"tp-rs-img rs-lazyload\" width=\"608\" height=\"318\" data-lazyload=\"\/\/fg.ull.es\/empleo\/wp-content\/uploads\/sites\/6\/2025\/02\/1-Header Capacita_Imagen.png\" data-no-retina> \t\t\t\t\t\t\t<\/rs-layer><!---->\t\t\t\t\t\t<\/rs-slide>\t\t\t\t\t<\/rs-slides>\t\t\t\t<\/rs-module>\t\t\t\t<script>\t\t\t\t\tsetREVStartSize({c: 'rev_slider_24_1',rl:[1240,1240,1240,480],el:[400,400,400,480],gw:[1240,1240,1240,480],gh:[400,400,400,480],type:'standard',justify:'',layout:'fullwidth',mh:\"0\"});if (window.RS_MODULES!==undefined && window.RS_MODULES.modules!==undefined && window.RS_MODULES.modules[\"revslider241\"]!==undefined) {window.RS_MODULES.modules[\"revslider241\"].once = false;window.revapi24 = undefined;if (window.RS_MODULES.checkMinimal!==undefined) window.RS_MODULES.checkMinimal()}\t\t\t\t<\/script>\t\t\t<\/rs-module-wrap>\t\t\t<!-- END REVOLUTION SLIDER -->[\/vc_column][\/vc_row][vc_row full_width=&#8221;stretch_row_content&#8221; content_placement=&#8221;middle&#8221; css=&#8221;.vc_custom_1517404591213{margin-top: 0px !important;margin-right: 0px !important;margin-bottom: 0px !important;margin-left: 0px !important;border-top-width: 0px !important;border-right-width: 0px !important;border-bottom-width: 0px !important;border-left-width: 0px !important;padding-top: 90px !important;padding-right: 0px !important;padding-bottom: 90px !important;padding-left: 0px !important;background-color: #ffffff !important;background-position: center !important;background-repeat: no-repeat !important;background-size: cover !important;}&#8221;][vc_column css=&#8221;.vc_custom_1516719375653{margin-top: 0px !important;margin-right: 0px !important;margin-bottom: 0px !important;margin-left: 0px !important;border-top-width: 0px !important;border-right-width: 0px !important;border-bottom-width: 0px !important;border-left-width: 0px !important;padding-top: 0px !important;padding-right: 0px !important;padding-bottom: 0px !important;padding-left: 0px !important;background-position: center !important;background-repeat: no-repeat !important;background-size: cover !important;}&#8221;][vc_empty_space][vc_row_inner gap=&#8221;35&#8243;][vc_column_inner width=&#8221;1\/6&#8243;][\/vc_column_inner][vc_column_inner width=&#8221;2\/6&#8243;][vc_custom_heading text=&#8221;Capacita es un proyecto creado para facilitar la inserci\u00f3n laboral de personas inscritas en el SCE, residentes en Tenerife y tituladas o que est\u00e9n estudiando ense\u00f1anza superior (universitaria o de formaci\u00f3n profesional). Adem\u00e1s de la orientaci\u00f3n laboral y de fomentar la cercan\u00eda de las personas participantes con el tejido empresarial de la isla, uno de los ejes sobre los que se centra el programa Capacita es la formaci\u00f3n gratuita espec\u00edfica, cuyo objetivo es dotar a las personas inscritas de nuevas competencias profesionales e innovadoras, lo que las cualifica para competir en condiciones de mayor ventaja en el mundo laboral.&#8221; font_container=&#8221;tag:p|font_size:2rem|text_align:left|color:%23606060|line_height:1.6&#8243; google_fonts=&#8221;font_family:Montserrat%3Aregular%2C700|font_style:400%20regular%3A400%3Anormal&#8221; css=&#8221;.vc_custom_1707128686433{margin-top: 0px !important;margin-right: 0px !important;margin-bottom: 0px !important;margin-left: 0px !important;border-top-width: 0px !important;border-right-width: 0px !important;border-bottom-width: 0px !important;border-left-width: 0px !important;padding-top: 0px !important;padding-right: 10px !important;padding-bottom: 0px !important;padding-left: 10px !important;}&#8221;][\/vc_column_inner][vc_column_inner width=&#8221;2\/6&#8243;][vc_custom_heading text=&#8221;Inscr\u00edbete en la web y comienza tu plan de desarrollo personal y profesional, un proceso de orientaci\u00f3n y acompa\u00f1amiento que descubrir\u00e1 tus fortalezas y debilidades y te encaminar\u00e1 hacia la mejor v\u00eda para incrementar tu empleabilidad. Capacita es un programa subvencionado por el Cabildo Insular de Tenerife y financiado por el MEDI-FDCAN (Marco Estrat\u00e9gico Plurianual de Actuaciones para el Desarrollo de Tenerife y el Fondo de Desarrollo de Canarias.&#8221; font_container=&#8221;tag:p|font_size:2rem|text_align:left|color:%23606060|line_height:1.6&#8243; google_fonts=&#8221;font_family:Montserrat%3Aregular%2C700|font_style:400%20regular%3A400%3Anormal&#8221; css=&#8221;.vc_custom_1707303997719{margin-top: 0px !important;margin-right: 0px !important;margin-bottom: 0px !important;margin-left: 0px !important;border-top-width: 0px !important;border-right-width: 0px !important;border-bottom-width: 0px !important;border-left-width: 0px !important;padding-top: 0px !important;padding-right: 10px !important;padding-bottom: 0px !important;padding-left: 10px !important;}&#8221;][vc_empty_space height=&#8221;15px&#8221;][\/vc_column_inner][vc_column_inner width=&#8221;1\/6&#8243;][\/vc_column_inner][\/vc_row_inner][vc_empty_space][vc_btn title=&#8221;PIDE TU CITA&#8221; style=&#8221;custom&#8221; custom_background=&#8221;#fb5607&#8243; custom_text=&#8221;#ffffff&#8221; size=&#8221;lg&#8221; align=&#8221;center&#8221; i_icon_fontawesome=&#8221;fas fa-envelope-open-text&#8221; css_animation=&#8221;bounceIn&#8221; add_icon=&#8221;true&#8221; link=&#8221;url:https%3A%2F%2Ffg.ull.es%2Fgestionaue%2Fformularios%2Findex.php%2F433893%3Flang%3Des|target:_blank&#8221;][vc_empty_space][vc_single_image image=&#8221;43333&#8243; img_size=&#8221;large&#8221; alignment=&#8221;center&#8221; css=&#8221;.vc_custom_1739881558037{margin-top: 0px !important;margin-right: 0px !important;margin-bottom: 0px !important;margin-left: 0px !important;border-top-width: 0px !important;border-right-width: 0px !important;border-bottom-width: 0px !important;border-left-width: 0px !important;padding-top: 0px !important;padding-right: 0px !important;padding-bottom: 0px !important;padding-left: 0px !important;}&#8221;][\/vc_column][\/vc_row][vc_row][vc_column][vc_row_inner equal_height=&#8221;yes&#8221; content_placement=&#8221;middle&#8221; gap=&#8221;20&#8243; css=&#8221;.vc_custom_1738762700466{margin-top: 0px !important;margin-right: 25px !important;margin-bottom: 0px !important;margin-left: 25px !important;padding-top: 0px !important;padding-right: 0px !important;padding-bottom: 0px !important;padding-left: 0px !important;}&#8221;][vc_column_inner width=&#8221;1\/4&#8243;][vc_single_image image=&#8221;43261&#8243; img_size=&#8221;&#8221; alignment=&#8221;center&#8221; onclick=&#8221;custom_link&#8221; css_animation=&#8221;bounceIn&#8221; link=&#8221;https:\/\/fg.ull.es\/empleo\/capacita\/formacion\/&#8221;][\/vc_column_inner][vc_column_inner width=&#8221;1\/4&#8243;][vc_single_image image=&#8221;43263&#8243; img_size=&#8221;&#8221; alignment=&#8221;center&#8221; onclick=&#8221;custom_link&#8221; css_animation=&#8221;bounceIn&#8221; link=&#8221;https:\/\/fg.ull.es\/empleo\/capacita-orientacion\/&#8221;][\/vc_column_inner][vc_column_inner width=&#8221;1\/4&#8243;][vc_single_image image=&#8221;43260&#8243; img_size=&#8221;&#8221; alignment=&#8221;center&#8221; onclick=&#8221;custom_link&#8221; css_animation=&#8221;bounceIn&#8221; link=&#8221;https:\/\/fg.ull.es\/empleo\/capacita\/encuentros-con-empresas\/&#8221;][\/vc_column_inner][vc_column_inner width=&#8221;1\/4&#8243;][vc_single_image image=&#8221;43262&#8243; img_size=&#8221;&#8221; alignment=&#8221;center&#8221; onclick=&#8221;custom_link&#8221; css_animation=&#8221;bounceIn&#8221; link=&#8221;https:\/\/fgulles.epreselec.com\/Ofertas\/Ofertas.aspx&#8221;][\/vc_column_inner][\/vc_row_inner][vc_empty_space height=&#8221;120px&#8221;][\/vc_column][\/vc_row][vc_row][vc_column][vc_row_inner equal_height=&#8221;yes&#8221; content_placement=&#8221;middle&#8221; gap=&#8221;20&#8243; disable_element=&#8221;yes&#8221; css=&#8221;.vc_custom_1738762181392{margin-top: 25px !important;margin-right: 25px !important;margin-bottom: 25px !important;margin-left: 25px !important;padding-top: 0px !important;padding-right: 0px !important;padding-bottom: 0px !important;padding-left: 0px !important;}&#8221;][vc_column_inner width=&#8221;1\/4&#8243; css=&#8221;.vc_custom_1706705585892{padding-top: 10px !important;padding-bottom: 20px !important;background-image: url(https:\/\/fg.ull.es\/empleo\/wp-content\/uploads\/sites\/6\/2024\/01\/Materiales-web_Fondo-boton-2-1.png?id=42159) !important;background-position: center !important;background-repeat: no-repeat !important;background-size: cover !important;border-radius: 10px !important;}&#8221;][vc_custom_heading text=&#8221;FORMACI\u00d3N<br \/>\nGRATUITA&#8221; font_container=&#8221;tag:h4|font_size:2.5rem|text_align:center|color:%23ffffff|line_height:1.15&#8243; google_fonts=&#8221;font_family:Montserrat%3Aregular%2C700|font_style:700%20bold%20regular%3A700%3Anormal&#8221; css_animation=&#8221;bounceIn&#8221; css=&#8221;.vc_custom_1707300523413{padding-top: 10px !important;padding-bottom: 20px !important;}&#8221; link=&#8221;url:https%3A%2F%2Ffg.ull.es%2Fempleo%2Fcapacita%2Fformacion%2F&#8221;][\/vc_column_inner][vc_column_inner width=&#8221;1\/4&#8243; css=&#8221;.vc_custom_1705488491283{padding-top: 10px !important;padding-bottom: 20px !important;background-image: url(https:\/\/fg.ull.es\/empleo\/wp-content\/uploads\/sites\/6\/2024\/01\/Materiales-web_Fondo-boton-1.png?id=42101) !important;border-radius: 10px !important;}&#8221;][vc_custom_heading text=&#8221;ORIENTACI\u00d3N<br \/>\nLABORAL&#8221; font_container=&#8221;tag:h4|font_size:2.5rem|text_align:center|color:%23ffffff|line_height:1.15&#8243; google_fonts=&#8221;font_family:Montserrat%3Aregular%2C700|font_style:700%20bold%20regular%3A700%3Anormal&#8221; css_animation=&#8221;bounceIn&#8221; css=&#8221;.vc_custom_1707300538765{padding-top: 10px !important;padding-bottom: 20px !important;}&#8221; link=&#8221;url:https%3A%2F%2Ffg.ull.es%2Fempleo%2Fcapacita-orientacion%2F&#8221;][\/vc_column_inner][vc_column_inner width=&#8221;1\/4&#8243; css=&#8221;.vc_custom_1705488496178{padding-top: 10px !important;padding-bottom: 20px !important;background-image: url(https:\/\/fg.ull.es\/empleo\/wp-content\/uploads\/sites\/6\/2024\/01\/Materiales-web_Fondo-boton-3.png?id=42077) !important;border-radius: 10px !important;}&#8221;][vc_custom_heading text=&#8221;ENCUENTROS<br \/>\nCON EMPRESAS&#8221; font_container=&#8221;tag:h4|font_size:2.5rem|text_align:center|color:%23ffffff|line_height:1.15&#8243; google_fonts=&#8221;font_family:Montserrat%3Aregular%2C700|font_style:700%20bold%20regular%3A700%3Anormal&#8221; css_animation=&#8221;bounceIn&#8221; css=&#8221;.vc_custom_1707300544024{padding-top: 10px !important;padding-bottom: 20px !important;}&#8221; link=&#8221;url:%20https%3A%2F%2Ffg.ull.es%2Fempleo%2Fcapacita%2Fencuentros-con-empresas%2F%20&#8243;][\/vc_column_inner][vc_column_inner width=&#8221;1\/4&#8243; css=&#8221;.vc_custom_1707300624625{padding-top: 10px !important;padding-bottom: 20px !important;background-image: url(https:\/\/fg.ull.es\/empleo\/wp-content\/uploads\/sites\/6\/2024\/01\/Materiales-web_Fondo-boton-1.png?id=42101) !important;border-radius: 10px !important;}&#8221;][vc_custom_heading text=&#8221;OFERTAS DE<br \/>\nEMPLEO&#8221; font_container=&#8221;tag:h4|font_size:2.5rem|text_align:center|color:%23ffffff|line_height:1.15&#8243; google_fonts=&#8221;font_family:Montserrat%3Aregular%2C700|font_style:700%20bold%20regular%3A700%3Anormal&#8221; css_animation=&#8221;bounceIn&#8221; css=&#8221;.vc_custom_1721905323879{padding-top: 10px !important;padding-bottom: 20px !important;}&#8221; link=&#8221;url:https%3A%2F%2Ffgulles.epreselec.com%2FOfertas%2FOfertas.aspx|target:_blank&#8221;][\/vc_column_inner][\/vc_row_inner][\/vc_column][\/vc_row][vc_row][vc_column][vc_row_inner][vc_column_inner][vc_custom_heading text=&#8221;Requisitos&#8221; font_container=&#8221;tag:h2|font_size:36|text_align:left|color:%23606060|line_height:1.15&#8243; google_fonts=&#8221;font_family:Montserrat%3Aregular%2C700|font_style:700%20bold%20regular%3A700%3Anormal&#8221;][vc_empty_space height=&#8221;5px&#8221;][vc_custom_heading text=&#8221;Podr\u00e1n participar en el programa las personas que cumplan los siguientes requisitos:&#8221; font_container=&#8221;tag:p|font_size:19|text_align:left|color:%23000000|line_height:1.6&#8243; google_fonts=&#8221;font_family:Roboto%3A100%2C100italic%2C300%2C300italic%2Cregular%2Citalic%2C500%2C500italic%2C700%2C700italic%2C900%2C900italic|font_style:300%20light%20regular%3A300%3Anormal&#8221;][vc_empty_space height=&#8221;5px&#8221;][\/vc_column_inner][\/vc_row_inner][vc_row_inner][vc_column_inner width=&#8221;1\/3&#8243;][vc_single_image image=&#8221;43267&#8243; img_size=&#8221;&#8221; alignment=&#8221;center&#8221; style=&#8221;vc_box_rounded&#8221; onclick=&#8221;custom_link&#8221; css_animation=&#8221;bounceInDown&#8221;][vc_empty_space height=&#8221;10px&#8221;][vc_custom_heading text=&#8221;1. Inscritos en el<br \/>\nSCE&#8221; font_container=&#8221;tag:h4|font_size:2.5rem|text_align:center|color:%23606060|line_height:1.15&#8243; google_fonts=&#8221;font_family:Montserrat%3Aregular%2C700|font_style:700%20bold%20regular%3A700%3Anormal&#8221;][\/vc_column_inner][vc_column_inner width=&#8221;1\/3&#8243;][vc_single_image image=&#8221;43269&#8243; img_size=&#8221;&#8221; alignment=&#8221;center&#8221; style=&#8221;vc_box_rounded&#8221; onclick=&#8221;custom_link&#8221; css_animation=&#8221;bounceInDown&#8221;][vc_empty_space height=&#8221;10px&#8221;][vc_custom_heading text=&#8221;2. Estudiantes y personas<br \/>\ntituladas&#8221; font_container=&#8221;tag:h4|font_size:2.5rem|text_align:center|color:%23606060|line_height:1.15&#8243; google_fonts=&#8221;font_family:Montserrat%3Aregular%2C700|font_style:700%20bold%20regular%3A700%3Anormal&#8221;][\/vc_column_inner][vc_column_inner width=&#8221;1\/3&#8243;][vc_single_image image=&#8221;43268&#8243; img_size=&#8221;&#8221; alignment=&#8221;center&#8221; style=&#8221;vc_box_rounded&#8221; onclick=&#8221;custom_link&#8221; css_animation=&#8221;bounceInDown&#8221;][vc_empty_space height=&#8221;10px&#8221;][vc_custom_heading text=&#8221;3. Residentes en<br \/>\nTenerife&#8221; font_container=&#8221;tag:h4|font_size:2.5rem|text_align:center|color:%23606060|line_height:1.15&#8243; google_fonts=&#8221;font_family:Montserrat%3Aregular%2C700|font_style:700%20bold%20regular%3A700%3Anormal&#8221;][\/vc_column_inner][\/vc_row_inner][vc_empty_space height=&#8221;10px&#8221;][vc_column_text]*consulta los requisitos generales y espec\u00edficos.[\/vc_column_text][vc_empty_space height=&#8221;5px&#8221;][\/vc_column][\/vc_row][vc_row][vc_column][vc_empty_space][vc_custom_heading text=&#8221;Acceso r\u00e1pido a los contenidos de Capacita&#8221; font_container=&#8221;tag:h3|font_size:20|text_align:right|color:%2334005b|line_height:1.15&#8243; google_fonts=&#8221;font_family:Roboto%20Condensed%3A300%2C300italic%2Cregular%2Citalic%2C700%2C700italic|font_style:700%20bold%20regular%3A700%3Anormal&#8221;][vc_empty_space height=&#8221;10px&#8221;][\/vc_column][\/vc_row][vc_row][vc_column width=&#8221;1\/4&#8243;][vc_btn title=&#8221;M\u00e1s sobre Capacita&#8221; style=&#8221;custom&#8221; custom_background=&#8221;#3f55ff&#8221; custom_text=&#8221;#ffffff&#8221; align=&#8221;center&#8221; css_animation=&#8221;bottom-to-top&#8221; button_block=&#8221;true&#8221; link=&#8221;url:https%3A%2F%2Ffg.ull.es%2Fempleo%2Fcapacitaull%2Fcapacita-intro%2F|||&#8221; css=&#8221;.vc_custom_1705495435593{padding-top: 0px !important;padding-bottom: 0px !important;}&#8221;][\/vc_column][vc_column width=&#8221;1\/4&#8243;][vc_btn title=&#8221;Objetivos&#8221; style=&#8221;custom&#8221; custom_background=&#8221;#3f55ff&#8221; custom_text=&#8221;#ffffff&#8221; align=&#8221;center&#8221; css_animation=&#8221;top-to-bottom&#8221; button_block=&#8221;true&#8221; link=&#8221;url:https%3A%2F%2Ffg.ull.es%2Fempleo%2Fcapacita-objetivos%2F|||&#8221;][\/vc_column][vc_column width=&#8221;1\/4&#8243;][vc_btn title=&#8221;Requisitos&#8221; style=&#8221;custom&#8221; custom_background=&#8221;#3f55ff&#8221; custom_text=&#8221;#ffffff&#8221; align=&#8221;center&#8221; css_animation=&#8221;top-to-bottom&#8221; button_block=&#8221;true&#8221; link=&#8221;url:https%3A%2F%2Ffg.ull.es%2Fempleo%2Fcapacita-requisitos%2F|||&#8221;][\/vc_column][vc_column width=&#8221;1\/4&#8243;][vc_btn title=&#8221;Formacion&#8221; style=&#8221;custom&#8221; custom_background=&#8221;#3f55ff&#8221; custom_text=&#8221;#ffffff&#8221; align=&#8221;center&#8221; css_animation=&#8221;top-to-bottom&#8221; button_block=&#8221;true&#8221; link=&#8221;url:https%3A%2F%2Ffg.ull.es%2Fempleo%2Fcapacita%2Fformacion%2F|||&#8221;][\/vc_column][\/vc_row][vc_row][vc_column][vc_column_text]<\/p>\n<p>&nbsp;<\/p>\n<p>&nbsp;<\/p>\n<p>[\/vc_column_text][\/vc_column][\/vc_row][vc_row][vc_column][vc_single_image image=&#8221;43333&#8243; img_size=&#8221;large&#8221; alignment=&#8221;center&#8221; css=&#8221;.vc_custom_1739881717841{margin-top: 0px !important;margin-right: 0px !important;margin-bottom: 0px !important;margin-left: 0px !important;border-top-width: 0px !important;border-right-width: 0px !important;border-bottom-width: 0px !important;border-left-width: 0px !important;padding-top: 0px !important;padding-right: 0px !important;padding-bottom: 0px !important;padding-left: 0px !important;}&#8221;][\/vc_column][\/vc_row][vc_row][vc_column][vc_column_text]<\/p>\n<p>&nbsp;<\/p>\n<p>&nbsp;<\/p>\n<p>[\/vc_column_text][\/vc_column][\/vc_row]<\/p>\n<\/section>","protected":false},"excerpt":{"rendered":"<p>[vc_row full_width=&#8221;stretch_row_content&#8221;][vc_column][\/vc_column][\/vc_row][vc_row full_width=&#8221;stretch_row_content&#8221; content_placement=&#8221;middle&#8221; css=&#8221;.vc_custom_1517404591213{margin-top: 0px !important;margin-right: 0px !important;margin-bottom: 0px !important;margin-left: 0px !important;border-top-width: 0px !important;border-right-width: 0px !important;border-bottom-width: 0px !important;border-left-width: 0px !important;padding-top: 90px !important;padding-right: 0px !important;padding-bottom: 90px !important;padding-left: 0px !important;background-color: #ffffff !important;background-position: center !important;background-repeat: no-repeat !important;background-size: cover !important;}&#8221;][vc_column css=&#8221;.vc_custom_1516719375653{margin-top: 0px !important;margin-right: 0px !important;margin-bottom: 0px !important;margin-left: 0px !important;border-top-width: 0px !important;border-right-width: 0px !important;border-bottom-width: 0px !important;border-left-width: 0px !important;padding-top: 0px&#8230;<\/p>\n","protected":false},"author":9,"featured_media":42147,"parent":0,"menu_order":0,"comment_status":"closed","ping_status":"closed","template":"templates\/template-frontpage.php","meta":{"footnotes":""},"_links":{"self":[{"href":"https:\/\/fg.ull.es\/empleo\/wp-json\/wp\/v2\/pages\/38882"}],"collection":[{"href":"https:\/\/fg.ull.es\/empleo\/wp-json\/wp\/v2\/pages"}],"about":[{"href":"https:\/\/fg.ull.es\/empleo\/wp-json\/wp\/v2\/types\/page"}],"author":[{"embeddable":true,"href":"https:\/\/fg.ull.es\/empleo\/wp-json\/wp\/v2\/users\/9"}],"replies":[{"embeddable":true,"href":"https:\/\/fg.ull.es\/empleo\/wp-json\/wp\/v2\/comments?post=38882"}],"version-history":[{"count":61,"href":"https:\/\/fg.ull.es\/empleo\/wp-json\/wp\/v2\/pages\/38882\/revisions"}],"predecessor-version":[{"id":43790,"href":"https:\/\/fg.ull.es\/empleo\/wp-json\/wp\/v2\/pages\/38882\/revisions\/43790"}],"wp:featuredmedia":[{"embeddable":true,"href":"https:\/\/fg.ull.es\/empleo\/wp-json\/wp\/v2\/media\/42147"}],"wp:attachment":[{"href":"https:\/\/fg.ull.es\/empleo\/wp-json\/wp\/v2\/media?parent=38882"}],"curies":[{"name":"wp","href":"https:\/\/api.w.org\/{rel}","templated":true}]}}