{"id":16741,"date":"2015-05-12T12:55:44","date_gmt":"2015-05-12T11:55:44","guid":{"rendered":"http:\/\/www.fg.ull.es\/?page_id=16741"},"modified":"2025-07-30T11:55:44","modified_gmt":"2025-07-30T11:55:44","slug":"agencia-universitaria-de-empleo","status":"publish","type":"page","link":"https:\/\/fg.ull.es\/empleo\/","title":{"rendered":"Agencia Universitaria de Empleo"},"content":{"rendered":"<section class=\"wpb-content-wrapper\"><p>[vc_row full_width=&#8221;stretch_row&#8221; css=&#8221;.vc_custom_1719834021527{background-image: url(https:\/\/fg.ull.es\/empleo\/wp-content\/uploads\/sites\/6\/2024\/07\/Rediseno_Header-Home-Empleo.png?id=42913) !important;background-position: center !important;background-repeat: no-repeat !important;background-size: cover !important;}&#8221;][vc_column][vc_row_inner css=&#8221;.vc_custom_1719833852311{background-position: center !important;background-repeat: no-repeat !important;background-size: cover !important;}&#8221;][vc_column_inner width=&#8221;1\/3&#8243;][vc_empty_space height=&#8221;50px&#8221;][vc_custom_heading text=&#8221;AGENCIA<br \/>\nUNIVERSITARIA<br \/>\nDE <b>EMPLEO<\/b>&#8221; font_container=&#8221;tag:h1|font_size:60|text_align:left|color:%23ffffff&#8221; use_theme_fonts=&#8221;yes&#8221; css_animation=&#8221;bounceInLeft&#8221;][\/vc_column_inner][vc_column_inner width=&#8221;2\/3&#8243;][\/vc_column_inner][\/vc_row_inner][vc_empty_space height=&#8221;100px&#8221;][vc_row_inner disable_element=&#8221;yes&#8221;][vc_column_inner][vc_custom_heading text=&#8221;AGENCIA<br \/>\nUNIVERSITARIA<br \/>\nDE EMPLEO&#8221; use_theme_fonts=&#8221;yes&#8221;][vc_single_image image=&#8221;42913&#8243; img_size=&#8221;full&#8221; add_caption=&#8221;yes&#8221;][\/vc_column_inner][\/vc_row_inner][\/vc_column][\/vc_row][vc_row][vc_column][vc_empty_space][vc_column_text]<span style=\"color: #333333\">La Agencia Universitaria de Empleo \u2013 AUE \u2013 de la Fundaci\u00f3n General de la Universidad de La Laguna es un <strong>punto de encuentro entre el tejido empresaria<\/strong><\/span><span style=\"color: #333333\"><strong>l canario y el alumnado y quienes ya han egresado (o titulado), <\/strong>\u00a0generando sinergias a trav\u00e9s de <strong>acciones para la activaci\u00f3n de empleo<\/strong>\u00a0tanto por cuenta ajena como por cuenta propia.<\/span>[\/vc_column_text][vc_empty_space][vc_custom_heading text=&#8221;Ejes de acci\u00f3n&#8221; font_container=&#8221;tag:h2|text_align:center|color:%235c068c&#8221; use_theme_fonts=&#8221;yes&#8221;][vc_empty_space height=&#8221;64px&#8221;][vc_row_inner equal_height=&#8221;yes&#8221;][vc_column_inner width=&#8221;1\/2&#8243;][vc_cta h2=&#8221;Orientaci\u00f3n e Intermediaci\u00f3n Laboral&#8221; h2_font_container=&#8221;tag:h2|text_align:center&#8221; h2_use_theme_fonts=&#8221;yes&#8221; txt_align=&#8221;center&#8221; style=&#8221;outline&#8221; color=&#8221;sky&#8221; css_animation=&#8221;bounceIn&#8221; use_custom_fonts_h2=&#8221;true&#8221;]Asesoramiento para la <a href=\"https:\/\/fg.ull.es\/empleo\/orientate-ull-servicio-de-orientacion-laboral\/\">mejora de la empleabilidad<\/a> de estudiantes y titulados\/as en educaci\u00f3n superior. <a href=\"https:\/\/fg.ull.es\/empleo\/orientate-ull-servicio-de-orientacion-laboral\/\">Fomento de la experiencia profesional y la inserci\u00f3n laboral<\/a>\u00a0del alumnado de la <a href=\"http:\/\/www.ull.es\"><strong>Universidad de La Laguna<\/strong><\/a>, as\u00ed como de quienes ya han titulado, mediante programas de formaci\u00f3n pr\u00e1ctica y gesti\u00f3n de ofertas de empleo.[\/vc_cta][\/vc_column_inner][vc_column_inner width=&#8221;1\/2&#8243;][vc_cta h2=&#8221;Emprendimiento&#8221; h2_font_container=&#8221;tag:h2|font_size:25|text_align:center&#8221; h2_use_theme_fonts=&#8221;yes&#8221; txt_align=&#8221;center&#8221; style=&#8221;outline&#8221; color=&#8221;violet&#8221; css_animation=&#8221;bounceIn&#8221; use_custom_fonts_h2=&#8221;true&#8221;]Promoci\u00f3n de la creaci\u00f3n de empresas y su consolidaci\u00f3n utilizando una metodolog\u00eda innovadora siendo su base angular la formaci\u00f3n de emprendedores y emprendedores, mediante <strong><a href=\"https:\/\/fg.ull.es\/empleo\/emprende-ull\/\" target=\"_blank\" rel=\"noopener\">Emprende.ull<\/a><\/strong>. Ponemos a tu disposici\u00f3n personal t\u00e9cnico especializado en asesoramiento y consolidaci\u00f3n empresarial que te acompa\u00f1ar\u00e1 en las distintas fases del proceso de emprendimiento.<\/p>\n<p>[\/vc_cta][\/vc_column_inner][\/vc_row_inner][\/vc_column][\/vc_row][vc_row][vc_column][vc_empty_space height=&#8221;64px&#8221;][vc_custom_heading text=&#8221;\u00bfC\u00f3mo podemos ayudarte?&#8221; font_container=&#8221;tag:h2|text_align:center|color:%235c068c&#8221; use_theme_fonts=&#8221;yes&#8221;][\/vc_column][\/vc_row][vc_row][vc_column width=&#8221;1\/4&#8243;][vc_tta_accordion style=&#8221;modern&#8221; color=&#8221;violet&#8221; c_icon=&#8221;triangle&#8221; active_section=&#8221;0&#8243; no_fill=&#8221;true&#8221; collapsible_all=&#8221;true&#8221;][vc_tta_section title=&#8221;Si eres EMPRESA&#8221; tab_id=&#8221;empresa&#8221;][vc_column_text]<\/p>\n<ul>\n<li><a href=\"\/empleo\/formacion-practica\/\">Programas de Formacio\u0301n Pra\u0301ctica en empresas (becas)<\/a><\/li>\n<li><a href=\"https:\/\/sede.fg.ull.es\/es\/empleo\">Ofertas de Empleo<\/a><\/li>\n<\/ul>\n<p>[\/vc_column_text][\/vc_tta_section][\/vc_tta_accordion][\/vc_column][vc_column width=&#8221;1\/4&#8243;][vc_tta_accordion style=&#8221;modern&#8221; color=&#8221;violet&#8221; c_icon=&#8221;triangle&#8221; active_section=&#8221;0&#8243; no_fill=&#8221;true&#8221; collapsible_all=&#8221;true&#8221;][vc_tta_section title=&#8221;Si eres EMPRENDEDOR\/A&#8221; tab_id=&#8221;emprendedor&#8221;][vc_column_text]<\/p>\n<ul>\n<li><a href=\"https:\/\/fg.ull.es\/empleo\/emprendeull\/\">Emprende.ULL<\/a><\/li>\n<li><a href=\"https:\/\/fg.ull.es\/empleo\/ensenar-para-emprender\/\">Ense\u00f1ar Para Emprender<\/a><\/li>\n<li><a href=\"https:\/\/prototipandoparaemprender.com\/\">Prototipando Para Emprender<\/a><\/li>\n<li><a href=\"https:\/\/www.ull.es\/portal\/ingenia\/\">Ingenia<\/a><\/li>\n<li><a href=\"https:\/\/www.ull.es\/servicios\/tekne\/\">Tekne<\/a><\/li>\n<\/ul>\n<p>[\/vc_column_text][\/vc_tta_section][\/vc_tta_accordion][\/vc_column][vc_column width=&#8221;1\/4&#8243;][vc_tta_accordion style=&#8221;modern&#8221; color=&#8221;violet&#8221; c_icon=&#8221;triangle&#8221; active_section=&#8221;&#8221; no_fill=&#8221;true&#8221; collapsible_all=&#8221;true&#8221;][vc_tta_section title=&#8221;Si eres TITULADO\/A&#8221; tab_id=&#8221;titulado&#8221;][vc_column_text]<\/p>\n<ul>\n<li><a href=\"\/empleo\/formacion-practica\/\">Programas de Formacio\u0301n Pra\u0301ctica en empresas (becas)<\/a><\/li>\n<li><a href=\"\/empleo\/orientate-ull-servicio-de-orientacion-laboral\/\">Orientaci\u00f3n Laboral<\/a><\/li>\n<li><a href=\"https:\/\/fg.ull.es\/empleo\/emprende-ull\/\">Emprende.ULL<\/a><\/li>\n<li><a href=\"https:\/\/fg.ull.es\/empleo\/cataliza-canarias\/\">Cataliza\u00a0<\/a><\/li>\n<li><a href=\"https:\/\/fg.ull.es\/empleo\/capacita\/\">Capacita<\/a><\/li>\n<\/ul>\n<p>[\/vc_column_text][\/vc_tta_section][\/vc_tta_accordion][\/vc_column][vc_column width=&#8221;1\/4&#8243;][vc_tta_accordion style=&#8221;modern&#8221; color=&#8221;violet&#8221; c_icon=&#8221;triangle&#8221; active_section=&#8221;&#8221; no_fill=&#8221;true&#8221; collapsible_all=&#8221;true&#8221;][vc_tta_section title=&#8221;Si eres ESTUDIANTE&#8221; tab_id=&#8221;estudiante&#8221;][vc_column_text]<\/p>\n<ul>\n<li><a href=\"\/empleo\/orientate-ull-servicio-de-orientacion-laboral\/\">Orientaci\u00f3n Laboral<\/a><\/li>\n<li><a href=\"https:\/\/fg.ull.es\/empleo\/experiencias-para-aprender\/\">Experiencias para aprender<\/a><\/li>\n<li><a href=\"https:\/\/www.ull.es\/portal\/ullsolidaria\/\">Voluntariado<\/a><\/li>\n<li><a href=\"https:\/\/fg.ull.es\/empleo\/emprendeull\/\">Emprende.ULL<\/a><\/li>\n<\/ul>\n<p>[\/vc_column_text][\/vc_tta_section][\/vc_tta_accordion][\/vc_column][\/vc_row][vc_row][vc_column][vc_empty_space height=&#8221;100px&#8221;][vc_column_text]<style>\n\n    .vc_row-has-fill+.vc_row-full-width+.vc_row.vc-noticias>.vc_column_container>.vc_column-inner {\n        padding: 0 !important;\n    }\n\n    .news-block {\n        background: #f5f5f5;\n    }\n\n    .news-block ul li {\n        min-height: 300px;\n        border-right: solid 3px #fff;\n    }\n\n    .news-block ul li:last-child {\n        border-right: none;\n    }\n\n    .news-block ul {\n        list-style: none;\n        margin: 0;\n        padding: 0;\n    }\n\n    .news-block ul li {\n        padding: 0 !important;\n    }\n\n    .news-block .caption {\n        padding: 8px 10px;\n    }\n    .news-block .caption h4 {\n        font-size: 14px;\n        font-weight: normal !important;\n        padding-top: 8px;\n        line-height: normal !important;\n    }\n\n    .news-block .caption .date {\n        font-size: 12px;\n        font-weight: bold;\n        color: #444;\n        margin-top: 6px;\n    }\n\n    .news-control{\n        width: 100%;\n        padding: 8px 15px;\n        overflow: hidden;\n    }\n\n    .news-control a {\n        color: #444;\n    }\n\n    .news-block a:hover {\n        text-decoration: none !important;\n        border: 0;\n    }\n    .news-control a.right { float: right; }\n    .news-control a.left { float: left; }\n\n    .news-block .thumbnail {\n        border: 0;\n        padding: 0;\n        border-radius: 0;\n        margin-bottom: 0;\n    }\n\n    .news-block .thumbnail a {\n        display: block;\n        width: 100%;\n        height: 160px;\n        background-size: cover;\n        background-repeat: no-repeat;\n    }\n\n    .more-news {\n        margin-top: 30px;\n    }\n\n    .more-news a {\n        display: block;\n        float: right;\n        background: #7a3b7a;\n        padding: 8px 20px;\n        color: #fff;\n    }\n\n    .more-news a:hover {\n        text-decoration: none;\n    }\n\n    .more-news a i {\n        margin-left: 6px;\n    }\n\n    .news-header h2 {\n        color: #444;\n        font-weight: bold;\n        width: 100%;\n        border-bottom: solid 3px #fff;\n        padding: 20px;\n        padding-bottom: 15px;\n        margin: 0;\n        font-size: 30px;\n        line-height: 30px;\n        text-transform: uppercase;\n    }\n\n    @media only screen and (max-width : 480px) {\n        .news-header h2 {\n            font-size: 20px;\n            padding: 10px;\n            line-height: 24px;\n        }\n    }\n\n<\/style>\n\n<div class=\"news-block\">\n    <div class=\"news-header\">\n        <h2>\u00daltimas noticias<\/h2>\n    <\/div>\n\n    <div class=\"news-control\">\n        <a class=\"left \" href=\"#newsCarousel\" role=\"button\" data-slide=\"prev\">\n            <span class=\"fa fa-chevron-left\" aria-hidden=\"true\"><\/span>\n            <span class=\"sr-only\">Siguiente<\/span>\n        <\/a>\n        <a class=\"right\" href=\"#newsCarousel\" role=\"button\" data-slide=\"next\">\n            <span class=\"fa fa-chevron-right\" aria-hidden=\"true\"><\/span>\n            <span class=\"sr-only\">Anterior<\/span>\n        <\/a>\n    <\/div>\n\n    <div class=\"carousel slide\" id=\"newsCarousel\">\n        <div class=\"carousel-inner\">\n                        <div class=\"item active\">\n                <ul class=\"thumbnails\">\n            \n                <li class=\"col-sm-3 col-xs-6\">\n                    <div class=\"fff\">\n                        <div class=\"thumbnail\">\n                            <a href=\"https:\/\/fg.ull.es\/noticias\/2026\/04\/28\/santa-cruz-de-tenerife-vive-una-gran-jornada-con-la-feria-de-cooperativas-escolares-de-ensenar-para-emprender\/\" style=\"background-image: url('https:\/\/fg.ull.es\/noticias\/wp-content\/uploads\/sites\/2\/2026\/04\/EPE-SC-1-300x200.jpg');\"><\/a>\n                        <\/div>\n                        <div class=\"caption\">\n                            <p class=\"date\">\n                                28 Apr 2026 - 16:00 UTC                            <\/p>\n                            <h4><a href=\"https:\/\/fg.ull.es\/noticias\/2026\/04\/28\/santa-cruz-de-tenerife-vive-una-gran-jornada-con-la-feria-de-cooperativas-escolares-de-ensenar-para-emprender\/\">Santa Cruz de Tenerife vive una gran jornada con la Feria de Cooperativas Escolares de Ense\u00f1ar para Emprender<\/a><\/h4>\n                        <\/div>\n                    <\/div>\n                <\/li>\n                \n                <li class=\"col-sm-3 col-xs-6\">\n                    <div class=\"fff\">\n                        <div class=\"thumbnail\">\n                            <a href=\"https:\/\/fg.ull.es\/noticias\/2026\/04\/24\/el-servicio-de-idiomas-de-la-ull-trae-por-primera-vez-a-tenerife-la-certificacion-oficial-de-coreano\/\" style=\"background-image: url('https:\/\/fg.ull.es\/noticias\/wp-content\/uploads\/sites\/2\/2026\/04\/Noticia-TOPIK-Servicio-de-Idiomas-1200-x-800-px-300x200.png');\"><\/a>\n                        <\/div>\n                        <div class=\"caption\">\n                            <p class=\"date\">\n                                24 Apr 2026 - 12:48 UTC                            <\/p>\n                            <h4><a href=\"https:\/\/fg.ull.es\/noticias\/2026\/04\/24\/el-servicio-de-idiomas-de-la-ull-trae-por-primera-vez-a-tenerife-la-certificacion-oficial-de-coreano\/\">El Servicio de Idiomas de la ULL trae por primera vez a Tenerife la certificaci\u00f3n oficial de coreano<\/a><\/h4>\n                        <\/div>\n                    <\/div>\n                <\/li>\n                \n                <li class=\"col-sm-3 col-xs-6\">\n                    <div class=\"fff\">\n                        <div class=\"thumbnail\">\n                            <a href=\"https:\/\/fg.ull.es\/noticias\/2026\/04\/24\/la-ull-celebra-el-demoday-de-rurallab-canarias-para-impulsar-la-innovacion-en-el-medio-rural\/\" style=\"background-image: url('https:\/\/fg.ull.es\/noticias\/wp-content\/uploads\/sites\/2\/2026\/04\/DSC07615-300x200.jpg');\"><\/a>\n                        <\/div>\n                        <div class=\"caption\">\n                            <p class=\"date\">\n                                24 Apr 2026 - 12:46 UTC                            <\/p>\n                            <h4><a href=\"https:\/\/fg.ull.es\/noticias\/2026\/04\/24\/la-ull-celebra-el-demoday-de-rurallab-canarias-para-impulsar-la-innovacion-en-el-medio-rural\/\">La ULL celebra el DemoDay de RuralLab Canarias para impulsar la innovaci\u00f3n en el medio rural<\/a><\/h4>\n                        <\/div>\n                    <\/div>\n                <\/li>\n                \n                <li class=\"col-sm-3 col-xs-6\">\n                    <div class=\"fff\">\n                        <div class=\"thumbnail\">\n                            <a href=\"https:\/\/fg.ull.es\/noticias\/2026\/04\/23\/la-ull-conecta-talento-innovacion-e-ia-en-la-clausura-de-la-tercera-edicion-de-diginnova\/\" style=\"background-image: url('https:\/\/fg.ull.es\/noticias\/wp-content\/uploads\/sites\/2\/2026\/04\/6D4453F5-3184-470F-9A59-0A5D9BF7800A-300x200.jpeg');\"><\/a>\n                        <\/div>\n                        <div class=\"caption\">\n                            <p class=\"date\">\n                                23 Apr 2026 - 14:45 UTC                            <\/p>\n                            <h4><a href=\"https:\/\/fg.ull.es\/noticias\/2026\/04\/23\/la-ull-conecta-talento-innovacion-e-ia-en-la-clausura-de-la-tercera-edicion-de-diginnova\/\">La ULL conecta talento, innovaci\u00f3n e IA en la clausura de la tercera edici\u00f3n de Diginnova<\/a><\/h4>\n                        <\/div>\n                    <\/div>\n                <\/li>\n                                    <\/ul>\n                    <\/div>\n                                <div class=\"item \">\n                <ul class=\"thumbnails\">\n            \n                <li class=\"col-sm-3 col-xs-6\">\n                    <div class=\"fff\">\n                        <div class=\"thumbnail\">\n                            <a href=\"https:\/\/fg.ull.es\/noticias\/2026\/04\/21\/los-centros-educativos-del-proyecto-ensenar-para-emprender-reciben-el-permiso-de-ventas-por-parte-de-la-fundacion-general-de-la-universidad-de-la-laguna\/\" style=\"background-image: url('https:\/\/fg.ull.es\/noticias\/wp-content\/uploads\/sites\/2\/2026\/04\/IMG_0105-300x225.jpeg');\"><\/a>\n                        <\/div>\n                        <div class=\"caption\">\n                            <p class=\"date\">\n                                21 Apr 2026 - 14:00 UTC                            <\/p>\n                            <h4><a href=\"https:\/\/fg.ull.es\/noticias\/2026\/04\/21\/los-centros-educativos-del-proyecto-ensenar-para-emprender-reciben-el-permiso-de-ventas-por-parte-de-la-fundacion-general-de-la-universidad-de-la-laguna\/\">Los centros educativos del proyecto Ense\u00f1ar para Emprender reciben el permiso de ventas por parte de la Fundaci\u00f3n General de la Universidad de La Laguna<\/a><\/h4>\n                        <\/div>\n                    <\/div>\n                <\/li>\n                \n                <li class=\"col-sm-3 col-xs-6\">\n                    <div class=\"fff\">\n                        <div class=\"thumbnail\">\n                            <a href=\"https:\/\/fg.ull.es\/noticias\/2026\/04\/20\/santa-cruz-de-tenerife-acoge-el-permiso-de-ventas-del-proyecto-ensenar-para-emprender-con-la-participacion-de-12-centros-educativos\/\" style=\"background-image: url('https:\/\/fg.ull.es\/noticias\/wp-content\/uploads\/sites\/2\/2026\/04\/Captura-de-pantalla-2026-04-22-073250-300x197.png');\"><\/a>\n                        <\/div>\n                        <div class=\"caption\">\n                            <p class=\"date\">\n                                20 Apr 2026 - 13:00 UTC                            <\/p>\n                            <h4><a href=\"https:\/\/fg.ull.es\/noticias\/2026\/04\/20\/santa-cruz-de-tenerife-acoge-el-permiso-de-ventas-del-proyecto-ensenar-para-emprender-con-la-participacion-de-12-centros-educativos\/\">Santa Cruz de Tenerife acoge el Permiso de Ventas del proyecto Ense\u00f1ar para Emprender con la participaci\u00f3n de 12 centros educativos<\/a><\/h4>\n                        <\/div>\n                    <\/div>\n                <\/li>\n                \n                <li class=\"col-sm-3 col-xs-6\">\n                    <div class=\"fff\">\n                        <div class=\"thumbnail\">\n                            <a href=\"https:\/\/fg.ull.es\/noticias\/2026\/04\/20\/la-fgull-y-el-cabildo-celebran-un-encuentro-con-las-entidades-mentoras-de-los-proyectos-de-ingenia-vii\/\" style=\"background-image: url('https:\/\/fg.ull.es\/noticias\/wp-content\/uploads\/sites\/2\/2026\/04\/DSC06679-300x200.jpg');\"><\/a>\n                        <\/div>\n                        <div class=\"caption\">\n                            <p class=\"date\">\n                                20 Apr 2026 - 11:06 UTC                            <\/p>\n                            <h4><a href=\"https:\/\/fg.ull.es\/noticias\/2026\/04\/20\/la-fgull-y-el-cabildo-celebran-un-encuentro-con-las-entidades-mentoras-de-los-proyectos-de-ingenia-vii\/\">La FGULL y el Cabildo celebran un encuentro con las entidades mentoras de los proyectos de Ingenia VII<\/a><\/h4>\n                        <\/div>\n                    <\/div>\n                <\/li>\n                \n                <li class=\"col-sm-3 col-xs-6\">\n                    <div class=\"fff\">\n                        <div class=\"thumbnail\">\n                            <a href=\"https:\/\/fg.ull.es\/noticias\/2026\/04\/09\/60122\/\" style=\"background-image: url('https:\/\/fg.ull.es\/noticias\/wp-content\/uploads\/sites\/2\/2026\/04\/enciende-tech-grupo-300x200.jpg');\"><\/a>\n                        <\/div>\n                        <div class=\"caption\">\n                            <p class=\"date\">\n                                09 Apr 2026 - 15:07 UTC                            <\/p>\n                            <h4><a href=\"https:\/\/fg.ull.es\/noticias\/2026\/04\/09\/60122\/\">La ULL acoge Enciende Tech, un encuentro para conectar universidad y emprendimiento tecnol\u00f3gico<\/a><\/h4>\n                        <\/div>\n                    <\/div>\n                <\/li>\n                                    <\/ul>\n                    <\/div>\n                            <\/div>\n    <\/div>\n<\/div>\n\n<div class=\"more-news\">\n    <a href=\"https:\/\/fg.ull.es\/noticias\">M\u00c1S NOTICIAS <i class=\"fa fa-chevron-right\"><\/i><\/a>\n<\/div>\n\n<script>\n    $(document).ready(function() {\n        $('#newsCarousel').carousel({\n            interval: 11000\n        })\n    });\n<\/script>\n[\/vc_column_text][\/vc_column][\/vc_row][vc_row disable_element=&#8221;yes&#8221; css=&#8221;.vc_custom_1719823675844{padding-top: 0px !important;}&#8221;][vc_column css=&#8221;.vc_custom_1434118843059{padding-right: 46px !important;}&#8221;][vc_row_inner disable_element=&#8221;yes&#8221;][vc_column_inner width=&#8221;1\/3&#8243;][vc_btn title=&#8221;Orientaci\u00f3n Laboral&#8221; style=&#8221;outline-custom&#8221; outline_custom_color=&#8221;#8224e3&#8243; outline_custom_hover_background=&#8221;#1e73be&#8221; outline_custom_hover_text=&#8221;#ffffff&#8221; shape=&#8221;square&#8221; size=&#8221;lg&#8221; align=&#8221;center&#8221; link=&#8221;url:https%3A%2F%2Ffg.ull.es%2Fempleo%2Forientate-ull-servicio-de-orientacion-laboral%2F&#8221;][\/vc_column_inner][vc_column_inner width=&#8221;1\/3&#8243;][vc_btn title=&#8221;Emprende.ull&#8221; style=&#8221;outline-custom&#8221; outline_custom_color=&#8221;#8224e3&#8243; outline_custom_hover_background=&#8221;#1e73be&#8221; outline_custom_hover_text=&#8221;#ffffff&#8221; shape=&#8221;square&#8221; size=&#8221;lg&#8221; align=&#8221;center&#8221; link=&#8221;url:https%3A%2F%2Ffg.ull.es%2Fempleo%2Femprende-ull%2F&#8221;][\/vc_column_inner][vc_column_inner width=&#8221;1\/3&#8243;][vc_btn title=&#8221;Movilidad&#8221; style=&#8221;outline-custom&#8221; outline_custom_color=&#8221;#8224e3&#8243; outline_custom_hover_background=&#8221;#1e73be&#8221; outline_custom_hover_text=&#8221;#ffffff&#8221; shape=&#8221;square&#8221; size=&#8221;lg&#8221; align=&#8221;center&#8221; link=&#8221;url:https%3A%2F%2Ffg.ull.es%2Fempleo%2Fmovilidad%2F&#8221;][\/vc_column_inner][\/vc_row_inner][\/vc_column][\/vc_row]<\/p>\n<\/section>","protected":false},"excerpt":{"rendered":"<p>[vc_row full_width=&#8221;stretch_row&#8221; css=&#8221;.vc_custom_1719834021527{background-image: url(https:\/\/fg.ull.es\/empleo\/wp-content\/uploads\/sites\/6\/2024\/07\/Rediseno_Header-Home-Empleo.png?id=42913) !important;background-position: center !important;background-repeat: no-repeat !important;background-size: cover !important;}&#8221;][vc_column][vc_row_inner css=&#8221;.vc_custom_1719833852311{background-position: center !important;background-repeat: no-repeat !important;background-size: cover !important;}&#8221;][vc_column_inner width=&#8221;1\/3&#8243;][vc_empty_space height=&#8221;50px&#8221;][vc_custom_heading text=&#8221;AGENCIA UNIVERSITARIA DE EMPLEO&#8221; font_container=&#8221;tag:h1|font_size:60|text_align:left|color:%23ffffff&#8221; use_theme_fonts=&#8221;yes&#8221; css_animation=&#8221;bounceInLeft&#8221;][\/vc_column_inner][vc_column_inner width=&#8221;2\/3&#8243;][\/vc_column_inner][\/vc_row_inner][vc_empty_space height=&#8221;100px&#8221;][vc_row_inner disable_element=&#8221;yes&#8221;][vc_column_inner][vc_custom_heading text=&#8221;AGENCIA UNIVERSITARIA DE EMPLEO&#8221; use_theme_fonts=&#8221;yes&#8221;][vc_single_image image=&#8221;42913&#8243; img_size=&#8221;full&#8221; add_caption=&#8221;yes&#8221;][\/vc_column_inner][\/vc_row_inner][\/vc_column][\/vc_row][vc_row][vc_column][vc_empty_space][vc_column_text]La Agencia Universitaria de Empleo \u2013 AUE \u2013 de la Fundaci\u00f3n General de la Universidad de La Laguna&#8230;<\/p>\n","protected":false},"author":1,"featured_media":0,"parent":0,"menu_order":0,"comment_status":"closed","ping_status":"closed","template":"templates\/template-frontpage.php","meta":{"footnotes":""},"_links":{"self":[{"href":"https:\/\/fg.ull.es\/empleo\/wp-json\/wp\/v2\/pages\/16741"}],"collection":[{"href":"https:\/\/fg.ull.es\/empleo\/wp-json\/wp\/v2\/pages"}],"about":[{"href":"https:\/\/fg.ull.es\/empleo\/wp-json\/wp\/v2\/types\/page"}],"author":[{"embeddable":true,"href":"https:\/\/fg.ull.es\/empleo\/wp-json\/wp\/v2\/users\/1"}],"replies":[{"embeddable":true,"href":"https:\/\/fg.ull.es\/empleo\/wp-json\/wp\/v2\/comments?post=16741"}],"version-history":[{"count":100,"href":"https:\/\/fg.ull.es\/empleo\/wp-json\/wp\/v2\/pages\/16741\/revisions"}],"predecessor-version":[{"id":43556,"href":"https:\/\/fg.ull.es\/empleo\/wp-json\/wp\/v2\/pages\/16741\/revisions\/43556"}],"wp:attachment":[{"href":"https:\/\/fg.ull.es\/empleo\/wp-json\/wp\/v2\/media?parent=16741"}],"curies":[{"name":"wp","href":"https:\/\/api.w.org\/{rel}","templated":true}]}}